{"id":9119,"date":"2022-03-10T11:28:47","date_gmt":"2022-03-10T10:28:47","guid":{"rendered":"https:\/\/www.swisssem.ch\/?page_id=9119"},"modified":"2022-03-15T08:55:39","modified_gmt":"2022-03-15T07:55:39","slug":"nouveau-membre-au-comite","status":"publish","type":"page","link":"https:\/\/www.swisssem.ch\/fr\/espace-membres\/archiv_newsletter\/newsletter-februar-2022\/nouveau-membre-au-comite\/","title":{"rendered":"Nouveau membre au Comit\u00e9"},"content":{"rendered":"\n<p>C\u2019est avec regret que nous prenons cong\u00e9 de Didier Peter au sein du Comit\u00e9. Personnalit\u00e9 tr\u00e8s engag\u00e9e pour la cause des semences, il d\u00e9fendait avec ferveur les int\u00e9r\u00eats des producteurs. M. Peter repr\u00e9sentait \u00e9galement au sein du Comit\u00e9 le lien avec les EM. Nous lui souhaitons plein succ\u00e8s dans la poursuite de ses activit\u00e9s \u00e0 la direction de l\u2019ASS.<\/p>\n\n\n\n<div class=\"wp-block-columns is-layout-flex wp-container-core-columns-is-layout-9d6595d7 wp-block-columns-is-layout-flex\">\n<div class=\"wp-block-column is-layout-flow wp-block-column-is-layout-flow\" style=\"flex-basis:33.33%\">\n<div class=\"wp-block-image\"><figure class=\"aligncenter size-large\"><img loading=\"lazy\" decoding=\"async\" width=\"1024\" height=\"683\" src=\"https:\/\/www.swisssem.ch\/wp-content\/uploads\/2022\/03\/Photo_Baumgartner-1024x683.jpg\" alt=\"\" class=\"wp-image-9184\" srcset=\"https:\/\/www.swisssem.ch\/wp-content\/uploads\/2022\/03\/Photo_Baumgartner-1024x683.jpg 1024w, https:\/\/www.swisssem.ch\/wp-content\/uploads\/2022\/03\/Photo_Baumgartner-300x200.jpg 300w, https:\/\/www.swisssem.ch\/wp-content\/uploads\/2022\/03\/Photo_Baumgartner-768x512.jpg 768w, https:\/\/www.swisssem.ch\/wp-content\/uploads\/2022\/03\/Photo_Baumgartner-1536x1024.jpg 1536w, https:\/\/www.swisssem.ch\/wp-content\/uploads\/2022\/03\/Photo_Baumgartner.jpg 1584w\" sizes=\"auto, (max-width: 1024px) 100vw, 1024px\" \/><\/figure><\/div>\n<\/div>\n\n\n\n<div class=\"wp-block-column is-layout-flow wp-block-column-is-layout-flow\" style=\"flex-basis:66.66%\">\n<p>Les d\u00e9l\u00e9gu\u00e9s ont d\u00e9sign\u00e9 \u00e0 l\u2019unanimit\u00e9 Samuel Baumgartner, producteur de l\u2019ASS. \u00c2g\u00e9 de 52 ans, mari\u00e9 et p\u00e8re de 4 enfants,&nbsp; il est titulaire d\u2019un dipl\u00f4me d\u2019agriculteur et d\u2019une ma\u00eetrise en arboriculture. Originaire du canton de Berne, il est parfaitement bilingue. <br>M. Baumgartner exploite \u00e0 Nyon un domaine mixte de 70 hectares avec des grandes cultures, de la vigne et une soixantaine de vaches laiti\u00e8res pour le lait d&rsquo;industrie \u00e9coul\u00e9 aux laiteries r\u00e9unies de Gen\u00e8ve.<\/p>\n<\/div>\n<\/div>\n\n\n\n<p>S\u2019agissant des grandes cultures, M. Baumgartner produits des semences de c\u00e9r\u00e9ales et de tr\u00e8fle pour l\u2019ASS et cultive de la betterave sucri\u00e8re et du colza.<br>M. Baumgartner fait partie d\u2019une famille de s\u00e9lectionneur depuis trois g\u00e9n\u00e9rations. Il produit des semences \u00e0 son nom depuis 2005. Il a \u00e9galement \u00e9t\u00e9 visiteur de cultures de c\u00e9r\u00e9ales durant 6 ans.<br>M. Baumgartner est vice-pr\u00e9sident de l\u2019ASS et assume divers autres mandats dans le monde agricole. Il est notamment membre du Conseil d\u2019administration de Landi La C\u00f4te SA, Pr\u00e9sident de la Coop\u00e9rative d\u2019Alpage de la r\u00e9gion de Nyon et membre de la Soci\u00e9t\u00e9 des betteraviers de la C\u00f4te.<br>Pour terminer, M. Baumgartner est un pompier engag\u00e9 puisqu\u2019il est membre de l\u2019Etat-Major du SDIS de Nyon-D\u00f4le.<\/p>\n\n\n\n<p>Nous lui souhaitons la bienvenue au sein du Comit\u00e9 de swisssem.<\/p>\n\n\n\n<p><\/p>\n","protected":false},"excerpt":{"rendered":"<p>C\u2019est avec regret que nous prenons cong\u00e9 de Didier Peter au sein du Comit\u00e9. Personnalit\u00e9 tr\u00e8s engag\u00e9e pour la cause des semences, il d\u00e9fendait avec ferveur les int\u00e9r\u00eats des producteurs. M. Peter repr\u00e9sentait \u00e9galement au sein du Comit\u00e9 le lien avec les EM. Nous lui souhaitons plein succ\u00e8s dans la poursuite de ses activit\u00e9s \u00e0 [&hellip;]<\/p>\n","protected":false},"author":7,"featured_media":0,"parent":9057,"menu_order":68,"comment_status":"closed","ping_status":"closed","template":"","meta":{"_acf_changed":false,"footnotes":""},"class_list":["post-9119","page","type-page","status-publish","hentry"],"acf":[],"yoast_head":"<!-- This site is optimized with the Yoast SEO plugin v27.1.1 - https:\/\/yoast.com\/product\/yoast-seo-wordpress\/ -->\n<title>Nouveau membre au Comit\u00e9 - swisssem semence suisse<\/title>\n<meta name=\"robots\" content=\"index, follow, max-snippet:-1, max-image-preview:large, max-video-preview:-1\" \/>\n<link rel=\"canonical\" href=\"https:\/\/www.swisssem.ch\/fr\/espace-membres\/archiv_newsletter\/newsletter-februar-2022\/nouveau-membre-au-comite\/\" \/>\n<meta property=\"og:locale\" content=\"fr_FR\" \/>\n<meta property=\"og:type\" content=\"article\" \/>\n<meta property=\"og:title\" content=\"Nouveau membre au Comit\u00e9 - swisssem semence suisse\" \/>\n<meta property=\"og:description\" content=\"C\u2019est avec regret que nous prenons cong\u00e9 de Didier Peter au sein du Comit\u00e9. Personnalit\u00e9 tr\u00e8s engag\u00e9e pour la cause des semences, il d\u00e9fendait avec ferveur les int\u00e9r\u00eats des producteurs. M. Peter repr\u00e9sentait \u00e9galement au sein du Comit\u00e9 le lien avec les EM. Nous lui souhaitons plein succ\u00e8s dans la poursuite de ses activit\u00e9s \u00e0 [&hellip;]\" \/>\n<meta property=\"og:url\" content=\"https:\/\/www.swisssem.ch\/fr\/espace-membres\/archiv_newsletter\/newsletter-februar-2022\/nouveau-membre-au-comite\/\" \/>\n<meta property=\"og:site_name\" content=\"swisssem semence suisse\" \/>\n<meta property=\"article:modified_time\" content=\"2022-03-15T07:55:39+00:00\" \/>\n<meta property=\"og:image\" content=\"https:\/\/www.swisssem.ch\/wp-content\/uploads\/2022\/03\/Photo_Baumgartner-1024x683.jpg\" \/>\n<meta name=\"twitter:card\" content=\"summary_large_image\" \/>\n<meta name=\"twitter:label1\" content=\"Dur\u00e9e de lecture estim\u00e9e\" \/>\n\t<meta name=\"twitter:data1\" content=\"2 minutes\" \/>\n<script type=\"application\/ld+json\" class=\"yoast-schema-graph\">{\"@context\":\"https:\/\/schema.org\",\"@graph\":[{\"@type\":\"WebPage\",\"@id\":\"https:\/\/www.swisssem.ch\/fr\/espace-membres\/archiv_newsletter\/newsletter-februar-2022\/nouveau-membre-au-comite\/\",\"url\":\"https:\/\/www.swisssem.ch\/fr\/espace-membres\/archiv_newsletter\/newsletter-februar-2022\/nouveau-membre-au-comite\/\",\"name\":\"Nouveau membre au Comit\u00e9 - swisssem semence suisse\",\"isPartOf\":{\"@id\":\"https:\/\/www.swisssem.ch\/de\/#website\"},\"primaryImageOfPage\":{\"@id\":\"https:\/\/www.swisssem.ch\/fr\/espace-membres\/archiv_newsletter\/newsletter-februar-2022\/nouveau-membre-au-comite\/#primaryimage\"},\"image\":{\"@id\":\"https:\/\/www.swisssem.ch\/fr\/espace-membres\/archiv_newsletter\/newsletter-februar-2022\/nouveau-membre-au-comite\/#primaryimage\"},\"thumbnailUrl\":\"https:\/\/www.swisssem.ch\/wp-content\/uploads\/2022\/03\/Photo_Baumgartner-1024x683.jpg\",\"datePublished\":\"2022-03-10T10:28:47+00:00\",\"dateModified\":\"2022-03-15T07:55:39+00:00\",\"breadcrumb\":{\"@id\":\"https:\/\/www.swisssem.ch\/fr\/espace-membres\/archiv_newsletter\/newsletter-februar-2022\/nouveau-membre-au-comite\/#breadcrumb\"},\"inLanguage\":\"fr-FR\",\"potentialAction\":[{\"@type\":\"ReadAction\",\"target\":[\"https:\/\/www.swisssem.ch\/fr\/espace-membres\/archiv_newsletter\/newsletter-februar-2022\/nouveau-membre-au-comite\/\"]}]},{\"@type\":\"ImageObject\",\"inLanguage\":\"fr-FR\",\"@id\":\"https:\/\/www.swisssem.ch\/fr\/espace-membres\/archiv_newsletter\/newsletter-februar-2022\/nouveau-membre-au-comite\/#primaryimage\",\"url\":\"https:\/\/www.swisssem.ch\/wp-content\/uploads\/2022\/03\/Photo_Baumgartner-1024x683.jpg\",\"contentUrl\":\"https:\/\/www.swisssem.ch\/wp-content\/uploads\/2022\/03\/Photo_Baumgartner-1024x683.jpg\"},{\"@type\":\"BreadcrumbList\",\"@id\":\"https:\/\/www.swisssem.ch\/fr\/espace-membres\/archiv_newsletter\/newsletter-februar-2022\/nouveau-membre-au-comite\/#breadcrumb\",\"itemListElement\":[{\"@type\":\"ListItem\",\"position\":1,\"name\":\"Home\",\"item\":\"https:\/\/www.swisssem.ch\/fr\/\"},{\"@type\":\"ListItem\",\"position\":2,\"name\":\"Espace membres\",\"item\":\"https:\/\/www.swisssem.ch\/fr\/espace-membres\/\"},{\"@type\":\"ListItem\",\"position\":3,\"name\":\"Newsletters\",\"item\":\"https:\/\/www.swisssem.ch\/fr\/espace-membres\/archiv_newsletter\/\"},{\"@type\":\"ListItem\",\"position\":4,\"name\":\"Newsletter Februar 2022\",\"item\":\"https:\/\/www.swisssem.ch\/fr\/espace-membres\/archiv_newsletter\/newsletter-februar-2022\/\"},{\"@type\":\"ListItem\",\"position\":5,\"name\":\"Nouveau membre au Comit\u00e9\"}]},{\"@type\":\"WebSite\",\"@id\":\"https:\/\/www.swisssem.ch\/de\/#website\",\"url\":\"https:\/\/www.swisssem.ch\/de\/\",\"name\":\"swisssem semence suisse\",\"description\":\"\",\"publisher\":{\"@id\":\"https:\/\/www.swisssem.ch\/de\/#organization\"},\"potentialAction\":[{\"@type\":\"SearchAction\",\"target\":{\"@type\":\"EntryPoint\",\"urlTemplate\":\"https:\/\/www.swisssem.ch\/de\/?s={search_term_string}\"},\"query-input\":{\"@type\":\"PropertyValueSpecification\",\"valueRequired\":true,\"valueName\":\"search_term_string\"}}],\"inLanguage\":\"fr-FR\"},{\"@type\":\"Organization\",\"@id\":\"https:\/\/www.swisssem.ch\/de\/#organization\",\"name\":\"swisssem saatgut schweiz\",\"url\":\"https:\/\/www.swisssem.ch\/de\/\",\"logo\":{\"@type\":\"ImageObject\",\"inLanguage\":\"fr-FR\",\"@id\":\"https:\/\/www.swisssem.ch\/de\/#\/schema\/logo\/image\/\",\"url\":\"https:\/\/www.swisssem.ch\/wp-content\/uploads\/2020\/03\/Logo_swisssem_RGB-1.jpg\",\"contentUrl\":\"https:\/\/www.swisssem.ch\/wp-content\/uploads\/2020\/03\/Logo_swisssem_RGB-1.jpg\",\"width\":1684,\"height\":430,\"caption\":\"swisssem saatgut schweiz\"},\"image\":{\"@id\":\"https:\/\/www.swisssem.ch\/de\/#\/schema\/logo\/image\/\"}}]}<\/script>\n<!-- \/ Yoast SEO plugin. -->","yoast_head_json":{"title":"Nouveau membre au Comit\u00e9 - swisssem semence suisse","robots":{"index":"index","follow":"follow","max-snippet":"max-snippet:-1","max-image-preview":"max-image-preview:large","max-video-preview":"max-video-preview:-1"},"canonical":"https:\/\/www.swisssem.ch\/fr\/espace-membres\/archiv_newsletter\/newsletter-februar-2022\/nouveau-membre-au-comite\/","og_locale":"fr_FR","og_type":"article","og_title":"Nouveau membre au Comit\u00e9 - swisssem semence suisse","og_description":"C\u2019est avec regret que nous prenons cong\u00e9 de Didier Peter au sein du Comit\u00e9. Personnalit\u00e9 tr\u00e8s engag\u00e9e pour la cause des semences, il d\u00e9fendait avec ferveur les int\u00e9r\u00eats des producteurs. M. Peter repr\u00e9sentait \u00e9galement au sein du Comit\u00e9 le lien avec les EM. Nous lui souhaitons plein succ\u00e8s dans la poursuite de ses activit\u00e9s \u00e0 [&hellip;]","og_url":"https:\/\/www.swisssem.ch\/fr\/espace-membres\/archiv_newsletter\/newsletter-februar-2022\/nouveau-membre-au-comite\/","og_site_name":"swisssem semence suisse","article_modified_time":"2022-03-15T07:55:39+00:00","og_image":[{"url":"https:\/\/www.swisssem.ch\/wp-content\/uploads\/2022\/03\/Photo_Baumgartner-1024x683.jpg","type":"","width":"","height":""}],"twitter_card":"summary_large_image","twitter_misc":{"Dur\u00e9e de lecture estim\u00e9e":"2 minutes"},"schema":{"@context":"https:\/\/schema.org","@graph":[{"@type":"WebPage","@id":"https:\/\/www.swisssem.ch\/fr\/espace-membres\/archiv_newsletter\/newsletter-februar-2022\/nouveau-membre-au-comite\/","url":"https:\/\/www.swisssem.ch\/fr\/espace-membres\/archiv_newsletter\/newsletter-februar-2022\/nouveau-membre-au-comite\/","name":"Nouveau membre au Comit\u00e9 - swisssem semence suisse","isPartOf":{"@id":"https:\/\/www.swisssem.ch\/de\/#website"},"primaryImageOfPage":{"@id":"https:\/\/www.swisssem.ch\/fr\/espace-membres\/archiv_newsletter\/newsletter-februar-2022\/nouveau-membre-au-comite\/#primaryimage"},"image":{"@id":"https:\/\/www.swisssem.ch\/fr\/espace-membres\/archiv_newsletter\/newsletter-februar-2022\/nouveau-membre-au-comite\/#primaryimage"},"thumbnailUrl":"https:\/\/www.swisssem.ch\/wp-content\/uploads\/2022\/03\/Photo_Baumgartner-1024x683.jpg","datePublished":"2022-03-10T10:28:47+00:00","dateModified":"2022-03-15T07:55:39+00:00","breadcrumb":{"@id":"https:\/\/www.swisssem.ch\/fr\/espace-membres\/archiv_newsletter\/newsletter-februar-2022\/nouveau-membre-au-comite\/#breadcrumb"},"inLanguage":"fr-FR","potentialAction":[{"@type":"ReadAction","target":["https:\/\/www.swisssem.ch\/fr\/espace-membres\/archiv_newsletter\/newsletter-februar-2022\/nouveau-membre-au-comite\/"]}]},{"@type":"ImageObject","inLanguage":"fr-FR","@id":"https:\/\/www.swisssem.ch\/fr\/espace-membres\/archiv_newsletter\/newsletter-februar-2022\/nouveau-membre-au-comite\/#primaryimage","url":"https:\/\/www.swisssem.ch\/wp-content\/uploads\/2022\/03\/Photo_Baumgartner-1024x683.jpg","contentUrl":"https:\/\/www.swisssem.ch\/wp-content\/uploads\/2022\/03\/Photo_Baumgartner-1024x683.jpg"},{"@type":"BreadcrumbList","@id":"https:\/\/www.swisssem.ch\/fr\/espace-membres\/archiv_newsletter\/newsletter-februar-2022\/nouveau-membre-au-comite\/#breadcrumb","itemListElement":[{"@type":"ListItem","position":1,"name":"Home","item":"https:\/\/www.swisssem.ch\/fr\/"},{"@type":"ListItem","position":2,"name":"Espace membres","item":"https:\/\/www.swisssem.ch\/fr\/espace-membres\/"},{"@type":"ListItem","position":3,"name":"Newsletters","item":"https:\/\/www.swisssem.ch\/fr\/espace-membres\/archiv_newsletter\/"},{"@type":"ListItem","position":4,"name":"Newsletter Februar 2022","item":"https:\/\/www.swisssem.ch\/fr\/espace-membres\/archiv_newsletter\/newsletter-februar-2022\/"},{"@type":"ListItem","position":5,"name":"Nouveau membre au Comit\u00e9"}]},{"@type":"WebSite","@id":"https:\/\/www.swisssem.ch\/de\/#website","url":"https:\/\/www.swisssem.ch\/de\/","name":"swisssem semence suisse","description":"","publisher":{"@id":"https:\/\/www.swisssem.ch\/de\/#organization"},"potentialAction":[{"@type":"SearchAction","target":{"@type":"EntryPoint","urlTemplate":"https:\/\/www.swisssem.ch\/de\/?s={search_term_string}"},"query-input":{"@type":"PropertyValueSpecification","valueRequired":true,"valueName":"search_term_string"}}],"inLanguage":"fr-FR"},{"@type":"Organization","@id":"https:\/\/www.swisssem.ch\/de\/#organization","name":"swisssem saatgut schweiz","url":"https:\/\/www.swisssem.ch\/de\/","logo":{"@type":"ImageObject","inLanguage":"fr-FR","@id":"https:\/\/www.swisssem.ch\/de\/#\/schema\/logo\/image\/","url":"https:\/\/www.swisssem.ch\/wp-content\/uploads\/2020\/03\/Logo_swisssem_RGB-1.jpg","contentUrl":"https:\/\/www.swisssem.ch\/wp-content\/uploads\/2020\/03\/Logo_swisssem_RGB-1.jpg","width":1684,"height":430,"caption":"swisssem saatgut schweiz"},"image":{"@id":"https:\/\/www.swisssem.ch\/de\/#\/schema\/logo\/image\/"}}]}},"_links":{"self":[{"href":"https:\/\/www.swisssem.ch\/fr\/wp-json\/wp\/v2\/pages\/9119","targetHints":{"allow":["GET"]}}],"collection":[{"href":"https:\/\/www.swisssem.ch\/fr\/wp-json\/wp\/v2\/pages"}],"about":[{"href":"https:\/\/www.swisssem.ch\/fr\/wp-json\/wp\/v2\/types\/page"}],"author":[{"embeddable":true,"href":"https:\/\/www.swisssem.ch\/fr\/wp-json\/wp\/v2\/users\/7"}],"replies":[{"embeddable":true,"href":"https:\/\/www.swisssem.ch\/fr\/wp-json\/wp\/v2\/comments?post=9119"}],"version-history":[{"count":6,"href":"https:\/\/www.swisssem.ch\/fr\/wp-json\/wp\/v2\/pages\/9119\/revisions"}],"predecessor-version":[{"id":9198,"href":"https:\/\/www.swisssem.ch\/fr\/wp-json\/wp\/v2\/pages\/9119\/revisions\/9198"}],"up":[{"embeddable":true,"href":"https:\/\/www.swisssem.ch\/fr\/wp-json\/wp\/v2\/pages\/9057"}],"wp:attachment":[{"href":"https:\/\/www.swisssem.ch\/fr\/wp-json\/wp\/v2\/media?parent=9119"}],"curies":[{"name":"wp","href":"https:\/\/api.w.org\/{rel}","templated":true}]}}