{"id":6125,"date":"2020-04-28T09:56:23","date_gmt":"2020-04-28T07:56:23","guid":{"rendered":"https:\/\/www.swisssem.ch\/?page_id=6125"},"modified":"2020-04-28T10:34:25","modified_gmt":"2020-04-28T08:34:25","slug":"discours-jl-pidoux-2019","status":"publish","type":"page","link":"https:\/\/www.swisssem.ch\/fr\/espace-membres\/archiv_newsletter\/newsletter-februar-2019\/discours-jl-pidoux-2019\/","title":{"rendered":"Discours JL Pidoux 2019"},"content":{"rendered":"\n<h1 class=\"wp-block-heading\">Discours d&rsquo;ouverture<\/h1>\n\n\n\n<div class=\"wp-block-columns is-layout-flex wp-container-core-columns-is-layout-9d6595d7 wp-block-columns-is-layout-flex\">\n<div class=\"wp-block-column is-layout-flow wp-block-column-is-layout-flow\" style=\"flex-basis:33.33%\">\n<figure class=\"wp-block-image size-large\"><img loading=\"lazy\" decoding=\"async\" width=\"167\" height=\"183\" src=\"https:\/\/www.swisssem.ch\/wp-content\/uploads\/2020\/04\/csm_Pidoux_ac2b4ebc92.jpg\" alt=\"\" class=\"wp-image-6074\"\/><figcaption>JL Pidoux<\/figcaption><\/figure>\n\n\n\n<p><\/p>\n<\/div>\n\n\n\n<div class=\"wp-block-column is-layout-flow wp-block-column-is-layout-flow\" style=\"flex-basis:66.66%\">\n<p>Mesdames, Messieurs,<br>Chers Amis paysans,<br>Chers invit\u00e9s et repr\u00e9sentants de la presse,<\/p>\n\n\n\n<p>Je vous souhaite une tr\u00e8s cordiale bienvenue \u00e0 l\u2019assembl\u00e9e de swisssem \u00e0 Morat. Je profite de l\u2019occasion pour souhaiter \u00e0 chacune et chacun d\u2019entre vous une excellente ann\u00e9e 2019. Qu\u2019elle soit heureuse et prosp\u00e8re tant au point de vue familial que professionnel.<br>L\u2019ann\u00e9e 2018 restera dans nos m\u00e9moires apr\u00e8s un beau printemps et de tr\u00e8s bonnes conditions pour les plantations des pommes de terre. Nous avons eu d\u00e8s la mi-juin des temp\u00e9ratures tr\u00e8s \u00e9lev\u00e9es et la plupart des r\u00e9gions de Suisse ont souffert de la s\u00e9cheresse et d\u2019un manque de fourrage pour le b\u00e9tail. Les rendements pour les pommes de terre de consommation et la betterave sucri\u00e8re ont \u00e9t\u00e9 tr\u00e8s faibles.<br>L\u2019agriculture doit faire face \u00e0 des mutations de march\u00e9 et de soci\u00e9t\u00e9. Peu de profession doivent aujourd\u2019hui relever autant de d\u00e9fis que les agriculteurs. Le climat change. La soci\u00e9t\u00e9, qui a oubli\u00e9 la peur de manquer, a des attentes croissantes et exige des produits parfaits, beaux et sains, mais surtout pas chers en toute saison. Il faudra une fois de plus remettre l\u2019ouvrage sur le m\u00e9tier et expliquer aux consommateurs nos pratiques et notre travail\u00a0! M\u00eame si l\u2019agriculture conna\u00eet un courant de sympathie, les citadins id\u00e9alisent notre profession.<br>Certains r\u00e9sultats de votations m\u2019interpellent. La votation sur les vaches \u00e0 cornes a \u00e9t\u00e9 accept\u00e9e dans toutes les villes de Suisse, en passant de Gen\u00e8ve par Lausanne, Berne et Zurich. Je doute que tous ces citoyens bien intentionn\u00e9s connaissent la probl\u00e9matique des agriculteurs.<br>En 2020, le peuple sera appel\u00e9 \u00e0 se prononcer sur les initiatives \u00abEau propre\u00bb et pour \u00abune Suisse libre de pesticides de synth\u00e8se\u00bb. Il sera important de nous mobiliser pour expliquer aux citoyens consommateurs les dangers que repr\u00e9sentent pour nous l\u2019acceptation de ces initiatives. L\u2019USP a d\u00e9j\u00e0 commenc\u00e9 un travail d\u2019information, et lors de l\u2019assembl\u00e9e des d\u00e9l\u00e9gu\u00e9s, elle a pr\u00e9sent\u00e9 une vid\u00e9o que j\u2019ai beaucoup appr\u00e9ci\u00e9e.<br>Nous avons tout de m\u00eame de bonnes nouvelles. En fin d\u2019ann\u00e9e, la d\u00e9cision du Conseil f\u00e9d\u00e9ral de maintenir le site d\u2019Agroscope de Changins est pour moi un signe clair que les pouvoirs publics soutiennent encore la fili\u00e8re des semences. Il est clair aux yeux de tous que nous vivons un changement majeur. Compte tenu de l\u2019importance des semences et de la s\u00e9lection v\u00e9g\u00e9tale, swisssem et surtout DSP sont clairement identifi\u00e9es comme un levier essentiel pour que cette nouvelle \u00e9tape soit une r\u00e9ussite pour les agriculteurs. Pour nous multiplicateurs, la recherche est un instrument primordial\u00a0!<br>L\u00e0 aussi nous avons un immense travail de communication \u00e0 faire. Certains nous assimilent \u00e0 des grands groupes semenciers, il n\u2019en est rien\u00a0! Nous ne faisons que multiplier les meilleures vari\u00e9t\u00e9s pour nos coll\u00e8gues paysans.<br>Je ne saurai conclure sans remercier tous les partenaires qui travaillent avec swisssem. Merci aux membres de notre comit\u00e9 et \u00e0 Christof R\u00fcfenacht pour son engagement et sa disponibilit\u00e9 envers swisssem. Merci de votre attention\u00a0!<br>Jean-Luc Pidoux, pr\u00e9sident<\/p>\n<\/div>\n<\/div>\n\n\n\n<p><\/p>\n","protected":false},"excerpt":{"rendered":"<p>Discours d&rsquo;ouverture Mesdames, Messieurs,Chers Amis paysans,Chers invit\u00e9s et repr\u00e9sentants de la presse, Je vous souhaite une tr\u00e8s cordiale bienvenue \u00e0 l\u2019assembl\u00e9e de swisssem \u00e0 Morat. Je profite de l\u2019occasion pour souhaiter \u00e0 chacune et chacun d\u2019entre vous une excellente ann\u00e9e 2019. Qu\u2019elle soit heureuse et prosp\u00e8re tant au point de vue familial que professionnel.L\u2019ann\u00e9e 2018 [&hellip;]<\/p>\n","protected":false},"author":6,"featured_media":0,"parent":6090,"menu_order":114,"comment_status":"closed","ping_status":"closed","template":"","meta":{"_acf_changed":false,"footnotes":""},"class_list":["post-6125","page","type-page","status-publish","hentry"],"acf":[],"yoast_head":"<!-- This site is optimized with the Yoast SEO plugin v27.1.1 - https:\/\/yoast.com\/product\/yoast-seo-wordpress\/ -->\n<title>Discours JL Pidoux 2019 - swisssem semence suisse<\/title>\n<meta name=\"robots\" content=\"index, follow, max-snippet:-1, max-image-preview:large, max-video-preview:-1\" \/>\n<link rel=\"canonical\" href=\"https:\/\/www.swisssem.ch\/fr\/espace-membres\/archiv_newsletter\/newsletter-februar-2019\/discours-jl-pidoux-2019\/\" \/>\n<meta property=\"og:locale\" content=\"fr_FR\" \/>\n<meta property=\"og:type\" content=\"article\" \/>\n<meta property=\"og:title\" content=\"Discours JL Pidoux 2019 - swisssem semence suisse\" \/>\n<meta property=\"og:description\" content=\"Discours d&rsquo;ouverture Mesdames, Messieurs,Chers Amis paysans,Chers invit\u00e9s et repr\u00e9sentants de la presse, Je vous souhaite une tr\u00e8s cordiale bienvenue \u00e0 l\u2019assembl\u00e9e de swisssem \u00e0 Morat. Je profite de l\u2019occasion pour souhaiter \u00e0 chacune et chacun d\u2019entre vous une excellente ann\u00e9e 2019. Qu\u2019elle soit heureuse et prosp\u00e8re tant au point de vue familial que professionnel.L\u2019ann\u00e9e 2018 [&hellip;]\" \/>\n<meta property=\"og:url\" content=\"https:\/\/www.swisssem.ch\/fr\/espace-membres\/archiv_newsletter\/newsletter-februar-2019\/discours-jl-pidoux-2019\/\" \/>\n<meta property=\"og:site_name\" content=\"swisssem semence suisse\" \/>\n<meta property=\"article:modified_time\" content=\"2020-04-28T08:34:25+00:00\" \/>\n<meta property=\"og:image\" content=\"https:\/\/www.swisssem.ch\/wp-content\/uploads\/2020\/04\/csm_Pidoux_ac2b4ebc92.jpg\" \/>\n<meta name=\"twitter:card\" content=\"summary_large_image\" \/>\n<meta name=\"twitter:label1\" content=\"Dur\u00e9e de lecture estim\u00e9e\" \/>\n\t<meta name=\"twitter:data1\" content=\"3 minutes\" \/>\n<script type=\"application\/ld+json\" class=\"yoast-schema-graph\">{\"@context\":\"https:\/\/schema.org\",\"@graph\":[{\"@type\":\"WebPage\",\"@id\":\"https:\/\/www.swisssem.ch\/fr\/espace-membres\/archiv_newsletter\/newsletter-februar-2019\/discours-jl-pidoux-2019\/\",\"url\":\"https:\/\/www.swisssem.ch\/fr\/espace-membres\/archiv_newsletter\/newsletter-februar-2019\/discours-jl-pidoux-2019\/\",\"name\":\"Discours JL Pidoux 2019 - swisssem semence suisse\",\"isPartOf\":{\"@id\":\"https:\/\/www.swisssem.ch\/de\/#website\"},\"primaryImageOfPage\":{\"@id\":\"https:\/\/www.swisssem.ch\/fr\/espace-membres\/archiv_newsletter\/newsletter-februar-2019\/discours-jl-pidoux-2019\/#primaryimage\"},\"image\":{\"@id\":\"https:\/\/www.swisssem.ch\/fr\/espace-membres\/archiv_newsletter\/newsletter-februar-2019\/discours-jl-pidoux-2019\/#primaryimage\"},\"thumbnailUrl\":\"https:\/\/www.swisssem.ch\/wp-content\/uploads\/2020\/04\/csm_Pidoux_ac2b4ebc92.jpg\",\"datePublished\":\"2020-04-28T07:56:23+00:00\",\"dateModified\":\"2020-04-28T08:34:25+00:00\",\"breadcrumb\":{\"@id\":\"https:\/\/www.swisssem.ch\/fr\/espace-membres\/archiv_newsletter\/newsletter-februar-2019\/discours-jl-pidoux-2019\/#breadcrumb\"},\"inLanguage\":\"fr-FR\",\"potentialAction\":[{\"@type\":\"ReadAction\",\"target\":[\"https:\/\/www.swisssem.ch\/fr\/espace-membres\/archiv_newsletter\/newsletter-februar-2019\/discours-jl-pidoux-2019\/\"]}]},{\"@type\":\"ImageObject\",\"inLanguage\":\"fr-FR\",\"@id\":\"https:\/\/www.swisssem.ch\/fr\/espace-membres\/archiv_newsletter\/newsletter-februar-2019\/discours-jl-pidoux-2019\/#primaryimage\",\"url\":\"https:\/\/www.swisssem.ch\/wp-content\/uploads\/2020\/04\/csm_Pidoux_ac2b4ebc92.jpg\",\"contentUrl\":\"https:\/\/www.swisssem.ch\/wp-content\/uploads\/2020\/04\/csm_Pidoux_ac2b4ebc92.jpg\"},{\"@type\":\"BreadcrumbList\",\"@id\":\"https:\/\/www.swisssem.ch\/fr\/espace-membres\/archiv_newsletter\/newsletter-februar-2019\/discours-jl-pidoux-2019\/#breadcrumb\",\"itemListElement\":[{\"@type\":\"ListItem\",\"position\":1,\"name\":\"Home\",\"item\":\"https:\/\/www.swisssem.ch\/fr\/\"},{\"@type\":\"ListItem\",\"position\":2,\"name\":\"Espace membres\",\"item\":\"https:\/\/www.swisssem.ch\/fr\/espace-membres\/\"},{\"@type\":\"ListItem\",\"position\":3,\"name\":\"Newsletters\",\"item\":\"https:\/\/www.swisssem.ch\/fr\/espace-membres\/archiv_newsletter\/\"},{\"@type\":\"ListItem\",\"position\":4,\"name\":\"Newsletter f\u00e9vrier 2019\",\"item\":\"https:\/\/www.swisssem.ch\/fr\/espace-membres\/archiv_newsletter\/newsletter-februar-2019\/\"},{\"@type\":\"ListItem\",\"position\":5,\"name\":\"Discours JL Pidoux 2019\"}]},{\"@type\":\"WebSite\",\"@id\":\"https:\/\/www.swisssem.ch\/de\/#website\",\"url\":\"https:\/\/www.swisssem.ch\/de\/\",\"name\":\"swisssem semence suisse\",\"description\":\"\",\"publisher\":{\"@id\":\"https:\/\/www.swisssem.ch\/de\/#organization\"},\"potentialAction\":[{\"@type\":\"SearchAction\",\"target\":{\"@type\":\"EntryPoint\",\"urlTemplate\":\"https:\/\/www.swisssem.ch\/de\/?s={search_term_string}\"},\"query-input\":{\"@type\":\"PropertyValueSpecification\",\"valueRequired\":true,\"valueName\":\"search_term_string\"}}],\"inLanguage\":\"fr-FR\"},{\"@type\":\"Organization\",\"@id\":\"https:\/\/www.swisssem.ch\/de\/#organization\",\"name\":\"swisssem saatgut schweiz\",\"url\":\"https:\/\/www.swisssem.ch\/de\/\",\"logo\":{\"@type\":\"ImageObject\",\"inLanguage\":\"fr-FR\",\"@id\":\"https:\/\/www.swisssem.ch\/de\/#\/schema\/logo\/image\/\",\"url\":\"https:\/\/www.swisssem.ch\/wp-content\/uploads\/2020\/03\/Logo_swisssem_RGB-1.jpg\",\"contentUrl\":\"https:\/\/www.swisssem.ch\/wp-content\/uploads\/2020\/03\/Logo_swisssem_RGB-1.jpg\",\"width\":1684,\"height\":430,\"caption\":\"swisssem saatgut schweiz\"},\"image\":{\"@id\":\"https:\/\/www.swisssem.ch\/de\/#\/schema\/logo\/image\/\"}}]}<\/script>\n<!-- \/ Yoast SEO plugin. -->","yoast_head_json":{"title":"Discours JL Pidoux 2019 - swisssem semence suisse","robots":{"index":"index","follow":"follow","max-snippet":"max-snippet:-1","max-image-preview":"max-image-preview:large","max-video-preview":"max-video-preview:-1"},"canonical":"https:\/\/www.swisssem.ch\/fr\/espace-membres\/archiv_newsletter\/newsletter-februar-2019\/discours-jl-pidoux-2019\/","og_locale":"fr_FR","og_type":"article","og_title":"Discours JL Pidoux 2019 - swisssem semence suisse","og_description":"Discours d&rsquo;ouverture Mesdames, Messieurs,Chers Amis paysans,Chers invit\u00e9s et repr\u00e9sentants de la presse, Je vous souhaite une tr\u00e8s cordiale bienvenue \u00e0 l\u2019assembl\u00e9e de swisssem \u00e0 Morat. Je profite de l\u2019occasion pour souhaiter \u00e0 chacune et chacun d\u2019entre vous une excellente ann\u00e9e 2019. Qu\u2019elle soit heureuse et prosp\u00e8re tant au point de vue familial que professionnel.L\u2019ann\u00e9e 2018 [&hellip;]","og_url":"https:\/\/www.swisssem.ch\/fr\/espace-membres\/archiv_newsletter\/newsletter-februar-2019\/discours-jl-pidoux-2019\/","og_site_name":"swisssem semence suisse","article_modified_time":"2020-04-28T08:34:25+00:00","og_image":[{"url":"https:\/\/www.swisssem.ch\/wp-content\/uploads\/2020\/04\/csm_Pidoux_ac2b4ebc92.jpg","type":"","width":"","height":""}],"twitter_card":"summary_large_image","twitter_misc":{"Dur\u00e9e de lecture estim\u00e9e":"3 minutes"},"schema":{"@context":"https:\/\/schema.org","@graph":[{"@type":"WebPage","@id":"https:\/\/www.swisssem.ch\/fr\/espace-membres\/archiv_newsletter\/newsletter-februar-2019\/discours-jl-pidoux-2019\/","url":"https:\/\/www.swisssem.ch\/fr\/espace-membres\/archiv_newsletter\/newsletter-februar-2019\/discours-jl-pidoux-2019\/","name":"Discours JL Pidoux 2019 - swisssem semence suisse","isPartOf":{"@id":"https:\/\/www.swisssem.ch\/de\/#website"},"primaryImageOfPage":{"@id":"https:\/\/www.swisssem.ch\/fr\/espace-membres\/archiv_newsletter\/newsletter-februar-2019\/discours-jl-pidoux-2019\/#primaryimage"},"image":{"@id":"https:\/\/www.swisssem.ch\/fr\/espace-membres\/archiv_newsletter\/newsletter-februar-2019\/discours-jl-pidoux-2019\/#primaryimage"},"thumbnailUrl":"https:\/\/www.swisssem.ch\/wp-content\/uploads\/2020\/04\/csm_Pidoux_ac2b4ebc92.jpg","datePublished":"2020-04-28T07:56:23+00:00","dateModified":"2020-04-28T08:34:25+00:00","breadcrumb":{"@id":"https:\/\/www.swisssem.ch\/fr\/espace-membres\/archiv_newsletter\/newsletter-februar-2019\/discours-jl-pidoux-2019\/#breadcrumb"},"inLanguage":"fr-FR","potentialAction":[{"@type":"ReadAction","target":["https:\/\/www.swisssem.ch\/fr\/espace-membres\/archiv_newsletter\/newsletter-februar-2019\/discours-jl-pidoux-2019\/"]}]},{"@type":"ImageObject","inLanguage":"fr-FR","@id":"https:\/\/www.swisssem.ch\/fr\/espace-membres\/archiv_newsletter\/newsletter-februar-2019\/discours-jl-pidoux-2019\/#primaryimage","url":"https:\/\/www.swisssem.ch\/wp-content\/uploads\/2020\/04\/csm_Pidoux_ac2b4ebc92.jpg","contentUrl":"https:\/\/www.swisssem.ch\/wp-content\/uploads\/2020\/04\/csm_Pidoux_ac2b4ebc92.jpg"},{"@type":"BreadcrumbList","@id":"https:\/\/www.swisssem.ch\/fr\/espace-membres\/archiv_newsletter\/newsletter-februar-2019\/discours-jl-pidoux-2019\/#breadcrumb","itemListElement":[{"@type":"ListItem","position":1,"name":"Home","item":"https:\/\/www.swisssem.ch\/fr\/"},{"@type":"ListItem","position":2,"name":"Espace membres","item":"https:\/\/www.swisssem.ch\/fr\/espace-membres\/"},{"@type":"ListItem","position":3,"name":"Newsletters","item":"https:\/\/www.swisssem.ch\/fr\/espace-membres\/archiv_newsletter\/"},{"@type":"ListItem","position":4,"name":"Newsletter f\u00e9vrier 2019","item":"https:\/\/www.swisssem.ch\/fr\/espace-membres\/archiv_newsletter\/newsletter-februar-2019\/"},{"@type":"ListItem","position":5,"name":"Discours JL Pidoux 2019"}]},{"@type":"WebSite","@id":"https:\/\/www.swisssem.ch\/de\/#website","url":"https:\/\/www.swisssem.ch\/de\/","name":"swisssem semence suisse","description":"","publisher":{"@id":"https:\/\/www.swisssem.ch\/de\/#organization"},"potentialAction":[{"@type":"SearchAction","target":{"@type":"EntryPoint","urlTemplate":"https:\/\/www.swisssem.ch\/de\/?s={search_term_string}"},"query-input":{"@type":"PropertyValueSpecification","valueRequired":true,"valueName":"search_term_string"}}],"inLanguage":"fr-FR"},{"@type":"Organization","@id":"https:\/\/www.swisssem.ch\/de\/#organization","name":"swisssem saatgut schweiz","url":"https:\/\/www.swisssem.ch\/de\/","logo":{"@type":"ImageObject","inLanguage":"fr-FR","@id":"https:\/\/www.swisssem.ch\/de\/#\/schema\/logo\/image\/","url":"https:\/\/www.swisssem.ch\/wp-content\/uploads\/2020\/03\/Logo_swisssem_RGB-1.jpg","contentUrl":"https:\/\/www.swisssem.ch\/wp-content\/uploads\/2020\/03\/Logo_swisssem_RGB-1.jpg","width":1684,"height":430,"caption":"swisssem saatgut schweiz"},"image":{"@id":"https:\/\/www.swisssem.ch\/de\/#\/schema\/logo\/image\/"}}]}},"_links":{"self":[{"href":"https:\/\/www.swisssem.ch\/fr\/wp-json\/wp\/v2\/pages\/6125","targetHints":{"allow":["GET"]}}],"collection":[{"href":"https:\/\/www.swisssem.ch\/fr\/wp-json\/wp\/v2\/pages"}],"about":[{"href":"https:\/\/www.swisssem.ch\/fr\/wp-json\/wp\/v2\/types\/page"}],"author":[{"embeddable":true,"href":"https:\/\/www.swisssem.ch\/fr\/wp-json\/wp\/v2\/users\/6"}],"replies":[{"embeddable":true,"href":"https:\/\/www.swisssem.ch\/fr\/wp-json\/wp\/v2\/comments?post=6125"}],"version-history":[{"count":2,"href":"https:\/\/www.swisssem.ch\/fr\/wp-json\/wp\/v2\/pages\/6125\/revisions"}],"predecessor-version":[{"id":6127,"href":"https:\/\/www.swisssem.ch\/fr\/wp-json\/wp\/v2\/pages\/6125\/revisions\/6127"}],"up":[{"embeddable":true,"href":"https:\/\/www.swisssem.ch\/fr\/wp-json\/wp\/v2\/pages\/6090"}],"wp:attachment":[{"href":"https:\/\/www.swisssem.ch\/fr\/wp-json\/wp\/v2\/media?parent=6125"}],"curies":[{"name":"wp","href":"https:\/\/api.w.org\/{rel}","templated":true}]}}