{"id":6090,"date":"2020-04-28T09:15:26","date_gmt":"2020-04-28T07:15:26","guid":{"rendered":"https:\/\/www.swisssem.ch\/?page_id=6090"},"modified":"2020-05-05T09:12:21","modified_gmt":"2020-05-05T07:12:21","slug":"newsletter-februar-2019","status":"publish","type":"page","link":"https:\/\/www.swisssem.ch\/fr\/espace-membres\/archiv_newsletter\/newsletter-februar-2019\/","title":{"rendered":"Newsletter f\u00e9vrier 2019"},"content":{"rendered":"\n<h1 class=\"wp-block-heading\">Newsletter f\u00e9vrier 2019<\/h1>\n\n\n\n<div class=\"wp-block-columns is-layout-flex wp-container-core-columns-is-layout-9d6595d7 wp-block-columns-is-layout-flex\">\n<div class=\"wp-block-column is-layout-flow wp-block-column-is-layout-flow\" style=\"flex-basis:33.33%\">\n<figure class=\"wp-block-image size-large\"><img loading=\"lazy\" decoding=\"async\" width=\"1024\" height=\"678\" src=\"https:\/\/www.swisssem.ch\/wp-content\/uploads\/2020\/04\/DSC_4930-1024x678.jpg\" alt=\"\" class=\"wp-image-5938\" srcset=\"https:\/\/www.swisssem.ch\/wp-content\/uploads\/2020\/04\/DSC_4930-1024x678.jpg 1024w, https:\/\/www.swisssem.ch\/wp-content\/uploads\/2020\/04\/DSC_4930-300x199.jpg 300w, https:\/\/www.swisssem.ch\/wp-content\/uploads\/2020\/04\/DSC_4930-768x509.jpg 768w\" sizes=\"auto, (max-width: 1024px) 100vw, 1024px\" \/><\/figure>\n<\/div>\n\n\n\n<div class=\"wp-block-column is-layout-flow wp-block-column-is-layout-flow\" style=\"flex-basis:66.66%\">\n<h2 class=\"wp-block-heading\">Assembl\u00e9e des d\u00e9l\u00e9gu\u00e9s<\/h2>\n\n\n\n<p>L&rsquo;assembl\u00e9e ordinaire des d\u00e9l\u00e9gu\u00e9s de swisssem a eu lieu le 31 janvier \u00e0 Morat. Le pr\u00e9sident Jean-Luc Pidoux a trait\u00e9 les objets statutaires en pr\u00e9sence de 124 d\u00e9l\u00e9gu\u00e9s et invit\u00e9s.<br>Dans son <a href=\"https:\/\/www.swisssem.ch\/fr\/espace-membres\/archives-newsletter\/newsletter-februar-2019\/discours-jl-pidoux-2019\/\">discours d&rsquo;ouverture<\/a>, le pr\u00e9sident Jean-Luc Pidoux a soulign\u00e9 la d\u00e9cision du Conseil f\u00e9d\u00e9ral de maintenir le site d\u2019Agroscope de Changins. C\u2019est un signe clair que les pouvoirs publics soutiennent encore la fili\u00e8re des semences. Compte tenu de l\u2019importance des semences et de la s\u00e9lection v\u00e9g\u00e9tale, swisssem et surtout DSP sont clairement identifi\u00e9es comme un levier essentiel pour que cette nouvelle \u00e9tape soit une r\u00e9ussite pour les agriculteurs. La recherche est un instrument primordial pour les multiplicateurs de semences !<br>Les d\u00e9l\u00e9gu\u00e9s ont accept\u00e9 les comptes annuels, le rapport d\u2019activit\u00e9 ainsi que le budget.<\/p>\n\n\n\n<p><\/p>\n<\/div>\n<\/div>\n\n\n\n<div class=\"wp-block-columns is-layout-flex wp-container-core-columns-is-layout-9d6595d7 wp-block-columns-is-layout-flex\">\n<div class=\"wp-block-column is-layout-flow wp-block-column-is-layout-flow\" style=\"flex-basis:33.33%\">\n<figure class=\"wp-block-image size-large\"><img loading=\"lazy\" decoding=\"async\" width=\"1024\" height=\"678\" src=\"https:\/\/www.swisssem.ch\/wp-content\/uploads\/2020\/04\/DSC_4936-1024x678.jpg\" alt=\"\" class=\"wp-image-5942\" srcset=\"https:\/\/www.swisssem.ch\/wp-content\/uploads\/2020\/04\/DSC_4936-1024x678.jpg 1024w, https:\/\/www.swisssem.ch\/wp-content\/uploads\/2020\/04\/DSC_4936-300x199.jpg 300w, https:\/\/www.swisssem.ch\/wp-content\/uploads\/2020\/04\/DSC_4936-768x509.jpg 768w\" sizes=\"auto, (max-width: 1024px) 100vw, 1024px\" \/><figcaption>C. R\u00fcfenacht<\/figcaption><\/figure>\n<\/div>\n\n\n\n<div class=\"wp-block-column is-layout-flow wp-block-column-is-layout-flow\" style=\"flex-basis:66.66%\">\n<p>Le g\u00e9rant, Christof R\u00fcfenacht, a rappel\u00e9 que les \u00e9v\u00e9nements m\u00e9t\u00e9orologiques de 2018 ont \u00e9t\u00e9 riches en contrastes. Malgr\u00e9 un temps pluvieux et froid au d\u00e9but du printemps et un \u00e9t\u00e9 tr\u00e8s sec et chaud, la r\u00e9colte de plants de pommes de terre a \u00e9t\u00e9 bonne. Concernant les semences de c\u00e9r\u00e9ales et les autres cultures telles que semences de soja, ma\u00efs, gramin\u00e9es et tr\u00e8fle, le r\u00e9sultat est \u00e9galement r\u00e9jouissant tant d\u2019un point de vue quantitatif que qualitatif.<br>Les ventes de semences de c\u00e9r\u00e9ales de la r\u00e9colte 2018 ont diminu\u00e9 de 4.4% par rapport \u00e0 l\u2019an pass\u00e9 . La baisse des ventes de c\u00e9r\u00e9ales fourrag\u00e8res a eu un impact significatif sur le r\u00e9sultat global. Chez l&rsquo;orge hybride, le mauvais temps au moment de la floraison entra\u00eene de faibles rendements. La r\u00e9colte n&rsquo;a pu atteindre que 57% du r\u00e9sultat escompt\u00e9. Les ventes de semences de c\u00e9r\u00e9ales biologiques ont encore augment\u00e9. La limite des 10% est quasi atteinte.<br>La quantit\u00e9 totale certifi\u00e9e de plants de pommes de terre a atteint 27&rsquo;660&nbsp;t, soit 35% de plus que 2015 et 2016. Les ventes de plants indig\u00e8nes sont en cons\u00e9quence en hausse. Malgr\u00e9 la tr\u00e8s belle r\u00e9colte, des importations seront n\u00e9cessaires pour renouveler les plants de multiplication, r\u00e9pondre \u00e0 la demande en plants pour les vari\u00e9t\u00e9s industrielles dont la production nationale est insuffisante, ainsi que pour les vari\u00e9t\u00e9s exclusives. Un exc\u00e9dent d\u2019environ 2&rsquo;200&nbsp;t est \u00e0 pr\u00e9voir, bien que 1&rsquo;400&nbsp;t seront export\u00e9es.<\/p>\n\n\n\n<!-- downloads component -->\n\t<ul class=\"downloads\">\n\t\t\t\t\t<li>\n\t\t\t\t<figure>\n\t\t\t\t\t<img decoding=\"async\" src=\"https:\/\/www.swisssem.ch\/wp-content\/uploads\/2020\/04\/NL-1-19-Actualit\u00e9s-R2018-pdf.jpg\" alt=\"Aktualit\u00e4ten E2018 - Actualit\u00e9s R2018\">\n\t\t\t\t<\/figure>\n\t\t\t\t<h4>Actualit\u00e9s de la r\u00e9colte 2018<\/h4>\n\t\t\t\t\t\t\t\t<div class=\"download-actions\">\n\t\t\t\t\t<a href=\"https:\/\/www.swisssem.ch\/wp-content\/uploads\/2020\/04\/NL-1-19-Actualit\u00e9s-R2018.pdf\" download class=\"download\">\n\t\t\t\t\t\t<svg xmlns=\"http:\/\/www.w3.org\/2000\/svg\" data-name=\"Ebene 1\" viewBox=\"0 0 23.06 21.64\">\n\t\t\t\t\t\t\t<g stroke=\"#000\" data-name=\"Ebene 1-2\">\n\t\t\t\t\t\t\t\t<path fill=\"none\" stroke-width=\"2\" d=\"M2.29 11.86v8.78h18.46v-8.78\"\/>\n\t\t\t\t\t\t\t\t<path stroke-width=\".25\" d=\"M12.38.13h-1.73v13.41L5.08 7.91l-1.2 1.14 7.65 7.68 7.63-7.68-1.21-1.14-5.57 5.63V.13z\"\/>\n\t\t\t\t\t\t\t<\/g>\n\t\t\t\t\t\t<\/svg>\n\t\t\t\t\t<\/a>\n\t\t\t\t\t<a href=\"https:\/\/www.swisssem.ch\/wp-content\/uploads\/2020\/04\/NL-1-19-Actualit\u00e9s-R2018.pdf\" target=\"_blank\" rel=\"nofollow\" class=\"expand\">\n\t\t\t\t\t\t<svg xmlns=\"http:\/\/www.w3.org\/2000\/svg\" data-name=\"Ebene 1\" viewBox=\"0 0 23 20\">\n\t\t\t\t\t\t\t<g fill=\"none\" stroke=\"#000\" stroke-width=\".89999998\" data-name=\"Ebene 1-2\">\n\t\t\t\t\t\t\t\t<path d=\"M9.48 13.48l-.55-.57-4.65 4.65.01-3.69-.77-.01-.02 5.03 5.04-.01-.01-.78-3.7.03 4.65-4.65zM13.54 13.48l.58-.57 4.65 4.65-.02-3.69.77-.01.02 5.03-5.05-.01.03-.78 3.68.03-4.66-4.65zM9.48 8.18l-.55.56-4.65-4.65.01 3.69-.77.02-.02-5.04 5.04.02-.01.77-3.7-.02 4.65 4.65zM13.54 8.18l.58.56 4.65-4.65-.02 3.69.77.02.02-5.04-5.05.02.03.77 3.68-.02-4.66 4.65z\"\/>\n\t\t\t\t\t\t\t<\/g>\n\t\t\t\t\t\t<\/svg>\n\t\t\t\t\t<\/a>\n\t\t\t\t<\/div>\n\t\t\t\t\n\t\t\t<\/li>\n\t\t\t<\/ul>\n\n<!-- end of downloads component -->\n\n\n\n\n<p><\/p>\n<\/div>\n<\/div>\n\n\n\n<div class=\"wp-block-group alignfull is-layout-flow wp-block-group-is-layout-flow\"><div class=\"wp-block-group__inner-container\"><\/div><\/div>\n\n\n\n<div class=\"wp-block-columns is-layout-flex wp-container-core-columns-is-layout-9d6595d7 wp-block-columns-is-layout-flex\">\n<div class=\"wp-block-column is-layout-flow wp-block-column-is-layout-flow\" style=\"flex-basis:33.33%\">\n<figure class=\"wp-block-image size-large\"><img loading=\"lazy\" decoding=\"async\" width=\"1024\" height=\"678\" src=\"https:\/\/www.swisssem.ch\/wp-content\/uploads\/2020\/04\/VR-swisssem-1-1024x678.jpg\" alt=\"\" class=\"wp-image-5991\" srcset=\"https:\/\/www.swisssem.ch\/wp-content\/uploads\/2020\/04\/VR-swisssem-1-1024x678.jpg 1024w, https:\/\/www.swisssem.ch\/wp-content\/uploads\/2020\/04\/VR-swisssem-1-300x199.jpg 300w, https:\/\/www.swisssem.ch\/wp-content\/uploads\/2020\/04\/VR-swisssem-1-768x509.jpg 768w\" sizes=\"auto, (max-width: 1024px) 100vw, 1024px\" \/><\/figure>\n<\/div>\n\n\n\n<div class=\"wp-block-column is-layout-flow wp-block-column-is-layout-flow\" style=\"flex-basis:66.66%\">\n<h3 class=\"wp-block-heading\">Renouvellement du comit\u00e9<\/h3>\n\n\n\n<p>Lors de l\u2019assembl\u00e9e, les d\u00e9l\u00e9gu\u00e9s ont \u00e9lu &nbsp;<a href=\"https:\/\/www.swisssem.ch\/fr\/espace-membres\/archives-newsletter\/newsletter-februar-2019\/presentation-des-nouveaux-membres-2019\/\">4 nouveaux membres<\/a> : Lukas de Rougemont (SEMAG), Heinz Niederh\u00e4user (Saatzucht D\u00fcdingen), Markus Wietlisbach (VOZ) et Fabrice Bersier (Broye).<br>Les personnes suivantes ont \u00e9t\u00e9 reconduites pour un nouveau mandat&nbsp;: Jean-Luc Pidoux (ASS \u2013 pr\u00e9sident), Fritz Herren (SGD), Athos Jaqui\u00e9ry (ASS), Ueli Morf (VOZ), Daniel Niklaus (SEMAG), Didier Peter (ASS), Thomas Ritz (SEMAG).<\/p>\n\n\n\n<p><\/p>\n<\/div>\n<\/div>\n\n\n\n<div class=\"wp-block-columns is-layout-flex wp-container-core-columns-is-layout-9d6595d7 wp-block-columns-is-layout-flex\">\n<div class=\"wp-block-column is-layout-flow wp-block-column-is-layout-flow\" style=\"flex-basis:33.33%\">\n<figure class=\"wp-block-image size-large\"><img loading=\"lazy\" decoding=\"async\" width=\"808\" height=\"864\" src=\"https:\/\/www.swisssem.ch\/wp-content\/uploads\/2020\/04\/kalle_camp.jpg\" alt=\"\" class=\"wp-image-6025\" srcset=\"https:\/\/www.swisssem.ch\/wp-content\/uploads\/2020\/04\/kalle_camp.jpg 808w, https:\/\/www.swisssem.ch\/wp-content\/uploads\/2020\/04\/kalle_camp-281x300.jpg 281w, https:\/\/www.swisssem.ch\/wp-content\/uploads\/2020\/04\/kalle_camp-768x821.jpg 768w\" sizes=\"auto, (max-width: 808px) 100vw, 808px\" \/><figcaption>K. Camp<\/figcaption><\/figure>\n\n\n\n<p><\/p>\n<\/div>\n\n\n\n<div class=\"wp-block-column is-layout-flow wp-block-column-is-layout-flow\" style=\"flex-basis:66.66%\">\n<h3 class=\"wp-block-heading\">Informations de DSP SA<\/h3>\n\n\n\n<p>Kalle Camp, (membre de la direction), a inform\u00e9 sur les activit\u00e9s de  DSP SA &#8211;  <a rel=\"noreferrer noopener\" aria-label=\" (ouverture dans un nouvel onglet)\" href=\"https:\/\/www.dsp-delley.ch\/fr\/\" target=\"_blank\">www.dsp-delley.ch<\/a>.<br>Il a en outre annonc\u00e9 l&rsquo;engagement de <a href=\"https:\/\/www.dsp-delley.ch\/wAssets\/docs\/wir-suchen\/News_18_3_F.pdf\">Christian Ochsenbein<\/a> qui entrera en fonction le 1er avril 2019&nbsp;pour succ\u00e9der \u00e0 Evelyne Thomet.<\/p>\n<\/div>\n<\/div>\n\n\n\n<div class=\"wp-block-columns is-layout-flex wp-container-core-columns-is-layout-9d6595d7 wp-block-columns-is-layout-flex\">\n<div class=\"wp-block-column is-layout-flow wp-block-column-is-layout-flow\" style=\"flex-basis:33.33%\">\n<figure class=\"wp-block-image size-large\"><img loading=\"lazy\" decoding=\"async\" width=\"681\" height=\"1024\" src=\"https:\/\/www.swisssem.ch\/wp-content\/uploads\/2020\/04\/AG19-Ehrenmitglieder-681x1024.jpg\" alt=\"\" class=\"wp-image-6019\" srcset=\"https:\/\/www.swisssem.ch\/wp-content\/uploads\/2020\/04\/AG19-Ehrenmitglieder-681x1024.jpg 681w, https:\/\/www.swisssem.ch\/wp-content\/uploads\/2020\/04\/AG19-Ehrenmitglieder-200x300.jpg 200w, https:\/\/www.swisssem.ch\/wp-content\/uploads\/2020\/04\/AG19-Ehrenmitglieder-768x1155.jpg 768w, https:\/\/www.swisssem.ch\/wp-content\/uploads\/2020\/04\/AG19-Ehrenmitglieder.jpg 1332w\" sizes=\"auto, (max-width: 681px) 100vw, 681px\" \/><figcaption>M. Winzeler &#8211; A. Schori<\/figcaption><\/figure>\n\n\n\n<div class=\"wp-block-columns is-layout-flex wp-container-core-columns-is-layout-9d6595d7 wp-block-columns-is-layout-flex\">\n<div class=\"wp-block-column is-layout-flow wp-block-column-is-layout-flow\" style=\"flex-basis:33.33%\"><\/div>\n\n\n\n<div class=\"wp-block-column is-layout-flow wp-block-column-is-layout-flow\" style=\"flex-basis:66.66%\"><\/div>\n<\/div>\n<\/div>\n\n\n\n<div class=\"wp-block-column is-layout-flow wp-block-column-is-layout-flow\" style=\"flex-basis:66.66%\">\n<h3 class=\"wp-block-heading\">Deux nouveaux membres d&rsquo;honneur sont \u00e9lus lors de l&rsquo;assembl\u00e9e<\/h3>\n\n\n\n<p>L&rsquo;assembl\u00e9e a \u00e9galement eu le plaisir d&rsquo;\u00e9lire <a href=\"https:\/\/www.swisssem.ch\/fr\/espace-membres\/archives-newsletter\/newsletter-februar-2019\/membres-dhonneur-2019\/\">Arnold Schori et Michael Winzeler<\/a> membres d&rsquo;honneur en remerciement pour leur engagement en faveur de la production de semences suisses.<\/p>\n<\/div>\n<\/div>\n\n\n\n<div class=\"wp-block-columns is-layout-flex wp-container-core-columns-is-layout-9d6595d7 wp-block-columns-is-layout-flex\">\n<div class=\"wp-block-column is-layout-flow wp-block-column-is-layout-flow\" style=\"flex-basis:33.33%\">\n<figure class=\"wp-block-image size-large\"><img loading=\"lazy\" decoding=\"async\" width=\"807\" height=\"881\" src=\"https:\/\/www.swisssem.ch\/wp-content\/uploads\/2020\/04\/eva_reinhard.jpg\" alt=\"\" class=\"wp-image-6021\" srcset=\"https:\/\/www.swisssem.ch\/wp-content\/uploads\/2020\/04\/eva_reinhard.jpg 807w, https:\/\/www.swisssem.ch\/wp-content\/uploads\/2020\/04\/eva_reinhard-275x300.jpg 275w, https:\/\/www.swisssem.ch\/wp-content\/uploads\/2020\/04\/eva_reinhard-768x838.jpg 768w\" sizes=\"auto, (max-width: 807px) 100vw, 807px\" \/><figcaption>E. Reinhard<\/figcaption><\/figure>\n<\/div>\n\n\n\n<div class=\"wp-block-column is-layout-flow wp-block-column-is-layout-flow\" style=\"flex-basis:66.66%\">\n<h3 class=\"wp-block-heading\">Expos\u00e9<\/h3>\n\n\n\n<p>A l&rsquo;issue de l&rsquo;assembl\u00e9e, Eva Reinhard, directrice d&rsquo;Agroscope, a tenu un expos\u00e9 sur le th\u00e8me \u00ab\u00a0Avenir de la production de semences en Suisse\u00a0\u00bb. Retrouvez la pr\u00e9sentation de son expos\u00e9&nbsp; <\/p>\n\n\n\n<!-- downloads component -->\n\t<ul class=\"downloads\">\n\t\t\t\t\t<li>\n\t\t\t\t<figure>\n\t\t\t\t\t<img decoding=\"async\" src=\"https:\/\/www.swisssem.ch\/wp-content\/uploads\/2020\/04\/swisssem-2019-01-31_F-pdf.jpg\" alt=\"swisssem-2019-01-31_F\">\n\t\t\t\t<\/figure>\n\t\t\t\t<h4>Eva Reinhard &#8211; Agroscope<\/h4>\n\t\t\t\t\t\t\t\t<div class=\"download-actions\">\n\t\t\t\t\t<a href=\"https:\/\/www.swisssem.ch\/wp-content\/uploads\/2020\/04\/swisssem-2019-01-31_F.pdf\" download class=\"download\">\n\t\t\t\t\t\t<svg xmlns=\"http:\/\/www.w3.org\/2000\/svg\" data-name=\"Ebene 1\" viewBox=\"0 0 23.06 21.64\">\n\t\t\t\t\t\t\t<g stroke=\"#000\" data-name=\"Ebene 1-2\">\n\t\t\t\t\t\t\t\t<path fill=\"none\" stroke-width=\"2\" d=\"M2.29 11.86v8.78h18.46v-8.78\"\/>\n\t\t\t\t\t\t\t\t<path stroke-width=\".25\" d=\"M12.38.13h-1.73v13.41L5.08 7.91l-1.2 1.14 7.65 7.68 7.63-7.68-1.21-1.14-5.57 5.63V.13z\"\/>\n\t\t\t\t\t\t\t<\/g>\n\t\t\t\t\t\t<\/svg>\n\t\t\t\t\t<\/a>\n\t\t\t\t\t<a href=\"https:\/\/www.swisssem.ch\/wp-content\/uploads\/2020\/04\/swisssem-2019-01-31_F.pdf\" target=\"_blank\" rel=\"nofollow\" class=\"expand\">\n\t\t\t\t\t\t<svg xmlns=\"http:\/\/www.w3.org\/2000\/svg\" data-name=\"Ebene 1\" viewBox=\"0 0 23 20\">\n\t\t\t\t\t\t\t<g fill=\"none\" stroke=\"#000\" stroke-width=\".89999998\" data-name=\"Ebene 1-2\">\n\t\t\t\t\t\t\t\t<path d=\"M9.48 13.48l-.55-.57-4.65 4.65.01-3.69-.77-.01-.02 5.03 5.04-.01-.01-.78-3.7.03 4.65-4.65zM13.54 13.48l.58-.57 4.65 4.65-.02-3.69.77-.01.02 5.03-5.05-.01.03-.78 3.68.03-4.66-4.65zM9.48 8.18l-.55.56-4.65-4.65.01 3.69-.77.02-.02-5.04 5.04.02-.01.77-3.7-.02 4.65 4.65zM13.54 8.18l.58.56 4.65-4.65-.02 3.69.77.02.02-5.04-5.05.02.03.77 3.68-.02-4.66 4.65z\"\/>\n\t\t\t\t\t\t\t<\/g>\n\t\t\t\t\t\t<\/svg>\n\t\t\t\t\t<\/a>\n\t\t\t\t<\/div>\n\t\t\t\t\n\t\t\t<\/li>\n\t\t\t<\/ul>\n\n<!-- end of downloads component -->\n\n<\/div>\n<\/div>\n\n\n\n<p><\/p>\n","protected":false},"excerpt":{"rendered":"<p>Newsletter f\u00e9vrier 2019 Assembl\u00e9e des d\u00e9l\u00e9gu\u00e9s L&rsquo;assembl\u00e9e ordinaire des d\u00e9l\u00e9gu\u00e9s de swisssem a eu lieu le 31 janvier \u00e0 Morat. Le pr\u00e9sident Jean-Luc Pidoux a trait\u00e9 les objets statutaires en pr\u00e9sence de 124 d\u00e9l\u00e9gu\u00e9s et invit\u00e9s.Dans son discours d&rsquo;ouverture, le pr\u00e9sident Jean-Luc Pidoux a soulign\u00e9 la d\u00e9cision du Conseil f\u00e9d\u00e9ral de maintenir le site d\u2019Agroscope [&hellip;]<\/p>\n","protected":false},"author":6,"featured_media":0,"parent":5364,"menu_order":132,"comment_status":"closed","ping_status":"closed","template":"","meta":{"_acf_changed":false,"footnotes":""},"class_list":["post-6090","page","type-page","status-publish","hentry"],"acf":[],"yoast_head":"<!-- This site is optimized with the Yoast SEO plugin v27.1.1 - https:\/\/yoast.com\/product\/yoast-seo-wordpress\/ -->\n<title>Newsletter f\u00e9vrier 2019 - swisssem semence suisse<\/title>\n<meta name=\"robots\" content=\"index, follow, max-snippet:-1, max-image-preview:large, max-video-preview:-1\" \/>\n<link rel=\"canonical\" href=\"https:\/\/www.swisssem.ch\/fr\/espace-membres\/archiv_newsletter\/newsletter-februar-2019\/\" \/>\n<meta property=\"og:locale\" content=\"fr_FR\" \/>\n<meta property=\"og:type\" content=\"article\" \/>\n<meta property=\"og:title\" content=\"Newsletter f\u00e9vrier 2019 - swisssem semence suisse\" \/>\n<meta property=\"og:description\" content=\"Newsletter f\u00e9vrier 2019 Assembl\u00e9e des d\u00e9l\u00e9gu\u00e9s L&rsquo;assembl\u00e9e ordinaire des d\u00e9l\u00e9gu\u00e9s de swisssem a eu lieu le 31 janvier \u00e0 Morat. Le pr\u00e9sident Jean-Luc Pidoux a trait\u00e9 les objets statutaires en pr\u00e9sence de 124 d\u00e9l\u00e9gu\u00e9s et invit\u00e9s.Dans son discours d&rsquo;ouverture, le pr\u00e9sident Jean-Luc Pidoux a soulign\u00e9 la d\u00e9cision du Conseil f\u00e9d\u00e9ral de maintenir le site d\u2019Agroscope [&hellip;]\" \/>\n<meta property=\"og:url\" content=\"https:\/\/www.swisssem.ch\/fr\/espace-membres\/archiv_newsletter\/newsletter-februar-2019\/\" \/>\n<meta property=\"og:site_name\" content=\"swisssem semence suisse\" \/>\n<meta property=\"article:modified_time\" content=\"2020-05-05T07:12:21+00:00\" \/>\n<meta property=\"og:image\" content=\"https:\/\/www.swisssem.ch\/wp-content\/uploads\/2020\/04\/DSC_4930-1024x678.jpg\" \/>\n<meta name=\"twitter:card\" content=\"summary_large_image\" \/>\n<meta name=\"twitter:label1\" content=\"Dur\u00e9e de lecture estim\u00e9e\" \/>\n\t<meta name=\"twitter:data1\" content=\"3 minutes\" \/>\n<script type=\"application\/ld+json\" class=\"yoast-schema-graph\">{\"@context\":\"https:\/\/schema.org\",\"@graph\":[{\"@type\":\"WebPage\",\"@id\":\"https:\/\/www.swisssem.ch\/fr\/espace-membres\/archiv_newsletter\/newsletter-februar-2019\/\",\"url\":\"https:\/\/www.swisssem.ch\/fr\/espace-membres\/archiv_newsletter\/newsletter-februar-2019\/\",\"name\":\"Newsletter f\u00e9vrier 2019 - swisssem semence suisse\",\"isPartOf\":{\"@id\":\"https:\/\/www.swisssem.ch\/de\/#website\"},\"primaryImageOfPage\":{\"@id\":\"https:\/\/www.swisssem.ch\/fr\/espace-membres\/archiv_newsletter\/newsletter-februar-2019\/#primaryimage\"},\"image\":{\"@id\":\"https:\/\/www.swisssem.ch\/fr\/espace-membres\/archiv_newsletter\/newsletter-februar-2019\/#primaryimage\"},\"thumbnailUrl\":\"https:\/\/www.swisssem.ch\/wp-content\/uploads\/2020\/04\/DSC_4930-1024x678.jpg\",\"datePublished\":\"2020-04-28T07:15:26+00:00\",\"dateModified\":\"2020-05-05T07:12:21+00:00\",\"breadcrumb\":{\"@id\":\"https:\/\/www.swisssem.ch\/fr\/espace-membres\/archiv_newsletter\/newsletter-februar-2019\/#breadcrumb\"},\"inLanguage\":\"fr-FR\",\"potentialAction\":[{\"@type\":\"ReadAction\",\"target\":[\"https:\/\/www.swisssem.ch\/fr\/espace-membres\/archiv_newsletter\/newsletter-februar-2019\/\"]}]},{\"@type\":\"ImageObject\",\"inLanguage\":\"fr-FR\",\"@id\":\"https:\/\/www.swisssem.ch\/fr\/espace-membres\/archiv_newsletter\/newsletter-februar-2019\/#primaryimage\",\"url\":\"https:\/\/www.swisssem.ch\/wp-content\/uploads\/2020\/04\/DSC_4930-1024x678.jpg\",\"contentUrl\":\"https:\/\/www.swisssem.ch\/wp-content\/uploads\/2020\/04\/DSC_4930-1024x678.jpg\"},{\"@type\":\"BreadcrumbList\",\"@id\":\"https:\/\/www.swisssem.ch\/fr\/espace-membres\/archiv_newsletter\/newsletter-februar-2019\/#breadcrumb\",\"itemListElement\":[{\"@type\":\"ListItem\",\"position\":1,\"name\":\"Home\",\"item\":\"https:\/\/www.swisssem.ch\/fr\/\"},{\"@type\":\"ListItem\",\"position\":2,\"name\":\"Espace membres\",\"item\":\"https:\/\/www.swisssem.ch\/fr\/espace-membres\/\"},{\"@type\":\"ListItem\",\"position\":3,\"name\":\"Newsletters\",\"item\":\"https:\/\/www.swisssem.ch\/fr\/espace-membres\/archiv_newsletter\/\"},{\"@type\":\"ListItem\",\"position\":4,\"name\":\"Newsletter f\u00e9vrier 2019\"}]},{\"@type\":\"WebSite\",\"@id\":\"https:\/\/www.swisssem.ch\/de\/#website\",\"url\":\"https:\/\/www.swisssem.ch\/de\/\",\"name\":\"swisssem semence suisse\",\"description\":\"\",\"publisher\":{\"@id\":\"https:\/\/www.swisssem.ch\/de\/#organization\"},\"potentialAction\":[{\"@type\":\"SearchAction\",\"target\":{\"@type\":\"EntryPoint\",\"urlTemplate\":\"https:\/\/www.swisssem.ch\/de\/?s={search_term_string}\"},\"query-input\":{\"@type\":\"PropertyValueSpecification\",\"valueRequired\":true,\"valueName\":\"search_term_string\"}}],\"inLanguage\":\"fr-FR\"},{\"@type\":\"Organization\",\"@id\":\"https:\/\/www.swisssem.ch\/de\/#organization\",\"name\":\"swisssem saatgut schweiz\",\"url\":\"https:\/\/www.swisssem.ch\/de\/\",\"logo\":{\"@type\":\"ImageObject\",\"inLanguage\":\"fr-FR\",\"@id\":\"https:\/\/www.swisssem.ch\/de\/#\/schema\/logo\/image\/\",\"url\":\"https:\/\/www.swisssem.ch\/wp-content\/uploads\/2020\/03\/Logo_swisssem_RGB-1.jpg\",\"contentUrl\":\"https:\/\/www.swisssem.ch\/wp-content\/uploads\/2020\/03\/Logo_swisssem_RGB-1.jpg\",\"width\":1684,\"height\":430,\"caption\":\"swisssem saatgut schweiz\"},\"image\":{\"@id\":\"https:\/\/www.swisssem.ch\/de\/#\/schema\/logo\/image\/\"}}]}<\/script>\n<!-- \/ Yoast SEO plugin. -->","yoast_head_json":{"title":"Newsletter f\u00e9vrier 2019 - swisssem semence suisse","robots":{"index":"index","follow":"follow","max-snippet":"max-snippet:-1","max-image-preview":"max-image-preview:large","max-video-preview":"max-video-preview:-1"},"canonical":"https:\/\/www.swisssem.ch\/fr\/espace-membres\/archiv_newsletter\/newsletter-februar-2019\/","og_locale":"fr_FR","og_type":"article","og_title":"Newsletter f\u00e9vrier 2019 - swisssem semence suisse","og_description":"Newsletter f\u00e9vrier 2019 Assembl\u00e9e des d\u00e9l\u00e9gu\u00e9s L&rsquo;assembl\u00e9e ordinaire des d\u00e9l\u00e9gu\u00e9s de swisssem a eu lieu le 31 janvier \u00e0 Morat. Le pr\u00e9sident Jean-Luc Pidoux a trait\u00e9 les objets statutaires en pr\u00e9sence de 124 d\u00e9l\u00e9gu\u00e9s et invit\u00e9s.Dans son discours d&rsquo;ouverture, le pr\u00e9sident Jean-Luc Pidoux a soulign\u00e9 la d\u00e9cision du Conseil f\u00e9d\u00e9ral de maintenir le site d\u2019Agroscope [&hellip;]","og_url":"https:\/\/www.swisssem.ch\/fr\/espace-membres\/archiv_newsletter\/newsletter-februar-2019\/","og_site_name":"swisssem semence suisse","article_modified_time":"2020-05-05T07:12:21+00:00","og_image":[{"url":"https:\/\/www.swisssem.ch\/wp-content\/uploads\/2020\/04\/DSC_4930-1024x678.jpg","type":"","width":"","height":""}],"twitter_card":"summary_large_image","twitter_misc":{"Dur\u00e9e de lecture estim\u00e9e":"3 minutes"},"schema":{"@context":"https:\/\/schema.org","@graph":[{"@type":"WebPage","@id":"https:\/\/www.swisssem.ch\/fr\/espace-membres\/archiv_newsletter\/newsletter-februar-2019\/","url":"https:\/\/www.swisssem.ch\/fr\/espace-membres\/archiv_newsletter\/newsletter-februar-2019\/","name":"Newsletter f\u00e9vrier 2019 - swisssem semence suisse","isPartOf":{"@id":"https:\/\/www.swisssem.ch\/de\/#website"},"primaryImageOfPage":{"@id":"https:\/\/www.swisssem.ch\/fr\/espace-membres\/archiv_newsletter\/newsletter-februar-2019\/#primaryimage"},"image":{"@id":"https:\/\/www.swisssem.ch\/fr\/espace-membres\/archiv_newsletter\/newsletter-februar-2019\/#primaryimage"},"thumbnailUrl":"https:\/\/www.swisssem.ch\/wp-content\/uploads\/2020\/04\/DSC_4930-1024x678.jpg","datePublished":"2020-04-28T07:15:26+00:00","dateModified":"2020-05-05T07:12:21+00:00","breadcrumb":{"@id":"https:\/\/www.swisssem.ch\/fr\/espace-membres\/archiv_newsletter\/newsletter-februar-2019\/#breadcrumb"},"inLanguage":"fr-FR","potentialAction":[{"@type":"ReadAction","target":["https:\/\/www.swisssem.ch\/fr\/espace-membres\/archiv_newsletter\/newsletter-februar-2019\/"]}]},{"@type":"ImageObject","inLanguage":"fr-FR","@id":"https:\/\/www.swisssem.ch\/fr\/espace-membres\/archiv_newsletter\/newsletter-februar-2019\/#primaryimage","url":"https:\/\/www.swisssem.ch\/wp-content\/uploads\/2020\/04\/DSC_4930-1024x678.jpg","contentUrl":"https:\/\/www.swisssem.ch\/wp-content\/uploads\/2020\/04\/DSC_4930-1024x678.jpg"},{"@type":"BreadcrumbList","@id":"https:\/\/www.swisssem.ch\/fr\/espace-membres\/archiv_newsletter\/newsletter-februar-2019\/#breadcrumb","itemListElement":[{"@type":"ListItem","position":1,"name":"Home","item":"https:\/\/www.swisssem.ch\/fr\/"},{"@type":"ListItem","position":2,"name":"Espace membres","item":"https:\/\/www.swisssem.ch\/fr\/espace-membres\/"},{"@type":"ListItem","position":3,"name":"Newsletters","item":"https:\/\/www.swisssem.ch\/fr\/espace-membres\/archiv_newsletter\/"},{"@type":"ListItem","position":4,"name":"Newsletter f\u00e9vrier 2019"}]},{"@type":"WebSite","@id":"https:\/\/www.swisssem.ch\/de\/#website","url":"https:\/\/www.swisssem.ch\/de\/","name":"swisssem semence suisse","description":"","publisher":{"@id":"https:\/\/www.swisssem.ch\/de\/#organization"},"potentialAction":[{"@type":"SearchAction","target":{"@type":"EntryPoint","urlTemplate":"https:\/\/www.swisssem.ch\/de\/?s={search_term_string}"},"query-input":{"@type":"PropertyValueSpecification","valueRequired":true,"valueName":"search_term_string"}}],"inLanguage":"fr-FR"},{"@type":"Organization","@id":"https:\/\/www.swisssem.ch\/de\/#organization","name":"swisssem saatgut schweiz","url":"https:\/\/www.swisssem.ch\/de\/","logo":{"@type":"ImageObject","inLanguage":"fr-FR","@id":"https:\/\/www.swisssem.ch\/de\/#\/schema\/logo\/image\/","url":"https:\/\/www.swisssem.ch\/wp-content\/uploads\/2020\/03\/Logo_swisssem_RGB-1.jpg","contentUrl":"https:\/\/www.swisssem.ch\/wp-content\/uploads\/2020\/03\/Logo_swisssem_RGB-1.jpg","width":1684,"height":430,"caption":"swisssem saatgut schweiz"},"image":{"@id":"https:\/\/www.swisssem.ch\/de\/#\/schema\/logo\/image\/"}}]}},"_links":{"self":[{"href":"https:\/\/www.swisssem.ch\/fr\/wp-json\/wp\/v2\/pages\/6090","targetHints":{"allow":["GET"]}}],"collection":[{"href":"https:\/\/www.swisssem.ch\/fr\/wp-json\/wp\/v2\/pages"}],"about":[{"href":"https:\/\/www.swisssem.ch\/fr\/wp-json\/wp\/v2\/types\/page"}],"author":[{"embeddable":true,"href":"https:\/\/www.swisssem.ch\/fr\/wp-json\/wp\/v2\/users\/6"}],"replies":[{"embeddable":true,"href":"https:\/\/www.swisssem.ch\/fr\/wp-json\/wp\/v2\/comments?post=6090"}],"version-history":[{"count":16,"href":"https:\/\/www.swisssem.ch\/fr\/wp-json\/wp\/v2\/pages\/6090\/revisions"}],"predecessor-version":[{"id":6418,"href":"https:\/\/www.swisssem.ch\/fr\/wp-json\/wp\/v2\/pages\/6090\/revisions\/6418"}],"up":[{"embeddable":true,"href":"https:\/\/www.swisssem.ch\/fr\/wp-json\/wp\/v2\/pages\/5364"}],"wp:attachment":[{"href":"https:\/\/www.swisssem.ch\/fr\/wp-json\/wp\/v2\/media?parent=6090"}],"curies":[{"name":"wp","href":"https:\/\/api.w.org\/{rel}","templated":true}]}}