{"id":5893,"date":"2019-10-31T16:31:39","date_gmt":"2019-10-31T15:31:39","guid":{"rendered":"https:\/\/www.swisssem.ch\/?page_id=5893"},"modified":"2020-06-04T11:10:00","modified_gmt":"2020-06-04T09:10:00","slug":"datenschutz","status":"publish","type":"page","link":"https:\/\/www.swisssem.ch\/fr\/datenschutz\/","title":{"rendered":"Protection de donn\u00e9es"},"content":{"rendered":"\n<h1 class=\"wp-block-heading\">Politique de confidentialit\u00e9<\/h1>\n\n\n\n<p>L\u2019organe responsable au sens des lois sur la protection des donn\u00e9es, en particulier le R\u00e8glement g\u00e9n\u00e9ral de l\u2019UE sur la protection des donn\u00e9es (GDPR), est :<\/p>\n\n\n\n<p>Swisssem<br>Route de Portalban 40<br>1567 Delley <\/p>\n\n\n\n<p>E-Mail: <a href=\"mailto:info@swisssem.ch\">info@swisssem.ch<\/a><br>WebSite: https:\/\/www.swisssem.ch\/<\/p>\n\n\n\n<h2 class=\"wp-block-heading\">Notice g\u00e9n\u00e9rale<\/h2>\n\n\n\n<p>Sur la base de l\u2019article 13 de la Constitution f\u00e9d\u00e9rale suisse et des r\u00e8glements de protection des donn\u00e9es de la R\u00e9publique f\u00e9d\u00e9rale d\u2019Allemagne (Loi sur la protection des donn\u00e9es, DSG), chaque personne a droit \u00e0 la protection de sa vie priv\u00e9e ainsi qu\u2019\u00e0 la protection contre l\u2019utilisation abusive de ses donn\u00e9es personnelles. Les op\u00e9rateurs de ces sites prennent tr\u00e8s au s\u00e9rieux la protection de vos donn\u00e9es personnelles. Nous traitons vos donn\u00e9es personnelles de mani\u00e8re confidentielle et conforme aux r\u00e8glements statutaires de protection des donn\u00e9es et \u00e0 cette d\u00e9claration de protection des donn\u00e9es.<\/p>\n\n\n\n<p>En coop\u00e9ration avec nos fournisseurs d\u2019h\u00e9bergement, nous nous effor\u00e7ons de prot\u00e9ger autant que possible les bases de donn\u00e9es contre l\u2019acc\u00e8s, la perte, l\u2019utilisation abusive ou la contrefa\u00e7on par des tiers.<\/p>\n\n\n\n<p>Nous tenons \u00e0 souligner que la transmission de donn\u00e9es sur Internet (p. ex. lors de la communication par e-mail) peut avoir des lacunes en mati\u00e8re de s\u00e9curit\u00e9. La protection compl\u00e8te des donn\u00e9es contre l\u2019acc\u00e8s par des tiers n\u2019est pas possible.<\/p>\n\n\n\n<p>En utilisant ce site Web, vous acceptez la collecte, le traitement et l\u2019utilisation des donn\u00e9es conform\u00e9ment \u00e0 la description suivante. Ce site peut toujours \u00eatre visit\u00e9 sans inscription. Les donn\u00e9es telles que les pages consult\u00e9es ou les noms du fichier r\u00e9cup\u00e9r\u00e9, la date et l\u2019heure sont stock\u00e9es sur le serveur \u00e0 des fins statistiques sans que ces donn\u00e9es soient directement li\u00e9es \u00e0 votre personne. Les donn\u00e9es personnelles, en particulier le nom, l\u2019adresse ou l\u2019adresse e-mail, sont collect\u00e9es dans la mesure du possible sur une base volontaire. Les donn\u00e9es ne seront pas transmises \u00e0 des tiers sans votre consentement.<\/p>\n\n\n\n<h2 class=\"wp-block-heading\">Traitement des donn\u00e9es personnelles<\/h2>\n\n\n\n<p>Les donn\u00e9es personnelles sont toute information relative \u00e0 une personne identifi\u00e9e ou identifiable. Un sujet de donn\u00e9es est une personne par laquelle les donn\u00e9es personnelles sont trait\u00e9es. L\u2019\u00e9dition comprend toute manipulation des donn\u00e9es personnelles, quels que soient les moyens et proc\u00e9dures utilis\u00e9s, en particulier le stockage, la divulgation, l\u2019acquisition, la suppression, le stockage, la modification, la destruction et l\u2019utilisation de donn\u00e9es personnelles.<\/p>\n\n\n\n<p>Nous traitons les donn\u00e9es personnelles conform\u00e9ment \u00e0 la l\u00e9gislation suisse sur la protection des donn\u00e9es. En outre, nous traitons les donn\u00e9es personnelles conform\u00e9ment aux bases juridiques suivantes dans le cadre de l\u2019article 6(1) GDPR :<\/p>\n\n\n\n<p>lit. a) Traitement des donn\u00e9es personnelles avec le consentement du sujet des donn\u00e9es.<br>lit. b) Traitement des donn\u00e9es personnelles pour l\u2019ex\u00e9cution d\u2019un contrat avec le sujet des donn\u00e9es et pour la mise en \u0153uvre de mesures pr\u00e9so contractuelles correspondantes.<br>lit. c) Traitement des donn\u00e9es personnelles afin de remplir une obligation l\u00e9gale \u00e0 laquelle nous sommes soumis en vertu de toute loi de l\u2019UE applicable ou, le cas \u00e9ch\u00e9ant, d\u2019un pays dans lequel le GDPR est enti\u00e8rement ou partiellement applicable.<\/p>\n\n\n\n<p>lit. d) le traitement des donn\u00e9es personnelles afin de prot\u00e9ger les int\u00e9r\u00eats vitaux du sujet des donn\u00e9es ou de toute autre personne naturelle.<br>lit. f) Le traitement des donn\u00e9es personnelles afin de prot\u00e9ger les int\u00e9r\u00eats l\u00e9gitimes de nous ou de tiers, \u00e0 moins que les libert\u00e9s fondamentales et les droits fondamentaux ainsi que les int\u00e9r\u00eats du sujet des donn\u00e9es l\u2019emportent. Les int\u00e9r\u00eats \u00e9ligibles sont, en particulier, notre int\u00e9r\u00eat commercial \u00e0 fournir notre site Web, la s\u00e9curit\u00e9 de l\u2019information, l\u2019application de nos propres r\u00e9clamations juridiques et le respect du droit suisse.<\/p>\n\n\n\n<p>lit. a) Traitement des donn\u00e9es \u00e0 caract\u00e8re personnel avec le consentement de la personne concern\u00e9e.<br>lit. b) Traitement de donn\u00e9es \u00e0 caract\u00e8re personnel effectu\u00e9 aux fins de l&rsquo;ex\u00e9cution d&rsquo;un contrat conclu avec la personne concern\u00e9e et de l&rsquo;application de mesures pr\u00e9contractuelles appropri\u00e9es.<br>lit. c) Traitement de donn\u00e9es \u00e0 caract\u00e8re personnel pour l&rsquo;ex\u00e9cution d&rsquo;une obligation l\u00e9gale \u00e0 laquelle nous sommes soumis en vertu de toute loi applicable de l&rsquo;UE ou de toute loi applicable d&rsquo;un pays dans lequel la LPD est applicable en tout ou en partie.<br>lit. d) Traitement de donn\u00e9es \u00e0 caract\u00e8re personnel visant \u00e0 prot\u00e9ger les int\u00e9r\u00eats vitaux de la personne concern\u00e9e ou d&rsquo;une autre personne physique.<br>lit. f) Traitement de donn\u00e9es \u00e0 caract\u00e8re personnel visant \u00e0 sauvegarder nos int\u00e9r\u00eats l\u00e9gitimes ou ceux de tiers, sauf si les libert\u00e9s et droits fondamentaux et les int\u00e9r\u00eats de la personne concern\u00e9e l&#8217;emportent sur ces int\u00e9r\u00eats. Les int\u00e9r\u00eats l\u00e9gitimes sont notamment notre int\u00e9r\u00eat commercial \u00e0 pouvoir fournir notre site web, la s\u00e9curit\u00e9 de l&rsquo;information, la mise en \u0153uvre de nos propres revendications juridiques et le respect du droit suisse.<\/p>\n\n\n\n<p>Nous traitons les donn\u00e9es personnelles pour la dur\u00e9e n\u00e9cessaire \u00e0 la ou aux fins respectives. Dans le cas d&rsquo;obligations de stockage \u00e0 long terme en raison d&rsquo;obligations l\u00e9gales et autres auxquelles nous sommes soumis, nous limiterons le traitement en cons\u00e9quence.<\/p>\n\n\n\n<h2 class=\"wp-block-heading\">Politique de confidentialit\u00e9 pour les cookies<\/h2>\n\n\n\n<p>Ce site web utilise des cookies. Il s&rsquo;agit de petits fichiers texte qui permettent de stocker des informations sp\u00e9cifiques relatives \u00e0 l&rsquo;utilisateur sur son terminal pendant qu&rsquo;il utilise le site web. Les cookies permettent notamment de d\u00e9terminer la fr\u00e9quence d&rsquo;utilisation et le nombre d&rsquo;utilisateurs des pages, d&rsquo;analyser le comportement d&rsquo;utilisation des pages, mais aussi de rendre notre offre plus conviviale. Les cookies restent stock\u00e9s \u00e0 la fin d&rsquo;une session de navigation et peuvent \u00eatre r\u00e9cup\u00e9r\u00e9s lorsque l&rsquo;utilisateur revisite le site. Si vous ne le souhaitez pas, vous devez configurer votre navigateur Internet pour qu&rsquo;il refuse d&rsquo;accepter les cookies.<\/p>\n\n\n\n<p>Une objection g\u00e9n\u00e9rale \u00e0 l&rsquo;utilisation de cookies utilis\u00e9s \u00e0 des fins de marketing en ligne peut \u00eatre d\u00e9clar\u00e9e pour de nombreux services, en particulier dans le cas du suivi, via le site am\u00e9ricain http:\/\/www.aboutads.info\/choices\/ ou le site de l&rsquo;UE http:\/\/www.youronlinechoices.com\/. En outre, le stockage des cookies peut \u00eatre r\u00e9alis\u00e9 en les d\u00e9sactivant dans les param\u00e8tres du navigateur. Veuillez noter que dans ce cas, toutes les fonctions de cette offre en ligne ne peuvent pas \u00eatre utilis\u00e9es.<\/p>\n\n\n\n<h2 class=\"wp-block-heading\">Politique de confidentialit\u00e9 pour le chiffrement SSL\/TLS<\/h2>\n\n\n\n<p>Ce site utilise le chiffrement SSL\/TLS pour des raisons de s\u00e9curit\u00e9 et pour prot\u00e9ger la transmission de contenu confidentiel, comme les demandes que vous nous envoyez en tant qu\u2019op\u00e9rateur de site. Vous pouvez reconna\u00eetre une connexion crypt\u00e9e par le fait que la ligne d\u2019adresse du navigateur passe de \u00ab\u00a0http:\/\/\u00a0\u00bb \u00e0 \u00ab\u00a0https:\/\/\u00a0\u00bb et par l\u2019ic\u00f4ne de verrouillage dans votre ligne de navigateur.<br>Si le chiffrement SSL ou TLS est activ\u00e9, les donn\u00e9es que vous nous soumettez ne peuvent pas \u00eatre lues par des tiers.<\/p>\n\n\n\n<h2 class=\"wp-block-heading\">Politique de confidentialit\u00e9 pour les fichiers de journal serveur<\/h2>\n\n\n\n<p>Le fournisseur de ce site recueille et stocke automatiquement des informations dans ce que l\u2019on appelle les fichiers journal serveur, que votre navigateur nous transmet automatiquement. Ce sont:<\/p>\n\n\n\n<ul class=\"wp-block-list\"><li>Browser type et version de navigateur<\/li><li>utilis\u00e9 syst\u00e8me d\u2019exploitation<\/li><li>referer URL<\/li><li>Hostname de l\u2019ordinateur d\u2019acc\u00e8s<\/li><li>time du type de serveur requestBrowser et la version du navigateur<\/li><\/ul>\n\n\n\n<p>Ce donn\u00e9es ne peut pas \u00eatre attribu\u00e9e \u00e0 des personnes sp\u00e9cifiques. Ces donn\u00e9es ne sont pas fusionn\u00e9es avec d\u2019autres sources de donn\u00e9es. Nous nous r\u00e9servons le droit de v\u00e9rifier ces donn\u00e9es r\u00e9trospectivement si nous prenons connaissance d\u2019indications concr\u00e8tes d\u2019utilisation ill\u00e9gale.<\/p>\n\n\n\n<h2 class=\"wp-block-heading\">Services de tiers<\/h2>\n\n\n\n<p>Ce site web peut utiliser Google Maps pour l&rsquo;int\u00e9gration de cartes, Google Invisible reCAPTCHA pour la protection contre les robots et le spam et YouTube pour l&rsquo;int\u00e9gration de vid\u00e9os.<\/p>\n\n\n\n<p>Ces services de la soci\u00e9t\u00e9 am\u00e9ricaine Google LLC utilisent entre autres des cookies et, par cons\u00e9quent, des donn\u00e9es sont transf\u00e9r\u00e9es \u00e0 Google aux \u00c9tats-Unis, ce qui nous permet de supposer que, dans ce contexte, aucun suivi personnel n&rsquo;est effectu\u00e9 uniquement par l&rsquo;utilisation de notre site web.<\/p>\n\n\n\n<p>Google s&rsquo;engage \u00e0 assurer un niveau appropri\u00e9 de protection des donn\u00e9es conform\u00e9ment aux r\u00e8gles de protection de la vie priv\u00e9e am\u00e9ricano-europ\u00e9enne et am\u00e9ricano-suisse.<\/p>\n\n\n\n<p>Vous trouverez de plus amples informations dans la politique de confidentialit\u00e9 de Google.<\/p>\n\n\n\n<h2 class=\"wp-block-heading\">Politique de confidentialit\u00e9 pour le formulaire de contact<\/h2>\n\n\n\n<p>Si vous nous envoyez des demandes de renseignements par le biais du formulaire de contact, les donn\u00e9es que vous avez fournies dans ce formulaire, y compris vos coordonn\u00e9es, seront conserv\u00e9es par nos soins aux fins de traitement de la demande et en cas de questions compl\u00e9mentaires. Nous ne transmettrons pas ces donn\u00e9es sans votre consentement.<\/p>\n\n\n\n<h2 class=\"wp-block-heading\">Politique de confidentialit\u00e9 pour les donn\u00e9es des bulletins d&rsquo;information<\/h2>\n\n\n\n<p>Si vous souhaitez recevoir la lettre d&rsquo;information propos\u00e9e sur ce site, nous avons besoin d&rsquo;une adresse \u00e9lectronique de votre part ainsi que d&rsquo;informations nous permettant de v\u00e9rifier que vous \u00eates bien le propri\u00e9taire de l&rsquo;adresse \u00e9lectronique fournie et que vous acceptez de recevoir la lettre d&rsquo;information. Aucune autre donn\u00e9e ne sera collect\u00e9e. Nous utilisons ces donn\u00e9es exclusivement pour l&rsquo;envoi des informations demand\u00e9es et ne les transmettons pas \u00e0 des tiers.<\/p>\n\n\n\n<p>Vous pouvez r\u00e9voquer \u00e0 tout moment votre consentement au stockage de vos donn\u00e9es, de votre adresse \u00e9lectronique et \u00e0 son utilisation pour l&rsquo;envoi du bulletin d&rsquo;information, par exemple en cliquant sur le lien \u00ab\u00a0se d\u00e9sabonner\u00a0\u00bb dans le bulletin d&rsquo;information.<\/p>\n\n\n\n<h2 class=\"wp-block-heading\">Politique de confidentialit\u00e9 pour la fonction de commentaire sur ce site web<\/h2>\n\n\n\n<p>Pour la fonction de commentaire sur ce site web, en plus de votre commentaire, des informations sur le moment de la cr\u00e9ation du commentaire, votre adresse \u00e9lectronique et, si vous ne postez pas anonymement, le nom d&rsquo;utilisateur que vous avez choisi sont enregistr\u00e9s.<\/p>\n\n\n\n<p>Conservation de l&rsquo;adresse IP<\/p>\n\n\n\n<p>Notre fonction de commentaire stocke les adresses IP des utilisateurs qui publient des commentaires. Comme nous ne v\u00e9rifions pas les commentaires sur notre site avant leur activation, nous avons besoin de ces donn\u00e9es pour pouvoir prendre des mesures contre l&rsquo;auteur en cas de violations de la loi telles que des insultes ou de la propagande.<\/p>\n\n\n\n<p>Souscrire aux commentaires<\/p>\n\n\n\n<p>En tant qu&rsquo;utilisateur du site, vous pouvez vous abonner aux commentaires apr\u00e8s vous \u00eatre connect\u00e9. Vous recevrez un courriel de confirmation pour v\u00e9rifier que vous \u00eates bien le propri\u00e9taire de l&rsquo;adresse \u00e9lectronique que vous avez saisie. Vous pouvez vous d\u00e9sabonner de cette fonction \u00e0 tout moment via un lien dans les courriers \u00e9lectroniques d&rsquo;information.<\/p>\n\n\n\n<h2 class=\"wp-block-heading\">D\u00e9claration de protection des donn\u00e9es pour le droit \u00e0 l&rsquo;information, la suppression, le blocage<\/h2>\n\n\n\n<p>Vous avez le droit de recevoir \u00e0 tout moment et gratuitement des informations sur les donn\u00e9es \u00e0 caract\u00e8re personnel que vous avez enregistr\u00e9es, sur leur origine et leurs destinataires et sur la finalit\u00e9 du traitement de ces donn\u00e9es, ainsi que le droit de les corriger, de les bloquer ou de les supprimer. \u00c0 cette fin, ainsi que pour toute autre question concernant les donn\u00e9es personnelles, vous pouvez nous contacter \u00e0 tout moment \u00e0 l&rsquo;adresse indiqu\u00e9e dans les mentions l\u00e9gales.<\/p>\n\n\n\n<h2 class=\"wp-block-heading\">Politique de confidentialit\u00e9 pour les courriers publicitaires contradictoires<\/h2>\n\n\n\n<p>Vous avez \u00e0 tout moment le droit de recevoir gratuitement des informations sur vos donn\u00e9es personnelles enregistr\u00e9es, leur origine et leurs destinataires et le but du traitement des donn\u00e9es, ainsi que le droit de corriger, bloquer ou supprimer ces donn\u00e9es. \u00c0 cette fin, ainsi que pour toute autre question concernant les donn\u00e9es personnelles, vous pouvez nous contacter \u00e0 tout moment \u00e0 l&rsquo;adresse indiqu\u00e9e dans les mentions l\u00e9gales.<\/p>\n\n\n\n<h2 class=\"wp-block-heading\">D\u00e9claration de protection des donn\u00e9es en cas d&rsquo;opposition \u00e0 des envois publicitaires <\/h2>\n\n\n\n<p>Nous nous opposons par la pr\u00e9sente \u00e0 l&rsquo;utilisation des donn\u00e9es de contact publi\u00e9es dans le cadre de l&rsquo;obligation d&rsquo;impression pour l&rsquo;envoi de mat\u00e9riel publicitaire et d&rsquo;information non express\u00e9ment demand\u00e9. Les exploitants de ce site se r\u00e9servent express\u00e9ment le droit d&rsquo;engager des poursuites judiciaires en cas d&rsquo;envoi d&rsquo;informations publicitaires non sollicit\u00e9es, par exemple par des courriers \u00e9lectroniques non sollicit\u00e9s.<\/p>\n\n\n\n<h2 class=\"wp-block-heading\">Utilisation de Google Maps<\/h2>\n\n\n\n<p>Ce site web utilise l&rsquo;API Google Maps pour afficher visuellement des informations g\u00e9ographiques. Lorsqu&rsquo;il utilise Google Maps, Google collecte, traite et utilise \u00e9galement des donn\u00e9es sur l&rsquo;utilisation des fonctions cartographiques par les visiteurs. Vous trouverez des informations plus d\u00e9taill\u00e9es sur le traitement des donn\u00e9es par Google dans les informations de Google sur la protection des donn\u00e9es. Vous pouvez \u00e9galement y modifier vos param\u00e8tres de protection des donn\u00e9es personnelles dans le centre de protection des donn\u00e9es.<\/p>\n\n\n\n<p>Vous trouverez ici des instructions d\u00e9taill\u00e9es sur la mani\u00e8re de g\u00e9rer vos propres donn\u00e9es en rapport avec les produits Google.<\/p>\n\n\n\n<h2 class=\"wp-block-heading\">Politique de confidentialit\u00e9 pour Google Analytics<\/h2>\n\n\n\n<p>Ce site web utilise Google Analytics, un service d&rsquo;analyse de sites web fourni par Google Inc, 1600 Amphitheatre Parkway, Mountain View, CA 94043, USA. Pour d\u00e9sactiver Google Analytics, Google fournit un plug-in de navigateur \u00e0 l&rsquo;adresse https:\/\/tools.google.com\/dlpage\/gaoptout?hl=de. Google Analytics utilise des cookies. Il s&rsquo;agit de petits fichiers texte qui permettent de stocker des informations sp\u00e9cifiques relatives \u00e0 l&rsquo;utilisateur sur le terminal de ce dernier. Celles-ci permettent \u00e0 Google d&rsquo;analyser l&rsquo;utilisation de l&rsquo;offre de notre site web. Les informations recueillies par le cookie sur l&rsquo;utilisation de notre site web (y compris votre adresse IP) sont g\u00e9n\u00e9ralement transf\u00e9r\u00e9es \u00e0 un serveur de Google aux \u00c9tats-Unis et y sont stock\u00e9es. Nous tenons \u00e0 souligner que sur ce site, Google Analytics a \u00e9t\u00e9 \u00e9tendu par le code \u00ab\u00a0gat._anonymizeIp() ;\u00a0\u00bb afin d&rsquo;assurer un enregistrement anonyme des adresses IP (appel\u00e9 IP-Masking). Si l&rsquo;anonymisation est active, Google raccourcira les adresses IP dans les \u00c9tats membres de l&rsquo;Union europ\u00e9enne ou dans d&rsquo;autres \u00c9tats parties \u00e0 l&rsquo;accord sur l&rsquo;Espace \u00e9conomique europ\u00e9en, ce qui signifie qu&rsquo;aucune conclusion ne peut \u00eatre tir\u00e9e sur votre identit\u00e9. Ce n&rsquo;est que dans des cas exceptionnels que l&rsquo;adresse IP compl\u00e8te sera transf\u00e9r\u00e9e \u00e0 un serveur de Google aux \u00c9tats-Unis et y sera raccourcie. Google respecte les r\u00e8gles de protection des donn\u00e9es de l&rsquo;accord \u00ab\u00a0Privacy Shield\u00a0\u00bb et est enregistr\u00e9 dans le programme \u00ab\u00a0Privacy Shield\u00a0\u00bb du minist\u00e8re am\u00e9ricain du commerce. Google utilise les informations collect\u00e9es pour \u00e9valuer l&rsquo;utilisation de ses sites Web, pour r\u00e9diger des rapports \u00e0 ce sujet et pour nous fournir d&rsquo;autres services pertinents. Vous pouvez en savoir plus sur https:\/\/support.google.com\/analytics\/answer\/6004245?hl=de.<\/p>\n\n\n\n<h2 class=\"wp-block-heading\">Politique de confidentialit\u00e9 pour l&rsquo;utilisation des Google Web Fonts<\/h2>\n\n\n\n<p>Ce site web utilise des polices de caract\u00e8res web, fournies par Google, pour l&rsquo;affichage uniforme des polices. Lorsque vous appelez une page, votre navigateur charge les polices web requises dans son cache afin d&rsquo;afficher correctement les textes et les polices. Si votre navigateur ne prend pas en charge les polices web, une police par d\u00e9faut de votre ordinateur sera utilis\u00e9e.<\/p>\n\n\n\n<p>Pour plus d&rsquo;informations sur les Google Web Fonts, veuillez consulter le site https:\/\/developers.google.com\/fonts\/faq et lire la politique de confidentialit\u00e9 de Google : https:\/\/www.google.com\/policies\/privacy\/<\/p>\n\n\n\n<h2 class=\"wp-block-heading\">Gestionnaire de Google Tag<\/h2>\n\n\n\n<p>Le gestionnaire Google Tag est une solution avec laquelle nous pouvons g\u00e9rer les \u00ab\u00a0balises de site web\u00a0\u00bb via une interface et ainsi int\u00e9grer par exemple Google Analytics et d&rsquo;autres services de marketing de Google dans notre offre en ligne. Le gestionnaire lui-m\u00eame, qui met en \u0153uvre les balises, ne traite aucune donn\u00e9e personnelle des utilisateurs. En ce qui concerne le traitement des donn\u00e9es personnelles des utilisateurs, nous vous renvoyons aux informations suivantes sur les services de Google. Conditions d&rsquo;utilisation : https:\/\/www.google.com\/intl\/de\/tagmanager\/use-policy.html.<\/p>\n\n\n\n<h2 class=\"wp-block-heading\">Politique de confidentialit\u00e9 pour Facebook<\/h2>\n\n\n\n<p>Ce site web utilise les fonctionnalit\u00e9s de Facebook Inc, 1601 S. California Ave, Palo Alto, CA 94304, USA . Lorsque vous acc\u00e9dez \u00e0 nos pages avec des plug-ins Facebook, une connexion est \u00e9tablie entre votre navigateur et les serveurs de Facebook. Les donn\u00e9es sont d\u00e9j\u00e0 transf\u00e9r\u00e9es \u00e0 Facebook dans le cadre de ce processus. Si vous avez un compte Facebook, ces donn\u00e9es peuvent \u00eatre li\u00e9es \u00e0 celui-ci. Si vous ne souhaitez pas que ces donn\u00e9es soient li\u00e9es \u00e0 votre compte Facebook, veuillez vous d\u00e9connecter de Facebook avant de visiter notre site. Les interactions, notamment l&rsquo;utilisation d&rsquo;une fonction de commentaire ou le fait de cliquer sur un bouton \u00ab\u00a0J&rsquo;aime\u00a0\u00bb ou \u00ab\u00a0Partager\u00a0\u00bb sont \u00e9galement transf\u00e9r\u00e9es sur Facebook. Vous pouvez en savoir plus sur https:\/\/de-de.facebook.com\/about\/privacy.<\/p>\n\n\n\n<h2 class=\"wp-block-heading\">Politique de confidentialit\u00e9 pour Twitter<\/h2>\n\n\n\n<p>Ce site web utilise les fonctionnalit\u00e9s de Twitter, Inc, 1355 Market St, Suite 900, San Francisco, CA 94103, USA. Lorsque vous acc\u00e9dez \u00e0 nos pages avec des plug-ins Twitter, une connexion est \u00e9tablie entre votre navigateur et les serveurs de Twitter. Les donn\u00e9es sont d\u00e9j\u00e0 transf\u00e9r\u00e9es sur Twitter. Si vous avez un compte Twitter, ces donn\u00e9es peuvent y \u00eatre li\u00e9es. Si vous ne souhaitez pas que ces donn\u00e9es soient li\u00e9es \u00e0 votre compte Twitter, veuillez vous d\u00e9connecter de Twitter avant de visiter notre site. Les interactions, en particulier le fait de cliquer sur un bouton \u00ab\u00a0Re-Tweet\u00a0\u00bb, sont \u00e9galement transmises \u00e0 Twitter. Vous pouvez en savoir plus sur https:\/\/twitter.com\/privacy.<\/p>\n\n\n\n<h2 class=\"wp-block-heading\">Politique de confidentialit\u00e9 pour Instagram<\/h2>\n\n\n\n<p>Les fonctions du service Instagram sont int\u00e9gr\u00e9es dans nos pages. Ces fonctions sont offertes par Instagram Inc, 1601 Willow Road, Menlo Park, CA, 94025, USA int\u00e9gr\u00e9. Si vous \u00eates connect\u00e9 \u00e0 votre compte Instagram, vous pouvez relier le contenu de nos pages \u00e0 votre profil Instagram en cliquant sur le bouton Instagram. Cela permet \u00e0 Instagram d&rsquo;associer votre visite sur nos sites \u00e0 votre compte. Nous tenons \u00e0 souligner que nous, en tant que fournisseur des pages, n&rsquo;avons aucune connaissance du contenu des donn\u00e9es transmises ou de leur utilisation par Instagram.<\/p>\n\n\n\n<p>Pour plus d&rsquo;informations, veuillez consulter la politique de confidentialit\u00e9 d&rsquo;Instagram : http:\/\/instagram.com\/about\/legal\/privacy\/<\/p>\n\n\n\n<h2 class=\"wp-block-heading\">Newsletter &#8211; Mailchimp<\/h2>\n\n\n\n<p>Les bulletins d&rsquo;information sont envoy\u00e9s par l&rsquo;interm\u00e9diaire du fournisseur de services de courrier \u00e9lectronique \u00ab\u00a0MailChimp\u00a0\u00bb, une plateforme d&rsquo;envoi de bulletins d&rsquo;information du fournisseur am\u00e9ricain Rocket Science Group, LLC, 675 Ponce De Leon Ave NE #5000, Atlanta, GA 30308, USA. Vous pouvez consulter les r\u00e8gles de protection des donn\u00e9es du fournisseur de services de courrier ici. Le Rocket Science Group LLC d\/b\/a MailChimp est certifi\u00e9 en vertu de l&rsquo;accord PrivacyShield et offre ainsi une garantie de conformit\u00e9 avec le niveau europ\u00e9en de protection des donn\u00e9es (PrivacyShield). Le prestataire de services de vente par correspondance est utilis\u00e9 sur la base de nos int\u00e9r\u00eats l\u00e9gitimes selon l&rsquo;art. 6 al. 1 lit. f DSGVO et d&rsquo;un contrat de traitement des commandes selon l&rsquo;art. 28 al. 3 phrase 1 DSGVO.<\/p>\n\n\n\n<p>Der Versanddienstleister kann die Daten der Empf\u00e4nger in pseudonymer Form, d.h. ohne Zuordnung zu einem Nutzer, zur Optimierung oder Verbesserung der eigenen Services nutzen, z.B. zur technischen Optimierung des Versandes und der Darstellung der Newsletter oder f\u00fcr statistische Zwecke verwenden. Der Versanddienstleister nutzt die Daten unserer Newsletterempf\u00e4nger jedoch nicht, um diese selbst anzuschreiben oder um die Daten an Dritte weiterzugeben.<\/p>\n\n\n\n<h2 class=\"wp-block-heading\">Politique de confidentialit\u00e9 pour YouTube<\/h2>\n\n\n\n<p>Diese WebSite nutzt Plugins der von Google betriebenen Seite YouTube. Betreiber der Seiten ist die YouTube, LLC, 901 Cherry Ave., San Bruno, CA 94066, USA. Wenn Sie eine unserer mit einem YouTube-Plugin ausgestatteten Seiten besuchen, wird eine Verbindung zu den Servern von YouTube hergestellt. Dabei wird dem Youtube-SerCe site web utilise des plugins du site YouTube exploit\u00e9 par Google. L&rsquo;op\u00e9rateur des pages est YouTube, LLC, 901 Cherry Ave, San Bruno, CA 94066, USA. Lorsque vous visitez l&rsquo;un de nos sites \u00e9quip\u00e9s d&rsquo;un plugin YouTube, une connexion aux serveurs YouTube est \u00e9tablie. Cela indique au serveur YouTube les pages que vous avez visit\u00e9es.ver mitgeteilt, welche unserer Seiten Sie besucht haben.<\/p>\n\n\n\n<p>Si vous \u00eates connect\u00e9 \u00e0 votre compte YouTube, vous permettez \u00e0 YouTube d&rsquo;attribuer votre comportement de navigation directement \u00e0 votre profil personnel. Vous pouvez \u00e9viter cela en vous d\u00e9connectant de votre compte YouTube.<\/p>\n\n\n\n<p>Pour plus d&rsquo;informations sur la mani\u00e8re dont les donn\u00e9es des utilisateurs sont trait\u00e9es, veuillez consulter la politique de confidentialit\u00e9 de YouTube \u00e0 l&rsquo;adresse suivante : https:\/\/www.google.de\/intl\/de\/policies\/privacy<\/p>\n\n\n\n<h2 class=\"wp-block-heading\">Politique de confidentialit\u00e9 pour Vimeo<\/h2>\n\n\n\n<p>Sur ce site web sont int\u00e9gr\u00e9s des plugins du portail vid\u00e9o Vimeo de Vimeo, LLC, 555 West 18th Street, New York, New York 10011, USA. Chaque fois que vous acc\u00e9dez \u00e0 une page qui propose un ou plusieurs clips vid\u00e9o Vimeo, une connexion directe est \u00e9tablie entre votre navigateur et un serveur Vimeo aux \u00c9tats-Unis. Des informations sur votre visite et votre adresse IP y sont stock\u00e9es. Gr\u00e2ce \u00e0 l&rsquo;interaction avec les plug-ins de Vimeo (par exemple en cliquant sur le bouton de d\u00e9marrage), ces informations sont \u00e9galement transmises \u00e0 Vimeo et y sont stock\u00e9es. La politique de confidentialit\u00e9 de Vimeo avec des informations plus d\u00e9taill\u00e9es sur la collecte et l&rsquo;utilisation de vos donn\u00e9es par Vimeo se trouve dans la politique de confidentialit\u00e9 de Vimeo.<\/p>\n\n\n\n<p>Si vous avez un compte d&rsquo;utilisateur Vimeo et que vous ne souhaitez pas que Vimeo collecte des informations vous concernant par l&rsquo;interm\u00e9diaire de ce site web et les relie aux informations relatives \u00e0 votre adh\u00e9sion stock\u00e9es chez Vimeo, vous devez vous d\u00e9connecter de Vimeo avant de visiter ce site web.<\/p>\n\n\n\n<p>Sur ce site web sont int\u00e9gr\u00e9s des plugins du portail vid\u00e9o Vimeo de Vimeo, LLC, 555 West 18th Street, New York, New York 10011, USA. Chaque fois que vous acc\u00e9dez \u00e0 une page qui propose un ou plusieurs clips vid\u00e9o Vimeo, une connexion directe est \u00e9tablie entre votre navigateur et un serveur Vimeo aux \u00c9tats-Unis. Des informations sur votre visite et votre adresse IP y sont stock\u00e9es. Gr\u00e2ce \u00e0 l&rsquo;interaction avec les plug-ins de Vimeo (par exemple en cliquant sur le bouton de d\u00e9marrage), ces informations sont \u00e9galement transmises \u00e0 Vimeo et y sont stock\u00e9es. La politique de confidentialit\u00e9 de Vimeo, qui contient des informations plus d\u00e9taill\u00e9es sur la collecte et l&rsquo;utilisation de vos donn\u00e9es par Vimeo, se trouve dans la politique de confidentialit\u00e9 de Vimeo.<\/p>\n\n\n\n<p>Si vous avez un compte d&rsquo;utilisateur Vimeo et que vous ne souhaitez pas que Vimeo collecte des informations vous concernant par l&rsquo;interm\u00e9diaire de ce site web et les relie aux informations relatives \u00e0 votre adh\u00e9sion stock\u00e9es chez Vimeo, vous devez vous d\u00e9connecter de Vimeo avant de visiter ce site web.<\/p>\n\n\n\n<h2 class=\"wp-block-heading\">Services contractuels<\/h2>\n\n\n\n<p>Nous traitons les donn\u00e9es de nos partenaires contractuels et des personnes int\u00e9ress\u00e9es ainsi que d&rsquo;autres mandants, clients, clients ou partenaires contractuels (uniform\u00e9ment appel\u00e9s \u00a0\u00bb partenaires contractuels \u00ab\u00a0) conform\u00e9ment aux dispositions de la R\u00e9publique f\u00e9d\u00e9rale d&rsquo;Allemagne en mati\u00e8re de protection des donn\u00e9es (loi sur la protection des donn\u00e9es, DSG) et de l&rsquo;UE-DSGVO conform\u00e9ment \u00e0 l&rsquo;art. 6 al. 1 lit. b. DSGVO afin de leur fournir nos services contractuels ou pr\u00e9-contractuels. Les donn\u00e9es trait\u00e9es dans ce contexte, le type, la port\u00e9e et la finalit\u00e9 de ce traitement et la n\u00e9cessit\u00e9 de le traiter, sont d\u00e9termin\u00e9s par la relation contractuelle sous-jacente.<\/p>\n\n\n\n<p>Les donn\u00e9es trait\u00e9es comprennent les donn\u00e9es de base de nos partenaires contractuels (par exemple, noms et adresses), les donn\u00e9es de contact (par exemple, adresses \u00e9lectroniques et num\u00e9ros de t\u00e9l\u00e9phone) ainsi que les donn\u00e9es contractuelles (par exemple, services utilis\u00e9s, contenu du contrat, communication contractuelle, noms des personnes de contact) et les donn\u00e9es de paiement (par exemple, coordonn\u00e9es bancaires, historique des paiements).<\/p>\n\n\n\n<p>Par principe, nous ne traitons pas de cat\u00e9gories particuli\u00e8res de donn\u00e9es \u00e0 caract\u00e8re personnel, sauf si elles font partie d&rsquo;un traitement command\u00e9 ou contractuel.<\/p>\n\n\n\n<p>Nous traitons les donn\u00e9es qui sont n\u00e9cessaires \u00e0 la justification et \u00e0 l&rsquo;ex\u00e9cution des services contractuels et signalons la n\u00e9cessit\u00e9 de leur divulgation, si cela n&rsquo;est pas \u00e9vident pour les partenaires contractuels. La divulgation aux personnes ou soci\u00e9t\u00e9s externes ne sera faite que si elle est n\u00e9cessaire dans le cadre d&rsquo;un contrat. Lors du traitement des donn\u00e9es qui nous sont fournies dans le cadre d&rsquo;une commande, nous agissons conform\u00e9ment aux instructions du client et aux exigences l\u00e9gales.<\/p>\n\n\n\n<p>Lors de l&rsquo;utilisation de nos services en ligne, nous pouvons enregistrer l&rsquo;adresse IP et l&rsquo;heure de l&rsquo;action de l&rsquo;utilisateur concern\u00e9. Le stockage est bas\u00e9 sur nos int\u00e9r\u00eats l\u00e9gitimes, ainsi que sur les int\u00e9r\u00eats des utilisateurs en mati\u00e8re de protection contre les abus et autres utilisations non autoris\u00e9es. Ces donn\u00e9es ne seront pas transmises \u00e0 des tiers, sauf si cela est n\u00e9cessaire pour poursuivre nos revendications conform\u00e9ment \u00e0 l&rsquo;art. 6, al. 1, lit. f. DSGVO ou il existe une obligation l\u00e9gale de le faire conform\u00e9ment \u00e0 l&rsquo;art. 6, al. 1, lit. c. DSGVO.<\/p>\n\n\n\n<p>Les donn\u00e9es sont effac\u00e9es lorsque les donn\u00e9es ne sont plus n\u00e9cessaires \u00e0 l&rsquo;ex\u00e9cution des obligations de diligence contractuelles ou l\u00e9gales et au traitement de toute garantie ou obligation comparable, la n\u00e9cessit\u00e9 de stocker les donn\u00e9es \u00e9tant v\u00e9rifi\u00e9e \u00e0 intervalles irr\u00e9guliers. \u00c0 tous les autres \u00e9gards, les obligations l\u00e9gales de stockage s&rsquo;appliquent.<\/p>\n\n\n\n<h2 class=\"wp-block-heading\">Administration, comptabilit\u00e9 financi\u00e8re, organisation du bureau, gestion des contacts<\/h2>\n\n\n\n<p>Nous traitons les donn\u00e9es conform\u00e9ment aux dispositions de la R\u00e9publique f\u00e9d\u00e9rale d&rsquo;Allemagne (loi sur la protection des donn\u00e9es, DSG) et de l&rsquo;EU-DSGVO dans le cadre des t\u00e2ches administratives ainsi que de l&rsquo;organisation de nos op\u00e9rations, de la comptabilit\u00e9 financi\u00e8re et du respect des obligations l\u00e9gales, telles que l&rsquo;archivage. Ce faisant, nous traitons les m\u00eames donn\u00e9es que celles que nous traitons dans le cadre de la fourniture de nos services contractuels. La base du traitement est l&rsquo;art. 6, al. 1, lit. c. DSGVO, art. 6 al. 1 lit. f. DSGVO. Les clients, les parties int\u00e9ress\u00e9es, les partenaires commerciaux et les visiteurs du site web sont concern\u00e9s par le traitement. La finalit\u00e9 du traitement et notre int\u00e9r\u00eat pour celui-ci r\u00e9sident dans l&rsquo;administration, la comptabilit\u00e9 financi\u00e8re, l&rsquo;organisation du bureau, l&rsquo;archivage des donn\u00e9es, c&rsquo;est-\u00e0-dire les t\u00e2ches qui servent \u00e0 maintenir nos activit\u00e9s commerciales, \u00e0 ex\u00e9cuter nos t\u00e2ches et \u00e0 fournir nos services. La suppression des donn\u00e9es relatives aux services contractuels et \u00e0 la communication contractuelle correspond aux donn\u00e9es mentionn\u00e9es dans ces activit\u00e9s de traitement.<\/p>\n\n\n\n<p>Ce faisant, nous divulguons ou transf\u00e9rons des donn\u00e9es aux autorit\u00e9s fiscales, aux consultants, tels que les conseillers fiscaux ou les auditeurs, ainsi qu&rsquo;\u00e0 d&rsquo;autres personnes percevant des honoraires et aux prestataires de services de paiement.<\/p>\n\n\n\n<p>En outre, nous stockons des informations sur les fournisseurs, les organisateurs d&rsquo;\u00e9v\u00e9nements et d&rsquo;autres partenaires commerciaux en fonction de nos int\u00e9r\u00eats commerciaux, par exemple dans le but de les contacter ult\u00e9rieurement. Nous stockons ces donn\u00e9es, pour la plupart li\u00e9es \u00e0 l&rsquo;entreprise, de mani\u00e8re permanente.<\/p>\n\n\n\n<h2 class=\"wp-block-heading\">Prestation de nos services conform\u00e9ment aux statuts<\/h2>\n\n\n\n<p>Nous traitons les donn\u00e9es de nos membres, sympathisants, int\u00e9ress\u00e9s, clients ou autres personnes conform\u00e9ment aux dispositions de la R\u00e9publique f\u00e9d\u00e9rale d&rsquo;Allemagne (loi sur la protection des donn\u00e9es, LPD) et de l&rsquo;ordonnance de l&rsquo;UE sur la protection des donn\u00e9es, conform\u00e9ment \u00e0 l&rsquo;art. 6, al. 1, let. b. DSGVO, dans la mesure o\u00f9 nous leur offrons des services contractuels ou agissons dans le cadre de relations commerciales existantes, par exemple \u00e0 des membres, ou sommes nous-m\u00eames b\u00e9n\u00e9ficiaires de services et d&rsquo;avantages. Dans le cas contraire, nous traitons les donn\u00e9es des personnes concern\u00e9es conform\u00e9ment \u00e0 l&rsquo;article 6, paragraphe 1, lettre f. DSGVO sur la base de nos int\u00e9r\u00eats l\u00e9gitimes, par exemple s&rsquo;il s&rsquo;agit de t\u00e2ches administratives ou de travail de relations publiques.<\/p>\n\n\n\n<p>Les donn\u00e9es trait\u00e9es, la nature, la port\u00e9e et la finalit\u00e9 de ce traitement et la n\u00e9cessit\u00e9 de son traitement sont d\u00e9termin\u00e9es par la relation contractuelle sous-jacente. Il s&rsquo;agit essentiellement des donn\u00e9es d&rsquo;inventaire et des donn\u00e9es de base des personnes (par exemple, nom, adresse, etc.), ainsi que des donn\u00e9es de contact (par exemple, adresse \u00e9lectronique, num\u00e9ro de t\u00e9l\u00e9phone, etc.), des donn\u00e9es contractuelles (par exemple, services utilis\u00e9s, contenus et informations fournis, noms des personnes de contact) et, si nous proposons des services ou des produits qui n\u00e9cessitent un paiement, des donn\u00e9es de paiement (par exemple, coordonn\u00e9es bancaires, historique des paiements, etc.)<\/p>\n\n\n\n<p>Nous supprimons les donn\u00e9es qui ne sont plus n\u00e9cessaires pour atteindre les objectifs fix\u00e9s par la loi. Ceci est d\u00e9termin\u00e9 en fonction des t\u00e2ches et des relations contractuelles respectives. Dans le cas d&rsquo;un traitement commercial, nous conservons les donn\u00e9es aussi longtemps qu&rsquo;elles peuvent \u00eatre pertinentes pour la transaction commerciale et \u00e9galement en ce qui concerne toute obligation de garantie ou de responsabilit\u00e9. La n\u00e9cessit\u00e9 de stocker les donn\u00e9es est v\u00e9rifi\u00e9e \u00e0 intervalles irr\u00e9guliers. \u00c0 tous les autres \u00e9gards, les obligations l\u00e9gales de stockage s&rsquo;appliquent.<\/p>\n\n\n\n<h2 class=\"wp-block-heading\">Note concernant les transmissions de donn\u00e9es vers les \u00c9tats-Unis (United States of America).<\/h2>\n\n\n\n<p>Dans un souci d&rsquo;exhaustivit\u00e9, nous tenons \u00e0 souligner que les utilisateurs bas\u00e9s en Suisse sont soumis \u00e0 des mesures de surveillance par les autorit\u00e9s am\u00e9ricaines, qui autorisent g\u00e9n\u00e9ralement le stockage de toutes les donn\u00e9es personnelles de la Suisse &#8211; qui ont \u00e9t\u00e9 transf\u00e9r\u00e9es aux \u00c9tats-Unis.<\/p>\n\n\n\n<p>Cela se fait sans diff\u00e9renciation, restriction ou exception sur la base des objectifs poursuivis et sans qu&rsquo;aucun crit\u00e8re objectif ne permette de limiter l&rsquo;acc\u00e8s et l&rsquo;utilisation ult\u00e9rieure des donn\u00e9es par les autorit\u00e9s am\u00e9ricaines \u00e0 des fins tr\u00e8s sp\u00e9cifiques et strictement limit\u00e9es pouvant justifier \u00e0 la fois l&rsquo;acc\u00e8s aux donn\u00e9es et l&rsquo;interf\u00e9rence avec celles-ci. En outre, nous tenons \u00e0 souligner qu&rsquo;il n&rsquo;existe pas de recours juridique aux \u00c9tats-Unis pour les personnes concern\u00e9es suisses qui leur permettrait d&rsquo;obtenir l&rsquo;acc\u00e8s aux donn\u00e9es les concernant et de les faire corriger ou supprimer, ou qu&rsquo;il n&rsquo;existe pas de protection juridique efficace contre les droits d&rsquo;acc\u00e8s g\u00e9n\u00e9raux des autorit\u00e9s am\u00e9ricaines. Dans un souci d&rsquo;exhaustivit\u00e9, nous tenons \u00e0 souligner que les utilisateurs bas\u00e9s en Suisse sont soumis \u00e0 des mesures de surveillance par les autorit\u00e9s am\u00e9ricaines qui permettent g\u00e9n\u00e9ralement le stockage de toutes les donn\u00e9es personnelles de la Suisse qui ont \u00e9t\u00e9 transf\u00e9r\u00e9es aux \u00c9tats-Unis.<\/p>\n\n\n\n<p>Les utilisateurs r\u00e9sidant dans un \u00c9tat membre de l&rsquo;UE sont inform\u00e9s que les \u00c9tats-Unis ne disposent pas d&rsquo;un niveau de protection des donn\u00e9es suffisant du point de vue de l&rsquo;Union europ\u00e9enne.<\/p>\n\n\n\n<h2 class=\"wp-block-heading\">Droits d&rsquo;auteur<\/h2>\n\n\n\n<p>Les droits d&rsquo;auteur et tous les autres droits sur le contenu, les images, les photos ou autres fichiers du site web appartiennent exclusivement \u00e0 l&rsquo;op\u00e9rateur de ce site web ou aux d\u00e9tenteurs de droits sp\u00e9cifiquement nomm\u00e9s. Pour la reproduction de tous les fichiers, le consentement \u00e9crit du d\u00e9tenteur des droits d&rsquo;auteur doit \u00eatre obtenu au pr\u00e9alable.<\/p>\n\n\n\n<p>Toute personne qui commet une infraction au droit d&rsquo;auteur sans le consentement du d\u00e9tenteur du droit d&rsquo;auteur respectif peut \u00eatre poursuivie et, tout au plus, condamn\u00e9e \u00e0 des dommages-int\u00e9r\u00eats.<\/p>\n\n\n\n<h2 class=\"wp-block-heading\">Exclusion g\u00e9n\u00e9rale de responsabilit\u00e9<\/h2>\n\n\n\n<p>Toutes les informations figurant sur notre site web ont \u00e9t\u00e9 soigneusement v\u00e9rifi\u00e9es. Nous nous effor\u00e7ons de faire en sorte que les informations que nous proposons soient \u00e0 jour, correctes et compl\u00e8tes. N\u00e9anmoins, la pr\u00e9sence d&rsquo;erreurs ne peut \u00eatre totalement exclue, ce qui signifie que nous ne pouvons pas garantir l&rsquo;exhaustivit\u00e9, l&rsquo;exactitude et l&rsquo;actualit\u00e9 des informations, y compris des informations journalistiques et r\u00e9dactionnelles. Les r\u00e9clamations en responsabilit\u00e9 pour des dommages mat\u00e9riels ou immat\u00e9riels caus\u00e9s par l&rsquo;utilisation des informations fournies sont exclues, sauf s&rsquo;il y a preuve d&rsquo;une intention d\u00e9lib\u00e9r\u00e9e ou d&rsquo;une n\u00e9gligence grave.<\/p>\n\n\n\n<p>L&rsquo;\u00e9diteur peut modifier ou supprimer des textes \u00e0 sa seule discr\u00e9tion et sans pr\u00e9avis et n&rsquo;est pas tenu de mettre \u00e0 jour le contenu de ce site. L&rsquo;utilisation ou l&rsquo;acc\u00e8s \u00e0 ce site web se fait aux risques et p\u00e9rils du visiteur. L&rsquo;\u00e9diteur, ses clients ou partenaires ne sont pas responsables des dommages, tels que les dommages directs, indirects, accidentels, concrets ou cons\u00e9cutifs pr\u00e9d\u00e9termin\u00e9s, qui sont pr\u00e9tendument caus\u00e9s par la visite de ce site web et n&rsquo;assument donc aucune responsabilit\u00e9 \u00e0 cet \u00e9gard.<\/p>\n\n\n\n<p>L&rsquo;\u00e9diteur n&rsquo;est pas non plus responsable du contenu et de la disponibilit\u00e9 des sites web de tiers auxquels on peut acc\u00e9der par des liens externes sur ce site. Les exploitants des sites li\u00e9s sont seuls responsables de leur contenu. L&rsquo;\u00e9diteur se distancie donc express\u00e9ment de tout contenu tiers qui pourrait \u00eatre pertinent au regard du droit p\u00e9nal ou de la responsabilit\u00e9 ou qui serait contraire aux bonnes m\u0153urs.<\/p>\n\n\n\n<h2 class=\"wp-block-heading\">Modifications<\/h2>\n\n\n\n<p>Nous pouvons modifier cette politique de confidentialit\u00e9 \u00e0 tout moment et sans pr\u00e9avis. La version actuelle publi\u00e9e sur notre site web s&rsquo;applique. Si la d\u00e9claration de protection des donn\u00e9es fait partie d&rsquo;un accord avec vous, nous vous informerons de la modification par courrier \u00e9lectronique ou par tout autre moyen appropri\u00e9 en cas de mise \u00e0 jour.<\/p>\n\n\n\n<h2 class=\"wp-block-heading\">Questions au d\u00e9l\u00e9gu\u00e9 \u00e0 la protection des donn\u00e9es<\/h2>\n\n\n\n<p>Si vous avez des questions concernant la protection des donn\u00e9es, veuillez nous envoyer un e-mail ou contacter la personne responsable de la protection des donn\u00e9es au sein de notre organisation, dont la liste figure au d\u00e9but de la pr\u00e9sente politique de confidentialit\u00e9.<\/p>\n","protected":false},"excerpt":{"rendered":"<p>Politique de confidentialit\u00e9 L\u2019organe responsable au sens des lois sur la protection des donn\u00e9es, en particulier le R\u00e8glement g\u00e9n\u00e9ral de l\u2019UE sur la protection des donn\u00e9es (GDPR), est : SwisssemRoute de Portalban 401567 Delley E-Mail: info@swisssem.chWebSite: https:\/\/www.swisssem.ch\/ Notice g\u00e9n\u00e9rale Sur la base de l\u2019article 13 de la Constitution f\u00e9d\u00e9rale suisse et des r\u00e8glements de protection [&hellip;]<\/p>\n","protected":false},"author":6,"featured_media":0,"parent":0,"menu_order":270,"comment_status":"closed","ping_status":"closed","template":"","meta":{"_acf_changed":false,"footnotes":""},"class_list":["post-5893","page","type-page","status-publish","hentry"],"acf":[],"yoast_head":"<!-- This site is optimized with the Yoast SEO plugin v27.1.1 - https:\/\/yoast.com\/product\/yoast-seo-wordpress\/ -->\n<title>Protection de donn\u00e9es - swisssem semence suisse<\/title>\n<meta name=\"robots\" content=\"index, follow, max-snippet:-1, max-image-preview:large, max-video-preview:-1\" \/>\n<link rel=\"canonical\" href=\"https:\/\/www.swisssem.ch\/fr\/datenschutz\/\" \/>\n<meta property=\"og:locale\" content=\"fr_FR\" \/>\n<meta property=\"og:type\" content=\"article\" \/>\n<meta property=\"og:title\" content=\"Protection de donn\u00e9es - swisssem semence suisse\" \/>\n<meta property=\"og:description\" content=\"Politique de confidentialit\u00e9 L\u2019organe responsable au sens des lois sur la protection des donn\u00e9es, en particulier le R\u00e8glement g\u00e9n\u00e9ral de l\u2019UE sur la protection des donn\u00e9es (GDPR), est : SwisssemRoute de Portalban 401567 Delley E-Mail: info@swisssem.chWebSite: https:\/\/www.swisssem.ch\/ Notice g\u00e9n\u00e9rale Sur la base de l\u2019article 13 de la Constitution f\u00e9d\u00e9rale suisse et des r\u00e8glements de protection [&hellip;]\" \/>\n<meta property=\"og:url\" content=\"https:\/\/www.swisssem.ch\/fr\/datenschutz\/\" \/>\n<meta property=\"og:site_name\" content=\"swisssem semence suisse\" \/>\n<meta property=\"article:modified_time\" content=\"2020-06-04T09:10:00+00:00\" \/>\n<meta name=\"twitter:card\" content=\"summary_large_image\" \/>\n<meta name=\"twitter:label1\" content=\"Dur\u00e9e de lecture estim\u00e9e\" \/>\n\t<meta name=\"twitter:data1\" content=\"28 minutes\" \/>\n<script type=\"application\/ld+json\" class=\"yoast-schema-graph\">{\"@context\":\"https:\/\/schema.org\",\"@graph\":[{\"@type\":\"WebPage\",\"@id\":\"https:\/\/www.swisssem.ch\/fr\/datenschutz\/\",\"url\":\"https:\/\/www.swisssem.ch\/fr\/datenschutz\/\",\"name\":\"Protection de donn\u00e9es - swisssem semence suisse\",\"isPartOf\":{\"@id\":\"https:\/\/www.swisssem.ch\/de\/#website\"},\"datePublished\":\"2019-10-31T15:31:39+00:00\",\"dateModified\":\"2020-06-04T09:10:00+00:00\",\"breadcrumb\":{\"@id\":\"https:\/\/www.swisssem.ch\/fr\/datenschutz\/#breadcrumb\"},\"inLanguage\":\"fr-FR\",\"potentialAction\":[{\"@type\":\"ReadAction\",\"target\":[\"https:\/\/www.swisssem.ch\/fr\/datenschutz\/\"]}]},{\"@type\":\"BreadcrumbList\",\"@id\":\"https:\/\/www.swisssem.ch\/fr\/datenschutz\/#breadcrumb\",\"itemListElement\":[{\"@type\":\"ListItem\",\"position\":1,\"name\":\"Home\",\"item\":\"https:\/\/www.swisssem.ch\/fr\/\"},{\"@type\":\"ListItem\",\"position\":2,\"name\":\"Protection de donn\u00e9es\"}]},{\"@type\":\"WebSite\",\"@id\":\"https:\/\/www.swisssem.ch\/de\/#website\",\"url\":\"https:\/\/www.swisssem.ch\/de\/\",\"name\":\"swisssem semence suisse\",\"description\":\"\",\"publisher\":{\"@id\":\"https:\/\/www.swisssem.ch\/de\/#organization\"},\"potentialAction\":[{\"@type\":\"SearchAction\",\"target\":{\"@type\":\"EntryPoint\",\"urlTemplate\":\"https:\/\/www.swisssem.ch\/de\/?s={search_term_string}\"},\"query-input\":{\"@type\":\"PropertyValueSpecification\",\"valueRequired\":true,\"valueName\":\"search_term_string\"}}],\"inLanguage\":\"fr-FR\"},{\"@type\":\"Organization\",\"@id\":\"https:\/\/www.swisssem.ch\/de\/#organization\",\"name\":\"swisssem saatgut schweiz\",\"url\":\"https:\/\/www.swisssem.ch\/de\/\",\"logo\":{\"@type\":\"ImageObject\",\"inLanguage\":\"fr-FR\",\"@id\":\"https:\/\/www.swisssem.ch\/de\/#\/schema\/logo\/image\/\",\"url\":\"https:\/\/www.swisssem.ch\/wp-content\/uploads\/2020\/03\/Logo_swisssem_RGB-1.jpg\",\"contentUrl\":\"https:\/\/www.swisssem.ch\/wp-content\/uploads\/2020\/03\/Logo_swisssem_RGB-1.jpg\",\"width\":1684,\"height\":430,\"caption\":\"swisssem saatgut schweiz\"},\"image\":{\"@id\":\"https:\/\/www.swisssem.ch\/de\/#\/schema\/logo\/image\/\"}}]}<\/script>\n<!-- \/ Yoast SEO plugin. -->","yoast_head_json":{"title":"Protection de donn\u00e9es - swisssem semence suisse","robots":{"index":"index","follow":"follow","max-snippet":"max-snippet:-1","max-image-preview":"max-image-preview:large","max-video-preview":"max-video-preview:-1"},"canonical":"https:\/\/www.swisssem.ch\/fr\/datenschutz\/","og_locale":"fr_FR","og_type":"article","og_title":"Protection de donn\u00e9es - swisssem semence suisse","og_description":"Politique de confidentialit\u00e9 L\u2019organe responsable au sens des lois sur la protection des donn\u00e9es, en particulier le R\u00e8glement g\u00e9n\u00e9ral de l\u2019UE sur la protection des donn\u00e9es (GDPR), est : SwisssemRoute de Portalban 401567 Delley E-Mail: info@swisssem.chWebSite: https:\/\/www.swisssem.ch\/ Notice g\u00e9n\u00e9rale Sur la base de l\u2019article 13 de la Constitution f\u00e9d\u00e9rale suisse et des r\u00e8glements de protection [&hellip;]","og_url":"https:\/\/www.swisssem.ch\/fr\/datenschutz\/","og_site_name":"swisssem semence suisse","article_modified_time":"2020-06-04T09:10:00+00:00","twitter_card":"summary_large_image","twitter_misc":{"Dur\u00e9e de lecture estim\u00e9e":"28 minutes"},"schema":{"@context":"https:\/\/schema.org","@graph":[{"@type":"WebPage","@id":"https:\/\/www.swisssem.ch\/fr\/datenschutz\/","url":"https:\/\/www.swisssem.ch\/fr\/datenschutz\/","name":"Protection de donn\u00e9es - swisssem semence suisse","isPartOf":{"@id":"https:\/\/www.swisssem.ch\/de\/#website"},"datePublished":"2019-10-31T15:31:39+00:00","dateModified":"2020-06-04T09:10:00+00:00","breadcrumb":{"@id":"https:\/\/www.swisssem.ch\/fr\/datenschutz\/#breadcrumb"},"inLanguage":"fr-FR","potentialAction":[{"@type":"ReadAction","target":["https:\/\/www.swisssem.ch\/fr\/datenschutz\/"]}]},{"@type":"BreadcrumbList","@id":"https:\/\/www.swisssem.ch\/fr\/datenschutz\/#breadcrumb","itemListElement":[{"@type":"ListItem","position":1,"name":"Home","item":"https:\/\/www.swisssem.ch\/fr\/"},{"@type":"ListItem","position":2,"name":"Protection de donn\u00e9es"}]},{"@type":"WebSite","@id":"https:\/\/www.swisssem.ch\/de\/#website","url":"https:\/\/www.swisssem.ch\/de\/","name":"swisssem semence suisse","description":"","publisher":{"@id":"https:\/\/www.swisssem.ch\/de\/#organization"},"potentialAction":[{"@type":"SearchAction","target":{"@type":"EntryPoint","urlTemplate":"https:\/\/www.swisssem.ch\/de\/?s={search_term_string}"},"query-input":{"@type":"PropertyValueSpecification","valueRequired":true,"valueName":"search_term_string"}}],"inLanguage":"fr-FR"},{"@type":"Organization","@id":"https:\/\/www.swisssem.ch\/de\/#organization","name":"swisssem saatgut schweiz","url":"https:\/\/www.swisssem.ch\/de\/","logo":{"@type":"ImageObject","inLanguage":"fr-FR","@id":"https:\/\/www.swisssem.ch\/de\/#\/schema\/logo\/image\/","url":"https:\/\/www.swisssem.ch\/wp-content\/uploads\/2020\/03\/Logo_swisssem_RGB-1.jpg","contentUrl":"https:\/\/www.swisssem.ch\/wp-content\/uploads\/2020\/03\/Logo_swisssem_RGB-1.jpg","width":1684,"height":430,"caption":"swisssem saatgut schweiz"},"image":{"@id":"https:\/\/www.swisssem.ch\/de\/#\/schema\/logo\/image\/"}}]}},"_links":{"self":[{"href":"https:\/\/www.swisssem.ch\/fr\/wp-json\/wp\/v2\/pages\/5893","targetHints":{"allow":["GET"]}}],"collection":[{"href":"https:\/\/www.swisssem.ch\/fr\/wp-json\/wp\/v2\/pages"}],"about":[{"href":"https:\/\/www.swisssem.ch\/fr\/wp-json\/wp\/v2\/types\/page"}],"author":[{"embeddable":true,"href":"https:\/\/www.swisssem.ch\/fr\/wp-json\/wp\/v2\/users\/6"}],"replies":[{"embeddable":true,"href":"https:\/\/www.swisssem.ch\/fr\/wp-json\/wp\/v2\/comments?post=5893"}],"version-history":[{"count":8,"href":"https:\/\/www.swisssem.ch\/fr\/wp-json\/wp\/v2\/pages\/5893\/revisions"}],"predecessor-version":[{"id":6794,"href":"https:\/\/www.swisssem.ch\/fr\/wp-json\/wp\/v2\/pages\/5893\/revisions\/6794"}],"wp:attachment":[{"href":"https:\/\/www.swisssem.ch\/fr\/wp-json\/wp\/v2\/media?parent=5893"}],"curies":[{"name":"wp","href":"https:\/\/api.w.org\/{rel}","templated":true}]}}