{"id":5778,"date":"2020-04-15T11:23:59","date_gmt":"2020-04-15T09:23:59","guid":{"rendered":"https:\/\/www.swisssem.ch\/?page_id=5778"},"modified":"2022-08-04T09:03:10","modified_gmt":"2022-08-04T07:03:10","slug":"semences-de-cereales-r2018","status":"publish","type":"page","link":"https:\/\/www.swisssem.ch\/fr\/statistiken\/semences-de-cereales-r2018\/","title":{"rendered":"Semences de c\u00e9r\u00e9ales R2018"},"content":{"rendered":"\n<h1 class=\"wp-block-heading\">Ventes de semences de c\u00e9r\u00e9ales &#8211; Etat au 30.04.2019<\/h1>\n\n\n\n<!-- downloads component -->\n\t<ul class=\"downloads\">\n\t\t\t\t\t<li>\n\t\t\t\t<figure>\n\t\t\t\t\t<img decoding=\"async\" src=\"https:\/\/www.swisssem.ch\/wp-content\/uploads\/2020\/03\/R18-Ventes-par-esp\u00e8ces-30.04.2019-pdf.jpg\" alt=\"R18-Ventes-par-esp\u00e8ces-30.04.2019\">\n\t\t\t\t<\/figure>\n\t\t\t\t<h4>Ventes de semences de c\u00e9r\u00e9ales par esp\u00e8ces<\/h4>\n\t\t\t\t\t\t\t\t<div class=\"download-actions\">\n\t\t\t\t\t<a href=\"https:\/\/www.swisssem.ch\/wp-content\/uploads\/2020\/03\/R18-Ventes-par-esp\u00e8ces-30.04.2019.pdf\" download class=\"download\">\n\t\t\t\t\t\t<svg xmlns=\"http:\/\/www.w3.org\/2000\/svg\" data-name=\"Ebene 1\" viewBox=\"0 0 23.06 21.64\">\n\t\t\t\t\t\t\t<g stroke=\"#000\" data-name=\"Ebene 1-2\">\n\t\t\t\t\t\t\t\t<path fill=\"none\" stroke-width=\"2\" d=\"M2.29 11.86v8.78h18.46v-8.78\"\/>\n\t\t\t\t\t\t\t\t<path stroke-width=\".25\" d=\"M12.38.13h-1.73v13.41L5.08 7.91l-1.2 1.14 7.65 7.68 7.63-7.68-1.21-1.14-5.57 5.63V.13z\"\/>\n\t\t\t\t\t\t\t<\/g>\n\t\t\t\t\t\t<\/svg>\n\t\t\t\t\t<\/a>\n\t\t\t\t\t<a href=\"https:\/\/www.swisssem.ch\/wp-content\/uploads\/2020\/03\/R18-Ventes-par-esp\u00e8ces-30.04.2019.pdf\" target=\"_blank\" rel=\"nofollow\" class=\"expand\">\n\t\t\t\t\t\t<svg xmlns=\"http:\/\/www.w3.org\/2000\/svg\" data-name=\"Ebene 1\" viewBox=\"0 0 23 20\">\n\t\t\t\t\t\t\t<g fill=\"none\" stroke=\"#000\" stroke-width=\".89999998\" data-name=\"Ebene 1-2\">\n\t\t\t\t\t\t\t\t<path d=\"M9.48 13.48l-.55-.57-4.65 4.65.01-3.69-.77-.01-.02 5.03 5.04-.01-.01-.78-3.7.03 4.65-4.65zM13.54 13.48l.58-.57 4.65 4.65-.02-3.69.77-.01.02 5.03-5.05-.01.03-.78 3.68.03-4.66-4.65zM9.48 8.18l-.55.56-4.65-4.65.01 3.69-.77.02-.02-5.04 5.04.02-.01.77-3.7-.02 4.65 4.65zM13.54 8.18l.58.56 4.65-4.65-.02 3.69.77.02.02-5.04-5.05.02.03.77 3.68-.02-4.66 4.65z\"\/>\n\t\t\t\t\t\t\t<\/g>\n\t\t\t\t\t\t<\/svg>\n\t\t\t\t\t<\/a>\n\t\t\t\t<\/div>\n\t\t\t\t\n\t\t\t<\/li>\n\t\t\t\t\t<li>\n\t\t\t\t<figure>\n\t\t\t\t\t<img decoding=\"async\" src=\"https:\/\/www.swisssem.ch\/wp-content\/uploads\/2022\/08\/Erne18-per-30-04-18-par-classe-pdf.jpg\" alt=\"Ernte18 per 30 04 18 par classe\">\n\t\t\t\t<\/figure>\n\t\t\t\t<h4>Ventes de semences de bl\u00e9 par classes<\/h4>\n\t\t\t\t\t\t\t\t<div class=\"download-actions\">\n\t\t\t\t\t<a href=\"https:\/\/www.swisssem.ch\/wp-content\/uploads\/2022\/08\/Erne18-per-30-04-18-par-classe.pdf\" download class=\"download\">\n\t\t\t\t\t\t<svg xmlns=\"http:\/\/www.w3.org\/2000\/svg\" data-name=\"Ebene 1\" viewBox=\"0 0 23.06 21.64\">\n\t\t\t\t\t\t\t<g stroke=\"#000\" data-name=\"Ebene 1-2\">\n\t\t\t\t\t\t\t\t<path fill=\"none\" stroke-width=\"2\" d=\"M2.29 11.86v8.78h18.46v-8.78\"\/>\n\t\t\t\t\t\t\t\t<path stroke-width=\".25\" d=\"M12.38.13h-1.73v13.41L5.08 7.91l-1.2 1.14 7.65 7.68 7.63-7.68-1.21-1.14-5.57 5.63V.13z\"\/>\n\t\t\t\t\t\t\t<\/g>\n\t\t\t\t\t\t<\/svg>\n\t\t\t\t\t<\/a>\n\t\t\t\t\t<a href=\"https:\/\/www.swisssem.ch\/wp-content\/uploads\/2022\/08\/Erne18-per-30-04-18-par-classe.pdf\" target=\"_blank\" rel=\"nofollow\" class=\"expand\">\n\t\t\t\t\t\t<svg xmlns=\"http:\/\/www.w3.org\/2000\/svg\" data-name=\"Ebene 1\" viewBox=\"0 0 23 20\">\n\t\t\t\t\t\t\t<g fill=\"none\" stroke=\"#000\" stroke-width=\".89999998\" data-name=\"Ebene 1-2\">\n\t\t\t\t\t\t\t\t<path d=\"M9.48 13.48l-.55-.57-4.65 4.65.01-3.69-.77-.01-.02 5.03 5.04-.01-.01-.78-3.7.03 4.65-4.65zM13.54 13.48l.58-.57 4.65 4.65-.02-3.69.77-.01.02 5.03-5.05-.01.03-.78 3.68.03-4.66-4.65zM9.48 8.18l-.55.56-4.65-4.65.01 3.69-.77.02-.02-5.04 5.04.02-.01.77-3.7-.02 4.65 4.65zM13.54 8.18l.58.56 4.65-4.65-.02 3.69.77.02.02-5.04-5.05.02.03.77 3.68-.02-4.66 4.65z\"\/>\n\t\t\t\t\t\t\t<\/g>\n\t\t\t\t\t\t<\/svg>\n\t\t\t\t\t<\/a>\n\t\t\t\t<\/div>\n\t\t\t\t\n\t\t\t<\/li>\n\t\t\t\t\t<li>\n\t\t\t\t<figure>\n\t\t\t\t\t<img decoding=\"async\" src=\"https:\/\/www.swisssem.ch\/wp-content\/uploads\/2020\/03\/R18-Ventes-bl\u00e9-30.04.2019-2-pdf.jpg\" alt=\"R18-Ventes-bl\u00e9-30.04.2019-2\">\n\t\t\t\t<\/figure>\n\t\t\t\t<h4>Ventes de semences de bl\u00e9 par vari\u00e9t\u00e9s et classes<\/h4>\n\t\t\t\t\t\t\t\t<div class=\"download-actions\">\n\t\t\t\t\t<a href=\"https:\/\/www.swisssem.ch\/wp-content\/uploads\/2020\/03\/R18-Ventes-bl\u00e9-30.04.2019-2.pdf\" download class=\"download\">\n\t\t\t\t\t\t<svg xmlns=\"http:\/\/www.w3.org\/2000\/svg\" data-name=\"Ebene 1\" viewBox=\"0 0 23.06 21.64\">\n\t\t\t\t\t\t\t<g stroke=\"#000\" data-name=\"Ebene 1-2\">\n\t\t\t\t\t\t\t\t<path fill=\"none\" stroke-width=\"2\" d=\"M2.29 11.86v8.78h18.46v-8.78\"\/>\n\t\t\t\t\t\t\t\t<path stroke-width=\".25\" d=\"M12.38.13h-1.73v13.41L5.08 7.91l-1.2 1.14 7.65 7.68 7.63-7.68-1.21-1.14-5.57 5.63V.13z\"\/>\n\t\t\t\t\t\t\t<\/g>\n\t\t\t\t\t\t<\/svg>\n\t\t\t\t\t<\/a>\n\t\t\t\t\t<a href=\"https:\/\/www.swisssem.ch\/wp-content\/uploads\/2020\/03\/R18-Ventes-bl\u00e9-30.04.2019-2.pdf\" target=\"_blank\" rel=\"nofollow\" class=\"expand\">\n\t\t\t\t\t\t<svg xmlns=\"http:\/\/www.w3.org\/2000\/svg\" data-name=\"Ebene 1\" viewBox=\"0 0 23 20\">\n\t\t\t\t\t\t\t<g fill=\"none\" stroke=\"#000\" stroke-width=\".89999998\" data-name=\"Ebene 1-2\">\n\t\t\t\t\t\t\t\t<path d=\"M9.48 13.48l-.55-.57-4.65 4.65.01-3.69-.77-.01-.02 5.03 5.04-.01-.01-.78-3.7.03 4.65-4.65zM13.54 13.48l.58-.57 4.65 4.65-.02-3.69.77-.01.02 5.03-5.05-.01.03-.78 3.68.03-4.66-4.65zM9.48 8.18l-.55.56-4.65-4.65.01 3.69-.77.02-.02-5.04 5.04.02-.01.77-3.7-.02 4.65 4.65zM13.54 8.18l.58.56 4.65-4.65-.02 3.69.77.02.02-5.04-5.05.02.03.77 3.68-.02-4.66 4.65z\"\/>\n\t\t\t\t\t\t\t<\/g>\n\t\t\t\t\t\t<\/svg>\n\t\t\t\t\t<\/a>\n\t\t\t\t<\/div>\n\t\t\t\t\n\t\t\t<\/li>\n\t\t\t\t\t<li>\n\t\t\t\t<figure>\n\t\t\t\t\t<img decoding=\"async\" src=\"https:\/\/www.swisssem.ch\/wp-content\/uploads\/2020\/03\/R18-Ventes-bl\u00e9-bio-30.04.2019-pdf.jpg\" alt=\"R18-Ventes-bl\u00e9-bio-30.04.2019\">\n\t\t\t\t<\/figure>\n\t\t\t\t<h4>Ventes de semences de bl\u00e9 par vari\u00e9t\u00e9s BIO<\/h4>\n\t\t\t\t\t\t\t\t<div class=\"download-actions\">\n\t\t\t\t\t<a href=\"https:\/\/www.swisssem.ch\/wp-content\/uploads\/2020\/03\/R18-Ventes-bl\u00e9-bio-30.04.2019.pdf\" download class=\"download\">\n\t\t\t\t\t\t<svg xmlns=\"http:\/\/www.w3.org\/2000\/svg\" data-name=\"Ebene 1\" viewBox=\"0 0 23.06 21.64\">\n\t\t\t\t\t\t\t<g stroke=\"#000\" data-name=\"Ebene 1-2\">\n\t\t\t\t\t\t\t\t<path fill=\"none\" stroke-width=\"2\" d=\"M2.29 11.86v8.78h18.46v-8.78\"\/>\n\t\t\t\t\t\t\t\t<path stroke-width=\".25\" d=\"M12.38.13h-1.73v13.41L5.08 7.91l-1.2 1.14 7.65 7.68 7.63-7.68-1.21-1.14-5.57 5.63V.13z\"\/>\n\t\t\t\t\t\t\t<\/g>\n\t\t\t\t\t\t<\/svg>\n\t\t\t\t\t<\/a>\n\t\t\t\t\t<a href=\"https:\/\/www.swisssem.ch\/wp-content\/uploads\/2020\/03\/R18-Ventes-bl\u00e9-bio-30.04.2019.pdf\" target=\"_blank\" rel=\"nofollow\" class=\"expand\">\n\t\t\t\t\t\t<svg xmlns=\"http:\/\/www.w3.org\/2000\/svg\" data-name=\"Ebene 1\" viewBox=\"0 0 23 20\">\n\t\t\t\t\t\t\t<g fill=\"none\" stroke=\"#000\" stroke-width=\".89999998\" data-name=\"Ebene 1-2\">\n\t\t\t\t\t\t\t\t<path d=\"M9.48 13.48l-.55-.57-4.65 4.65.01-3.69-.77-.01-.02 5.03 5.04-.01-.01-.78-3.7.03 4.65-4.65zM13.54 13.48l.58-.57 4.65 4.65-.02-3.69.77-.01.02 5.03-5.05-.01.03-.78 3.68.03-4.66-4.65zM9.48 8.18l-.55.56-4.65-4.65.01 3.69-.77.02-.02-5.04 5.04.02-.01.77-3.7-.02 4.65 4.65zM13.54 8.18l.58.56 4.65-4.65-.02 3.69.77.02.02-5.04-5.05.02.03.77 3.68-.02-4.66 4.65z\"\/>\n\t\t\t\t\t\t\t<\/g>\n\t\t\t\t\t\t<\/svg>\n\t\t\t\t\t<\/a>\n\t\t\t\t<\/div>\n\t\t\t\t\n\t\t\t<\/li>\n\t\t\t\t\t<li>\n\t\t\t\t<figure>\n\t\t\t\t\t<img decoding=\"async\" src=\"https:\/\/www.swisssem.ch\/wp-content\/uploads\/2020\/03\/R18-Ventes-autres-esp\u00e8ces-30.04.2019-pdf.jpg\" alt=\"R18-Ventes-autres-esp\u00e8ces-30.04.2019\">\n\t\t\t\t<\/figure>\n\t\t\t\t<h4>Ventes de semences de diverses esp\u00e8ces de c\u00e9r\u00e9ales, sauf bl\u00e9<\/h4>\n\t\t\t\t\t\t\t\t<div class=\"download-actions\">\n\t\t\t\t\t<a href=\"https:\/\/www.swisssem.ch\/wp-content\/uploads\/2020\/03\/R18-Ventes-autres-esp\u00e8ces-30.04.2019.pdf\" download class=\"download\">\n\t\t\t\t\t\t<svg xmlns=\"http:\/\/www.w3.org\/2000\/svg\" data-name=\"Ebene 1\" viewBox=\"0 0 23.06 21.64\">\n\t\t\t\t\t\t\t<g stroke=\"#000\" data-name=\"Ebene 1-2\">\n\t\t\t\t\t\t\t\t<path fill=\"none\" stroke-width=\"2\" d=\"M2.29 11.86v8.78h18.46v-8.78\"\/>\n\t\t\t\t\t\t\t\t<path stroke-width=\".25\" d=\"M12.38.13h-1.73v13.41L5.08 7.91l-1.2 1.14 7.65 7.68 7.63-7.68-1.21-1.14-5.57 5.63V.13z\"\/>\n\t\t\t\t\t\t\t<\/g>\n\t\t\t\t\t\t<\/svg>\n\t\t\t\t\t<\/a>\n\t\t\t\t\t<a href=\"https:\/\/www.swisssem.ch\/wp-content\/uploads\/2020\/03\/R18-Ventes-autres-esp\u00e8ces-30.04.2019.pdf\" target=\"_blank\" rel=\"nofollow\" class=\"expand\">\n\t\t\t\t\t\t<svg xmlns=\"http:\/\/www.w3.org\/2000\/svg\" data-name=\"Ebene 1\" viewBox=\"0 0 23 20\">\n\t\t\t\t\t\t\t<g fill=\"none\" stroke=\"#000\" stroke-width=\".89999998\" data-name=\"Ebene 1-2\">\n\t\t\t\t\t\t\t\t<path d=\"M9.48 13.48l-.55-.57-4.65 4.65.01-3.69-.77-.01-.02 5.03 5.04-.01-.01-.78-3.7.03 4.65-4.65zM13.54 13.48l.58-.57 4.65 4.65-.02-3.69.77-.01.02 5.03-5.05-.01.03-.78 3.68.03-4.66-4.65zM9.48 8.18l-.55.56-4.65-4.65.01 3.69-.77.02-.02-5.04 5.04.02-.01.77-3.7-.02 4.65 4.65zM13.54 8.18l.58.56 4.65-4.65-.02 3.69.77.02.02-5.04-5.05.02.03.77 3.68-.02-4.66 4.65z\"\/>\n\t\t\t\t\t\t\t<\/g>\n\t\t\t\t\t\t<\/svg>\n\t\t\t\t\t<\/a>\n\t\t\t\t<\/div>\n\t\t\t\t\n\t\t\t<\/li>\n\t\t\t\t\t<li>\n\t\t\t\t<figure>\n\t\t\t\t\t<img decoding=\"async\" src=\"https:\/\/www.swisssem.ch\/wp-content\/uploads\/2020\/03\/R18-Ventes-autres-esp\u00e8ces-bio-30.04.2019-pdf.jpg\" alt=\"R18-Ventes-autres-esp\u00e8ces-bio-30.04.2019\">\n\t\t\t\t<\/figure>\n\t\t\t\t<h4>Ventes de semences de diverses esp\u00e8ces de c\u00e9r\u00e9ales BIO, sauf bl\u00e9<\/h4>\n\t\t\t\t\t\t\t\t<div class=\"download-actions\">\n\t\t\t\t\t<a href=\"https:\/\/www.swisssem.ch\/wp-content\/uploads\/2020\/03\/R18-Ventes-autres-esp\u00e8ces-bio-30.04.2019.pdf\" download class=\"download\">\n\t\t\t\t\t\t<svg xmlns=\"http:\/\/www.w3.org\/2000\/svg\" data-name=\"Ebene 1\" viewBox=\"0 0 23.06 21.64\">\n\t\t\t\t\t\t\t<g stroke=\"#000\" data-name=\"Ebene 1-2\">\n\t\t\t\t\t\t\t\t<path fill=\"none\" stroke-width=\"2\" d=\"M2.29 11.86v8.78h18.46v-8.78\"\/>\n\t\t\t\t\t\t\t\t<path stroke-width=\".25\" d=\"M12.38.13h-1.73v13.41L5.08 7.91l-1.2 1.14 7.65 7.68 7.63-7.68-1.21-1.14-5.57 5.63V.13z\"\/>\n\t\t\t\t\t\t\t<\/g>\n\t\t\t\t\t\t<\/svg>\n\t\t\t\t\t<\/a>\n\t\t\t\t\t<a href=\"https:\/\/www.swisssem.ch\/wp-content\/uploads\/2020\/03\/R18-Ventes-autres-esp\u00e8ces-bio-30.04.2019.pdf\" target=\"_blank\" rel=\"nofollow\" class=\"expand\">\n\t\t\t\t\t\t<svg xmlns=\"http:\/\/www.w3.org\/2000\/svg\" data-name=\"Ebene 1\" viewBox=\"0 0 23 20\">\n\t\t\t\t\t\t\t<g fill=\"none\" stroke=\"#000\" stroke-width=\".89999998\" data-name=\"Ebene 1-2\">\n\t\t\t\t\t\t\t\t<path d=\"M9.48 13.48l-.55-.57-4.65 4.65.01-3.69-.77-.01-.02 5.03 5.04-.01-.01-.78-3.7.03 4.65-4.65zM13.54 13.48l.58-.57 4.65 4.65-.02-3.69.77-.01.02 5.03-5.05-.01.03-.78 3.68.03-4.66-4.65zM9.48 8.18l-.55.56-4.65-4.65.01 3.69-.77.02-.02-5.04 5.04.02-.01.77-3.7-.02 4.65 4.65zM13.54 8.18l.58.56 4.65-4.65-.02 3.69.77.02.02-5.04-5.05.02.03.77 3.68-.02-4.66 4.65z\"\/>\n\t\t\t\t\t\t\t<\/g>\n\t\t\t\t\t\t<\/svg>\n\t\t\t\t\t<\/a>\n\t\t\t\t<\/div>\n\t\t\t\t\n\t\t\t<\/li>\n\t\t\t<\/ul>\n\n<!-- end of downloads component -->\n\n\n\n\n<p><\/p>\n","protected":false},"excerpt":{"rendered":"<p>Ventes de semences de c\u00e9r\u00e9ales &#8211; Etat au 30.04.2019<\/p>\n","protected":false},"author":6,"featured_media":0,"parent":2815,"menu_order":182,"comment_status":"closed","ping_status":"closed","template":"","meta":{"_acf_changed":false,"footnotes":""},"class_list":["post-5778","page","type-page","status-publish","hentry"],"acf":[],"yoast_head":"<!-- This site is optimized with the Yoast SEO plugin v27.1.1 - https:\/\/yoast.com\/product\/yoast-seo-wordpress\/ -->\n<title>Semences de c\u00e9r\u00e9ales R2018 - swisssem semence suisse<\/title>\n<meta name=\"robots\" content=\"index, follow, max-snippet:-1, max-image-preview:large, max-video-preview:-1\" \/>\n<link rel=\"canonical\" href=\"https:\/\/www.swisssem.ch\/fr\/statistiken\/semences-de-cereales-r2018\/\" \/>\n<meta property=\"og:locale\" content=\"fr_FR\" \/>\n<meta property=\"og:type\" content=\"article\" \/>\n<meta property=\"og:title\" content=\"Semences de c\u00e9r\u00e9ales R2018 - swisssem semence suisse\" \/>\n<meta property=\"og:description\" content=\"Ventes de semences de c\u00e9r\u00e9ales &#8211; Etat au 30.04.2019\" \/>\n<meta property=\"og:url\" content=\"https:\/\/www.swisssem.ch\/fr\/statistiken\/semences-de-cereales-r2018\/\" \/>\n<meta property=\"og:site_name\" content=\"swisssem semence suisse\" \/>\n<meta property=\"article:modified_time\" content=\"2022-08-04T07:03:10+00:00\" \/>\n<meta name=\"twitter:card\" content=\"summary_large_image\" \/>\n<script type=\"application\/ld+json\" class=\"yoast-schema-graph\">{\"@context\":\"https:\/\/schema.org\",\"@graph\":[{\"@type\":\"WebPage\",\"@id\":\"https:\/\/www.swisssem.ch\/fr\/statistiken\/semences-de-cereales-r2018\/\",\"url\":\"https:\/\/www.swisssem.ch\/fr\/statistiken\/semences-de-cereales-r2018\/\",\"name\":\"Semences de c\u00e9r\u00e9ales R2018 - swisssem semence suisse\",\"isPartOf\":{\"@id\":\"https:\/\/www.swisssem.ch\/de\/#website\"},\"datePublished\":\"2020-04-15T09:23:59+00:00\",\"dateModified\":\"2022-08-04T07:03:10+00:00\",\"breadcrumb\":{\"@id\":\"https:\/\/www.swisssem.ch\/fr\/statistiken\/semences-de-cereales-r2018\/#breadcrumb\"},\"inLanguage\":\"fr-FR\",\"potentialAction\":[{\"@type\":\"ReadAction\",\"target\":[\"https:\/\/www.swisssem.ch\/fr\/statistiken\/semences-de-cereales-r2018\/\"]}]},{\"@type\":\"BreadcrumbList\",\"@id\":\"https:\/\/www.swisssem.ch\/fr\/statistiken\/semences-de-cereales-r2018\/#breadcrumb\",\"itemListElement\":[{\"@type\":\"ListItem\",\"position\":1,\"name\":\"Home\",\"item\":\"https:\/\/www.swisssem.ch\/fr\/\"},{\"@type\":\"ListItem\",\"position\":2,\"name\":\"Statistiques\",\"item\":\"https:\/\/www.swisssem.ch\/fr\/statistiken\/\"},{\"@type\":\"ListItem\",\"position\":3,\"name\":\"Semences de c\u00e9r\u00e9ales R2018\"}]},{\"@type\":\"WebSite\",\"@id\":\"https:\/\/www.swisssem.ch\/de\/#website\",\"url\":\"https:\/\/www.swisssem.ch\/de\/\",\"name\":\"swisssem semence suisse\",\"description\":\"\",\"publisher\":{\"@id\":\"https:\/\/www.swisssem.ch\/de\/#organization\"},\"potentialAction\":[{\"@type\":\"SearchAction\",\"target\":{\"@type\":\"EntryPoint\",\"urlTemplate\":\"https:\/\/www.swisssem.ch\/de\/?s={search_term_string}\"},\"query-input\":{\"@type\":\"PropertyValueSpecification\",\"valueRequired\":true,\"valueName\":\"search_term_string\"}}],\"inLanguage\":\"fr-FR\"},{\"@type\":\"Organization\",\"@id\":\"https:\/\/www.swisssem.ch\/de\/#organization\",\"name\":\"swisssem saatgut schweiz\",\"url\":\"https:\/\/www.swisssem.ch\/de\/\",\"logo\":{\"@type\":\"ImageObject\",\"inLanguage\":\"fr-FR\",\"@id\":\"https:\/\/www.swisssem.ch\/de\/#\/schema\/logo\/image\/\",\"url\":\"https:\/\/www.swisssem.ch\/wp-content\/uploads\/2020\/03\/Logo_swisssem_RGB-1.jpg\",\"contentUrl\":\"https:\/\/www.swisssem.ch\/wp-content\/uploads\/2020\/03\/Logo_swisssem_RGB-1.jpg\",\"width\":1684,\"height\":430,\"caption\":\"swisssem saatgut schweiz\"},\"image\":{\"@id\":\"https:\/\/www.swisssem.ch\/de\/#\/schema\/logo\/image\/\"}}]}<\/script>\n<!-- \/ Yoast SEO plugin. -->","yoast_head_json":{"title":"Semences de c\u00e9r\u00e9ales R2018 - swisssem semence suisse","robots":{"index":"index","follow":"follow","max-snippet":"max-snippet:-1","max-image-preview":"max-image-preview:large","max-video-preview":"max-video-preview:-1"},"canonical":"https:\/\/www.swisssem.ch\/fr\/statistiken\/semences-de-cereales-r2018\/","og_locale":"fr_FR","og_type":"article","og_title":"Semences de c\u00e9r\u00e9ales R2018 - swisssem semence suisse","og_description":"Ventes de semences de c\u00e9r\u00e9ales &#8211; Etat au 30.04.2019","og_url":"https:\/\/www.swisssem.ch\/fr\/statistiken\/semences-de-cereales-r2018\/","og_site_name":"swisssem semence suisse","article_modified_time":"2022-08-04T07:03:10+00:00","twitter_card":"summary_large_image","schema":{"@context":"https:\/\/schema.org","@graph":[{"@type":"WebPage","@id":"https:\/\/www.swisssem.ch\/fr\/statistiken\/semences-de-cereales-r2018\/","url":"https:\/\/www.swisssem.ch\/fr\/statistiken\/semences-de-cereales-r2018\/","name":"Semences de c\u00e9r\u00e9ales R2018 - swisssem semence suisse","isPartOf":{"@id":"https:\/\/www.swisssem.ch\/de\/#website"},"datePublished":"2020-04-15T09:23:59+00:00","dateModified":"2022-08-04T07:03:10+00:00","breadcrumb":{"@id":"https:\/\/www.swisssem.ch\/fr\/statistiken\/semences-de-cereales-r2018\/#breadcrumb"},"inLanguage":"fr-FR","potentialAction":[{"@type":"ReadAction","target":["https:\/\/www.swisssem.ch\/fr\/statistiken\/semences-de-cereales-r2018\/"]}]},{"@type":"BreadcrumbList","@id":"https:\/\/www.swisssem.ch\/fr\/statistiken\/semences-de-cereales-r2018\/#breadcrumb","itemListElement":[{"@type":"ListItem","position":1,"name":"Home","item":"https:\/\/www.swisssem.ch\/fr\/"},{"@type":"ListItem","position":2,"name":"Statistiques","item":"https:\/\/www.swisssem.ch\/fr\/statistiken\/"},{"@type":"ListItem","position":3,"name":"Semences de c\u00e9r\u00e9ales R2018"}]},{"@type":"WebSite","@id":"https:\/\/www.swisssem.ch\/de\/#website","url":"https:\/\/www.swisssem.ch\/de\/","name":"swisssem semence suisse","description":"","publisher":{"@id":"https:\/\/www.swisssem.ch\/de\/#organization"},"potentialAction":[{"@type":"SearchAction","target":{"@type":"EntryPoint","urlTemplate":"https:\/\/www.swisssem.ch\/de\/?s={search_term_string}"},"query-input":{"@type":"PropertyValueSpecification","valueRequired":true,"valueName":"search_term_string"}}],"inLanguage":"fr-FR"},{"@type":"Organization","@id":"https:\/\/www.swisssem.ch\/de\/#organization","name":"swisssem saatgut schweiz","url":"https:\/\/www.swisssem.ch\/de\/","logo":{"@type":"ImageObject","inLanguage":"fr-FR","@id":"https:\/\/www.swisssem.ch\/de\/#\/schema\/logo\/image\/","url":"https:\/\/www.swisssem.ch\/wp-content\/uploads\/2020\/03\/Logo_swisssem_RGB-1.jpg","contentUrl":"https:\/\/www.swisssem.ch\/wp-content\/uploads\/2020\/03\/Logo_swisssem_RGB-1.jpg","width":1684,"height":430,"caption":"swisssem saatgut schweiz"},"image":{"@id":"https:\/\/www.swisssem.ch\/de\/#\/schema\/logo\/image\/"}}]}},"_links":{"self":[{"href":"https:\/\/www.swisssem.ch\/fr\/wp-json\/wp\/v2\/pages\/5778","targetHints":{"allow":["GET"]}}],"collection":[{"href":"https:\/\/www.swisssem.ch\/fr\/wp-json\/wp\/v2\/pages"}],"about":[{"href":"https:\/\/www.swisssem.ch\/fr\/wp-json\/wp\/v2\/types\/page"}],"author":[{"embeddable":true,"href":"https:\/\/www.swisssem.ch\/fr\/wp-json\/wp\/v2\/users\/6"}],"replies":[{"embeddable":true,"href":"https:\/\/www.swisssem.ch\/fr\/wp-json\/wp\/v2\/comments?post=5778"}],"version-history":[{"count":7,"href":"https:\/\/www.swisssem.ch\/fr\/wp-json\/wp\/v2\/pages\/5778\/revisions"}],"predecessor-version":[{"id":9633,"href":"https:\/\/www.swisssem.ch\/fr\/wp-json\/wp\/v2\/pages\/5778\/revisions\/9633"}],"up":[{"embeddable":true,"href":"https:\/\/www.swisssem.ch\/fr\/wp-json\/wp\/v2\/pages\/2815"}],"wp:attachment":[{"href":"https:\/\/www.swisssem.ch\/fr\/wp-json\/wp\/v2\/media?parent=5778"}],"curies":[{"name":"wp","href":"https:\/\/api.w.org\/{rel}","templated":true}]}}