{"id":5605,"date":"2020-04-14T16:28:27","date_gmt":"2020-04-14T14:28:27","guid":{"rendered":"https:\/\/www.swisssem.ch\/?page_id=5605"},"modified":"2020-04-14T16:30:57","modified_gmt":"2020-04-14T14:30:57","slug":"nouveaux-logos","status":"publish","type":"page","link":"https:\/\/www.swisssem.ch\/fr\/espace-membres\/archiv_newsletter\/newsletter-fevrier-2020\/nouveaux-logos\/","title":{"rendered":"Nouveaux logos"},"content":{"rendered":"\n<h1 class=\"wp-block-heading\">Nouveaux logos<\/h1>\n\n\n\n<p>Notre f\u00e9d\u00e9ration a depuis longtemps acquis une image et des moyens de communication. En g\u00e9n\u00e9ral, ils ne s&rsquo;adressent&nbsp;pas au grand public, mais aux agriculteurs et aux acheteurs de semences. Les images bien connues de l&rsquo;homme \u00e0 la paille, de la marque Semence Z Suisse ou l&rsquo;image un peu moins connue de notre coop\u00e9rative avec la petite vague de semences ont \u00e9t\u00e9 cr\u00e9\u00e9es par des personnalit\u00e9s illustres et connues. Le projet Semence Z a d\u00e9but\u00e9 en 1999.<br>Il y a quelque temps, le comit\u00e9 et la g\u00e9rance de swisssem ont d\u00e9cid\u00e9 de red\u00e9finir notre strat\u00e9gie de communication.<br><\/p>\n\n\n\n<p>Le logo <img loading=\"lazy\" decoding=\"async\" width=\"150\" height=\"38\" class=\"wp-image-4901\" style=\"width: 150px;\" src=\"https:\/\/www.swisssem.ch\/wp-content\/uploads\/2020\/03\/Logo_swisssem_RGB-1.jpg\" alt=\"\" srcset=\"https:\/\/www.swisssem.ch\/wp-content\/uploads\/2020\/03\/Logo_swisssem_RGB-1.jpg 1684w, https:\/\/www.swisssem.ch\/wp-content\/uploads\/2020\/03\/Logo_swisssem_RGB-1-300x77.jpg 300w, https:\/\/www.swisssem.ch\/wp-content\/uploads\/2020\/03\/Logo_swisssem_RGB-1-768x196.jpg 768w, https:\/\/www.swisssem.ch\/wp-content\/uploads\/2020\/03\/Logo_swisssem_RGB-1-1024x261.jpg 1024w\" sizes=\"auto, (max-width: 150px) 100vw, 150px\" \/> ne repr\u00e9sente pas la publicit\u00e9 et la promotion des semences. Il est principalement utilis\u00e9 pour la repr\u00e9sentation officielle de la F\u00e9d\u00e9ration.<\/p>\n\n\n\n<p><br>Jusqu&rsquo;en 2019, le diffuseur de la campagne publicitaire est \u00ab\u00a0Semence Z-Suisse\u00a0\u00bb ou \u00ab\u00a0Z-Saatgut Suisse\u00a0\u00bb. Cette marque est une marque prot\u00e9g\u00e9e et d\u00e9pos\u00e9e. Le \u00a0\u00bb Z \u00a0\u00bb pour \u00a0\u00bb certifi\u00e9 \u00a0\u00bb a un sens en allemand, mais en fran\u00e7ais il n&rsquo;a pas de sens analogue. Une nouvelle forme du logo de Semence Z Suisse \u00e9tait tr\u00e8s souhaitable. Il doit \u00eatre compr\u00e9hensible en allemand et en fran\u00e7ais et doit incarner les objectifs de communication. Par le biais de la publicit\u00e9, le public cible devrait accepter l&rsquo;utilisation de semences suisses certifi\u00e9es comme une \u00e9vidence indispensable.<br><\/p>\n\n\n\n<p>La marque Semence Z Suisse sera dor\u00e9navant remplac\u00e9e par <img loading=\"lazy\" decoding=\"async\" width=\"150\" height=\"32\" class=\"wp-image-4833\" style=\"width: 150px;\" src=\"https:\/\/www.swisssem.ch\/wp-content\/uploads\/2020\/03\/Logo_saatgutschweiz-semencesuisse_RGB-3.png\" alt=\"\" srcset=\"https:\/\/www.swisssem.ch\/wp-content\/uploads\/2020\/03\/Logo_saatgutschweiz-semencesuisse_RGB-3.png 2014w, https:\/\/www.swisssem.ch\/wp-content\/uploads\/2020\/03\/Logo_saatgutschweiz-semencesuisse_RGB-3-300x64.png 300w, https:\/\/www.swisssem.ch\/wp-content\/uploads\/2020\/03\/Logo_saatgutschweiz-semencesuisse_RGB-3-768x164.png 768w, https:\/\/www.swisssem.ch\/wp-content\/uploads\/2020\/03\/Logo_saatgutschweiz-semencesuisse_RGB-3-1024x219.png 1024w\" sizes=\"auto, (max-width: 150px) 100vw, 150px\" \/>. Une nouvelle s\u00e9rie de slogan publicitaire a \u00e9t\u00e9 cr\u00e9\u00e9e et le site internet rev\u00eatu de ses nouvelles couleurs sera prochainement mis en ligne.<\/p>\n\n\n\n<p><br><\/p>\n\n\n\n<p><\/p>\n\n\n\n<p><br><br><\/p>\n\n\n\n<p><\/p>\n\n\n\n<p><\/p>\n\n\n\n<p><\/p>\n\n\n\n<p><\/p>\n\n\n\n<p><\/p>\n","protected":false},"excerpt":{"rendered":"<p>Nouveaux logos Notre f\u00e9d\u00e9ration a depuis longtemps acquis une image et des moyens de communication. En g\u00e9n\u00e9ral, ils ne s&rsquo;adressent&nbsp;pas au grand public, mais aux agriculteurs et aux acheteurs de semences. Les images bien connues de l&rsquo;homme \u00e0 la paille, de la marque Semence Z Suisse ou l&rsquo;image un peu moins connue de notre coop\u00e9rative [&hellip;]<\/p>\n","protected":false},"author":6,"featured_media":0,"parent":5342,"menu_order":134,"comment_status":"closed","ping_status":"closed","template":"","meta":{"_acf_changed":false,"footnotes":""},"class_list":["post-5605","page","type-page","status-publish","hentry"],"acf":[],"yoast_head":"<!-- This site is optimized with the Yoast SEO plugin v27.1.1 - https:\/\/yoast.com\/product\/yoast-seo-wordpress\/ -->\n<title>Nouveaux logos - swisssem semence suisse<\/title>\n<meta name=\"robots\" content=\"index, follow, max-snippet:-1, max-image-preview:large, max-video-preview:-1\" \/>\n<link rel=\"canonical\" href=\"https:\/\/www.swisssem.ch\/fr\/espace-membres\/archiv_newsletter\/newsletter-fevrier-2020\/nouveaux-logos\/\" \/>\n<meta property=\"og:locale\" content=\"fr_FR\" \/>\n<meta property=\"og:type\" content=\"article\" \/>\n<meta property=\"og:title\" content=\"Nouveaux logos - swisssem semence suisse\" \/>\n<meta property=\"og:description\" content=\"Nouveaux logos Notre f\u00e9d\u00e9ration a depuis longtemps acquis une image et des moyens de communication. En g\u00e9n\u00e9ral, ils ne s&rsquo;adressent&nbsp;pas au grand public, mais aux agriculteurs et aux acheteurs de semences. Les images bien connues de l&rsquo;homme \u00e0 la paille, de la marque Semence Z Suisse ou l&rsquo;image un peu moins connue de notre coop\u00e9rative [&hellip;]\" \/>\n<meta property=\"og:url\" content=\"https:\/\/www.swisssem.ch\/fr\/espace-membres\/archiv_newsletter\/newsletter-fevrier-2020\/nouveaux-logos\/\" \/>\n<meta property=\"og:site_name\" content=\"swisssem semence suisse\" \/>\n<meta property=\"article:modified_time\" content=\"2020-04-14T14:30:57+00:00\" \/>\n<meta property=\"og:image\" content=\"https:\/\/www.swisssem.ch\/wp-content\/uploads\/2020\/03\/Logo_swisssem_RGB-1.jpg\" \/>\n<meta name=\"twitter:card\" content=\"summary_large_image\" \/>\n<meta name=\"twitter:label1\" content=\"Dur\u00e9e de lecture estim\u00e9e\" \/>\n\t<meta name=\"twitter:data1\" content=\"1 minute\" \/>\n<script type=\"application\/ld+json\" class=\"yoast-schema-graph\">{\"@context\":\"https:\/\/schema.org\",\"@graph\":[{\"@type\":\"WebPage\",\"@id\":\"https:\/\/www.swisssem.ch\/fr\/espace-membres\/archiv_newsletter\/newsletter-fevrier-2020\/nouveaux-logos\/\",\"url\":\"https:\/\/www.swisssem.ch\/fr\/espace-membres\/archiv_newsletter\/newsletter-fevrier-2020\/nouveaux-logos\/\",\"name\":\"Nouveaux logos - swisssem semence suisse\",\"isPartOf\":{\"@id\":\"https:\/\/www.swisssem.ch\/de\/#website\"},\"primaryImageOfPage\":{\"@id\":\"https:\/\/www.swisssem.ch\/fr\/espace-membres\/archiv_newsletter\/newsletter-fevrier-2020\/nouveaux-logos\/#primaryimage\"},\"image\":{\"@id\":\"https:\/\/www.swisssem.ch\/fr\/espace-membres\/archiv_newsletter\/newsletter-fevrier-2020\/nouveaux-logos\/#primaryimage\"},\"thumbnailUrl\":\"https:\/\/www.swisssem.ch\/wp-content\/uploads\/2020\/03\/Logo_swisssem_RGB-1.jpg\",\"datePublished\":\"2020-04-14T14:28:27+00:00\",\"dateModified\":\"2020-04-14T14:30:57+00:00\",\"breadcrumb\":{\"@id\":\"https:\/\/www.swisssem.ch\/fr\/espace-membres\/archiv_newsletter\/newsletter-fevrier-2020\/nouveaux-logos\/#breadcrumb\"},\"inLanguage\":\"fr-FR\",\"potentialAction\":[{\"@type\":\"ReadAction\",\"target\":[\"https:\/\/www.swisssem.ch\/fr\/espace-membres\/archiv_newsletter\/newsletter-fevrier-2020\/nouveaux-logos\/\"]}]},{\"@type\":\"ImageObject\",\"inLanguage\":\"fr-FR\",\"@id\":\"https:\/\/www.swisssem.ch\/fr\/espace-membres\/archiv_newsletter\/newsletter-fevrier-2020\/nouveaux-logos\/#primaryimage\",\"url\":\"https:\/\/www.swisssem.ch\/wp-content\/uploads\/2020\/03\/Logo_swisssem_RGB-1.jpg\",\"contentUrl\":\"https:\/\/www.swisssem.ch\/wp-content\/uploads\/2020\/03\/Logo_swisssem_RGB-1.jpg\"},{\"@type\":\"BreadcrumbList\",\"@id\":\"https:\/\/www.swisssem.ch\/fr\/espace-membres\/archiv_newsletter\/newsletter-fevrier-2020\/nouveaux-logos\/#breadcrumb\",\"itemListElement\":[{\"@type\":\"ListItem\",\"position\":1,\"name\":\"Home\",\"item\":\"https:\/\/www.swisssem.ch\/fr\/\"},{\"@type\":\"ListItem\",\"position\":2,\"name\":\"Espace membres\",\"item\":\"https:\/\/www.swisssem.ch\/fr\/espace-membres\/\"},{\"@type\":\"ListItem\",\"position\":3,\"name\":\"Newsletters\",\"item\":\"https:\/\/www.swisssem.ch\/fr\/espace-membres\/archiv_newsletter\/\"},{\"@type\":\"ListItem\",\"position\":4,\"name\":\"Newsletter f\u00e9vrier 2020\",\"item\":\"https:\/\/www.swisssem.ch\/fr\/espace-membres\/archiv_newsletter\/newsletter-fevrier-2020\/\"},{\"@type\":\"ListItem\",\"position\":5,\"name\":\"Nouveaux logos\"}]},{\"@type\":\"WebSite\",\"@id\":\"https:\/\/www.swisssem.ch\/de\/#website\",\"url\":\"https:\/\/www.swisssem.ch\/de\/\",\"name\":\"swisssem semence suisse\",\"description\":\"\",\"publisher\":{\"@id\":\"https:\/\/www.swisssem.ch\/de\/#organization\"},\"potentialAction\":[{\"@type\":\"SearchAction\",\"target\":{\"@type\":\"EntryPoint\",\"urlTemplate\":\"https:\/\/www.swisssem.ch\/de\/?s={search_term_string}\"},\"query-input\":{\"@type\":\"PropertyValueSpecification\",\"valueRequired\":true,\"valueName\":\"search_term_string\"}}],\"inLanguage\":\"fr-FR\"},{\"@type\":\"Organization\",\"@id\":\"https:\/\/www.swisssem.ch\/de\/#organization\",\"name\":\"swisssem saatgut schweiz\",\"url\":\"https:\/\/www.swisssem.ch\/de\/\",\"logo\":{\"@type\":\"ImageObject\",\"inLanguage\":\"fr-FR\",\"@id\":\"https:\/\/www.swisssem.ch\/de\/#\/schema\/logo\/image\/\",\"url\":\"https:\/\/www.swisssem.ch\/wp-content\/uploads\/2020\/03\/Logo_swisssem_RGB-1.jpg\",\"contentUrl\":\"https:\/\/www.swisssem.ch\/wp-content\/uploads\/2020\/03\/Logo_swisssem_RGB-1.jpg\",\"width\":1684,\"height\":430,\"caption\":\"swisssem saatgut schweiz\"},\"image\":{\"@id\":\"https:\/\/www.swisssem.ch\/de\/#\/schema\/logo\/image\/\"}}]}<\/script>\n<!-- \/ Yoast SEO plugin. -->","yoast_head_json":{"title":"Nouveaux logos - swisssem semence suisse","robots":{"index":"index","follow":"follow","max-snippet":"max-snippet:-1","max-image-preview":"max-image-preview:large","max-video-preview":"max-video-preview:-1"},"canonical":"https:\/\/www.swisssem.ch\/fr\/espace-membres\/archiv_newsletter\/newsletter-fevrier-2020\/nouveaux-logos\/","og_locale":"fr_FR","og_type":"article","og_title":"Nouveaux logos - swisssem semence suisse","og_description":"Nouveaux logos Notre f\u00e9d\u00e9ration a depuis longtemps acquis une image et des moyens de communication. En g\u00e9n\u00e9ral, ils ne s&rsquo;adressent&nbsp;pas au grand public, mais aux agriculteurs et aux acheteurs de semences. Les images bien connues de l&rsquo;homme \u00e0 la paille, de la marque Semence Z Suisse ou l&rsquo;image un peu moins connue de notre coop\u00e9rative [&hellip;]","og_url":"https:\/\/www.swisssem.ch\/fr\/espace-membres\/archiv_newsletter\/newsletter-fevrier-2020\/nouveaux-logos\/","og_site_name":"swisssem semence suisse","article_modified_time":"2020-04-14T14:30:57+00:00","og_image":[{"url":"https:\/\/www.swisssem.ch\/wp-content\/uploads\/2020\/03\/Logo_swisssem_RGB-1.jpg","type":"","width":"","height":""}],"twitter_card":"summary_large_image","twitter_misc":{"Dur\u00e9e de lecture estim\u00e9e":"1 minute"},"schema":{"@context":"https:\/\/schema.org","@graph":[{"@type":"WebPage","@id":"https:\/\/www.swisssem.ch\/fr\/espace-membres\/archiv_newsletter\/newsletter-fevrier-2020\/nouveaux-logos\/","url":"https:\/\/www.swisssem.ch\/fr\/espace-membres\/archiv_newsletter\/newsletter-fevrier-2020\/nouveaux-logos\/","name":"Nouveaux logos - swisssem semence suisse","isPartOf":{"@id":"https:\/\/www.swisssem.ch\/de\/#website"},"primaryImageOfPage":{"@id":"https:\/\/www.swisssem.ch\/fr\/espace-membres\/archiv_newsletter\/newsletter-fevrier-2020\/nouveaux-logos\/#primaryimage"},"image":{"@id":"https:\/\/www.swisssem.ch\/fr\/espace-membres\/archiv_newsletter\/newsletter-fevrier-2020\/nouveaux-logos\/#primaryimage"},"thumbnailUrl":"https:\/\/www.swisssem.ch\/wp-content\/uploads\/2020\/03\/Logo_swisssem_RGB-1.jpg","datePublished":"2020-04-14T14:28:27+00:00","dateModified":"2020-04-14T14:30:57+00:00","breadcrumb":{"@id":"https:\/\/www.swisssem.ch\/fr\/espace-membres\/archiv_newsletter\/newsletter-fevrier-2020\/nouveaux-logos\/#breadcrumb"},"inLanguage":"fr-FR","potentialAction":[{"@type":"ReadAction","target":["https:\/\/www.swisssem.ch\/fr\/espace-membres\/archiv_newsletter\/newsletter-fevrier-2020\/nouveaux-logos\/"]}]},{"@type":"ImageObject","inLanguage":"fr-FR","@id":"https:\/\/www.swisssem.ch\/fr\/espace-membres\/archiv_newsletter\/newsletter-fevrier-2020\/nouveaux-logos\/#primaryimage","url":"https:\/\/www.swisssem.ch\/wp-content\/uploads\/2020\/03\/Logo_swisssem_RGB-1.jpg","contentUrl":"https:\/\/www.swisssem.ch\/wp-content\/uploads\/2020\/03\/Logo_swisssem_RGB-1.jpg"},{"@type":"BreadcrumbList","@id":"https:\/\/www.swisssem.ch\/fr\/espace-membres\/archiv_newsletter\/newsletter-fevrier-2020\/nouveaux-logos\/#breadcrumb","itemListElement":[{"@type":"ListItem","position":1,"name":"Home","item":"https:\/\/www.swisssem.ch\/fr\/"},{"@type":"ListItem","position":2,"name":"Espace membres","item":"https:\/\/www.swisssem.ch\/fr\/espace-membres\/"},{"@type":"ListItem","position":3,"name":"Newsletters","item":"https:\/\/www.swisssem.ch\/fr\/espace-membres\/archiv_newsletter\/"},{"@type":"ListItem","position":4,"name":"Newsletter f\u00e9vrier 2020","item":"https:\/\/www.swisssem.ch\/fr\/espace-membres\/archiv_newsletter\/newsletter-fevrier-2020\/"},{"@type":"ListItem","position":5,"name":"Nouveaux logos"}]},{"@type":"WebSite","@id":"https:\/\/www.swisssem.ch\/de\/#website","url":"https:\/\/www.swisssem.ch\/de\/","name":"swisssem semence suisse","description":"","publisher":{"@id":"https:\/\/www.swisssem.ch\/de\/#organization"},"potentialAction":[{"@type":"SearchAction","target":{"@type":"EntryPoint","urlTemplate":"https:\/\/www.swisssem.ch\/de\/?s={search_term_string}"},"query-input":{"@type":"PropertyValueSpecification","valueRequired":true,"valueName":"search_term_string"}}],"inLanguage":"fr-FR"},{"@type":"Organization","@id":"https:\/\/www.swisssem.ch\/de\/#organization","name":"swisssem saatgut schweiz","url":"https:\/\/www.swisssem.ch\/de\/","logo":{"@type":"ImageObject","inLanguage":"fr-FR","@id":"https:\/\/www.swisssem.ch\/de\/#\/schema\/logo\/image\/","url":"https:\/\/www.swisssem.ch\/wp-content\/uploads\/2020\/03\/Logo_swisssem_RGB-1.jpg","contentUrl":"https:\/\/www.swisssem.ch\/wp-content\/uploads\/2020\/03\/Logo_swisssem_RGB-1.jpg","width":1684,"height":430,"caption":"swisssem saatgut schweiz"},"image":{"@id":"https:\/\/www.swisssem.ch\/de\/#\/schema\/logo\/image\/"}}]}},"_links":{"self":[{"href":"https:\/\/www.swisssem.ch\/fr\/wp-json\/wp\/v2\/pages\/5605","targetHints":{"allow":["GET"]}}],"collection":[{"href":"https:\/\/www.swisssem.ch\/fr\/wp-json\/wp\/v2\/pages"}],"about":[{"href":"https:\/\/www.swisssem.ch\/fr\/wp-json\/wp\/v2\/types\/page"}],"author":[{"embeddable":true,"href":"https:\/\/www.swisssem.ch\/fr\/wp-json\/wp\/v2\/users\/6"}],"replies":[{"embeddable":true,"href":"https:\/\/www.swisssem.ch\/fr\/wp-json\/wp\/v2\/comments?post=5605"}],"version-history":[{"count":3,"href":"https:\/\/www.swisssem.ch\/fr\/wp-json\/wp\/v2\/pages\/5605\/revisions"}],"predecessor-version":[{"id":5610,"href":"https:\/\/www.swisssem.ch\/fr\/wp-json\/wp\/v2\/pages\/5605\/revisions\/5610"}],"up":[{"embeddable":true,"href":"https:\/\/www.swisssem.ch\/fr\/wp-json\/wp\/v2\/pages\/5342"}],"wp:attachment":[{"href":"https:\/\/www.swisssem.ch\/fr\/wp-json\/wp\/v2\/media?parent=5605"}],"curies":[{"name":"wp","href":"https:\/\/api.w.org\/{rel}","templated":true}]}}