{"id":3326,"date":"2020-02-13T09:36:28","date_gmt":"2020-02-13T08:36:28","guid":{"rendered":"https:\/\/www.swisssem.ch\/?page_id=3326"},"modified":"2026-03-02T09:03:50","modified_gmt":"2026-03-02T08:03:50","slug":"ass","status":"publish","type":"page","link":"https:\/\/www.swisssem.ch\/fr\/qui-sommes-nous\/2496-2\/ass\/","title":{"rendered":"ASS"},"content":{"rendered":"\n<div class=\"wp-block-group\"><div class=\"wp-block-group__inner-container is-layout-flow wp-block-group-is-layout-flow\">\n<div class=\"wp-block-group\"><div class=\"wp-block-group__inner-container is-layout-flow wp-block-group-is-layout-flow\">\n<div class=\"wp-block-group\"><div class=\"wp-block-group__inner-container is-layout-flow wp-block-group-is-layout-flow\"><\/div><\/div>\n<\/div><\/div>\n\n\n\n<h2 class=\"wp-block-heading\">ASS<\/h2>\n<\/div><\/div>\n\n\n\n<div class=\"wp-block-columns is-layout-flex wp-container-core-columns-is-layout-9d6595d7 wp-block-columns-is-layout-flex\">\n<div class=\"wp-block-column is-layout-flow wp-block-column-is-layout-flow\" style=\"flex-basis:30%\">\n<p>ASS Soci\u00e9t\u00e9 coop\u00e9rative <br>des s\u00e9lectionneurs<br>Chemin du Martinet 2a&nbsp;<br>case postale<br>1510 Moudon<br>t\u00e9l.: 021 905 95 11<br>fax: 021 905 95 10<br><a rel=\"noreferrer noopener\" href=\"http:\/\/www.ass-agri.ch\/\" target=\"_blank\">www.ass-agri.ch<\/a><\/p>\n<\/div>\n\n\n\n<div class=\"wp-block-column is-layout-flow wp-block-column-is-layout-flow\"><div class=\"wp-block-image\">\n<figure class=\"alignleft size-large is-resized\"><img decoding=\"async\" src=\"https:\/\/www.swisssem.ch\/wp-content\/uploads\/2020\/02\/ASS-logo-complet-2-3.jpg\" alt=\"\" class=\"wp-image-3544\" style=\"width:150px\"\/><\/figure>\n<\/div><\/div>\n\n\n\n<div class=\"wp-block-column is-layout-flow wp-block-column-is-layout-flow\"><\/div>\n<\/div>\n\n\n\n<p>L\u2019ASS est une soci\u00e9t\u00e9 coop\u00e9rative fond\u00e9e en 1909, regroupant 280 producteurs \u2013 multiplicateurs de semences et plants des cantons de Vaud, Gen\u00e8ve, Neuch\u00e2tel, Fribourg (Gl\u00e2ne et Veveyse) et Valais. Elle a pour but de produire, conditionner et commercialiser des semences et plants certifi\u00e9s de qualit\u00e9 conform\u00e9ment aux besoins de ses clients et de ses soci\u00e9taires. L\u2019ASS produit des plants de pommes de terre ainsi que des semences de c\u00e9r\u00e9ales, de ma\u00efs, de soja, de pois et de tr\u00e8fle. <\/p>\n\n\n\n<div class=\"wp-block-columns is-layout-flex wp-container-core-columns-is-layout-9d6595d7 wp-block-columns-is-layout-flex\">\n<div class=\"wp-block-column is-layout-flow wp-block-column-is-layout-flow\" style=\"flex-basis:50%\">\n<p><strong>Directeur:<\/strong><br>M. Jacques Demierre<br>t\u00e9l. 021 \/ 905 95 12<br>e-mail:\u00a0<a href=\"mailto:j.demierre@ass-agri.ch\" target=\"_blank\" rel=\"noreferrer noopener\">j.demierre@ass-agri.ch<\/a>\u00a0<\/p>\n\n\n\n<p><strong>Responsable du secteur graines diverses et comptabilit\u00e9:<\/strong><br>M. Denis Huguet<br>t\u00e9l. 021 \/ 905 95 13<br>e-mail:\u00a0<a aria-label=\"d.huguet@ass-agri.ch\u00a0 (ouverture dans un nouvel onglet)\" href=\"mailto:d.huguet@ass-agri.ch\" target=\"_blank\" rel=\"noreferrer noopener\">d.huguet@ass-agri.ch\u00a0<\/a><\/p>\n\n\n\n<p><strong>Responsable du secteur c\u00e9r\u00e9ales:<\/strong><br>M. Matthieu Pasquier<br>t\u00e9l. 021 \/ 905 95 16<br>fax 021 \/ 905 95 20<br>e-mail: <a href=\"mailto:m.pasquier@ass-agri.ch\">m.pasquier@ass-agri.ch<\/a><\/p>\n\n\n\n<p><strong>Responsable assurance qualit\u00e9 et soutien au secteur c\u00e9r\u00e9ales:<\/strong><br>M. Vincent Freymond<br>t\u00e9l. 021 \/ 905 95 19<br>e-mail: <a aria-label=\" (ouverture dans un nouvel onglet)\" href=\"mailto:v.freymond@ass-agri.ch\" target=\"_blank\" rel=\"noreferrer noopener\">v.freymond@ass-agri.ch<\/a><\/p>\n<\/div>\n\n\n\n<div class=\"wp-block-column is-layout-flow wp-block-column-is-layout-flow\" style=\"flex-basis:50%\">\n<p><strong>Responsable du secteur pommes de terre:<\/strong><br>M. Laurent Jayet<br>t\u00e9l. 021 \/ 905 95 15<br>e-mail: <a href=\"mailto:l.jayet@ass-agri.ch\">l.jayet@ass-agri.ch<\/a><\/p>\n\n\n\n<p><strong>G\u00e9rant des centrales de conditionnement c\u00e9r\u00e9ales et pommes de terre:&nbsp;<\/strong><br>M. Martin Walter<br>t\u00e9l. 021 \/ 905 95 27<br>fax 021 \/ 905 95 25<br>e-mail:<a href=\"mailto:\">  <\/a><a href=\"mailto:m.walter@ass-agri.ch\" target=\"_blank\" rel=\"noreferrer noopener\" aria-label=\" (ouverture dans un nouvel onglet)\">m.walter@ass-agri.ch<\/a><\/p>\n\n\n\n<p><strong>Responsable commerciale des secteurs c\u00e9r\u00e9ales et pommes de terre<\/strong><br>Mme M\u00e9lanie Roth<br>021\/ 905 95 17<br>e-mail: <a href=\"mailto:m.roth@ass-agri.ch\">m.roth@ass-agri.ch<\/a><\/p>\n<\/div>\n\n\n\n<div class=\"wp-block-column is-layout-flow wp-block-column-is-layout-flow\" style=\"flex-basis:0%\"><\/div>\n<\/div>\n\n\n\n<p><\/p>\n","protected":false},"excerpt":{"rendered":"<p>ASS ASS Soci\u00e9t\u00e9 coop\u00e9rative des s\u00e9lectionneursChemin du Martinet 2a&nbsp;case postale1510 Moudont\u00e9l.: 021 905 95 11fax: 021 905 95 10www.ass-agri.ch L\u2019ASS est une soci\u00e9t\u00e9 coop\u00e9rative fond\u00e9e en 1909, regroupant 280 producteurs \u2013 multiplicateurs de semences et plants des cantons de Vaud, Gen\u00e8ve, Neuch\u00e2tel, Fribourg (Gl\u00e2ne et Veveyse) et Valais. Elle a pour but de produire, conditionner [&hellip;]<\/p>\n","protected":false},"author":7,"featured_media":0,"parent":2496,"menu_order":158,"comment_status":"closed","ping_status":"closed","template":"","meta":{"_acf_changed":false,"footnotes":""},"class_list":["post-3326","page","type-page","status-publish","hentry"],"acf":[],"yoast_head":"<!-- This site is optimized with the Yoast SEO plugin v27.1.1 - https:\/\/yoast.com\/product\/yoast-seo-wordpress\/ -->\n<title>ASS - swisssem semence suisse<\/title>\n<meta name=\"robots\" content=\"index, follow, max-snippet:-1, max-image-preview:large, max-video-preview:-1\" \/>\n<link rel=\"canonical\" href=\"https:\/\/www.swisssem.ch\/fr\/qui-sommes-nous\/2496-2\/ass\/\" \/>\n<meta property=\"og:locale\" content=\"fr_FR\" \/>\n<meta property=\"og:type\" content=\"article\" \/>\n<meta property=\"og:title\" content=\"ASS - swisssem semence suisse\" \/>\n<meta property=\"og:description\" content=\"ASS ASS Soci\u00e9t\u00e9 coop\u00e9rative des s\u00e9lectionneursChemin du Martinet 2a&nbsp;case postale1510 Moudont\u00e9l.: 021 905 95 11fax: 021 905 95 10www.ass-agri.ch L\u2019ASS est une soci\u00e9t\u00e9 coop\u00e9rative fond\u00e9e en 1909, regroupant 280 producteurs \u2013 multiplicateurs de semences et plants des cantons de Vaud, Gen\u00e8ve, Neuch\u00e2tel, Fribourg (Gl\u00e2ne et Veveyse) et Valais. Elle a pour but de produire, conditionner [&hellip;]\" \/>\n<meta property=\"og:url\" content=\"https:\/\/www.swisssem.ch\/fr\/qui-sommes-nous\/2496-2\/ass\/\" \/>\n<meta property=\"og:site_name\" content=\"swisssem semence suisse\" \/>\n<meta property=\"article:modified_time\" content=\"2026-03-02T08:03:50+00:00\" \/>\n<meta property=\"og:image\" content=\"https:\/\/www.swisssem.ch\/wp-content\/uploads\/2020\/02\/ASS-logo-complet-2-3.jpg\" \/>\n<meta name=\"twitter:card\" content=\"summary_large_image\" \/>\n<meta name=\"twitter:label1\" content=\"Dur\u00e9e de lecture estim\u00e9e\" \/>\n\t<meta name=\"twitter:data1\" content=\"2 minutes\" \/>\n<script type=\"application\/ld+json\" class=\"yoast-schema-graph\">{\"@context\":\"https:\/\/schema.org\",\"@graph\":[{\"@type\":\"WebPage\",\"@id\":\"https:\/\/www.swisssem.ch\/fr\/qui-sommes-nous\/2496-2\/ass\/\",\"url\":\"https:\/\/www.swisssem.ch\/fr\/qui-sommes-nous\/2496-2\/ass\/\",\"name\":\"ASS - swisssem semence suisse\",\"isPartOf\":{\"@id\":\"https:\/\/www.swisssem.ch\/de\/#website\"},\"primaryImageOfPage\":{\"@id\":\"https:\/\/www.swisssem.ch\/fr\/qui-sommes-nous\/2496-2\/ass\/#primaryimage\"},\"image\":{\"@id\":\"https:\/\/www.swisssem.ch\/fr\/qui-sommes-nous\/2496-2\/ass\/#primaryimage\"},\"thumbnailUrl\":\"https:\/\/www.swisssem.ch\/wp-content\/uploads\/2020\/02\/ASS-logo-complet-2-3.jpg\",\"datePublished\":\"2020-02-13T08:36:28+00:00\",\"dateModified\":\"2026-03-02T08:03:50+00:00\",\"breadcrumb\":{\"@id\":\"https:\/\/www.swisssem.ch\/fr\/qui-sommes-nous\/2496-2\/ass\/#breadcrumb\"},\"inLanguage\":\"fr-FR\",\"potentialAction\":[{\"@type\":\"ReadAction\",\"target\":[\"https:\/\/www.swisssem.ch\/fr\/qui-sommes-nous\/2496-2\/ass\/\"]}]},{\"@type\":\"ImageObject\",\"inLanguage\":\"fr-FR\",\"@id\":\"https:\/\/www.swisssem.ch\/fr\/qui-sommes-nous\/2496-2\/ass\/#primaryimage\",\"url\":\"https:\/\/www.swisssem.ch\/wp-content\/uploads\/2020\/02\/ASS-logo-complet-2-3.jpg\",\"contentUrl\":\"https:\/\/www.swisssem.ch\/wp-content\/uploads\/2020\/02\/ASS-logo-complet-2-3.jpg\"},{\"@type\":\"BreadcrumbList\",\"@id\":\"https:\/\/www.swisssem.ch\/fr\/qui-sommes-nous\/2496-2\/ass\/#breadcrumb\",\"itemListElement\":[{\"@type\":\"ListItem\",\"position\":1,\"name\":\"Home\",\"item\":\"https:\/\/www.swisssem.ch\/fr\/\"},{\"@type\":\"ListItem\",\"position\":2,\"name\":\"Qui sommes nous\",\"item\":\"https:\/\/www.swisssem.ch\/fr\/qui-sommes-nous\/\"},{\"@type\":\"ListItem\",\"position\":3,\"name\":\"Etablissements multiplicateurs\",\"item\":\"https:\/\/www.swisssem.ch\/fr\/qui-sommes-nous\/2496-2\/\"},{\"@type\":\"ListItem\",\"position\":4,\"name\":\"ASS\"}]},{\"@type\":\"WebSite\",\"@id\":\"https:\/\/www.swisssem.ch\/de\/#website\",\"url\":\"https:\/\/www.swisssem.ch\/de\/\",\"name\":\"swisssem semence suisse\",\"description\":\"\",\"publisher\":{\"@id\":\"https:\/\/www.swisssem.ch\/de\/#organization\"},\"potentialAction\":[{\"@type\":\"SearchAction\",\"target\":{\"@type\":\"EntryPoint\",\"urlTemplate\":\"https:\/\/www.swisssem.ch\/de\/?s={search_term_string}\"},\"query-input\":{\"@type\":\"PropertyValueSpecification\",\"valueRequired\":true,\"valueName\":\"search_term_string\"}}],\"inLanguage\":\"fr-FR\"},{\"@type\":\"Organization\",\"@id\":\"https:\/\/www.swisssem.ch\/de\/#organization\",\"name\":\"swisssem saatgut schweiz\",\"url\":\"https:\/\/www.swisssem.ch\/de\/\",\"logo\":{\"@type\":\"ImageObject\",\"inLanguage\":\"fr-FR\",\"@id\":\"https:\/\/www.swisssem.ch\/de\/#\/schema\/logo\/image\/\",\"url\":\"https:\/\/www.swisssem.ch\/wp-content\/uploads\/2020\/03\/Logo_swisssem_RGB-1.jpg\",\"contentUrl\":\"https:\/\/www.swisssem.ch\/wp-content\/uploads\/2020\/03\/Logo_swisssem_RGB-1.jpg\",\"width\":1684,\"height\":430,\"caption\":\"swisssem saatgut schweiz\"},\"image\":{\"@id\":\"https:\/\/www.swisssem.ch\/de\/#\/schema\/logo\/image\/\"}}]}<\/script>\n<!-- \/ Yoast SEO plugin. -->","yoast_head_json":{"title":"ASS - swisssem semence suisse","robots":{"index":"index","follow":"follow","max-snippet":"max-snippet:-1","max-image-preview":"max-image-preview:large","max-video-preview":"max-video-preview:-1"},"canonical":"https:\/\/www.swisssem.ch\/fr\/qui-sommes-nous\/2496-2\/ass\/","og_locale":"fr_FR","og_type":"article","og_title":"ASS - swisssem semence suisse","og_description":"ASS ASS Soci\u00e9t\u00e9 coop\u00e9rative des s\u00e9lectionneursChemin du Martinet 2a&nbsp;case postale1510 Moudont\u00e9l.: 021 905 95 11fax: 021 905 95 10www.ass-agri.ch L\u2019ASS est une soci\u00e9t\u00e9 coop\u00e9rative fond\u00e9e en 1909, regroupant 280 producteurs \u2013 multiplicateurs de semences et plants des cantons de Vaud, Gen\u00e8ve, Neuch\u00e2tel, Fribourg (Gl\u00e2ne et Veveyse) et Valais. Elle a pour but de produire, conditionner [&hellip;]","og_url":"https:\/\/www.swisssem.ch\/fr\/qui-sommes-nous\/2496-2\/ass\/","og_site_name":"swisssem semence suisse","article_modified_time":"2026-03-02T08:03:50+00:00","og_image":[{"url":"https:\/\/www.swisssem.ch\/wp-content\/uploads\/2020\/02\/ASS-logo-complet-2-3.jpg","type":"","width":"","height":""}],"twitter_card":"summary_large_image","twitter_misc":{"Dur\u00e9e de lecture estim\u00e9e":"2 minutes"},"schema":{"@context":"https:\/\/schema.org","@graph":[{"@type":"WebPage","@id":"https:\/\/www.swisssem.ch\/fr\/qui-sommes-nous\/2496-2\/ass\/","url":"https:\/\/www.swisssem.ch\/fr\/qui-sommes-nous\/2496-2\/ass\/","name":"ASS - swisssem semence suisse","isPartOf":{"@id":"https:\/\/www.swisssem.ch\/de\/#website"},"primaryImageOfPage":{"@id":"https:\/\/www.swisssem.ch\/fr\/qui-sommes-nous\/2496-2\/ass\/#primaryimage"},"image":{"@id":"https:\/\/www.swisssem.ch\/fr\/qui-sommes-nous\/2496-2\/ass\/#primaryimage"},"thumbnailUrl":"https:\/\/www.swisssem.ch\/wp-content\/uploads\/2020\/02\/ASS-logo-complet-2-3.jpg","datePublished":"2020-02-13T08:36:28+00:00","dateModified":"2026-03-02T08:03:50+00:00","breadcrumb":{"@id":"https:\/\/www.swisssem.ch\/fr\/qui-sommes-nous\/2496-2\/ass\/#breadcrumb"},"inLanguage":"fr-FR","potentialAction":[{"@type":"ReadAction","target":["https:\/\/www.swisssem.ch\/fr\/qui-sommes-nous\/2496-2\/ass\/"]}]},{"@type":"ImageObject","inLanguage":"fr-FR","@id":"https:\/\/www.swisssem.ch\/fr\/qui-sommes-nous\/2496-2\/ass\/#primaryimage","url":"https:\/\/www.swisssem.ch\/wp-content\/uploads\/2020\/02\/ASS-logo-complet-2-3.jpg","contentUrl":"https:\/\/www.swisssem.ch\/wp-content\/uploads\/2020\/02\/ASS-logo-complet-2-3.jpg"},{"@type":"BreadcrumbList","@id":"https:\/\/www.swisssem.ch\/fr\/qui-sommes-nous\/2496-2\/ass\/#breadcrumb","itemListElement":[{"@type":"ListItem","position":1,"name":"Home","item":"https:\/\/www.swisssem.ch\/fr\/"},{"@type":"ListItem","position":2,"name":"Qui sommes nous","item":"https:\/\/www.swisssem.ch\/fr\/qui-sommes-nous\/"},{"@type":"ListItem","position":3,"name":"Etablissements multiplicateurs","item":"https:\/\/www.swisssem.ch\/fr\/qui-sommes-nous\/2496-2\/"},{"@type":"ListItem","position":4,"name":"ASS"}]},{"@type":"WebSite","@id":"https:\/\/www.swisssem.ch\/de\/#website","url":"https:\/\/www.swisssem.ch\/de\/","name":"swisssem semence suisse","description":"","publisher":{"@id":"https:\/\/www.swisssem.ch\/de\/#organization"},"potentialAction":[{"@type":"SearchAction","target":{"@type":"EntryPoint","urlTemplate":"https:\/\/www.swisssem.ch\/de\/?s={search_term_string}"},"query-input":{"@type":"PropertyValueSpecification","valueRequired":true,"valueName":"search_term_string"}}],"inLanguage":"fr-FR"},{"@type":"Organization","@id":"https:\/\/www.swisssem.ch\/de\/#organization","name":"swisssem saatgut schweiz","url":"https:\/\/www.swisssem.ch\/de\/","logo":{"@type":"ImageObject","inLanguage":"fr-FR","@id":"https:\/\/www.swisssem.ch\/de\/#\/schema\/logo\/image\/","url":"https:\/\/www.swisssem.ch\/wp-content\/uploads\/2020\/03\/Logo_swisssem_RGB-1.jpg","contentUrl":"https:\/\/www.swisssem.ch\/wp-content\/uploads\/2020\/03\/Logo_swisssem_RGB-1.jpg","width":1684,"height":430,"caption":"swisssem saatgut schweiz"},"image":{"@id":"https:\/\/www.swisssem.ch\/de\/#\/schema\/logo\/image\/"}}]}},"_links":{"self":[{"href":"https:\/\/www.swisssem.ch\/fr\/wp-json\/wp\/v2\/pages\/3326","targetHints":{"allow":["GET"]}}],"collection":[{"href":"https:\/\/www.swisssem.ch\/fr\/wp-json\/wp\/v2\/pages"}],"about":[{"href":"https:\/\/www.swisssem.ch\/fr\/wp-json\/wp\/v2\/types\/page"}],"author":[{"embeddable":true,"href":"https:\/\/www.swisssem.ch\/fr\/wp-json\/wp\/v2\/users\/7"}],"replies":[{"embeddable":true,"href":"https:\/\/www.swisssem.ch\/fr\/wp-json\/wp\/v2\/comments?post=3326"}],"version-history":[{"count":39,"href":"https:\/\/www.swisssem.ch\/fr\/wp-json\/wp\/v2\/pages\/3326\/revisions"}],"predecessor-version":[{"id":12855,"href":"https:\/\/www.swisssem.ch\/fr\/wp-json\/wp\/v2\/pages\/3326\/revisions\/12855"}],"up":[{"embeddable":true,"href":"https:\/\/www.swisssem.ch\/fr\/wp-json\/wp\/v2\/pages\/2496"}],"wp:attachment":[{"href":"https:\/\/www.swisssem.ch\/fr\/wp-json\/wp\/v2\/media?parent=3326"}],"curies":[{"name":"wp","href":"https:\/\/api.w.org\/{rel}","templated":true}]}}