{"id":2645,"date":"2019-10-23T09:52:52","date_gmt":"2019-10-23T07:52:52","guid":{"rendered":"https:\/\/www.swisssem.ch\/cultures\/soja-2\/"},"modified":"2026-01-07T09:56:57","modified_gmt":"2026-01-07T08:56:57","slug":"soja","status":"publish","type":"page","link":"https:\/\/www.swisssem.ch\/fr\/cultures\/soja\/","title":{"rendered":"Soja"},"content":{"rendered":"\n<h1 class=\"wp-block-heading\">Soja<\/h1>\n\n\n<div class=\"wp-block-image\">\n<figure class=\"alignleft size-large is-resized\"><img loading=\"lazy\" decoding=\"async\" width=\"1024\" height=\"678\" src=\"https:\/\/www.swisssem.ch\/wp-content\/uploads\/2019\/12\/DSC_2758-1024x678.jpg\" alt=\"\" class=\"wp-image-2183\" style=\"width:310px;height:223px\" srcset=\"https:\/\/www.swisssem.ch\/wp-content\/uploads\/2019\/12\/DSC_2758-1024x678.jpg 1024w, https:\/\/www.swisssem.ch\/wp-content\/uploads\/2019\/12\/DSC_2758-300x199.jpg 300w, https:\/\/www.swisssem.ch\/wp-content\/uploads\/2019\/12\/DSC_2758-768x509.jpg 768w\" sizes=\"auto, (max-width: 1024px) 100vw, 1024px\" \/><\/figure>\n<\/div>\n\n\n<p><\/p>\n\n\n\n<p>La culture du soja a \u00e9t\u00e9 introduite en Suisse vers la fin des ann\u00e9es 80. A la Station de recherches agroscope ACW, le soja est s\u00e9lectionn\u00e9 dans le but de d\u00e9velopper des vari\u00e9t\u00e9s qui sont adapt\u00e9es aux conditions climatiques de la Suisse et qui correspondent aux besoins du march\u00e9. Un des buts est l&rsquo;utilisation des produits pour l&rsquo;alimentation humaine. La s\u00e9lection de vari\u00e9t\u00e9s \u00e0 gros grains incolores dont le profil gustatif est am\u00e9lior\u00e9 en est un exemple.<br><a rel=\"noreferrer noopener\" href=\"http:\/\/dsp-delley.ch\/\" target=\"_blank\">DSP SA<\/a> est co-obtentrice des vari\u00e9t\u00e9s issues du programme de s\u00e9lection d\u2019Agroscope ACW et est responsable pour la s\u00e9lection conservatrice et la production des semences de base. En plus DSP SA participe aux tests vari\u00e9taux pr\u00e9liminaires et officiels.<br>L\u2019utilisation de semences certifi\u00e9es de vari\u00e9t\u00e9s figurant sur la liste recommand\u00e9e est une condition de base pour pouvoir commercialiser la r\u00e9colte sous le label <a href=\"https:\/\/www.suissegarantie.ch\/fr\/accueil-6.html\" target=\"_blank\" rel=\"noreferrer noopener\" aria-label=\"SUISSE GARANTIE (opens in a new tab)\">SUISSE GARANTIE<\/a> .<\/p>\n\n\n\n<!-- linklist component -->\n\n\t<ul class=\"linklist\">\n\t\t\t\t\t<li>\n\t\t\t\t<a href=\"https:\/\/www.swisssem.ch\/wp-content\/uploads\/2026\/01\/LR-fr-soja-2026.pdf\" target=\"\">\n\t\t\t\t\t<span>\n\t\t\t\t\t\t<svg xmlns=\"http:\/\/www.w3.org\/2000\/svg\" data-name=\"Ebene 1\" viewBox=\"0 0 23.82 20.35\">\n\t\t\t\t\t\t\t<path d=\"M13.51 20.35L12 18.75l7.56-7.42H0V9h19.52L12 1.6 13.51 0l10.31 10.18z\"\/>\n\t\t\t\t\t\t<\/svg>\n\t\t\t\t\t<\/span>\n\t\t\t\t\tListe recommand\u00e9e pour la r\u00e9colte 2026\t\t\t\t<\/a>\n\t\t\t<\/li>\n\t\t\t<\/ul>\n<!-- end of linklist component -->\n\n\n\n\n<p><\/p>\n","protected":false},"excerpt":{"rendered":"<p>Soja La culture du soja a \u00e9t\u00e9 introduite en Suisse vers la fin des ann\u00e9es 80. A la Station de recherches agroscope ACW, le soja est s\u00e9lectionn\u00e9 dans le but de d\u00e9velopper des vari\u00e9t\u00e9s qui sont adapt\u00e9es aux conditions climatiques de la Suisse et qui correspondent aux besoins du march\u00e9. Un des buts est l&rsquo;utilisation [&hellip;]<\/p>\n","protected":false},"author":7,"featured_media":0,"parent":2512,"menu_order":233,"comment_status":"closed","ping_status":"closed","template":"","meta":{"_acf_changed":false,"footnotes":""},"class_list":["post-2645","page","type-page","status-publish","hentry"],"acf":[],"yoast_head":"<!-- This site is optimized with the Yoast SEO plugin v27.1.1 - https:\/\/yoast.com\/product\/yoast-seo-wordpress\/ -->\n<title>Soja - swisssem semence suisse<\/title>\n<meta name=\"robots\" content=\"index, follow, max-snippet:-1, max-image-preview:large, max-video-preview:-1\" \/>\n<link rel=\"canonical\" href=\"https:\/\/www.swisssem.ch\/fr\/cultures\/soja\/\" \/>\n<meta property=\"og:locale\" content=\"fr_FR\" \/>\n<meta property=\"og:type\" content=\"article\" \/>\n<meta property=\"og:title\" content=\"Soja - swisssem semence suisse\" \/>\n<meta property=\"og:description\" content=\"Soja La culture du soja a \u00e9t\u00e9 introduite en Suisse vers la fin des ann\u00e9es 80. A la Station de recherches agroscope ACW, le soja est s\u00e9lectionn\u00e9 dans le but de d\u00e9velopper des vari\u00e9t\u00e9s qui sont adapt\u00e9es aux conditions climatiques de la Suisse et qui correspondent aux besoins du march\u00e9. Un des buts est l&rsquo;utilisation [&hellip;]\" \/>\n<meta property=\"og:url\" content=\"https:\/\/www.swisssem.ch\/fr\/cultures\/soja\/\" \/>\n<meta property=\"og:site_name\" content=\"swisssem semence suisse\" \/>\n<meta property=\"article:modified_time\" content=\"2026-01-07T08:56:57+00:00\" \/>\n<meta property=\"og:image\" content=\"https:\/\/www.swisssem.ch\/wp-content\/uploads\/2019\/12\/DSC_2758-1024x678.jpg\" \/>\n<meta name=\"twitter:card\" content=\"summary_large_image\" \/>\n<meta name=\"twitter:label1\" content=\"Dur\u00e9e de lecture estim\u00e9e\" \/>\n\t<meta name=\"twitter:data1\" content=\"1 minute\" \/>\n<script type=\"application\/ld+json\" class=\"yoast-schema-graph\">{\"@context\":\"https:\/\/schema.org\",\"@graph\":[{\"@type\":\"WebPage\",\"@id\":\"https:\/\/www.swisssem.ch\/fr\/cultures\/soja\/\",\"url\":\"https:\/\/www.swisssem.ch\/fr\/cultures\/soja\/\",\"name\":\"Soja - swisssem semence suisse\",\"isPartOf\":{\"@id\":\"https:\/\/www.swisssem.ch\/de\/#website\"},\"primaryImageOfPage\":{\"@id\":\"https:\/\/www.swisssem.ch\/fr\/cultures\/soja\/#primaryimage\"},\"image\":{\"@id\":\"https:\/\/www.swisssem.ch\/fr\/cultures\/soja\/#primaryimage\"},\"thumbnailUrl\":\"https:\/\/www.swisssem.ch\/wp-content\/uploads\/2019\/12\/DSC_2758-1024x678.jpg\",\"datePublished\":\"2019-10-23T07:52:52+00:00\",\"dateModified\":\"2026-01-07T08:56:57+00:00\",\"breadcrumb\":{\"@id\":\"https:\/\/www.swisssem.ch\/fr\/cultures\/soja\/#breadcrumb\"},\"inLanguage\":\"fr-FR\",\"potentialAction\":[{\"@type\":\"ReadAction\",\"target\":[\"https:\/\/www.swisssem.ch\/fr\/cultures\/soja\/\"]}]},{\"@type\":\"ImageObject\",\"inLanguage\":\"fr-FR\",\"@id\":\"https:\/\/www.swisssem.ch\/fr\/cultures\/soja\/#primaryimage\",\"url\":\"https:\/\/www.swisssem.ch\/wp-content\/uploads\/2019\/12\/DSC_2758-1024x678.jpg\",\"contentUrl\":\"https:\/\/www.swisssem.ch\/wp-content\/uploads\/2019\/12\/DSC_2758-1024x678.jpg\"},{\"@type\":\"BreadcrumbList\",\"@id\":\"https:\/\/www.swisssem.ch\/fr\/cultures\/soja\/#breadcrumb\",\"itemListElement\":[{\"@type\":\"ListItem\",\"position\":1,\"name\":\"Home\",\"item\":\"https:\/\/www.swisssem.ch\/fr\/\"},{\"@type\":\"ListItem\",\"position\":2,\"name\":\"Cultures\",\"item\":\"https:\/\/www.swisssem.ch\/fr\/cultures\/\"},{\"@type\":\"ListItem\",\"position\":3,\"name\":\"Soja\"}]},{\"@type\":\"WebSite\",\"@id\":\"https:\/\/www.swisssem.ch\/de\/#website\",\"url\":\"https:\/\/www.swisssem.ch\/de\/\",\"name\":\"swisssem semence suisse\",\"description\":\"\",\"publisher\":{\"@id\":\"https:\/\/www.swisssem.ch\/de\/#organization\"},\"potentialAction\":[{\"@type\":\"SearchAction\",\"target\":{\"@type\":\"EntryPoint\",\"urlTemplate\":\"https:\/\/www.swisssem.ch\/de\/?s={search_term_string}\"},\"query-input\":{\"@type\":\"PropertyValueSpecification\",\"valueRequired\":true,\"valueName\":\"search_term_string\"}}],\"inLanguage\":\"fr-FR\"},{\"@type\":\"Organization\",\"@id\":\"https:\/\/www.swisssem.ch\/de\/#organization\",\"name\":\"swisssem saatgut schweiz\",\"url\":\"https:\/\/www.swisssem.ch\/de\/\",\"logo\":{\"@type\":\"ImageObject\",\"inLanguage\":\"fr-FR\",\"@id\":\"https:\/\/www.swisssem.ch\/de\/#\/schema\/logo\/image\/\",\"url\":\"https:\/\/www.swisssem.ch\/wp-content\/uploads\/2020\/03\/Logo_swisssem_RGB-1.jpg\",\"contentUrl\":\"https:\/\/www.swisssem.ch\/wp-content\/uploads\/2020\/03\/Logo_swisssem_RGB-1.jpg\",\"width\":1684,\"height\":430,\"caption\":\"swisssem saatgut schweiz\"},\"image\":{\"@id\":\"https:\/\/www.swisssem.ch\/de\/#\/schema\/logo\/image\/\"}}]}<\/script>\n<!-- \/ Yoast SEO plugin. -->","yoast_head_json":{"title":"Soja - swisssem semence suisse","robots":{"index":"index","follow":"follow","max-snippet":"max-snippet:-1","max-image-preview":"max-image-preview:large","max-video-preview":"max-video-preview:-1"},"canonical":"https:\/\/www.swisssem.ch\/fr\/cultures\/soja\/","og_locale":"fr_FR","og_type":"article","og_title":"Soja - swisssem semence suisse","og_description":"Soja La culture du soja a \u00e9t\u00e9 introduite en Suisse vers la fin des ann\u00e9es 80. A la Station de recherches agroscope ACW, le soja est s\u00e9lectionn\u00e9 dans le but de d\u00e9velopper des vari\u00e9t\u00e9s qui sont adapt\u00e9es aux conditions climatiques de la Suisse et qui correspondent aux besoins du march\u00e9. Un des buts est l&rsquo;utilisation [&hellip;]","og_url":"https:\/\/www.swisssem.ch\/fr\/cultures\/soja\/","og_site_name":"swisssem semence suisse","article_modified_time":"2026-01-07T08:56:57+00:00","og_image":[{"url":"https:\/\/www.swisssem.ch\/wp-content\/uploads\/2019\/12\/DSC_2758-1024x678.jpg","type":"","width":"","height":""}],"twitter_card":"summary_large_image","twitter_misc":{"Dur\u00e9e de lecture estim\u00e9e":"1 minute"},"schema":{"@context":"https:\/\/schema.org","@graph":[{"@type":"WebPage","@id":"https:\/\/www.swisssem.ch\/fr\/cultures\/soja\/","url":"https:\/\/www.swisssem.ch\/fr\/cultures\/soja\/","name":"Soja - swisssem semence suisse","isPartOf":{"@id":"https:\/\/www.swisssem.ch\/de\/#website"},"primaryImageOfPage":{"@id":"https:\/\/www.swisssem.ch\/fr\/cultures\/soja\/#primaryimage"},"image":{"@id":"https:\/\/www.swisssem.ch\/fr\/cultures\/soja\/#primaryimage"},"thumbnailUrl":"https:\/\/www.swisssem.ch\/wp-content\/uploads\/2019\/12\/DSC_2758-1024x678.jpg","datePublished":"2019-10-23T07:52:52+00:00","dateModified":"2026-01-07T08:56:57+00:00","breadcrumb":{"@id":"https:\/\/www.swisssem.ch\/fr\/cultures\/soja\/#breadcrumb"},"inLanguage":"fr-FR","potentialAction":[{"@type":"ReadAction","target":["https:\/\/www.swisssem.ch\/fr\/cultures\/soja\/"]}]},{"@type":"ImageObject","inLanguage":"fr-FR","@id":"https:\/\/www.swisssem.ch\/fr\/cultures\/soja\/#primaryimage","url":"https:\/\/www.swisssem.ch\/wp-content\/uploads\/2019\/12\/DSC_2758-1024x678.jpg","contentUrl":"https:\/\/www.swisssem.ch\/wp-content\/uploads\/2019\/12\/DSC_2758-1024x678.jpg"},{"@type":"BreadcrumbList","@id":"https:\/\/www.swisssem.ch\/fr\/cultures\/soja\/#breadcrumb","itemListElement":[{"@type":"ListItem","position":1,"name":"Home","item":"https:\/\/www.swisssem.ch\/fr\/"},{"@type":"ListItem","position":2,"name":"Cultures","item":"https:\/\/www.swisssem.ch\/fr\/cultures\/"},{"@type":"ListItem","position":3,"name":"Soja"}]},{"@type":"WebSite","@id":"https:\/\/www.swisssem.ch\/de\/#website","url":"https:\/\/www.swisssem.ch\/de\/","name":"swisssem semence suisse","description":"","publisher":{"@id":"https:\/\/www.swisssem.ch\/de\/#organization"},"potentialAction":[{"@type":"SearchAction","target":{"@type":"EntryPoint","urlTemplate":"https:\/\/www.swisssem.ch\/de\/?s={search_term_string}"},"query-input":{"@type":"PropertyValueSpecification","valueRequired":true,"valueName":"search_term_string"}}],"inLanguage":"fr-FR"},{"@type":"Organization","@id":"https:\/\/www.swisssem.ch\/de\/#organization","name":"swisssem saatgut schweiz","url":"https:\/\/www.swisssem.ch\/de\/","logo":{"@type":"ImageObject","inLanguage":"fr-FR","@id":"https:\/\/www.swisssem.ch\/de\/#\/schema\/logo\/image\/","url":"https:\/\/www.swisssem.ch\/wp-content\/uploads\/2020\/03\/Logo_swisssem_RGB-1.jpg","contentUrl":"https:\/\/www.swisssem.ch\/wp-content\/uploads\/2020\/03\/Logo_swisssem_RGB-1.jpg","width":1684,"height":430,"caption":"swisssem saatgut schweiz"},"image":{"@id":"https:\/\/www.swisssem.ch\/de\/#\/schema\/logo\/image\/"}}]}},"_links":{"self":[{"href":"https:\/\/www.swisssem.ch\/fr\/wp-json\/wp\/v2\/pages\/2645","targetHints":{"allow":["GET"]}}],"collection":[{"href":"https:\/\/www.swisssem.ch\/fr\/wp-json\/wp\/v2\/pages"}],"about":[{"href":"https:\/\/www.swisssem.ch\/fr\/wp-json\/wp\/v2\/types\/page"}],"author":[{"embeddable":true,"href":"https:\/\/www.swisssem.ch\/fr\/wp-json\/wp\/v2\/users\/7"}],"replies":[{"embeddable":true,"href":"https:\/\/www.swisssem.ch\/fr\/wp-json\/wp\/v2\/comments?post=2645"}],"version-history":[{"count":29,"href":"https:\/\/www.swisssem.ch\/fr\/wp-json\/wp\/v2\/pages\/2645\/revisions"}],"predecessor-version":[{"id":12653,"href":"https:\/\/www.swisssem.ch\/fr\/wp-json\/wp\/v2\/pages\/2645\/revisions\/12653"}],"up":[{"embeddable":true,"href":"https:\/\/www.swisssem.ch\/fr\/wp-json\/wp\/v2\/pages\/2512"}],"wp:attachment":[{"href":"https:\/\/www.swisssem.ch\/fr\/wp-json\/wp\/v2\/media?parent=2645"}],"curies":[{"name":"wp","href":"https:\/\/api.w.org\/{rel}","templated":true}]}}