{"id":2547,"date":"2020-01-21T15:43:02","date_gmt":"2020-01-21T14:43:02","guid":{"rendered":"https:\/\/www.swisssem.ch\/?page_id=2547"},"modified":"2025-02-10T08:55:39","modified_gmt":"2025-02-10T07:55:39","slug":"graminees","status":"publish","type":"page","link":"https:\/\/www.swisssem.ch\/fr\/cultures\/graminees\/","title":{"rendered":"Gramin\u00e9es"},"content":{"rendered":"\n<h1 class=\"wp-block-heading\">Gramin\u00e9es<\/h1>\n\n\n<div class=\"wp-block-image\">\n<figure class=\"alignleft size-large is-resized\"><img loading=\"lazy\" decoding=\"async\" width=\"683\" height=\"1024\" src=\"https:\/\/www.swisssem.ch\/wp-content\/uploads\/2019\/12\/poa2-683x1024.jpg\" alt=\"\" class=\"wp-image-2140\" style=\"width:290px;height:434px\" srcset=\"https:\/\/www.swisssem.ch\/wp-content\/uploads\/2019\/12\/poa2-683x1024.jpg 683w, https:\/\/www.swisssem.ch\/wp-content\/uploads\/2019\/12\/poa2-200x300.jpg 200w, https:\/\/www.swisssem.ch\/wp-content\/uploads\/2019\/12\/poa2.jpg 717w\" sizes=\"auto, (max-width: 683px) 100vw, 683px\" \/><\/figure>\n<\/div>\n\n\n<p>Au pays &nbsp;verdoyant de la Suisse la s\u00e9lection des vari\u00e9t\u00e9s fourrag\u00e8res jouit d\u2019une longue tradition. La station de recherches Agroscope Reckenholz-T\u00e4nikon (ART) travaille sur une grande palette de sortes. Les activit\u00e9s de s\u00e9lection se basent sur la diversit\u00e9 g\u00e9n\u00e9tique des populations indig\u00e8nes naturelles. Les vari\u00e9t\u00e9s ART se distinguent par leur propri\u00e9t\u00e9s agronomiques de valeur telles le haut rendement, la r\u00e9sistance aux nuisibles, la bonne qualit\u00e9 fourrag\u00e8re et la r\u00e9sistance. Etant co-propri\u00e9taire, DSP SA est responsable de l\u2018enregistrement et la commercialisation des vari\u00e9t\u00e9s en Suisse et \u00e0 l\u2019\u00e9tranger ainsi que de la production de semence de base. Les commer\u00e7ants suisses de semences fourrag\u00e8res ach\u00e8tent les semences de base chez DSP SA et la font multiplier \u00e0 l\u2019\u00e9tranger. La semence certifi\u00e9e est r\u00e9import\u00e9e et servira pour faire les m\u00e9langes tr\u00e8fles-gramin\u00e9es reconnus et appr\u00e9ci\u00e9s dans le monde entier.<br><br>Pour des raisons climatiques, la multiplication des fourrag\u00e8res en Suisse se limite \u00e0 quelques sp\u00e9cialit\u00e9s comme le ray-grass anglais&nbsp; pr\u00e9coce, le vulpin des pr\u00e9s et la cr\u00e9telle des pr\u00e9s.<br>Ces esp\u00e8ces sont des composants importants dans diff\u00e9rents m\u00e9langes de fourrag\u00e8res portant le sigle de qualit\u00e9 <a rel=\"noreferrer noopener\" href=\"http:\/\/www.agff.ch\/bienvenue-a-ladcf\/actuel.html\" target=\"_blank\">ADCF<\/a>.<br>Le ray-grass anglais&nbsp; pr\u00e9coce est utilis\u00e9 dans les m\u00e9langes pour p\u00e2ture longue dur\u00e9e (p. ex. p\u00e2ture sur gazon court).<br>Le vulpin des pr\u00e9s produit les meilleurs rendements avec bonne digestibilit\u00e9 dans des endroits \u00e0 humidit\u00e9 variable (p.ex. m\u00e9lange standard 444). <br>La cr\u00e9telle des pr\u00e9s est utilis\u00e9e dans les m\u00e9langes pour les r\u00e9gions en altitude ou les endroits non-favorables au ray-grass.<\/p>\n\n\n\n<!-- linklist component -->\n\n\t<ul class=\"linklist\">\n\t\t\t\t\t<li>\n\t\t\t\t<a href=\"https:\/\/www.swisssem.ch\/wp-content\/uploads\/2025\/02\/2025_LR-plantes-fourrageres-25-26.pdf\" target=\"_blank\">\n\t\t\t\t\t<span>\n\t\t\t\t\t\t<svg xmlns=\"http:\/\/www.w3.org\/2000\/svg\" data-name=\"Ebene 1\" viewBox=\"0 0 23.82 20.35\">\n\t\t\t\t\t\t\t<path d=\"M13.51 20.35L12 18.75l7.56-7.42H0V9h19.52L12 1.6 13.51 0l10.31 10.18z\"\/>\n\t\t\t\t\t\t<\/svg>\n\t\t\t\t\t<\/span>\n\t\t\t\t\tListe des vari\u00e9t\u00e9s recommand\u00e9es de plantes fourrag\u00e8res 2025-26\t\t\t\t<\/a>\n\t\t\t<\/li>\n\t\t\t<\/ul>\n<!-- end of linklist component -->\n\n","protected":false},"excerpt":{"rendered":"<p>Gramin\u00e9es Au pays &nbsp;verdoyant de la Suisse la s\u00e9lection des vari\u00e9t\u00e9s fourrag\u00e8res jouit d\u2019une longue tradition. La station de recherches Agroscope Reckenholz-T\u00e4nikon (ART) travaille sur une grande palette de sortes. Les activit\u00e9s de s\u00e9lection se basent sur la diversit\u00e9 g\u00e9n\u00e9tique des populations indig\u00e8nes naturelles. Les vari\u00e9t\u00e9s ART se distinguent par leur propri\u00e9t\u00e9s agronomiques de valeur [&hellip;]<\/p>\n","protected":false},"author":7,"featured_media":0,"parent":2512,"menu_order":239,"comment_status":"closed","ping_status":"closed","template":"","meta":{"_acf_changed":false,"footnotes":""},"class_list":["post-2547","page","type-page","status-publish","hentry"],"acf":[],"yoast_head":"<!-- This site is optimized with the Yoast SEO plugin v27.1.1 - https:\/\/yoast.com\/product\/yoast-seo-wordpress\/ -->\n<title>Gramin\u00e9es - swisssem semence suisse<\/title>\n<meta name=\"robots\" content=\"index, follow, max-snippet:-1, max-image-preview:large, max-video-preview:-1\" \/>\n<link rel=\"canonical\" href=\"https:\/\/www.swisssem.ch\/fr\/cultures\/graminees\/\" \/>\n<meta property=\"og:locale\" content=\"fr_FR\" \/>\n<meta property=\"og:type\" content=\"article\" \/>\n<meta property=\"og:title\" content=\"Gramin\u00e9es - swisssem semence suisse\" \/>\n<meta property=\"og:description\" content=\"Gramin\u00e9es Au pays &nbsp;verdoyant de la Suisse la s\u00e9lection des vari\u00e9t\u00e9s fourrag\u00e8res jouit d\u2019une longue tradition. La station de recherches Agroscope Reckenholz-T\u00e4nikon (ART) travaille sur une grande palette de sortes. Les activit\u00e9s de s\u00e9lection se basent sur la diversit\u00e9 g\u00e9n\u00e9tique des populations indig\u00e8nes naturelles. Les vari\u00e9t\u00e9s ART se distinguent par leur propri\u00e9t\u00e9s agronomiques de valeur [&hellip;]\" \/>\n<meta property=\"og:url\" content=\"https:\/\/www.swisssem.ch\/fr\/cultures\/graminees\/\" \/>\n<meta property=\"og:site_name\" content=\"swisssem semence suisse\" \/>\n<meta property=\"article:modified_time\" content=\"2025-02-10T07:55:39+00:00\" \/>\n<meta property=\"og:image\" content=\"https:\/\/www.swisssem.ch\/wp-content\/uploads\/2019\/12\/poa2-683x1024.jpg\" \/>\n<meta name=\"twitter:card\" content=\"summary_large_image\" \/>\n<meta name=\"twitter:label1\" content=\"Dur\u00e9e de lecture estim\u00e9e\" \/>\n\t<meta name=\"twitter:data1\" content=\"2 minutes\" \/>\n<script type=\"application\/ld+json\" class=\"yoast-schema-graph\">{\"@context\":\"https:\/\/schema.org\",\"@graph\":[{\"@type\":\"WebPage\",\"@id\":\"https:\/\/www.swisssem.ch\/fr\/cultures\/graminees\/\",\"url\":\"https:\/\/www.swisssem.ch\/fr\/cultures\/graminees\/\",\"name\":\"Gramin\u00e9es - swisssem semence suisse\",\"isPartOf\":{\"@id\":\"https:\/\/www.swisssem.ch\/de\/#website\"},\"primaryImageOfPage\":{\"@id\":\"https:\/\/www.swisssem.ch\/fr\/cultures\/graminees\/#primaryimage\"},\"image\":{\"@id\":\"https:\/\/www.swisssem.ch\/fr\/cultures\/graminees\/#primaryimage\"},\"thumbnailUrl\":\"https:\/\/www.swisssem.ch\/wp-content\/uploads\/2019\/12\/poa2-683x1024.jpg\",\"datePublished\":\"2020-01-21T14:43:02+00:00\",\"dateModified\":\"2025-02-10T07:55:39+00:00\",\"breadcrumb\":{\"@id\":\"https:\/\/www.swisssem.ch\/fr\/cultures\/graminees\/#breadcrumb\"},\"inLanguage\":\"fr-FR\",\"potentialAction\":[{\"@type\":\"ReadAction\",\"target\":[\"https:\/\/www.swisssem.ch\/fr\/cultures\/graminees\/\"]}]},{\"@type\":\"ImageObject\",\"inLanguage\":\"fr-FR\",\"@id\":\"https:\/\/www.swisssem.ch\/fr\/cultures\/graminees\/#primaryimage\",\"url\":\"https:\/\/www.swisssem.ch\/wp-content\/uploads\/2019\/12\/poa2-683x1024.jpg\",\"contentUrl\":\"https:\/\/www.swisssem.ch\/wp-content\/uploads\/2019\/12\/poa2-683x1024.jpg\"},{\"@type\":\"BreadcrumbList\",\"@id\":\"https:\/\/www.swisssem.ch\/fr\/cultures\/graminees\/#breadcrumb\",\"itemListElement\":[{\"@type\":\"ListItem\",\"position\":1,\"name\":\"Home\",\"item\":\"https:\/\/www.swisssem.ch\/fr\/\"},{\"@type\":\"ListItem\",\"position\":2,\"name\":\"Cultures\",\"item\":\"https:\/\/www.swisssem.ch\/fr\/cultures\/\"},{\"@type\":\"ListItem\",\"position\":3,\"name\":\"Gramin\u00e9es\"}]},{\"@type\":\"WebSite\",\"@id\":\"https:\/\/www.swisssem.ch\/de\/#website\",\"url\":\"https:\/\/www.swisssem.ch\/de\/\",\"name\":\"swisssem semence suisse\",\"description\":\"\",\"publisher\":{\"@id\":\"https:\/\/www.swisssem.ch\/de\/#organization\"},\"potentialAction\":[{\"@type\":\"SearchAction\",\"target\":{\"@type\":\"EntryPoint\",\"urlTemplate\":\"https:\/\/www.swisssem.ch\/de\/?s={search_term_string}\"},\"query-input\":{\"@type\":\"PropertyValueSpecification\",\"valueRequired\":true,\"valueName\":\"search_term_string\"}}],\"inLanguage\":\"fr-FR\"},{\"@type\":\"Organization\",\"@id\":\"https:\/\/www.swisssem.ch\/de\/#organization\",\"name\":\"swisssem saatgut schweiz\",\"url\":\"https:\/\/www.swisssem.ch\/de\/\",\"logo\":{\"@type\":\"ImageObject\",\"inLanguage\":\"fr-FR\",\"@id\":\"https:\/\/www.swisssem.ch\/de\/#\/schema\/logo\/image\/\",\"url\":\"https:\/\/www.swisssem.ch\/wp-content\/uploads\/2020\/03\/Logo_swisssem_RGB-1.jpg\",\"contentUrl\":\"https:\/\/www.swisssem.ch\/wp-content\/uploads\/2020\/03\/Logo_swisssem_RGB-1.jpg\",\"width\":1684,\"height\":430,\"caption\":\"swisssem saatgut schweiz\"},\"image\":{\"@id\":\"https:\/\/www.swisssem.ch\/de\/#\/schema\/logo\/image\/\"}}]}<\/script>\n<!-- \/ Yoast SEO plugin. -->","yoast_head_json":{"title":"Gramin\u00e9es - swisssem semence suisse","robots":{"index":"index","follow":"follow","max-snippet":"max-snippet:-1","max-image-preview":"max-image-preview:large","max-video-preview":"max-video-preview:-1"},"canonical":"https:\/\/www.swisssem.ch\/fr\/cultures\/graminees\/","og_locale":"fr_FR","og_type":"article","og_title":"Gramin\u00e9es - swisssem semence suisse","og_description":"Gramin\u00e9es Au pays &nbsp;verdoyant de la Suisse la s\u00e9lection des vari\u00e9t\u00e9s fourrag\u00e8res jouit d\u2019une longue tradition. La station de recherches Agroscope Reckenholz-T\u00e4nikon (ART) travaille sur une grande palette de sortes. Les activit\u00e9s de s\u00e9lection se basent sur la diversit\u00e9 g\u00e9n\u00e9tique des populations indig\u00e8nes naturelles. Les vari\u00e9t\u00e9s ART se distinguent par leur propri\u00e9t\u00e9s agronomiques de valeur [&hellip;]","og_url":"https:\/\/www.swisssem.ch\/fr\/cultures\/graminees\/","og_site_name":"swisssem semence suisse","article_modified_time":"2025-02-10T07:55:39+00:00","og_image":[{"url":"https:\/\/www.swisssem.ch\/wp-content\/uploads\/2019\/12\/poa2-683x1024.jpg","type":"","width":"","height":""}],"twitter_card":"summary_large_image","twitter_misc":{"Dur\u00e9e de lecture estim\u00e9e":"2 minutes"},"schema":{"@context":"https:\/\/schema.org","@graph":[{"@type":"WebPage","@id":"https:\/\/www.swisssem.ch\/fr\/cultures\/graminees\/","url":"https:\/\/www.swisssem.ch\/fr\/cultures\/graminees\/","name":"Gramin\u00e9es - swisssem semence suisse","isPartOf":{"@id":"https:\/\/www.swisssem.ch\/de\/#website"},"primaryImageOfPage":{"@id":"https:\/\/www.swisssem.ch\/fr\/cultures\/graminees\/#primaryimage"},"image":{"@id":"https:\/\/www.swisssem.ch\/fr\/cultures\/graminees\/#primaryimage"},"thumbnailUrl":"https:\/\/www.swisssem.ch\/wp-content\/uploads\/2019\/12\/poa2-683x1024.jpg","datePublished":"2020-01-21T14:43:02+00:00","dateModified":"2025-02-10T07:55:39+00:00","breadcrumb":{"@id":"https:\/\/www.swisssem.ch\/fr\/cultures\/graminees\/#breadcrumb"},"inLanguage":"fr-FR","potentialAction":[{"@type":"ReadAction","target":["https:\/\/www.swisssem.ch\/fr\/cultures\/graminees\/"]}]},{"@type":"ImageObject","inLanguage":"fr-FR","@id":"https:\/\/www.swisssem.ch\/fr\/cultures\/graminees\/#primaryimage","url":"https:\/\/www.swisssem.ch\/wp-content\/uploads\/2019\/12\/poa2-683x1024.jpg","contentUrl":"https:\/\/www.swisssem.ch\/wp-content\/uploads\/2019\/12\/poa2-683x1024.jpg"},{"@type":"BreadcrumbList","@id":"https:\/\/www.swisssem.ch\/fr\/cultures\/graminees\/#breadcrumb","itemListElement":[{"@type":"ListItem","position":1,"name":"Home","item":"https:\/\/www.swisssem.ch\/fr\/"},{"@type":"ListItem","position":2,"name":"Cultures","item":"https:\/\/www.swisssem.ch\/fr\/cultures\/"},{"@type":"ListItem","position":3,"name":"Gramin\u00e9es"}]},{"@type":"WebSite","@id":"https:\/\/www.swisssem.ch\/de\/#website","url":"https:\/\/www.swisssem.ch\/de\/","name":"swisssem semence suisse","description":"","publisher":{"@id":"https:\/\/www.swisssem.ch\/de\/#organization"},"potentialAction":[{"@type":"SearchAction","target":{"@type":"EntryPoint","urlTemplate":"https:\/\/www.swisssem.ch\/de\/?s={search_term_string}"},"query-input":{"@type":"PropertyValueSpecification","valueRequired":true,"valueName":"search_term_string"}}],"inLanguage":"fr-FR"},{"@type":"Organization","@id":"https:\/\/www.swisssem.ch\/de\/#organization","name":"swisssem saatgut schweiz","url":"https:\/\/www.swisssem.ch\/de\/","logo":{"@type":"ImageObject","inLanguage":"fr-FR","@id":"https:\/\/www.swisssem.ch\/de\/#\/schema\/logo\/image\/","url":"https:\/\/www.swisssem.ch\/wp-content\/uploads\/2020\/03\/Logo_swisssem_RGB-1.jpg","contentUrl":"https:\/\/www.swisssem.ch\/wp-content\/uploads\/2020\/03\/Logo_swisssem_RGB-1.jpg","width":1684,"height":430,"caption":"swisssem saatgut schweiz"},"image":{"@id":"https:\/\/www.swisssem.ch\/de\/#\/schema\/logo\/image\/"}}]}},"_links":{"self":[{"href":"https:\/\/www.swisssem.ch\/fr\/wp-json\/wp\/v2\/pages\/2547","targetHints":{"allow":["GET"]}}],"collection":[{"href":"https:\/\/www.swisssem.ch\/fr\/wp-json\/wp\/v2\/pages"}],"about":[{"href":"https:\/\/www.swisssem.ch\/fr\/wp-json\/wp\/v2\/types\/page"}],"author":[{"embeddable":true,"href":"https:\/\/www.swisssem.ch\/fr\/wp-json\/wp\/v2\/users\/7"}],"replies":[{"embeddable":true,"href":"https:\/\/www.swisssem.ch\/fr\/wp-json\/wp\/v2\/comments?post=2547"}],"version-history":[{"count":24,"href":"https:\/\/www.swisssem.ch\/fr\/wp-json\/wp\/v2\/pages\/2547\/revisions"}],"predecessor-version":[{"id":12169,"href":"https:\/\/www.swisssem.ch\/fr\/wp-json\/wp\/v2\/pages\/2547\/revisions\/12169"}],"up":[{"embeddable":true,"href":"https:\/\/www.swisssem.ch\/fr\/wp-json\/wp\/v2\/pages\/2512"}],"wp:attachment":[{"href":"https:\/\/www.swisssem.ch\/fr\/wp-json\/wp\/v2\/media?parent=2547"}],"curies":[{"name":"wp","href":"https:\/\/api.w.org\/{rel}","templated":true}]}}