{"id":2441,"date":"2020-01-21T10:15:08","date_gmt":"2020-01-21T09:15:08","guid":{"rendered":"https:\/\/www.swisssem.ch\/?page_id=2441"},"modified":"2024-05-22T11:44:14","modified_gmt":"2024-05-22T09:44:14","slug":"presentation-swisssem","status":"publish","type":"page","link":"https:\/\/www.swisssem.ch\/fr\/qui-sommes-nous\/presentation-swisssem\/","title":{"rendered":"swisssem"},"content":{"rendered":"\n<p>swisssem est le nom pour la \u201eF\u00e9d\u00e9ration suisse des producteurs de semences\u201c. <\/p>\n\n\n\n<figure class=\"wp-block-image size-large\"><img loading=\"lazy\" decoding=\"async\" width=\"1024\" height=\"678\" src=\"https:\/\/www.swisssem.ch\/wp-content\/uploads\/2023\/01\/DSC_1345-1-1024x678.jpg\" alt=\"\" class=\"wp-image-10570\" srcset=\"https:\/\/www.swisssem.ch\/wp-content\/uploads\/2023\/01\/DSC_1345-1-1024x678.jpg 1024w, https:\/\/www.swisssem.ch\/wp-content\/uploads\/2023\/01\/DSC_1345-1-300x199.jpg 300w, https:\/\/www.swisssem.ch\/wp-content\/uploads\/2023\/01\/DSC_1345-1-768x509.jpg 768w, https:\/\/www.swisssem.ch\/wp-content\/uploads\/2023\/01\/DSC_1345-1-1536x1017.jpg 1536w, https:\/\/www.swisssem.ch\/wp-content\/uploads\/2023\/01\/DSC_1345-1-2048x1356.jpg 2048w\" sizes=\"auto, (max-width: 1024px) 100vw, 1024px\" \/><figcaption class=\"wp-element-caption\">Comit\u00e9 d\u00e8s le 25 janvier 2023, de gauche \u00e0 droite:<br>M. Wietlisbach, C. R\u00fcfenacht (g\u00e9rant), B. Jungo (vice-pr\u00e9sident), SP. Luzi, T. Ritz, M. Egger, L. de Rougemont (pr\u00e9sident), H. von Niederh\u00e4usern, D. Eggimann, F. Bersier, S. Baumgartner, MH. Chevalley<\/figcaption><\/figure>\n\n\n\n<h2 class=\"wp-block-heading\">Buts et t\u00e2ches&nbsp;<\/h2>\n\n\n\n<ol class=\"wp-block-list\">\n<li>Promotion de la production indig\u00e8ne de semences et plants r\u00e9pondant au besoins du march\u00e9<\/li>\n\n\n\n<li>  &nbsp;Repr\u00e9sentation des int\u00e9r\u00eats des multiplicateurs envers les instances officielles, le commerce et les instances publiques<\/li>\n\n\n\n<li>  Coordination de la production des semences et des plants en collaboration avec les \u00e9tablissements multiplicateurs r\u00e9gionales, le commerce ainsi que des s\u00e9lectionneurs &nbsp;<\/li>\n\n\n\n<li>  Organisation et mise en oeuvre de la certification et de l\u2019assurance qualit\u00e9 et collaboration avec Agroscope \/ OFAG &nbsp;Promotion de semences &nbsp;certifi\u00e9es suisses sous le label de semence suisse<\/li>\n<\/ol>\n\n\n\n<p> La soci\u00e9t\u00e9 coop\u00e9rative compte environ 1\u2018300 agriculteurs qui produisent de la semences et de plants de haute qualit\u00e9.&nbsp;  &nbsp;<\/p>\n\n\n\n<h2 class=\"wp-block-heading\">Membres<\/h2>\n\n\n\n<p>Les producteurs de semences qui s\u2019engagent \u00e0 produire des &nbsp;semences et plants certifi\u00e9s selon l\u2019ordonnance de la Conf\u00e9d\u00e9ration &nbsp;et les prescriptions de swisssem peuvent devenir membres actifs &nbsp;de swisssem. Pour \u00eatre affili\u00e9 \u00e0 swisssem, le candidat doit remplir &nbsp;les conditions pr\u00e9alables suivantes:<\/p>\n\n\n\n<p>&#8211; \u00eatre admis en tant que multiplicateur par le Service f\u00e9d\u00e9ral &nbsp;des semences et plants<br>&#8211; avoir un contrat de production avec un \u00e9tablissement &nbsp;multiplicateur reconnu par ce m\u00eame service <br> &#8211; le producteur doit avoir la formation requise <\/p>\n\n\n\n<p>&nbsp;Chaque membre paye une finance d\u2019inscription unique et s\u2019acquitte &nbsp;d\u2019une cotisation annuelle bas\u00e9e sur la quantit\u00e9 vendue. Chaque membre a ainsi le droit de b\u00e9n\u00e9ficier de toutes les prestations de &nbsp;swisssem.<\/p>\n\n\n\n<p><\/p>\n\n\n\n<h2 class=\"wp-block-heading\">Organisation&nbsp;<\/h2>\n\n\n\n<p>swisssem a la forme juridique d&rsquo;une soci\u00e9t\u00e9 coop\u00e9rative. &nbsp;Les producteurs de semences sont admis en tant que membre individuel de swisssem. &nbsp; Au niveau r\u00e9gional, ils sont organis\u00e9s par section (\u00e9tablissement &nbsp; multiplicateur). Ils \u00e9lisent leurs repr\u00e9sentants \u00e0 l\u2019organisme fa\u00eetier, &nbsp; l\u2019assembl\u00e9e des d\u00e9l\u00e9gu\u00e9s.<\/p>\n\n\n\n<p><strong>swisssem est dirig\u00e9e par le comit\u00e9 de 11 membres:&nbsp;<\/strong><\/p>\n\n\n\n<div class=\"wp-block-columns is-layout-flex wp-container-core-columns-is-layout-9d6595d7 wp-block-columns-is-layout-flex\">\n<div class=\"wp-block-column is-layout-flow wp-block-column-is-layout-flow\" style=\"flex-basis:20%\">\n<ul class=\"wp-block-list\">\n<li>Pr\u00e9sident<\/li>\n\n\n\n<li>Vice-Pr\u00e9sident<\/li>\n\n\n\n<li>Membres<\/li>\n<\/ul>\n<\/div>\n\n\n\n<div class=\"wp-block-column is-layout-flow wp-block-column-is-layout-flow\" style=\"flex-basis:80%\">\n<p>de Rougemont Lukas<br>Jungo Benno<br>Baumgartner Samuel<br>Bersier Fabrice<br>Chevalley Merc-Henri<br>Egger Markus<br>Eggimann Daniel<br>Luzi Simon Peter<br>von Niederh\u00e4usern Heinz<br>Peter Didier<br>Ritz Thomas<br>Wietlisbach Markus<\/p>\n\n\n\n<p><\/p>\n<\/div>\n<\/div>\n\n\n\n<h2 class=\"wp-block-heading\">GCS et autres groupes de travail<\/h2>\n\n\n\n<p>Des activit\u00e9s importantes, telles que l\u2019organisation de la production de semences avec les diff\u00e9rents \u00e9tablissements multiplicateurs ainsi que l\u2019all\u00e9gement du march\u00e9 pour les pommes de terre sont trait\u00e9s par le \u00bb Groupe de Coordination semences Suisses \u00bb (GCS). Les quatre plus grands &nbsp;\u00e9tablissements multiplicateurs (ASS, SGD, SEMAG, OSP) sont repr\u00e9sent\u00e9s dans le GCS.&nbsp;<\/p>\n\n\n\n<p><strong>Les t\u00e2ches plus sp\u00e9cifiques sont confi\u00e9es \u00e0 quatre groupes de travail:<\/strong><br>&#8211; GT semence de c\u00e9r\u00e9ales<br>&#8211; GT pommes de terre<br>&#8211; GT fourrag\u00e8res<br>&#8211; GT semence Bio<\/p>\n\n\n\n<p>Dans les groupes de travail il y des repr\u00e9sentants depuis la production jusqu\u2019au commerce. Des collaborateurs de agroscope et des s\u00e9lectionneurs sont invit\u00e9s selon les cultures et les sujets \u00e0 d\u00e9lib\u00e9rer.&nbsp;<\/p>\n\n\n\n<p><\/p>\n\n\n\n<h2 class=\"wp-block-heading\">Gestion\/ Secr\u00e9tariat<\/h2>\n\n\n\n<p>Le comit\u00e9 est soutenu pour des questions sp\u00e9cifiques, organisationnelles et administratives par le g\u00e9rant. Il &nbsp;g\u00e8re le bureau et l&rsquo;application des d\u00e9cisions du comit\u00e9.<\/p>\n\n\n\n<p><strong>G\u00e9rant:<\/strong> R\u00fcfenacht Christof 026 677 90 31<br><strong>Secr\u00e9tariat:<\/strong> Godel Mireille \u00a0026 677 90 33<br><strong>semence suisse: <\/strong>Godel Mireille \u00a0026 677 90 33<br><strong>Comptabilit\u00e9: <\/strong>Lehmann Alain (sur mandat) \u00a0026 677 90 22<\/p>\n\n\n\n<h2 class=\"wp-block-heading\">Semence Suisse<\/h2>\n\n\n\n<p><strong>semence suisse<\/strong> est la marque d\u00e9pos\u00e9e de swisssem. Elle certifie que les semences et les plants ont \u00e9t\u00e9 produits en Suisse par des membres de swisssem et qu&rsquo;ils ont \u00e9t\u00e9 officiellement certifi\u00e9s. Il &nbsp;s&rsquo;agit donc d&rsquo;une certification de qualit\u00e9 et d&rsquo;origine. Les semences et plants qui arborent ce logo r\u00e9pondent aux plus hautes exigences qualitatives. L&rsquo;appellation \u00ab\u00a0Suisse\u00a0\u00bb indique que les semences ont \u00e9t\u00e9 produites en Suisse et qu&rsquo;elles n&rsquo;ont pas fait de longs transports. Des semences certifi\u00e9es import\u00e9es ne peuvent donc pas porter l&rsquo;appellation de <strong>semence suisse<\/strong>.<\/p>\n\n\n<div class=\"wp-block-image\">\n<figure class=\"alignleft size-medium\"><img loading=\"lazy\" decoding=\"async\" width=\"300\" height=\"64\" src=\"https:\/\/www.swisssem.ch\/wp-content\/uploads\/2020\/02\/Logo_saatgutschweiz-semencesuisse_RGB-300x64.png\" alt=\"\" class=\"wp-image-3463\" srcset=\"https:\/\/www.swisssem.ch\/wp-content\/uploads\/2020\/02\/Logo_saatgutschweiz-semencesuisse_RGB-300x64.png 300w, https:\/\/www.swisssem.ch\/wp-content\/uploads\/2020\/02\/Logo_saatgutschweiz-semencesuisse_RGB-768x164.png 768w, https:\/\/www.swisssem.ch\/wp-content\/uploads\/2020\/02\/Logo_saatgutschweiz-semencesuisse_RGB-1024x219.png 1024w, https:\/\/www.swisssem.ch\/wp-content\/uploads\/2020\/02\/Logo_saatgutschweiz-semencesuisse_RGB.png 2014w\" sizes=\"auto, (max-width: 300px) 100vw, 300px\" \/><\/figure>\n<\/div>\n\n\n<div class=\"wp-block-group\"><div class=\"wp-block-group__inner-container is-layout-flow wp-block-group-is-layout-flow\">\n<div class=\"wp-block-columns is-layout-flex wp-container-core-columns-is-layout-9d6595d7 wp-block-columns-is-layout-flex\">\n<div class=\"wp-block-column is-layout-flow wp-block-column-is-layout-flow\"><\/div>\n\n\n\n<div class=\"wp-block-column is-layout-flow wp-block-column-is-layout-flow\"><\/div>\n<\/div>\n<\/div><\/div>\n\n\n\n<p class=\"has-text-align-left\">Vous trouvez de plus amples informations sous :<\/p>\n\n\n\n<p class=\"has-text-align-left\"><a href=\"https:\/\/www.swisssem.ch\/fr\/qui-sommes-nous\/semence-suisse\/\"><strong>semence suisse<\/strong> <\/a><br>swisssem<br>Route de Portalban 40<br>1567 Delley<\/p>\n\n\n\n<div class=\"wp-block-columns is-layout-flex wp-container-core-columns-is-layout-9d6595d7 wp-block-columns-is-layout-flex\">\n<div class=\"wp-block-column is-layout-flow wp-block-column-is-layout-flow\"><\/div>\n\n\n\n<div class=\"wp-block-column is-layout-flow wp-block-column-is-layout-flow\"><\/div>\n<\/div>\n\n\n\n<p><\/p>\n\n\n\n<p><\/p>\n","protected":false},"excerpt":{"rendered":"<p>swisssem est le nom pour la \u201eF\u00e9d\u00e9ration suisse des producteurs de semences\u201c. Buts et t\u00e2ches&nbsp; La soci\u00e9t\u00e9 coop\u00e9rative compte environ 1\u2018300 agriculteurs qui produisent de la semences et de plants de haute qualit\u00e9.&nbsp; &nbsp; Membres Les producteurs de semences qui s\u2019engagent \u00e0 produire des &nbsp;semences et plants certifi\u00e9s selon l\u2019ordonnance de la Conf\u00e9d\u00e9ration &nbsp;et les [&hellip;]<\/p>\n","protected":false},"author":7,"featured_media":0,"parent":2736,"menu_order":186,"comment_status":"closed","ping_status":"closed","template":"","meta":{"_acf_changed":false,"footnotes":""},"class_list":["post-2441","page","type-page","status-publish","hentry"],"acf":[],"yoast_head":"<!-- This site is optimized with the Yoast SEO plugin v27.1.1 - https:\/\/yoast.com\/product\/yoast-seo-wordpress\/ -->\n<title>swisssem - swisssem semence suisse<\/title>\n<meta name=\"robots\" content=\"index, follow, max-snippet:-1, max-image-preview:large, max-video-preview:-1\" \/>\n<link rel=\"canonical\" href=\"https:\/\/www.swisssem.ch\/fr\/qui-sommes-nous\/presentation-swisssem\/\" \/>\n<meta property=\"og:locale\" content=\"fr_FR\" \/>\n<meta property=\"og:type\" content=\"article\" \/>\n<meta property=\"og:title\" content=\"swisssem - swisssem semence suisse\" \/>\n<meta property=\"og:description\" content=\"swisssem est le nom pour la \u201eF\u00e9d\u00e9ration suisse des producteurs de semences\u201c. Buts et t\u00e2ches&nbsp; La soci\u00e9t\u00e9 coop\u00e9rative compte environ 1\u2018300 agriculteurs qui produisent de la semences et de plants de haute qualit\u00e9.&nbsp; &nbsp; Membres Les producteurs de semences qui s\u2019engagent \u00e0 produire des &nbsp;semences et plants certifi\u00e9s selon l\u2019ordonnance de la Conf\u00e9d\u00e9ration &nbsp;et les [&hellip;]\" \/>\n<meta property=\"og:url\" content=\"https:\/\/www.swisssem.ch\/fr\/qui-sommes-nous\/presentation-swisssem\/\" \/>\n<meta property=\"og:site_name\" content=\"swisssem semence suisse\" \/>\n<meta property=\"article:modified_time\" content=\"2024-05-22T09:44:14+00:00\" \/>\n<meta property=\"og:image\" content=\"https:\/\/www.swisssem.ch\/wp-content\/uploads\/2023\/01\/DSC_1345-1-1024x678.jpg\" \/>\n<meta name=\"twitter:card\" content=\"summary_large_image\" \/>\n<meta name=\"twitter:label1\" content=\"Dur\u00e9e de lecture estim\u00e9e\" \/>\n\t<meta name=\"twitter:data1\" content=\"4 minutes\" \/>\n<script type=\"application\/ld+json\" class=\"yoast-schema-graph\">{\"@context\":\"https:\/\/schema.org\",\"@graph\":[{\"@type\":\"WebPage\",\"@id\":\"https:\/\/www.swisssem.ch\/fr\/qui-sommes-nous\/presentation-swisssem\/\",\"url\":\"https:\/\/www.swisssem.ch\/fr\/qui-sommes-nous\/presentation-swisssem\/\",\"name\":\"swisssem - swisssem semence suisse\",\"isPartOf\":{\"@id\":\"https:\/\/www.swisssem.ch\/de\/#website\"},\"primaryImageOfPage\":{\"@id\":\"https:\/\/www.swisssem.ch\/fr\/qui-sommes-nous\/presentation-swisssem\/#primaryimage\"},\"image\":{\"@id\":\"https:\/\/www.swisssem.ch\/fr\/qui-sommes-nous\/presentation-swisssem\/#primaryimage\"},\"thumbnailUrl\":\"https:\/\/www.swisssem.ch\/wp-content\/uploads\/2023\/01\/DSC_1345-1-1024x678.jpg\",\"datePublished\":\"2020-01-21T09:15:08+00:00\",\"dateModified\":\"2024-05-22T09:44:14+00:00\",\"breadcrumb\":{\"@id\":\"https:\/\/www.swisssem.ch\/fr\/qui-sommes-nous\/presentation-swisssem\/#breadcrumb\"},\"inLanguage\":\"fr-FR\",\"potentialAction\":[{\"@type\":\"ReadAction\",\"target\":[\"https:\/\/www.swisssem.ch\/fr\/qui-sommes-nous\/presentation-swisssem\/\"]}]},{\"@type\":\"ImageObject\",\"inLanguage\":\"fr-FR\",\"@id\":\"https:\/\/www.swisssem.ch\/fr\/qui-sommes-nous\/presentation-swisssem\/#primaryimage\",\"url\":\"https:\/\/www.swisssem.ch\/wp-content\/uploads\/2023\/01\/DSC_1345-1-1024x678.jpg\",\"contentUrl\":\"https:\/\/www.swisssem.ch\/wp-content\/uploads\/2023\/01\/DSC_1345-1-1024x678.jpg\"},{\"@type\":\"BreadcrumbList\",\"@id\":\"https:\/\/www.swisssem.ch\/fr\/qui-sommes-nous\/presentation-swisssem\/#breadcrumb\",\"itemListElement\":[{\"@type\":\"ListItem\",\"position\":1,\"name\":\"Home\",\"item\":\"https:\/\/www.swisssem.ch\/fr\/\"},{\"@type\":\"ListItem\",\"position\":2,\"name\":\"Qui sommes nous\",\"item\":\"https:\/\/www.swisssem.ch\/fr\/qui-sommes-nous\/\"},{\"@type\":\"ListItem\",\"position\":3,\"name\":\"swisssem\"}]},{\"@type\":\"WebSite\",\"@id\":\"https:\/\/www.swisssem.ch\/de\/#website\",\"url\":\"https:\/\/www.swisssem.ch\/de\/\",\"name\":\"swisssem semence suisse\",\"description\":\"\",\"publisher\":{\"@id\":\"https:\/\/www.swisssem.ch\/de\/#organization\"},\"potentialAction\":[{\"@type\":\"SearchAction\",\"target\":{\"@type\":\"EntryPoint\",\"urlTemplate\":\"https:\/\/www.swisssem.ch\/de\/?s={search_term_string}\"},\"query-input\":{\"@type\":\"PropertyValueSpecification\",\"valueRequired\":true,\"valueName\":\"search_term_string\"}}],\"inLanguage\":\"fr-FR\"},{\"@type\":\"Organization\",\"@id\":\"https:\/\/www.swisssem.ch\/de\/#organization\",\"name\":\"swisssem saatgut schweiz\",\"url\":\"https:\/\/www.swisssem.ch\/de\/\",\"logo\":{\"@type\":\"ImageObject\",\"inLanguage\":\"fr-FR\",\"@id\":\"https:\/\/www.swisssem.ch\/de\/#\/schema\/logo\/image\/\",\"url\":\"https:\/\/www.swisssem.ch\/wp-content\/uploads\/2020\/03\/Logo_swisssem_RGB-1.jpg\",\"contentUrl\":\"https:\/\/www.swisssem.ch\/wp-content\/uploads\/2020\/03\/Logo_swisssem_RGB-1.jpg\",\"width\":1684,\"height\":430,\"caption\":\"swisssem saatgut schweiz\"},\"image\":{\"@id\":\"https:\/\/www.swisssem.ch\/de\/#\/schema\/logo\/image\/\"}}]}<\/script>\n<!-- \/ Yoast SEO plugin. -->","yoast_head_json":{"title":"swisssem - swisssem semence suisse","robots":{"index":"index","follow":"follow","max-snippet":"max-snippet:-1","max-image-preview":"max-image-preview:large","max-video-preview":"max-video-preview:-1"},"canonical":"https:\/\/www.swisssem.ch\/fr\/qui-sommes-nous\/presentation-swisssem\/","og_locale":"fr_FR","og_type":"article","og_title":"swisssem - swisssem semence suisse","og_description":"swisssem est le nom pour la \u201eF\u00e9d\u00e9ration suisse des producteurs de semences\u201c. Buts et t\u00e2ches&nbsp; La soci\u00e9t\u00e9 coop\u00e9rative compte environ 1\u2018300 agriculteurs qui produisent de la semences et de plants de haute qualit\u00e9.&nbsp; &nbsp; Membres Les producteurs de semences qui s\u2019engagent \u00e0 produire des &nbsp;semences et plants certifi\u00e9s selon l\u2019ordonnance de la Conf\u00e9d\u00e9ration &nbsp;et les [&hellip;]","og_url":"https:\/\/www.swisssem.ch\/fr\/qui-sommes-nous\/presentation-swisssem\/","og_site_name":"swisssem semence suisse","article_modified_time":"2024-05-22T09:44:14+00:00","og_image":[{"url":"https:\/\/www.swisssem.ch\/wp-content\/uploads\/2023\/01\/DSC_1345-1-1024x678.jpg","type":"","width":"","height":""}],"twitter_card":"summary_large_image","twitter_misc":{"Dur\u00e9e de lecture estim\u00e9e":"4 minutes"},"schema":{"@context":"https:\/\/schema.org","@graph":[{"@type":"WebPage","@id":"https:\/\/www.swisssem.ch\/fr\/qui-sommes-nous\/presentation-swisssem\/","url":"https:\/\/www.swisssem.ch\/fr\/qui-sommes-nous\/presentation-swisssem\/","name":"swisssem - swisssem semence suisse","isPartOf":{"@id":"https:\/\/www.swisssem.ch\/de\/#website"},"primaryImageOfPage":{"@id":"https:\/\/www.swisssem.ch\/fr\/qui-sommes-nous\/presentation-swisssem\/#primaryimage"},"image":{"@id":"https:\/\/www.swisssem.ch\/fr\/qui-sommes-nous\/presentation-swisssem\/#primaryimage"},"thumbnailUrl":"https:\/\/www.swisssem.ch\/wp-content\/uploads\/2023\/01\/DSC_1345-1-1024x678.jpg","datePublished":"2020-01-21T09:15:08+00:00","dateModified":"2024-05-22T09:44:14+00:00","breadcrumb":{"@id":"https:\/\/www.swisssem.ch\/fr\/qui-sommes-nous\/presentation-swisssem\/#breadcrumb"},"inLanguage":"fr-FR","potentialAction":[{"@type":"ReadAction","target":["https:\/\/www.swisssem.ch\/fr\/qui-sommes-nous\/presentation-swisssem\/"]}]},{"@type":"ImageObject","inLanguage":"fr-FR","@id":"https:\/\/www.swisssem.ch\/fr\/qui-sommes-nous\/presentation-swisssem\/#primaryimage","url":"https:\/\/www.swisssem.ch\/wp-content\/uploads\/2023\/01\/DSC_1345-1-1024x678.jpg","contentUrl":"https:\/\/www.swisssem.ch\/wp-content\/uploads\/2023\/01\/DSC_1345-1-1024x678.jpg"},{"@type":"BreadcrumbList","@id":"https:\/\/www.swisssem.ch\/fr\/qui-sommes-nous\/presentation-swisssem\/#breadcrumb","itemListElement":[{"@type":"ListItem","position":1,"name":"Home","item":"https:\/\/www.swisssem.ch\/fr\/"},{"@type":"ListItem","position":2,"name":"Qui sommes nous","item":"https:\/\/www.swisssem.ch\/fr\/qui-sommes-nous\/"},{"@type":"ListItem","position":3,"name":"swisssem"}]},{"@type":"WebSite","@id":"https:\/\/www.swisssem.ch\/de\/#website","url":"https:\/\/www.swisssem.ch\/de\/","name":"swisssem semence suisse","description":"","publisher":{"@id":"https:\/\/www.swisssem.ch\/de\/#organization"},"potentialAction":[{"@type":"SearchAction","target":{"@type":"EntryPoint","urlTemplate":"https:\/\/www.swisssem.ch\/de\/?s={search_term_string}"},"query-input":{"@type":"PropertyValueSpecification","valueRequired":true,"valueName":"search_term_string"}}],"inLanguage":"fr-FR"},{"@type":"Organization","@id":"https:\/\/www.swisssem.ch\/de\/#organization","name":"swisssem saatgut schweiz","url":"https:\/\/www.swisssem.ch\/de\/","logo":{"@type":"ImageObject","inLanguage":"fr-FR","@id":"https:\/\/www.swisssem.ch\/de\/#\/schema\/logo\/image\/","url":"https:\/\/www.swisssem.ch\/wp-content\/uploads\/2020\/03\/Logo_swisssem_RGB-1.jpg","contentUrl":"https:\/\/www.swisssem.ch\/wp-content\/uploads\/2020\/03\/Logo_swisssem_RGB-1.jpg","width":1684,"height":430,"caption":"swisssem saatgut schweiz"},"image":{"@id":"https:\/\/www.swisssem.ch\/de\/#\/schema\/logo\/image\/"}}]}},"_links":{"self":[{"href":"https:\/\/www.swisssem.ch\/fr\/wp-json\/wp\/v2\/pages\/2441","targetHints":{"allow":["GET"]}}],"collection":[{"href":"https:\/\/www.swisssem.ch\/fr\/wp-json\/wp\/v2\/pages"}],"about":[{"href":"https:\/\/www.swisssem.ch\/fr\/wp-json\/wp\/v2\/types\/page"}],"author":[{"embeddable":true,"href":"https:\/\/www.swisssem.ch\/fr\/wp-json\/wp\/v2\/users\/7"}],"replies":[{"embeddable":true,"href":"https:\/\/www.swisssem.ch\/fr\/wp-json\/wp\/v2\/comments?post=2441"}],"version-history":[{"count":49,"href":"https:\/\/www.swisssem.ch\/fr\/wp-json\/wp\/v2\/pages\/2441\/revisions"}],"predecessor-version":[{"id":11434,"href":"https:\/\/www.swisssem.ch\/fr\/wp-json\/wp\/v2\/pages\/2441\/revisions\/11434"}],"up":[{"embeddable":true,"href":"https:\/\/www.swisssem.ch\/fr\/wp-json\/wp\/v2\/pages\/2736"}],"wp:attachment":[{"href":"https:\/\/www.swisssem.ch\/fr\/wp-json\/wp\/v2\/media?parent=2441"}],"curies":[{"name":"wp","href":"https:\/\/api.w.org\/{rel}","templated":true}]}}