{"id":2224,"date":"2019-10-23T09:50:56","date_gmt":"2019-10-23T07:50:56","guid":{"rendered":"https:\/\/www.swisssem.ch\/getreide\/"},"modified":"2025-05-19T10:44:58","modified_gmt":"2025-05-19T08:44:58","slug":"cereales","status":"publish","type":"page","link":"https:\/\/www.swisssem.ch\/fr\/cultures\/cereales\/","title":{"rendered":"C\u00e9r\u00e9ales"},"content":{"rendered":"\n<h1 class=\"wp-block-heading\">C\u00e9r\u00e9ales panifiables et fourrag\u00e8res<\/h1>\n\n\n\n<h4 class=\"wp-block-heading\"><img loading=\"lazy\" decoding=\"async\" width=\"45\" height=\"32\" class=\"wp-image-10238\" style=\"width: 45px;\" src=\"https:\/\/www.swisssem.ch\/wp-content\/uploads\/2023\/01\/t\u00e9l\u00e9charger.jpg\" alt=\"\">       <a rel=\"noreferrer noopener\" aria-label=\" (ouverture dans un nouvel onglet)\" href=\"https:\/\/www.youtube.com\/playlist?list=PLqihdwPCDA_BwcTlQwZpRg2eg4CKBlLht\" target=\"_blank\">De la semence au pain<\/a> <\/h4>\n\n\n<div class=\"wp-block-image\">\n<figure class=\"alignright size-large is-resized\"><a href=\"https:\/\/www.youtube.com\/watch?v=RBnLze3Kewk&amp;list=PLqihdwPCDA_BwcTlQwZpRg2eg4CKBlLht\"><img loading=\"lazy\" decoding=\"async\" width=\"1024\" height=\"723\" src=\"https:\/\/www.swisssem.ch\/wp-content\/uploads\/2020\/01\/weizenfeld-1-1024x723.jpg\" alt=\"\" class=\"wp-image-2242\" style=\"width:369px;height:260px\" srcset=\"https:\/\/www.swisssem.ch\/wp-content\/uploads\/2020\/01\/weizenfeld-1-1024x723.jpg 1024w, https:\/\/www.swisssem.ch\/wp-content\/uploads\/2020\/01\/weizenfeld-1-300x212.jpg 300w, https:\/\/www.swisssem.ch\/wp-content\/uploads\/2020\/01\/weizenfeld-1-768x542.jpg 768w\" sizes=\"auto, (max-width: 1024px) 100vw, 1024px\" \/><\/a><\/figure>\n<\/div>\n\n\n<p>La plupart des vari\u00e9t\u00e9s de c\u00e9r\u00e9ales panifiables cit\u00e9es ci-apr\u00e8s sont issues du programme de s\u00e9lection d\u2019Agroscope et <a rel=\"noreferrer noopener\" href=\"https:\/\/www.dsp-delley.ch\/fr\/\" target=\"_blank\">DSP SA<\/a> &nbsp;et sont le mieux adapt\u00e9es aux conditions de cultures en Suisse.<br>Toutes les vari\u00e9t\u00e9s ont pass\u00e9 avec succ\u00e8s les tests s\u00e9v\u00e8res pour l\u2019admission sur la liste recommand\u00e9e de <a rel=\"noreferrer noopener\" href=\"http:\/\/www.swissgranum.ch\/fr_FR\/sortenlisten\" target=\"_blank\">swiss granum<\/a> en collaboration avec Agroscope. Elles sont ainsi le mieux adapt\u00e9es aux conditions climatiques en Suisse et aux besoins du march\u00e9.<\/p>\n\n\n\n<h4 class=\"wp-block-heading\">La liste des vari\u00e9t\u00e9s de c\u00e9r\u00e9ales de swisssem pour la r\u00e9colte 2026 comporte les nouvelles vari\u00e9t\u00e9s suivantes:<\/h4>\n\n\n\n<p>Bl\u00e9 d&rsquo;automne: Pianalto<br>Epeautre : Gletscher<br>Orge d&rsquo;automne : 2 rangs : Aleksandra &#8211; Arthene \/ 6 rangs : Integral &#8211; KWS Antonis &#8211; SY Loona<br>Triticale : Kitesurf<\/p>\n\n\n\n<p><br><\/p>\n\n\n\n<p>Liste vari\u00e9tale pour la r\u00e9colte 2026 :<\/p>\n\n\n\n<!-- downloads component -->\n\t<ul class=\"downloads\">\n\t\t\t\t\t<li>\n\t\t\t\t<figure>\n\t\t\t\t\t<img decoding=\"async\" src=\"https:\/\/www.swisssem.ch\/wp-content\/uploads\/2025\/05\/Saatgetreideprospekte_Ernte_2026_f_2505-pdf.jpg\" alt=\"Saatgetreideprospekte_Ernte_2026_f_2505\">\n\t\t\t\t<\/figure>\n\t\t\t\t<h4>Liste semence suisse<\/h4>\n\t\t\t\t\t\t\t\t<div class=\"download-actions\">\n\t\t\t\t\t<a href=\"https:\/\/www.swisssem.ch\/wp-content\/uploads\/2025\/05\/Saatgetreideprospekte_Ernte_2026_f_2505.pdf\" download class=\"download\">\n\t\t\t\t\t\t<svg xmlns=\"http:\/\/www.w3.org\/2000\/svg\" data-name=\"Ebene 1\" viewBox=\"0 0 23.06 21.64\">\n\t\t\t\t\t\t\t<g stroke=\"#000\" data-name=\"Ebene 1-2\">\n\t\t\t\t\t\t\t\t<path fill=\"none\" stroke-width=\"2\" d=\"M2.29 11.86v8.78h18.46v-8.78\"\/>\n\t\t\t\t\t\t\t\t<path stroke-width=\".25\" d=\"M12.38.13h-1.73v13.41L5.08 7.91l-1.2 1.14 7.65 7.68 7.63-7.68-1.21-1.14-5.57 5.63V.13z\"\/>\n\t\t\t\t\t\t\t<\/g>\n\t\t\t\t\t\t<\/svg>\n\t\t\t\t\t<\/a>\n\t\t\t\t\t<a href=\"https:\/\/www.swisssem.ch\/wp-content\/uploads\/2025\/05\/Saatgetreideprospekte_Ernte_2026_f_2505.pdf\" target=\"_blank\" rel=\"nofollow\" class=\"expand\">\n\t\t\t\t\t\t<svg xmlns=\"http:\/\/www.w3.org\/2000\/svg\" data-name=\"Ebene 1\" viewBox=\"0 0 23 20\">\n\t\t\t\t\t\t\t<g fill=\"none\" stroke=\"#000\" stroke-width=\".89999998\" data-name=\"Ebene 1-2\">\n\t\t\t\t\t\t\t\t<path d=\"M9.48 13.48l-.55-.57-4.65 4.65.01-3.69-.77-.01-.02 5.03 5.04-.01-.01-.78-3.7.03 4.65-4.65zM13.54 13.48l.58-.57 4.65 4.65-.02-3.69.77-.01.02 5.03-5.05-.01.03-.78 3.68.03-4.66-4.65zM9.48 8.18l-.55.56-4.65-4.65.01 3.69-.77.02-.02-5.04 5.04.02-.01.77-3.7-.02 4.65 4.65zM13.54 8.18l.58.56 4.65-4.65-.02 3.69.77.02.02-5.04-5.05.02.03.77 3.68-.02-4.66 4.65z\"\/>\n\t\t\t\t\t\t\t<\/g>\n\t\t\t\t\t\t<\/svg>\n\t\t\t\t\t<\/a>\n\t\t\t\t<\/div>\n\t\t\t\t\n\t\t\t<\/li>\n\t\t\t<\/ul>\n\n<!-- end of downloads component -->\n\n\n\n\n<p>Beaucoup de ces vari\u00e9t\u00e9s list\u00e9es sont aussi multipli\u00e9es en qualit\u00e9 bio.<\/p>\n\n\n\n<p>Seules les semences qui r\u00e9pondent aux exigences de qualit\u00e9 s\u00e9v\u00e8res de la Conf\u00e9d\u00e9ration et de swisssem&nbsp;<br>portent le logo de la marque prot\u00e9g\u00e9e \u201e<strong>semence suisse<\/strong>\u201c.<\/p>\n\n\n\n<p>L\u2019utilisation de semences certifi\u00e9es de vari\u00e9t\u00e9s figurant sur la liste recommand\u00e9e est une condition de base pour pouvoir commercialiser la r\u00e9colte sous le label <a rel=\"noreferrer noopener\" href=\"http:\/\/www.suissegarantie.ch\/\" target=\"_blank\">SUISSE GARANTIE<\/a>.<\/p>\n\n\n\n<div class=\"wp-block-group\"><div class=\"wp-block-group__inner-container is-layout-flow wp-block-group-is-layout-flow\">\n<p><strong>Voici les liens pour les vari\u00e9t\u00e9s selon esp\u00e8ce: <\/strong><\/p>\n<\/div><\/div>\n\n\n\n<!-- linklist component -->\n\n\t<ul class=\"linklist\">\n\t\t\t\t\t<li>\n\t\t\t\t<a href=\"https:\/\/www.swisssem.ch\/fr\/cultures\/cereales\/ble-dautomne\/\" target=\"\">\n\t\t\t\t\t<span>\n\t\t\t\t\t\t<svg xmlns=\"http:\/\/www.w3.org\/2000\/svg\" data-name=\"Ebene 1\" viewBox=\"0 0 23.82 20.35\">\n\t\t\t\t\t\t\t<path d=\"M13.51 20.35L12 18.75l7.56-7.42H0V9h19.52L12 1.6 13.51 0l10.31 10.18z\"\/>\n\t\t\t\t\t\t<\/svg>\n\t\t\t\t\t<\/span>\n\t\t\t\t\tBl\u00e9 d\u2019automne\t\t\t\t<\/a>\n\t\t\t<\/li>\n\t\t\t\t\t<li>\n\t\t\t\t<a href=\"https:\/\/www.swisssem.ch\/fr\/cultures\/cereales\/ble-fourrager\/\" target=\"\">\n\t\t\t\t\t<span>\n\t\t\t\t\t\t<svg xmlns=\"http:\/\/www.w3.org\/2000\/svg\" data-name=\"Ebene 1\" viewBox=\"0 0 23.82 20.35\">\n\t\t\t\t\t\t\t<path d=\"M13.51 20.35L12 18.75l7.56-7.42H0V9h19.52L12 1.6 13.51 0l10.31 10.18z\"\/>\n\t\t\t\t\t\t<\/svg>\n\t\t\t\t\t<\/span>\n\t\t\t\t\tBl\u00e9 fourrager\t\t\t\t<\/a>\n\t\t\t<\/li>\n\t\t\t\t\t<li>\n\t\t\t\t<a href=\"https:\/\/www.swisssem.ch\/fr\/cultures\/cereales\/ble-de-printemps\/\" target=\"\">\n\t\t\t\t\t<span>\n\t\t\t\t\t\t<svg xmlns=\"http:\/\/www.w3.org\/2000\/svg\" data-name=\"Ebene 1\" viewBox=\"0 0 23.82 20.35\">\n\t\t\t\t\t\t\t<path d=\"M13.51 20.35L12 18.75l7.56-7.42H0V9h19.52L12 1.6 13.51 0l10.31 10.18z\"\/>\n\t\t\t\t\t\t<\/svg>\n\t\t\t\t\t<\/span>\n\t\t\t\t\tBl\u00e9 de printemps\t\t\t\t<\/a>\n\t\t\t<\/li>\n\t\t\t\t\t<li>\n\t\t\t\t<a href=\"https:\/\/www.swisssem.ch\/fr\/cultures\/cereales\/epeautre\/\" target=\"\">\n\t\t\t\t\t<span>\n\t\t\t\t\t\t<svg xmlns=\"http:\/\/www.w3.org\/2000\/svg\" data-name=\"Ebene 1\" viewBox=\"0 0 23.82 20.35\">\n\t\t\t\t\t\t\t<path d=\"M13.51 20.35L12 18.75l7.56-7.42H0V9h19.52L12 1.6 13.51 0l10.31 10.18z\"\/>\n\t\t\t\t\t\t<\/svg>\n\t\t\t\t\t<\/span>\n\t\t\t\t\tEpeautre\t\t\t\t<\/a>\n\t\t\t<\/li>\n\t\t\t\t\t<li>\n\t\t\t\t<a href=\"https:\/\/www.swisssem.ch\/fr\/cultures\/cereales\/seigle-dautomne\/\" target=\"\">\n\t\t\t\t\t<span>\n\t\t\t\t\t\t<svg xmlns=\"http:\/\/www.w3.org\/2000\/svg\" data-name=\"Ebene 1\" viewBox=\"0 0 23.82 20.35\">\n\t\t\t\t\t\t\t<path d=\"M13.51 20.35L12 18.75l7.56-7.42H0V9h19.52L12 1.6 13.51 0l10.31 10.18z\"\/>\n\t\t\t\t\t\t<\/svg>\n\t\t\t\t\t<\/span>\n\t\t\t\t\tSeigle d\u2019automne\t\t\t\t<\/a>\n\t\t\t<\/li>\n\t\t\t\t\t<li>\n\t\t\t\t<a href=\"https:\/\/www.swisssem.ch\/fr\/cultures\/cereales\/orge-dautomne\/\" target=\"\">\n\t\t\t\t\t<span>\n\t\t\t\t\t\t<svg xmlns=\"http:\/\/www.w3.org\/2000\/svg\" data-name=\"Ebene 1\" viewBox=\"0 0 23.82 20.35\">\n\t\t\t\t\t\t\t<path d=\"M13.51 20.35L12 18.75l7.56-7.42H0V9h19.52L12 1.6 13.51 0l10.31 10.18z\"\/>\n\t\t\t\t\t\t<\/svg>\n\t\t\t\t\t<\/span>\n\t\t\t\t\tOrge d\u2019automne\t\t\t\t<\/a>\n\t\t\t<\/li>\n\t\t\t\t\t<li>\n\t\t\t\t<a href=\"https:\/\/www.swisssem.ch\/fr\/cultures\/cereales\/orge-de-printemps\/\" target=\"\">\n\t\t\t\t\t<span>\n\t\t\t\t\t\t<svg xmlns=\"http:\/\/www.w3.org\/2000\/svg\" data-name=\"Ebene 1\" viewBox=\"0 0 23.82 20.35\">\n\t\t\t\t\t\t\t<path d=\"M13.51 20.35L12 18.75l7.56-7.42H0V9h19.52L12 1.6 13.51 0l10.31 10.18z\"\/>\n\t\t\t\t\t\t<\/svg>\n\t\t\t\t\t<\/span>\n\t\t\t\t\tOrge de printemps\t\t\t\t<\/a>\n\t\t\t<\/li>\n\t\t\t\t\t<li>\n\t\t\t\t<a href=\"https:\/\/www.swisssem.ch\/fr\/cultures\/cereales\/wechseltriticale\/\" target=\"\">\n\t\t\t\t\t<span>\n\t\t\t\t\t\t<svg xmlns=\"http:\/\/www.w3.org\/2000\/svg\" data-name=\"Ebene 1\" viewBox=\"0 0 23.82 20.35\">\n\t\t\t\t\t\t\t<path d=\"M13.51 20.35L12 18.75l7.56-7.42H0V9h19.52L12 1.6 13.51 0l10.31 10.18z\"\/>\n\t\t\t\t\t\t<\/svg>\n\t\t\t\t\t<\/span>\n\t\t\t\t\tTriticale alternatif\t\t\t\t<\/a>\n\t\t\t<\/li>\n\t\t\t\t\t<li>\n\t\t\t\t<a href=\"https:\/\/www.swisssem.ch\/fr\/cultures\/cereales\/triticale-dautomne\/\" target=\"\">\n\t\t\t\t\t<span>\n\t\t\t\t\t\t<svg xmlns=\"http:\/\/www.w3.org\/2000\/svg\" data-name=\"Ebene 1\" viewBox=\"0 0 23.82 20.35\">\n\t\t\t\t\t\t\t<path d=\"M13.51 20.35L12 18.75l7.56-7.42H0V9h19.52L12 1.6 13.51 0l10.31 10.18z\"\/>\n\t\t\t\t\t\t<\/svg>\n\t\t\t\t\t<\/span>\n\t\t\t\t\tTriticale d\u2019automne\t\t\t\t<\/a>\n\t\t\t<\/li>\n\t\t\t\t\t<li>\n\t\t\t\t<a href=\"https:\/\/www.swisssem.ch\/fr\/cultures\/cereales\/avoine\/\" target=\"\">\n\t\t\t\t\t<span>\n\t\t\t\t\t\t<svg xmlns=\"http:\/\/www.w3.org\/2000\/svg\" data-name=\"Ebene 1\" viewBox=\"0 0 23.82 20.35\">\n\t\t\t\t\t\t\t<path d=\"M13.51 20.35L12 18.75l7.56-7.42H0V9h19.52L12 1.6 13.51 0l10.31 10.18z\"\/>\n\t\t\t\t\t\t<\/svg>\n\t\t\t\t\t<\/span>\n\t\t\t\t\tAvoine\t\t\t\t<\/a>\n\t\t\t<\/li>\n\t\t\t<\/ul>\n<!-- end of linklist component -->\n\n\n\n\n<p><\/p>\n\n\n\n<div class=\"wp-block-group\"><div class=\"wp-block-group__inner-container is-layout-flow wp-block-group-is-layout-flow\">\n<div class=\"wp-block-group\"><div class=\"wp-block-group__inner-container is-layout-flow wp-block-group-is-layout-flow\"><\/div><\/div>\n<\/div><\/div>\n","protected":false},"excerpt":{"rendered":"<p>C\u00e9r\u00e9ales panifiables et fourrag\u00e8res De la semence au pain La plupart des vari\u00e9t\u00e9s de c\u00e9r\u00e9ales panifiables cit\u00e9es ci-apr\u00e8s sont issues du programme de s\u00e9lection d\u2019Agroscope et DSP SA &nbsp;et sont le mieux adapt\u00e9es aux conditions de cultures en Suisse.Toutes les vari\u00e9t\u00e9s ont pass\u00e9 avec succ\u00e8s les tests s\u00e9v\u00e8res pour l\u2019admission sur la liste recommand\u00e9e de [&hellip;]<\/p>\n","protected":false},"author":7,"featured_media":0,"parent":2512,"menu_order":210,"comment_status":"closed","ping_status":"closed","template":"","meta":{"_acf_changed":false,"footnotes":""},"class_list":["post-2224","page","type-page","status-publish","hentry"],"acf":[],"yoast_head":"<!-- This site is optimized with the Yoast SEO plugin v27.1.1 - https:\/\/yoast.com\/product\/yoast-seo-wordpress\/ -->\n<title>C\u00e9r\u00e9ales - swisssem semence suisse<\/title>\n<meta name=\"robots\" content=\"index, follow, max-snippet:-1, max-image-preview:large, max-video-preview:-1\" \/>\n<link rel=\"canonical\" href=\"https:\/\/www.swisssem.ch\/fr\/cultures\/cereales\/\" \/>\n<meta property=\"og:locale\" content=\"fr_FR\" \/>\n<meta property=\"og:type\" content=\"article\" \/>\n<meta property=\"og:title\" content=\"C\u00e9r\u00e9ales - swisssem semence suisse\" \/>\n<meta property=\"og:description\" content=\"C\u00e9r\u00e9ales panifiables et fourrag\u00e8res De la semence au pain La plupart des vari\u00e9t\u00e9s de c\u00e9r\u00e9ales panifiables cit\u00e9es ci-apr\u00e8s sont issues du programme de s\u00e9lection d\u2019Agroscope et DSP SA &nbsp;et sont le mieux adapt\u00e9es aux conditions de cultures en Suisse.Toutes les vari\u00e9t\u00e9s ont pass\u00e9 avec succ\u00e8s les tests s\u00e9v\u00e8res pour l\u2019admission sur la liste recommand\u00e9e de [&hellip;]\" \/>\n<meta property=\"og:url\" content=\"https:\/\/www.swisssem.ch\/fr\/cultures\/cereales\/\" \/>\n<meta property=\"og:site_name\" content=\"swisssem semence suisse\" \/>\n<meta property=\"article:modified_time\" content=\"2025-05-19T08:44:58+00:00\" \/>\n<meta property=\"og:image\" content=\"https:\/\/www.swisssem.ch\/wp-content\/uploads\/2020\/01\/weizenfeld-1-1024x723.jpg\" \/>\n<meta name=\"twitter:card\" content=\"summary_large_image\" \/>\n<meta name=\"twitter:label1\" content=\"Dur\u00e9e de lecture estim\u00e9e\" \/>\n\t<meta name=\"twitter:data1\" content=\"2 minutes\" \/>\n<script type=\"application\/ld+json\" class=\"yoast-schema-graph\">{\"@context\":\"https:\/\/schema.org\",\"@graph\":[{\"@type\":\"WebPage\",\"@id\":\"https:\/\/www.swisssem.ch\/fr\/cultures\/cereales\/\",\"url\":\"https:\/\/www.swisssem.ch\/fr\/cultures\/cereales\/\",\"name\":\"C\u00e9r\u00e9ales - swisssem semence suisse\",\"isPartOf\":{\"@id\":\"https:\/\/www.swisssem.ch\/de\/#website\"},\"primaryImageOfPage\":{\"@id\":\"https:\/\/www.swisssem.ch\/fr\/cultures\/cereales\/#primaryimage\"},\"image\":{\"@id\":\"https:\/\/www.swisssem.ch\/fr\/cultures\/cereales\/#primaryimage\"},\"thumbnailUrl\":\"https:\/\/www.swisssem.ch\/wp-content\/uploads\/2020\/01\/weizenfeld-1-1024x723.jpg\",\"datePublished\":\"2019-10-23T07:50:56+00:00\",\"dateModified\":\"2025-05-19T08:44:58+00:00\",\"breadcrumb\":{\"@id\":\"https:\/\/www.swisssem.ch\/fr\/cultures\/cereales\/#breadcrumb\"},\"inLanguage\":\"fr-FR\",\"potentialAction\":[{\"@type\":\"ReadAction\",\"target\":[\"https:\/\/www.swisssem.ch\/fr\/cultures\/cereales\/\"]}]},{\"@type\":\"ImageObject\",\"inLanguage\":\"fr-FR\",\"@id\":\"https:\/\/www.swisssem.ch\/fr\/cultures\/cereales\/#primaryimage\",\"url\":\"https:\/\/www.swisssem.ch\/wp-content\/uploads\/2020\/01\/weizenfeld-1-1024x723.jpg\",\"contentUrl\":\"https:\/\/www.swisssem.ch\/wp-content\/uploads\/2020\/01\/weizenfeld-1-1024x723.jpg\"},{\"@type\":\"BreadcrumbList\",\"@id\":\"https:\/\/www.swisssem.ch\/fr\/cultures\/cereales\/#breadcrumb\",\"itemListElement\":[{\"@type\":\"ListItem\",\"position\":1,\"name\":\"Home\",\"item\":\"https:\/\/www.swisssem.ch\/fr\/\"},{\"@type\":\"ListItem\",\"position\":2,\"name\":\"Cultures\",\"item\":\"https:\/\/www.swisssem.ch\/fr\/cultures\/\"},{\"@type\":\"ListItem\",\"position\":3,\"name\":\"C\u00e9r\u00e9ales\"}]},{\"@type\":\"WebSite\",\"@id\":\"https:\/\/www.swisssem.ch\/de\/#website\",\"url\":\"https:\/\/www.swisssem.ch\/de\/\",\"name\":\"swisssem semence suisse\",\"description\":\"\",\"publisher\":{\"@id\":\"https:\/\/www.swisssem.ch\/de\/#organization\"},\"potentialAction\":[{\"@type\":\"SearchAction\",\"target\":{\"@type\":\"EntryPoint\",\"urlTemplate\":\"https:\/\/www.swisssem.ch\/de\/?s={search_term_string}\"},\"query-input\":{\"@type\":\"PropertyValueSpecification\",\"valueRequired\":true,\"valueName\":\"search_term_string\"}}],\"inLanguage\":\"fr-FR\"},{\"@type\":\"Organization\",\"@id\":\"https:\/\/www.swisssem.ch\/de\/#organization\",\"name\":\"swisssem saatgut schweiz\",\"url\":\"https:\/\/www.swisssem.ch\/de\/\",\"logo\":{\"@type\":\"ImageObject\",\"inLanguage\":\"fr-FR\",\"@id\":\"https:\/\/www.swisssem.ch\/de\/#\/schema\/logo\/image\/\",\"url\":\"https:\/\/www.swisssem.ch\/wp-content\/uploads\/2020\/03\/Logo_swisssem_RGB-1.jpg\",\"contentUrl\":\"https:\/\/www.swisssem.ch\/wp-content\/uploads\/2020\/03\/Logo_swisssem_RGB-1.jpg\",\"width\":1684,\"height\":430,\"caption\":\"swisssem saatgut schweiz\"},\"image\":{\"@id\":\"https:\/\/www.swisssem.ch\/de\/#\/schema\/logo\/image\/\"}}]}<\/script>\n<!-- \/ Yoast SEO plugin. -->","yoast_head_json":{"title":"C\u00e9r\u00e9ales - swisssem semence suisse","robots":{"index":"index","follow":"follow","max-snippet":"max-snippet:-1","max-image-preview":"max-image-preview:large","max-video-preview":"max-video-preview:-1"},"canonical":"https:\/\/www.swisssem.ch\/fr\/cultures\/cereales\/","og_locale":"fr_FR","og_type":"article","og_title":"C\u00e9r\u00e9ales - swisssem semence suisse","og_description":"C\u00e9r\u00e9ales panifiables et fourrag\u00e8res De la semence au pain La plupart des vari\u00e9t\u00e9s de c\u00e9r\u00e9ales panifiables cit\u00e9es ci-apr\u00e8s sont issues du programme de s\u00e9lection d\u2019Agroscope et DSP SA &nbsp;et sont le mieux adapt\u00e9es aux conditions de cultures en Suisse.Toutes les vari\u00e9t\u00e9s ont pass\u00e9 avec succ\u00e8s les tests s\u00e9v\u00e8res pour l\u2019admission sur la liste recommand\u00e9e de [&hellip;]","og_url":"https:\/\/www.swisssem.ch\/fr\/cultures\/cereales\/","og_site_name":"swisssem semence suisse","article_modified_time":"2025-05-19T08:44:58+00:00","og_image":[{"url":"https:\/\/www.swisssem.ch\/wp-content\/uploads\/2020\/01\/weizenfeld-1-1024x723.jpg","type":"","width":"","height":""}],"twitter_card":"summary_large_image","twitter_misc":{"Dur\u00e9e de lecture estim\u00e9e":"2 minutes"},"schema":{"@context":"https:\/\/schema.org","@graph":[{"@type":"WebPage","@id":"https:\/\/www.swisssem.ch\/fr\/cultures\/cereales\/","url":"https:\/\/www.swisssem.ch\/fr\/cultures\/cereales\/","name":"C\u00e9r\u00e9ales - swisssem semence suisse","isPartOf":{"@id":"https:\/\/www.swisssem.ch\/de\/#website"},"primaryImageOfPage":{"@id":"https:\/\/www.swisssem.ch\/fr\/cultures\/cereales\/#primaryimage"},"image":{"@id":"https:\/\/www.swisssem.ch\/fr\/cultures\/cereales\/#primaryimage"},"thumbnailUrl":"https:\/\/www.swisssem.ch\/wp-content\/uploads\/2020\/01\/weizenfeld-1-1024x723.jpg","datePublished":"2019-10-23T07:50:56+00:00","dateModified":"2025-05-19T08:44:58+00:00","breadcrumb":{"@id":"https:\/\/www.swisssem.ch\/fr\/cultures\/cereales\/#breadcrumb"},"inLanguage":"fr-FR","potentialAction":[{"@type":"ReadAction","target":["https:\/\/www.swisssem.ch\/fr\/cultures\/cereales\/"]}]},{"@type":"ImageObject","inLanguage":"fr-FR","@id":"https:\/\/www.swisssem.ch\/fr\/cultures\/cereales\/#primaryimage","url":"https:\/\/www.swisssem.ch\/wp-content\/uploads\/2020\/01\/weizenfeld-1-1024x723.jpg","contentUrl":"https:\/\/www.swisssem.ch\/wp-content\/uploads\/2020\/01\/weizenfeld-1-1024x723.jpg"},{"@type":"BreadcrumbList","@id":"https:\/\/www.swisssem.ch\/fr\/cultures\/cereales\/#breadcrumb","itemListElement":[{"@type":"ListItem","position":1,"name":"Home","item":"https:\/\/www.swisssem.ch\/fr\/"},{"@type":"ListItem","position":2,"name":"Cultures","item":"https:\/\/www.swisssem.ch\/fr\/cultures\/"},{"@type":"ListItem","position":3,"name":"C\u00e9r\u00e9ales"}]},{"@type":"WebSite","@id":"https:\/\/www.swisssem.ch\/de\/#website","url":"https:\/\/www.swisssem.ch\/de\/","name":"swisssem semence suisse","description":"","publisher":{"@id":"https:\/\/www.swisssem.ch\/de\/#organization"},"potentialAction":[{"@type":"SearchAction","target":{"@type":"EntryPoint","urlTemplate":"https:\/\/www.swisssem.ch\/de\/?s={search_term_string}"},"query-input":{"@type":"PropertyValueSpecification","valueRequired":true,"valueName":"search_term_string"}}],"inLanguage":"fr-FR"},{"@type":"Organization","@id":"https:\/\/www.swisssem.ch\/de\/#organization","name":"swisssem saatgut schweiz","url":"https:\/\/www.swisssem.ch\/de\/","logo":{"@type":"ImageObject","inLanguage":"fr-FR","@id":"https:\/\/www.swisssem.ch\/de\/#\/schema\/logo\/image\/","url":"https:\/\/www.swisssem.ch\/wp-content\/uploads\/2020\/03\/Logo_swisssem_RGB-1.jpg","contentUrl":"https:\/\/www.swisssem.ch\/wp-content\/uploads\/2020\/03\/Logo_swisssem_RGB-1.jpg","width":1684,"height":430,"caption":"swisssem saatgut schweiz"},"image":{"@id":"https:\/\/www.swisssem.ch\/de\/#\/schema\/logo\/image\/"}}]}},"_links":{"self":[{"href":"https:\/\/www.swisssem.ch\/fr\/wp-json\/wp\/v2\/pages\/2224","targetHints":{"allow":["GET"]}}],"collection":[{"href":"https:\/\/www.swisssem.ch\/fr\/wp-json\/wp\/v2\/pages"}],"about":[{"href":"https:\/\/www.swisssem.ch\/fr\/wp-json\/wp\/v2\/types\/page"}],"author":[{"embeddable":true,"href":"https:\/\/www.swisssem.ch\/fr\/wp-json\/wp\/v2\/users\/7"}],"replies":[{"embeddable":true,"href":"https:\/\/www.swisssem.ch\/fr\/wp-json\/wp\/v2\/comments?post=2224"}],"version-history":[{"count":125,"href":"https:\/\/www.swisssem.ch\/fr\/wp-json\/wp\/v2\/pages\/2224\/revisions"}],"predecessor-version":[{"id":12360,"href":"https:\/\/www.swisssem.ch\/fr\/wp-json\/wp\/v2\/pages\/2224\/revisions\/12360"}],"up":[{"embeddable":true,"href":"https:\/\/www.swisssem.ch\/fr\/wp-json\/wp\/v2\/pages\/2512"}],"wp:attachment":[{"href":"https:\/\/www.swisssem.ch\/fr\/wp-json\/wp\/v2\/media?parent=2224"}],"curies":[{"name":"wp","href":"https:\/\/api.w.org\/{rel}","templated":true}]}}