{"id":10487,"date":"2023-01-30T11:23:43","date_gmt":"2023-01-30T10:23:43","guid":{"rendered":"https:\/\/www.swisssem.ch\/espace-membres\/archives-newsletter\/newsletter-februar-2023\/vorstellung-der-neuen-vorstandsmitgliedern-2023\/"},"modified":"2023-01-30T14:39:14","modified_gmt":"2023-01-30T13:39:14","slug":"vorstellung-der-neuen-vorstandsmitgliedern-2023","status":"publish","type":"page","link":"https:\/\/www.swisssem.ch\/fr\/espace-membres\/archiv_newsletter\/newsletter-februar-2023\/vorstellung-der-neuen-vorstandsmitgliedern-2023\/","title":{"rendered":"Pr\u00e9sentation des nouveaux membres du comit\u00e9 2023"},"content":{"rendered":"\n<h2 class=\"wp-block-heading\">Pr\u00e9sentation des nouveaux membres du comit\u00e9 2023<\/h2>\n\n\n\n<div class=\"wp-block-columns is-layout-flex wp-container-core-columns-is-layout-9d6595d7 wp-block-columns-is-layout-flex\">\n<div class=\"wp-block-column is-layout-flow wp-block-column-is-layout-flow\" style=\"flex-basis:33.33%\">\n<figure class=\"wp-block-image size-large\"><img loading=\"lazy\" decoding=\"async\" width=\"833\" height=\"1023\" src=\"https:\/\/www.swisssem.ch\/wp-content\/uploads\/2023\/01\/PS-Luzi.jpg\" alt=\"\" class=\"wp-image-10443\" srcset=\"https:\/\/www.swisssem.ch\/wp-content\/uploads\/2023\/01\/PS-Luzi.jpg 833w, https:\/\/www.swisssem.ch\/wp-content\/uploads\/2023\/01\/PS-Luzi-244x300.jpg 244w, https:\/\/www.swisssem.ch\/wp-content\/uploads\/2023\/01\/PS-Luzi-768x943.jpg 768w\" sizes=\"auto, (max-width: 833px) 100vw, 833px\" \/><\/figure>\n<\/div>\n\n\n\n<div class=\"wp-block-column is-layout-flow wp-block-column-is-layout-flow\" style=\"flex-basis:66.66%\">\n<p><strong>Simon Peter Luzi (OSP), <\/strong>\u00e2g\u00e9 g\u00e9 de 33 ans, mari\u00e9 et p\u00e8re d\u2019une fille, il est domicili\u00e9 \u00e0 Domat\/Ems.<br>Dipl\u00f4m\u00e9 de l\u2019EPFZ, M. Luzi est directeur de l\u2019exploitation agricole de l\u2019\u00e9tablissement p\u00e9nitencier de Realta \u00e0 Thussis (GR) qui dispose de 130 ha SAU et son propre alpage.<br>On y cultive des semences de c\u00e9r\u00e9ales d\u2019automne, d\u2019avoine et d\u2019\u00e9peautre ainsi que des pommes de terre pour la vente directe et l\u2019industrie. Les c\u00e9r\u00e9ales et le ma\u00efs d\u2019ensilage font \u00e9galement partie des cultures ainsi que des l\u00e9gumes et des fruits pour la vente directe.<br>Simon Peter est responsable du cheptel, qui comprend des vaches laiti\u00e8res, des bovins d\u2019engraissement et des porcs d\u2019engraissement.<br>Simon Peter Luzi est membre du comit\u00e9 directeur de l\u2019OSP et y tient le proc\u00e8s-verbal<\/p>\n<\/div>\n<\/div>\n\n\n\n<div class=\"wp-block-columns is-layout-flex wp-container-core-columns-is-layout-9d6595d7 wp-block-columns-is-layout-flex\">\n<div class=\"wp-block-column is-layout-flow wp-block-column-is-layout-flow\" style=\"flex-basis:33.33%\">\n<figure class=\"wp-block-image size-large\"><img loading=\"lazy\" decoding=\"async\" width=\"709\" height=\"861\" src=\"https:\/\/www.swisssem.ch\/wp-content\/uploads\/2023\/01\/D-Eggimann.jpg\" alt=\"\" class=\"wp-image-10445\" srcset=\"https:\/\/www.swisssem.ch\/wp-content\/uploads\/2023\/01\/D-Eggimann.jpg 709w, https:\/\/www.swisssem.ch\/wp-content\/uploads\/2023\/01\/D-Eggimann-247x300.jpg 247w\" sizes=\"auto, (max-width: 709px) 100vw, 709px\" \/><\/figure>\n<\/div>\n\n\n\n<div class=\"wp-block-column is-layout-flow wp-block-column-is-layout-flow\" style=\"flex-basis:66.66%\">\n<p><strong>Daniel Eggimann (SEMAG)<\/strong>, 50 ans, domicili\u00e9 \u00e0 Zollbr\u00fcck, mari\u00e9 et p\u00e8re de 4 enfants adultes. Ma\u00e7on de formation, il est aussi agriculteur avec brevet f\u00e9d\u00e9ral.<br>En 2001, Daniel Eggimann a repris l\u2019exploitation de ses parents avec des remontes d\u2019engraissement, l\u2019\u00e9levage de vaches m\u00e8res, les grandes cultures et les travaux pour tiers.<br>Sur les 19,5 ha, environ 3,5 ha de plants de pommes de terre et environ 5 ha de semences de c\u00e9r\u00e9ales sont cultiv\u00e9s pour la SEMAG. Le reste de la surface est utilis\u00e9 pour la culture fourrag\u00e8re.<br>Dans la r\u00e9gion de l\u2019Emmental, Daniel se charge d\u2019une partie de la plantation des pommes de terre et du d\u00e9fanage pour d\u2019autres coll\u00e8gues. Il est \u00e9galement employ\u00e9 \u00e0 la centrale des plants de pommes de terre d\u2019Emmenmatt.<br>Daniel Eggimann est visiteur de cultures et \u00e9galement membre du conseil d\u2019adminsitration de SEMAG depuis 2018.<\/p>\n\n\n\n<p><\/p>\n<\/div>\n<\/div>\n\n\n\n<h2 class=\"wp-block-heading\">Comit\u00e9 d\u00e8s le 25.01.2023<\/h2>\n\n\n\n<figure class=\"wp-block-image size-large\"><img loading=\"lazy\" decoding=\"async\" width=\"1024\" height=\"580\" src=\"https:\/\/www.swisssem.ch\/wp-content\/uploads\/2023\/01\/Nouveau-comit\u00e9-2023-1024x580.jpg\" alt=\"\" class=\"wp-image-10474\" srcset=\"https:\/\/www.swisssem.ch\/wp-content\/uploads\/2023\/01\/Nouveau-comit\u00e9-2023-1024x580.jpg 1024w, https:\/\/www.swisssem.ch\/wp-content\/uploads\/2023\/01\/Nouveau-comit\u00e9-2023-300x170.jpg 300w, https:\/\/www.swisssem.ch\/wp-content\/uploads\/2023\/01\/Nouveau-comit\u00e9-2023-768x435.jpg 768w, https:\/\/www.swisssem.ch\/wp-content\/uploads\/2023\/01\/Nouveau-comit\u00e9-2023-1536x871.jpg 1536w, https:\/\/www.swisssem.ch\/wp-content\/uploads\/2023\/01\/Nouveau-comit\u00e9-2023-2048x1161.jpg 2048w\" sizes=\"auto, (max-width: 1024px) 100vw, 1024px\" \/><figcaption>Devant de gauche \u00e0 droite: M. Wietlisbach,  SP Luzi, L. de Rougemont, D. Eggimann, S. Baumgartner<br>Derri\u00e8re:  C. R\u00fcfenacht, B. Jungo, Th. Ritz, M. Egger, H. von Niederh\u00e4usern, F. Bersier, MH Chevalley<\/figcaption><\/figure>\n","protected":false},"excerpt":{"rendered":"<p>Pr\u00e9sentation des nouveaux membres du comit\u00e9 2023 Simon Peter Luzi (OSP), \u00e2g\u00e9 g\u00e9 de 33 ans, mari\u00e9 et p\u00e8re d\u2019une fille, il est domicili\u00e9 \u00e0 Domat\/Ems.Dipl\u00f4m\u00e9 de l\u2019EPFZ, M. Luzi est directeur de l\u2019exploitation agricole de l\u2019\u00e9tablissement p\u00e9nitencier de Realta \u00e0 Thussis (GR) qui dispose de 130 ha SAU et son propre alpage.On y cultive [&hellip;]<\/p>\n","protected":false},"author":6,"featured_media":0,"parent":10416,"menu_order":62,"comment_status":"closed","ping_status":"closed","template":"","meta":{"_acf_changed":false,"footnotes":""},"class_list":["post-10487","page","type-page","status-publish","hentry"],"acf":[],"yoast_head":"<!-- This site is optimized with the Yoast SEO plugin v27.1.1 - https:\/\/yoast.com\/product\/yoast-seo-wordpress\/ -->\n<title>Pr\u00e9sentation des nouveaux membres du comit\u00e9 2023 - swisssem semence suisse<\/title>\n<meta name=\"robots\" content=\"index, follow, max-snippet:-1, max-image-preview:large, max-video-preview:-1\" \/>\n<link rel=\"canonical\" href=\"https:\/\/www.swisssem.ch\/fr\/espace-membres\/archiv_newsletter\/newsletter-februar-2023\/vorstellung-der-neuen-vorstandsmitgliedern-2023\/\" \/>\n<meta property=\"og:locale\" content=\"fr_FR\" \/>\n<meta property=\"og:type\" content=\"article\" \/>\n<meta property=\"og:title\" content=\"Pr\u00e9sentation des nouveaux membres du comit\u00e9 2023 - swisssem semence suisse\" \/>\n<meta property=\"og:description\" content=\"Pr\u00e9sentation des nouveaux membres du comit\u00e9 2023 Simon Peter Luzi (OSP), \u00e2g\u00e9 g\u00e9 de 33 ans, mari\u00e9 et p\u00e8re d\u2019une fille, il est domicili\u00e9 \u00e0 Domat\/Ems.Dipl\u00f4m\u00e9 de l\u2019EPFZ, M. Luzi est directeur de l\u2019exploitation agricole de l\u2019\u00e9tablissement p\u00e9nitencier de Realta \u00e0 Thussis (GR) qui dispose de 130 ha SAU et son propre alpage.On y cultive [&hellip;]\" \/>\n<meta property=\"og:url\" content=\"https:\/\/www.swisssem.ch\/fr\/espace-membres\/archiv_newsletter\/newsletter-februar-2023\/vorstellung-der-neuen-vorstandsmitgliedern-2023\/\" \/>\n<meta property=\"og:site_name\" content=\"swisssem semence suisse\" \/>\n<meta property=\"article:modified_time\" content=\"2023-01-30T13:39:14+00:00\" \/>\n<meta property=\"og:image\" content=\"https:\/\/www.swisssem.ch\/wp-content\/uploads\/2023\/01\/PS-Luzi.jpg\" \/>\n<meta name=\"twitter:card\" content=\"summary_large_image\" \/>\n<meta name=\"twitter:label1\" content=\"Dur\u00e9e de lecture estim\u00e9e\" \/>\n\t<meta name=\"twitter:data1\" content=\"2 minutes\" \/>\n<script type=\"application\/ld+json\" class=\"yoast-schema-graph\">{\"@context\":\"https:\/\/schema.org\",\"@graph\":[{\"@type\":\"WebPage\",\"@id\":\"https:\/\/www.swisssem.ch\/fr\/espace-membres\/archiv_newsletter\/newsletter-februar-2023\/vorstellung-der-neuen-vorstandsmitgliedern-2023\/\",\"url\":\"https:\/\/www.swisssem.ch\/fr\/espace-membres\/archiv_newsletter\/newsletter-februar-2023\/vorstellung-der-neuen-vorstandsmitgliedern-2023\/\",\"name\":\"Pr\u00e9sentation des nouveaux membres du comit\u00e9 2023 - swisssem semence suisse\",\"isPartOf\":{\"@id\":\"https:\/\/www.swisssem.ch\/de\/#website\"},\"primaryImageOfPage\":{\"@id\":\"https:\/\/www.swisssem.ch\/fr\/espace-membres\/archiv_newsletter\/newsletter-februar-2023\/vorstellung-der-neuen-vorstandsmitgliedern-2023\/#primaryimage\"},\"image\":{\"@id\":\"https:\/\/www.swisssem.ch\/fr\/espace-membres\/archiv_newsletter\/newsletter-februar-2023\/vorstellung-der-neuen-vorstandsmitgliedern-2023\/#primaryimage\"},\"thumbnailUrl\":\"https:\/\/www.swisssem.ch\/wp-content\/uploads\/2023\/01\/PS-Luzi.jpg\",\"datePublished\":\"2023-01-30T10:23:43+00:00\",\"dateModified\":\"2023-01-30T13:39:14+00:00\",\"breadcrumb\":{\"@id\":\"https:\/\/www.swisssem.ch\/fr\/espace-membres\/archiv_newsletter\/newsletter-februar-2023\/vorstellung-der-neuen-vorstandsmitgliedern-2023\/#breadcrumb\"},\"inLanguage\":\"fr-FR\",\"potentialAction\":[{\"@type\":\"ReadAction\",\"target\":[\"https:\/\/www.swisssem.ch\/fr\/espace-membres\/archiv_newsletter\/newsletter-februar-2023\/vorstellung-der-neuen-vorstandsmitgliedern-2023\/\"]}]},{\"@type\":\"ImageObject\",\"inLanguage\":\"fr-FR\",\"@id\":\"https:\/\/www.swisssem.ch\/fr\/espace-membres\/archiv_newsletter\/newsletter-februar-2023\/vorstellung-der-neuen-vorstandsmitgliedern-2023\/#primaryimage\",\"url\":\"https:\/\/www.swisssem.ch\/wp-content\/uploads\/2023\/01\/PS-Luzi.jpg\",\"contentUrl\":\"https:\/\/www.swisssem.ch\/wp-content\/uploads\/2023\/01\/PS-Luzi.jpg\"},{\"@type\":\"BreadcrumbList\",\"@id\":\"https:\/\/www.swisssem.ch\/fr\/espace-membres\/archiv_newsletter\/newsletter-februar-2023\/vorstellung-der-neuen-vorstandsmitgliedern-2023\/#breadcrumb\",\"itemListElement\":[{\"@type\":\"ListItem\",\"position\":1,\"name\":\"Home\",\"item\":\"https:\/\/www.swisssem.ch\/fr\/\"},{\"@type\":\"ListItem\",\"position\":2,\"name\":\"Espace membres\",\"item\":\"https:\/\/www.swisssem.ch\/fr\/espace-membres\/\"},{\"@type\":\"ListItem\",\"position\":3,\"name\":\"Newsletters\",\"item\":\"https:\/\/www.swisssem.ch\/fr\/espace-membres\/archiv_newsletter\/\"},{\"@type\":\"ListItem\",\"position\":4,\"name\":\"Newsletter f\u00e9vrier 2023\",\"item\":\"https:\/\/www.swisssem.ch\/fr\/espace-membres\/archiv_newsletter\/newsletter-februar-2023\/\"},{\"@type\":\"ListItem\",\"position\":5,\"name\":\"Pr\u00e9sentation des nouveaux membres du comit\u00e9 2023\"}]},{\"@type\":\"WebSite\",\"@id\":\"https:\/\/www.swisssem.ch\/de\/#website\",\"url\":\"https:\/\/www.swisssem.ch\/de\/\",\"name\":\"swisssem semence suisse\",\"description\":\"\",\"publisher\":{\"@id\":\"https:\/\/www.swisssem.ch\/de\/#organization\"},\"potentialAction\":[{\"@type\":\"SearchAction\",\"target\":{\"@type\":\"EntryPoint\",\"urlTemplate\":\"https:\/\/www.swisssem.ch\/de\/?s={search_term_string}\"},\"query-input\":{\"@type\":\"PropertyValueSpecification\",\"valueRequired\":true,\"valueName\":\"search_term_string\"}}],\"inLanguage\":\"fr-FR\"},{\"@type\":\"Organization\",\"@id\":\"https:\/\/www.swisssem.ch\/de\/#organization\",\"name\":\"swisssem saatgut schweiz\",\"url\":\"https:\/\/www.swisssem.ch\/de\/\",\"logo\":{\"@type\":\"ImageObject\",\"inLanguage\":\"fr-FR\",\"@id\":\"https:\/\/www.swisssem.ch\/de\/#\/schema\/logo\/image\/\",\"url\":\"https:\/\/www.swisssem.ch\/wp-content\/uploads\/2020\/03\/Logo_swisssem_RGB-1.jpg\",\"contentUrl\":\"https:\/\/www.swisssem.ch\/wp-content\/uploads\/2020\/03\/Logo_swisssem_RGB-1.jpg\",\"width\":1684,\"height\":430,\"caption\":\"swisssem saatgut schweiz\"},\"image\":{\"@id\":\"https:\/\/www.swisssem.ch\/de\/#\/schema\/logo\/image\/\"}}]}<\/script>\n<!-- \/ Yoast SEO plugin. -->","yoast_head_json":{"title":"Pr\u00e9sentation des nouveaux membres du comit\u00e9 2023 - swisssem semence suisse","robots":{"index":"index","follow":"follow","max-snippet":"max-snippet:-1","max-image-preview":"max-image-preview:large","max-video-preview":"max-video-preview:-1"},"canonical":"https:\/\/www.swisssem.ch\/fr\/espace-membres\/archiv_newsletter\/newsletter-februar-2023\/vorstellung-der-neuen-vorstandsmitgliedern-2023\/","og_locale":"fr_FR","og_type":"article","og_title":"Pr\u00e9sentation des nouveaux membres du comit\u00e9 2023 - swisssem semence suisse","og_description":"Pr\u00e9sentation des nouveaux membres du comit\u00e9 2023 Simon Peter Luzi (OSP), \u00e2g\u00e9 g\u00e9 de 33 ans, mari\u00e9 et p\u00e8re d\u2019une fille, il est domicili\u00e9 \u00e0 Domat\/Ems.Dipl\u00f4m\u00e9 de l\u2019EPFZ, M. Luzi est directeur de l\u2019exploitation agricole de l\u2019\u00e9tablissement p\u00e9nitencier de Realta \u00e0 Thussis (GR) qui dispose de 130 ha SAU et son propre alpage.On y cultive [&hellip;]","og_url":"https:\/\/www.swisssem.ch\/fr\/espace-membres\/archiv_newsletter\/newsletter-februar-2023\/vorstellung-der-neuen-vorstandsmitgliedern-2023\/","og_site_name":"swisssem semence suisse","article_modified_time":"2023-01-30T13:39:14+00:00","og_image":[{"url":"https:\/\/www.swisssem.ch\/wp-content\/uploads\/2023\/01\/PS-Luzi.jpg","type":"","width":"","height":""}],"twitter_card":"summary_large_image","twitter_misc":{"Dur\u00e9e de lecture estim\u00e9e":"2 minutes"},"schema":{"@context":"https:\/\/schema.org","@graph":[{"@type":"WebPage","@id":"https:\/\/www.swisssem.ch\/fr\/espace-membres\/archiv_newsletter\/newsletter-februar-2023\/vorstellung-der-neuen-vorstandsmitgliedern-2023\/","url":"https:\/\/www.swisssem.ch\/fr\/espace-membres\/archiv_newsletter\/newsletter-februar-2023\/vorstellung-der-neuen-vorstandsmitgliedern-2023\/","name":"Pr\u00e9sentation des nouveaux membres du comit\u00e9 2023 - swisssem semence suisse","isPartOf":{"@id":"https:\/\/www.swisssem.ch\/de\/#website"},"primaryImageOfPage":{"@id":"https:\/\/www.swisssem.ch\/fr\/espace-membres\/archiv_newsletter\/newsletter-februar-2023\/vorstellung-der-neuen-vorstandsmitgliedern-2023\/#primaryimage"},"image":{"@id":"https:\/\/www.swisssem.ch\/fr\/espace-membres\/archiv_newsletter\/newsletter-februar-2023\/vorstellung-der-neuen-vorstandsmitgliedern-2023\/#primaryimage"},"thumbnailUrl":"https:\/\/www.swisssem.ch\/wp-content\/uploads\/2023\/01\/PS-Luzi.jpg","datePublished":"2023-01-30T10:23:43+00:00","dateModified":"2023-01-30T13:39:14+00:00","breadcrumb":{"@id":"https:\/\/www.swisssem.ch\/fr\/espace-membres\/archiv_newsletter\/newsletter-februar-2023\/vorstellung-der-neuen-vorstandsmitgliedern-2023\/#breadcrumb"},"inLanguage":"fr-FR","potentialAction":[{"@type":"ReadAction","target":["https:\/\/www.swisssem.ch\/fr\/espace-membres\/archiv_newsletter\/newsletter-februar-2023\/vorstellung-der-neuen-vorstandsmitgliedern-2023\/"]}]},{"@type":"ImageObject","inLanguage":"fr-FR","@id":"https:\/\/www.swisssem.ch\/fr\/espace-membres\/archiv_newsletter\/newsletter-februar-2023\/vorstellung-der-neuen-vorstandsmitgliedern-2023\/#primaryimage","url":"https:\/\/www.swisssem.ch\/wp-content\/uploads\/2023\/01\/PS-Luzi.jpg","contentUrl":"https:\/\/www.swisssem.ch\/wp-content\/uploads\/2023\/01\/PS-Luzi.jpg"},{"@type":"BreadcrumbList","@id":"https:\/\/www.swisssem.ch\/fr\/espace-membres\/archiv_newsletter\/newsletter-februar-2023\/vorstellung-der-neuen-vorstandsmitgliedern-2023\/#breadcrumb","itemListElement":[{"@type":"ListItem","position":1,"name":"Home","item":"https:\/\/www.swisssem.ch\/fr\/"},{"@type":"ListItem","position":2,"name":"Espace membres","item":"https:\/\/www.swisssem.ch\/fr\/espace-membres\/"},{"@type":"ListItem","position":3,"name":"Newsletters","item":"https:\/\/www.swisssem.ch\/fr\/espace-membres\/archiv_newsletter\/"},{"@type":"ListItem","position":4,"name":"Newsletter f\u00e9vrier 2023","item":"https:\/\/www.swisssem.ch\/fr\/espace-membres\/archiv_newsletter\/newsletter-februar-2023\/"},{"@type":"ListItem","position":5,"name":"Pr\u00e9sentation des nouveaux membres du comit\u00e9 2023"}]},{"@type":"WebSite","@id":"https:\/\/www.swisssem.ch\/de\/#website","url":"https:\/\/www.swisssem.ch\/de\/","name":"swisssem semence suisse","description":"","publisher":{"@id":"https:\/\/www.swisssem.ch\/de\/#organization"},"potentialAction":[{"@type":"SearchAction","target":{"@type":"EntryPoint","urlTemplate":"https:\/\/www.swisssem.ch\/de\/?s={search_term_string}"},"query-input":{"@type":"PropertyValueSpecification","valueRequired":true,"valueName":"search_term_string"}}],"inLanguage":"fr-FR"},{"@type":"Organization","@id":"https:\/\/www.swisssem.ch\/de\/#organization","name":"swisssem saatgut schweiz","url":"https:\/\/www.swisssem.ch\/de\/","logo":{"@type":"ImageObject","inLanguage":"fr-FR","@id":"https:\/\/www.swisssem.ch\/de\/#\/schema\/logo\/image\/","url":"https:\/\/www.swisssem.ch\/wp-content\/uploads\/2020\/03\/Logo_swisssem_RGB-1.jpg","contentUrl":"https:\/\/www.swisssem.ch\/wp-content\/uploads\/2020\/03\/Logo_swisssem_RGB-1.jpg","width":1684,"height":430,"caption":"swisssem saatgut schweiz"},"image":{"@id":"https:\/\/www.swisssem.ch\/de\/#\/schema\/logo\/image\/"}}]}},"_links":{"self":[{"href":"https:\/\/www.swisssem.ch\/fr\/wp-json\/wp\/v2\/pages\/10487","targetHints":{"allow":["GET"]}}],"collection":[{"href":"https:\/\/www.swisssem.ch\/fr\/wp-json\/wp\/v2\/pages"}],"about":[{"href":"https:\/\/www.swisssem.ch\/fr\/wp-json\/wp\/v2\/types\/page"}],"author":[{"embeddable":true,"href":"https:\/\/www.swisssem.ch\/fr\/wp-json\/wp\/v2\/users\/6"}],"replies":[{"embeddable":true,"href":"https:\/\/www.swisssem.ch\/fr\/wp-json\/wp\/v2\/comments?post=10487"}],"version-history":[{"count":6,"href":"https:\/\/www.swisssem.ch\/fr\/wp-json\/wp\/v2\/pages\/10487\/revisions"}],"predecessor-version":[{"id":10496,"href":"https:\/\/www.swisssem.ch\/fr\/wp-json\/wp\/v2\/pages\/10487\/revisions\/10496"}],"up":[{"embeddable":true,"href":"https:\/\/www.swisssem.ch\/fr\/wp-json\/wp\/v2\/pages\/10416"}],"wp:attachment":[{"href":"https:\/\/www.swisssem.ch\/fr\/wp-json\/wp\/v2\/media?parent=10487"}],"curies":[{"name":"wp","href":"https:\/\/api.w.org\/{rel}","templated":true}]}}