{"id":6071,"date":"2020-04-23T17:50:25","date_gmt":"2020-04-23T15:50:25","guid":{"rendered":"https:\/\/www.swisssem.ch\/?page_id=6071"},"modified":"2020-04-23T17:51:16","modified_gmt":"2020-04-23T15:51:16","slug":"eroeffnungsrede-2019","status":"publish","type":"page","link":"https:\/\/www.swisssem.ch\/de\/mitgliederbereich\/archiv_newsletter\/newsletter-februar-2019\/eroeffnungsrede-2019\/","title":{"rendered":"Er\u00f6ffnungsrede 2019"},"content":{"rendered":"\n<h1 class=\"wp-block-heading\">Er\u00f6ffnungsrede<\/h1>\n\n\n\n<div class=\"wp-block-columns is-layout-flex wp-container-core-columns-is-layout-9d6595d7 wp-block-columns-is-layout-flex\">\n<div class=\"wp-block-column is-layout-flow wp-block-column-is-layout-flow\" style=\"flex-basis:33.33%\">\n<figure class=\"wp-block-image size-large\"><img loading=\"lazy\" decoding=\"async\" width=\"167\" height=\"183\" src=\"https:\/\/www.swisssem.ch\/wp-content\/uploads\/2020\/04\/csm_Pidoux_ac2b4ebc92.jpg\" alt=\"\" class=\"wp-image-6074\"\/><figcaption>JL Pidoux<\/figcaption><\/figure>\n<\/div>\n\n\n\n<div class=\"wp-block-column is-layout-flow wp-block-column-is-layout-flow\" style=\"flex-basis:66.66%\">\n<p>Sehr geehrte Damen und Herren<br>Liebe Landwirte<br>Liebe G\u00e4ste und Pressevertreter<\/p>\n\n\n\n<p><br>Ich heisse Sie zur Delegiertenversammlung in Murten sehr herzlich willkommen und w\u00fcnsche Ihnen bei dieser Gelegenheit ein ausgezeichnetes Jahr 2019. M\u00f6ge es privat wie beruflich gl\u00fccklich und erfolgreich sein.<br>Das Jahr 2018 wird uns in Erinnerung bleiben. Nach einem wunderbaren Fr\u00fchling mit optimalen Bedingungen f\u00fcr die Pflanzung der Kartoffeln war es ab Mitte Juni sehr warm und die meisten Regionen der Schweiz litten unter Trockenheit und Mangel an Raufutter f\u00fcr das Vieh. Die Ertr\u00e4ge bei den Konsumkartoffeln und den Zuckerr\u00fcben fielen sehr gering aus.\u00a0<br>Die Landwirtschaft hat sich mit Ver\u00e4nderungen im Markt und in der Gesellschaft auseinanderzusetzen. Kaum ein Beruf steht heute vor so vielen Herausforderungen wie die Landwirtschaft. Der Klimawandel ist klar sp\u00fcrbar. Die Gesellschaft, welche Nahrungsmittelknappheit nicht mehr kennt, hat zunehmende Erwartungen und will perfekte, sch\u00f6ne, gesunde und dabei vor allem g\u00fcnstige Produkte, und dies \u00fcber das ganze Jahr. Man m\u00fcsste den Konsumenten wieder einmal \u00fcber unseren Beruf aufkl\u00e4ren und ihnen unsere Art uns Weise zu arbeiten erkl\u00e4ren. Die Landwirtschaft geniesst momentan viel Sympathien, wird aber von gewissen Kreisen auch idealisiert.<br>Einige Resultate zu Volksabstimmungen beunruhigen mich. Die Hornkuh-Initiative wurde in allen St\u00e4dten der Schweiz angenommen, von Genf \u00fcber Lausanne bis Bern und Z\u00fcrich. Ich bezweifle, dass diese zwar wohl gesinnten B\u00fcrger die Probleme der Landwirte verstehen.<br>2020 wird das Stimmvolk \u00fcber die \u00abTrinkwasser-Initiative\u00bb und die Initiative \u00abF\u00fcr eine Schweiz ohne synthetische Pestizide\u00bb abstimmen. Wir werden uns mobilisieren m\u00fcssen, um den Konsumenten die Gefahren aufzuzeigen, welche eine Annahme dieser Initiativen f\u00fcr uns h\u00e4tte. Der SBV hat bereits eine Informationskampagne gestartet und an seiner Delegiertenversammlung ein Video pr\u00e4sentiert, welches ich als sehr n\u00fctzlich einsch\u00e4tze.<br>Es gibt auch gute Nachrichten. Der Ende Jahr getroffene Entscheid des Bundesraters, den Standort Agroscope in Changins beizubehalten, ist f\u00fcr mich ein klares Zeichen, dass die \u00f6ffentliche Hand gewillt ist, den Saatgutsektor weiterhin zu unterst\u00fctzen. Es ist allen klar, dass wir uns in einem grossen Wandel befinden. Im Hinblick auf die Bedeutung des Saatgutes und der Pflanzenz\u00fcchtung spielen swisssem und DSP eine wesentliche Rolle, wenn es darum geht, dass dieser n\u00e4chste Schritt ein Erfolg f\u00fcr die Landwirte sein wird. F\u00fcr uns Saatgutproduzenten ist die Forschung ein unverzichtbares Instrument.<br>Auch hier gibt es einen enormen Aufkl\u00e4rungs- und Kommunikationsbedarf. Gewisse Kreise z\u00e4hlen uns zu den Saatgutmultis, was nat\u00fcrlich Schwachsinn ist! Wir vermehren lediglich die besten Sorten f\u00fcr unsere Landwirte-Kollegen.<br>Schliesslich m\u00f6chte ich es nicht unterlassen allen Partnern zu danken, welche mit swisssem zusammenarbeiten. Danke an die Vorstandsmitglieder und an Christof R\u00fcfenacht f\u00fcr sein Engagement und seine Einsatzbereitschaft f\u00fcr swisssem. <br>Danke f\u00fcr Ihre Aufmerksamkeit!<\/p>\n<\/div>\n<\/div>\n","protected":false},"excerpt":{"rendered":"<p>Er\u00f6ffnungsrede Sehr geehrte Damen und HerrenLiebe LandwirteLiebe G\u00e4ste und Pressevertreter Ich heisse Sie zur Delegiertenversammlung in Murten sehr herzlich willkommen und w\u00fcnsche Ihnen bei dieser Gelegenheit ein ausgezeichnetes Jahr 2019. M\u00f6ge es privat wie beruflich gl\u00fccklich und erfolgreich sein.Das Jahr 2018 wird uns in Erinnerung bleiben. Nach einem wunderbaren Fr\u00fchling mit optimalen Bedingungen f\u00fcr die [&hellip;]<\/p>\n","protected":false},"author":6,"featured_media":0,"parent":5908,"menu_order":135,"comment_status":"closed","ping_status":"closed","template":"","meta":{"_acf_changed":false,"footnotes":""},"class_list":["post-6071","page","type-page","status-publish","hentry"],"acf":[],"yoast_head":"<!-- This site is optimized with the Yoast SEO plugin v27.1.1 - https:\/\/yoast.com\/product\/yoast-seo-wordpress\/ -->\n<title>Er\u00f6ffnungsrede 2019 - swisssem saatgut schweiz<\/title>\n<meta name=\"robots\" content=\"index, follow, max-snippet:-1, max-image-preview:large, max-video-preview:-1\" \/>\n<link rel=\"canonical\" href=\"https:\/\/www.swisssem.ch\/de\/mitgliederbereich\/archiv_newsletter\/newsletter-februar-2019\/eroeffnungsrede-2019\/\" \/>\n<meta property=\"og:locale\" content=\"de_DE\" \/>\n<meta property=\"og:type\" content=\"article\" \/>\n<meta property=\"og:title\" content=\"Er\u00f6ffnungsrede 2019 - swisssem saatgut schweiz\" \/>\n<meta property=\"og:description\" content=\"Er\u00f6ffnungsrede Sehr geehrte Damen und HerrenLiebe LandwirteLiebe G\u00e4ste und Pressevertreter Ich heisse Sie zur Delegiertenversammlung in Murten sehr herzlich willkommen und w\u00fcnsche Ihnen bei dieser Gelegenheit ein ausgezeichnetes Jahr 2019. M\u00f6ge es privat wie beruflich gl\u00fccklich und erfolgreich sein.Das Jahr 2018 wird uns in Erinnerung bleiben. Nach einem wunderbaren Fr\u00fchling mit optimalen Bedingungen f\u00fcr die [&hellip;]\" \/>\n<meta property=\"og:url\" content=\"https:\/\/www.swisssem.ch\/de\/mitgliederbereich\/archiv_newsletter\/newsletter-februar-2019\/eroeffnungsrede-2019\/\" \/>\n<meta property=\"og:site_name\" content=\"swisssem saatgut schweiz\" \/>\n<meta property=\"article:modified_time\" content=\"2020-04-23T15:51:16+00:00\" \/>\n<meta property=\"og:image\" content=\"https:\/\/www.swisssem.ch\/wp-content\/uploads\/2020\/04\/csm_Pidoux_ac2b4ebc92.jpg\" \/>\n<meta name=\"twitter:card\" content=\"summary_large_image\" \/>\n<meta name=\"twitter:label1\" content=\"Gesch\u00e4tzte Lesezeit\" \/>\n\t<meta name=\"twitter:data1\" content=\"2\u00a0Minuten\" \/>\n<script type=\"application\/ld+json\" class=\"yoast-schema-graph\">{\"@context\":\"https:\/\/schema.org\",\"@graph\":[{\"@type\":\"WebPage\",\"@id\":\"https:\/\/www.swisssem.ch\/de\/mitgliederbereich\/archiv_newsletter\/newsletter-februar-2019\/eroeffnungsrede-2019\/\",\"url\":\"https:\/\/www.swisssem.ch\/de\/mitgliederbereich\/archiv_newsletter\/newsletter-februar-2019\/eroeffnungsrede-2019\/\",\"name\":\"Er\u00f6ffnungsrede 2019 - swisssem saatgut schweiz\",\"isPartOf\":{\"@id\":\"https:\/\/www.swisssem.ch\/de\/#website\"},\"primaryImageOfPage\":{\"@id\":\"https:\/\/www.swisssem.ch\/de\/mitgliederbereich\/archiv_newsletter\/newsletter-februar-2019\/eroeffnungsrede-2019\/#primaryimage\"},\"image\":{\"@id\":\"https:\/\/www.swisssem.ch\/de\/mitgliederbereich\/archiv_newsletter\/newsletter-februar-2019\/eroeffnungsrede-2019\/#primaryimage\"},\"thumbnailUrl\":\"https:\/\/www.swisssem.ch\/wp-content\/uploads\/2020\/04\/csm_Pidoux_ac2b4ebc92.jpg\",\"datePublished\":\"2020-04-23T15:50:25+00:00\",\"dateModified\":\"2020-04-23T15:51:16+00:00\",\"breadcrumb\":{\"@id\":\"https:\/\/www.swisssem.ch\/de\/mitgliederbereich\/archiv_newsletter\/newsletter-februar-2019\/eroeffnungsrede-2019\/#breadcrumb\"},\"inLanguage\":\"de\",\"potentialAction\":[{\"@type\":\"ReadAction\",\"target\":[\"https:\/\/www.swisssem.ch\/de\/mitgliederbereich\/archiv_newsletter\/newsletter-februar-2019\/eroeffnungsrede-2019\/\"]}]},{\"@type\":\"ImageObject\",\"inLanguage\":\"de\",\"@id\":\"https:\/\/www.swisssem.ch\/de\/mitgliederbereich\/archiv_newsletter\/newsletter-februar-2019\/eroeffnungsrede-2019\/#primaryimage\",\"url\":\"https:\/\/www.swisssem.ch\/wp-content\/uploads\/2020\/04\/csm_Pidoux_ac2b4ebc92.jpg\",\"contentUrl\":\"https:\/\/www.swisssem.ch\/wp-content\/uploads\/2020\/04\/csm_Pidoux_ac2b4ebc92.jpg\"},{\"@type\":\"BreadcrumbList\",\"@id\":\"https:\/\/www.swisssem.ch\/de\/mitgliederbereich\/archiv_newsletter\/newsletter-februar-2019\/eroeffnungsrede-2019\/#breadcrumb\",\"itemListElement\":[{\"@type\":\"ListItem\",\"position\":1,\"name\":\"Home\",\"item\":\"https:\/\/www.swisssem.ch\/de\/\"},{\"@type\":\"ListItem\",\"position\":2,\"name\":\"Mitgliederbereich\",\"item\":\"https:\/\/www.swisssem.ch\/de\/mitgliederbereich\/\"},{\"@type\":\"ListItem\",\"position\":3,\"name\":\"Newsletters\",\"item\":\"https:\/\/www.swisssem.ch\/de\/mitgliederbereich\/archiv_newsletter\/\"},{\"@type\":\"ListItem\",\"position\":4,\"name\":\"Newsletter Februar 2019\",\"item\":\"https:\/\/www.swisssem.ch\/de\/mitgliederbereich\/archiv_newsletter\/newsletter-februar-2019\/\"},{\"@type\":\"ListItem\",\"position\":5,\"name\":\"Er\u00f6ffnungsrede 2019\"}]},{\"@type\":\"WebSite\",\"@id\":\"https:\/\/www.swisssem.ch\/de\/#website\",\"url\":\"https:\/\/www.swisssem.ch\/de\/\",\"name\":\"swisssem saatgut schweiz\",\"description\":\"\",\"publisher\":{\"@id\":\"https:\/\/www.swisssem.ch\/de\/#organization\"},\"potentialAction\":[{\"@type\":\"SearchAction\",\"target\":{\"@type\":\"EntryPoint\",\"urlTemplate\":\"https:\/\/www.swisssem.ch\/de\/?s={search_term_string}\"},\"query-input\":{\"@type\":\"PropertyValueSpecification\",\"valueRequired\":true,\"valueName\":\"search_term_string\"}}],\"inLanguage\":\"de\"},{\"@type\":\"Organization\",\"@id\":\"https:\/\/www.swisssem.ch\/de\/#organization\",\"name\":\"swisssem saatgut schweiz\",\"url\":\"https:\/\/www.swisssem.ch\/de\/\",\"logo\":{\"@type\":\"ImageObject\",\"inLanguage\":\"de\",\"@id\":\"https:\/\/www.swisssem.ch\/de\/#\/schema\/logo\/image\/\",\"url\":\"https:\/\/www.swisssem.ch\/wp-content\/uploads\/2020\/03\/Logo_swisssem_RGB-1.jpg\",\"contentUrl\":\"https:\/\/www.swisssem.ch\/wp-content\/uploads\/2020\/03\/Logo_swisssem_RGB-1.jpg\",\"width\":1684,\"height\":430,\"caption\":\"swisssem saatgut schweiz\"},\"image\":{\"@id\":\"https:\/\/www.swisssem.ch\/de\/#\/schema\/logo\/image\/\"}}]}<\/script>\n<!-- \/ Yoast SEO plugin. -->","yoast_head_json":{"title":"Er\u00f6ffnungsrede 2019 - swisssem saatgut schweiz","robots":{"index":"index","follow":"follow","max-snippet":"max-snippet:-1","max-image-preview":"max-image-preview:large","max-video-preview":"max-video-preview:-1"},"canonical":"https:\/\/www.swisssem.ch\/de\/mitgliederbereich\/archiv_newsletter\/newsletter-februar-2019\/eroeffnungsrede-2019\/","og_locale":"de_DE","og_type":"article","og_title":"Er\u00f6ffnungsrede 2019 - swisssem saatgut schweiz","og_description":"Er\u00f6ffnungsrede Sehr geehrte Damen und HerrenLiebe LandwirteLiebe G\u00e4ste und Pressevertreter Ich heisse Sie zur Delegiertenversammlung in Murten sehr herzlich willkommen und w\u00fcnsche Ihnen bei dieser Gelegenheit ein ausgezeichnetes Jahr 2019. M\u00f6ge es privat wie beruflich gl\u00fccklich und erfolgreich sein.Das Jahr 2018 wird uns in Erinnerung bleiben. Nach einem wunderbaren Fr\u00fchling mit optimalen Bedingungen f\u00fcr die [&hellip;]","og_url":"https:\/\/www.swisssem.ch\/de\/mitgliederbereich\/archiv_newsletter\/newsletter-februar-2019\/eroeffnungsrede-2019\/","og_site_name":"swisssem saatgut schweiz","article_modified_time":"2020-04-23T15:51:16+00:00","og_image":[{"url":"https:\/\/www.swisssem.ch\/wp-content\/uploads\/2020\/04\/csm_Pidoux_ac2b4ebc92.jpg","type":"","width":"","height":""}],"twitter_card":"summary_large_image","twitter_misc":{"Gesch\u00e4tzte Lesezeit":"2\u00a0Minuten"},"schema":{"@context":"https:\/\/schema.org","@graph":[{"@type":"WebPage","@id":"https:\/\/www.swisssem.ch\/de\/mitgliederbereich\/archiv_newsletter\/newsletter-februar-2019\/eroeffnungsrede-2019\/","url":"https:\/\/www.swisssem.ch\/de\/mitgliederbereich\/archiv_newsletter\/newsletter-februar-2019\/eroeffnungsrede-2019\/","name":"Er\u00f6ffnungsrede 2019 - swisssem saatgut schweiz","isPartOf":{"@id":"https:\/\/www.swisssem.ch\/de\/#website"},"primaryImageOfPage":{"@id":"https:\/\/www.swisssem.ch\/de\/mitgliederbereich\/archiv_newsletter\/newsletter-februar-2019\/eroeffnungsrede-2019\/#primaryimage"},"image":{"@id":"https:\/\/www.swisssem.ch\/de\/mitgliederbereich\/archiv_newsletter\/newsletter-februar-2019\/eroeffnungsrede-2019\/#primaryimage"},"thumbnailUrl":"https:\/\/www.swisssem.ch\/wp-content\/uploads\/2020\/04\/csm_Pidoux_ac2b4ebc92.jpg","datePublished":"2020-04-23T15:50:25+00:00","dateModified":"2020-04-23T15:51:16+00:00","breadcrumb":{"@id":"https:\/\/www.swisssem.ch\/de\/mitgliederbereich\/archiv_newsletter\/newsletter-februar-2019\/eroeffnungsrede-2019\/#breadcrumb"},"inLanguage":"de","potentialAction":[{"@type":"ReadAction","target":["https:\/\/www.swisssem.ch\/de\/mitgliederbereich\/archiv_newsletter\/newsletter-februar-2019\/eroeffnungsrede-2019\/"]}]},{"@type":"ImageObject","inLanguage":"de","@id":"https:\/\/www.swisssem.ch\/de\/mitgliederbereich\/archiv_newsletter\/newsletter-februar-2019\/eroeffnungsrede-2019\/#primaryimage","url":"https:\/\/www.swisssem.ch\/wp-content\/uploads\/2020\/04\/csm_Pidoux_ac2b4ebc92.jpg","contentUrl":"https:\/\/www.swisssem.ch\/wp-content\/uploads\/2020\/04\/csm_Pidoux_ac2b4ebc92.jpg"},{"@type":"BreadcrumbList","@id":"https:\/\/www.swisssem.ch\/de\/mitgliederbereich\/archiv_newsletter\/newsletter-februar-2019\/eroeffnungsrede-2019\/#breadcrumb","itemListElement":[{"@type":"ListItem","position":1,"name":"Home","item":"https:\/\/www.swisssem.ch\/de\/"},{"@type":"ListItem","position":2,"name":"Mitgliederbereich","item":"https:\/\/www.swisssem.ch\/de\/mitgliederbereich\/"},{"@type":"ListItem","position":3,"name":"Newsletters","item":"https:\/\/www.swisssem.ch\/de\/mitgliederbereich\/archiv_newsletter\/"},{"@type":"ListItem","position":4,"name":"Newsletter Februar 2019","item":"https:\/\/www.swisssem.ch\/de\/mitgliederbereich\/archiv_newsletter\/newsletter-februar-2019\/"},{"@type":"ListItem","position":5,"name":"Er\u00f6ffnungsrede 2019"}]},{"@type":"WebSite","@id":"https:\/\/www.swisssem.ch\/de\/#website","url":"https:\/\/www.swisssem.ch\/de\/","name":"swisssem saatgut schweiz","description":"","publisher":{"@id":"https:\/\/www.swisssem.ch\/de\/#organization"},"potentialAction":[{"@type":"SearchAction","target":{"@type":"EntryPoint","urlTemplate":"https:\/\/www.swisssem.ch\/de\/?s={search_term_string}"},"query-input":{"@type":"PropertyValueSpecification","valueRequired":true,"valueName":"search_term_string"}}],"inLanguage":"de"},{"@type":"Organization","@id":"https:\/\/www.swisssem.ch\/de\/#organization","name":"swisssem saatgut schweiz","url":"https:\/\/www.swisssem.ch\/de\/","logo":{"@type":"ImageObject","inLanguage":"de","@id":"https:\/\/www.swisssem.ch\/de\/#\/schema\/logo\/image\/","url":"https:\/\/www.swisssem.ch\/wp-content\/uploads\/2020\/03\/Logo_swisssem_RGB-1.jpg","contentUrl":"https:\/\/www.swisssem.ch\/wp-content\/uploads\/2020\/03\/Logo_swisssem_RGB-1.jpg","width":1684,"height":430,"caption":"swisssem saatgut schweiz"},"image":{"@id":"https:\/\/www.swisssem.ch\/de\/#\/schema\/logo\/image\/"}}]}},"_links":{"self":[{"href":"https:\/\/www.swisssem.ch\/de\/wp-json\/wp\/v2\/pages\/6071","targetHints":{"allow":["GET"]}}],"collection":[{"href":"https:\/\/www.swisssem.ch\/de\/wp-json\/wp\/v2\/pages"}],"about":[{"href":"https:\/\/www.swisssem.ch\/de\/wp-json\/wp\/v2\/types\/page"}],"author":[{"embeddable":true,"href":"https:\/\/www.swisssem.ch\/de\/wp-json\/wp\/v2\/users\/6"}],"replies":[{"embeddable":true,"href":"https:\/\/www.swisssem.ch\/de\/wp-json\/wp\/v2\/comments?post=6071"}],"version-history":[{"count":2,"href":"https:\/\/www.swisssem.ch\/de\/wp-json\/wp\/v2\/pages\/6071\/revisions"}],"predecessor-version":[{"id":6077,"href":"https:\/\/www.swisssem.ch\/de\/wp-json\/wp\/v2\/pages\/6071\/revisions\/6077"}],"up":[{"embeddable":true,"href":"https:\/\/www.swisssem.ch\/de\/wp-json\/wp\/v2\/pages\/5908"}],"wp:attachment":[{"href":"https:\/\/www.swisssem.ch\/de\/wp-json\/wp\/v2\/media?parent=6071"}],"curies":[{"name":"wp","href":"https:\/\/api.w.org\/{rel}","templated":true}]}}