{"id":5908,"date":"2020-04-21T16:07:25","date_gmt":"2020-04-21T14:07:25","guid":{"rendered":"https:\/\/www.swisssem.ch\/?page_id=5908"},"modified":"2020-04-29T11:53:43","modified_gmt":"2020-04-29T09:53:43","slug":"newsletter-februar-2019","status":"publish","type":"page","link":"https:\/\/www.swisssem.ch\/de\/mitgliederbereich\/archiv_newsletter\/newsletter-februar-2019\/","title":{"rendered":"Newsletter Februar 2019"},"content":{"rendered":"\n<h1 class=\"wp-block-heading\">Newsletter Februar 2019<\/h1>\n\n\n\n<div class=\"wp-block-columns is-layout-flex wp-container-core-columns-is-layout-9d6595d7 wp-block-columns-is-layout-flex\">\n<div class=\"wp-block-column is-layout-flow wp-block-column-is-layout-flow\" style=\"flex-basis:33.33%\">\n<figure class=\"wp-block-image size-large\"><img loading=\"lazy\" decoding=\"async\" width=\"1024\" height=\"678\" src=\"https:\/\/www.swisssem.ch\/wp-content\/uploads\/2020\/04\/DSC_4930-1024x678.jpg\" alt=\"\" class=\"wp-image-5938\" srcset=\"https:\/\/www.swisssem.ch\/wp-content\/uploads\/2020\/04\/DSC_4930-1024x678.jpg 1024w, https:\/\/www.swisssem.ch\/wp-content\/uploads\/2020\/04\/DSC_4930-300x199.jpg 300w, https:\/\/www.swisssem.ch\/wp-content\/uploads\/2020\/04\/DSC_4930-768x509.jpg 768w\" sizes=\"auto, (max-width: 1024px) 100vw, 1024px\" \/><\/figure>\n<\/div>\n\n\n\n<div class=\"wp-block-column is-layout-flow wp-block-column-is-layout-flow\" style=\"flex-basis:66.66%\">\n<h2 class=\"wp-block-heading\">Delegiertenversammlung<\/h2>\n\n\n\n<p>Die ordentliche Delegiertenversammlung von swisssem hat am 31.&nbsp;Januar in Murten stattgefunden. Pr\u00e4sident Jean-Luc Pidoux behandelte die statutarischen Gesch\u00e4fte in Anwesenheit von 124&nbsp;Delegierten und G\u00e4sten.<br><a href=\"https:\/\/www.swisssem.ch\/de\/mitgliederbereich\/archiv_newsletter\/newsletter-februar-2019\/eroeffnungsrede-2019\/\"><strong>In seiner Er\u00f6ffnungsrede<\/strong><\/a> hat der Pr\u00e4sident, Jean-Luc Pidoux, den Beschluss des Bundesrates, den Standort Agroscope Changins beizubehalten, hervorgehoben. Das sei ein deutliches Zeichen daf\u00fcr, dass die \u00f6ffentliche Hand die Saatgutbranche weiterhin unterst\u00fctzen will. Im Hinblick auf die Bedeutung des Saatgutes und der Pflanzenz\u00fcchtung spielen swisssem und insbesondere DSP eine wesentliche Rolle, wenn es darum geht, dass dieser n\u00e4chste Schritt ein Erfolg f\u00fcr die Landwirte sein wird. F\u00fcr uns Saatgutproduzenten ist die Forschung ein unverzichtbares Instrument!<br>Die Delegierten haben die Rechnung, den T\u00e4tigkeitsbericht sowie das Budget gutgeheissen.<\/p>\n<\/div>\n<\/div>\n\n\n\n<div class=\"wp-block-columns is-layout-flex wp-container-core-columns-is-layout-9d6595d7 wp-block-columns-is-layout-flex\">\n<div class=\"wp-block-column is-layout-flow wp-block-column-is-layout-flow\" style=\"flex-basis:33.33%\">\n<figure class=\"wp-block-image size-large\"><img loading=\"lazy\" decoding=\"async\" width=\"1024\" height=\"678\" src=\"https:\/\/www.swisssem.ch\/wp-content\/uploads\/2020\/04\/DSC_4936-1024x678.jpg\" alt=\"\" class=\"wp-image-5942\" srcset=\"https:\/\/www.swisssem.ch\/wp-content\/uploads\/2020\/04\/DSC_4936-1024x678.jpg 1024w, https:\/\/www.swisssem.ch\/wp-content\/uploads\/2020\/04\/DSC_4936-300x199.jpg 300w, https:\/\/www.swisssem.ch\/wp-content\/uploads\/2020\/04\/DSC_4936-768x509.jpg 768w\" sizes=\"auto, (max-width: 1024px) 100vw, 1024px\" \/><figcaption>C. R\u00fcfenacht<\/figcaption><\/figure>\n<\/div>\n\n\n\n<div class=\"wp-block-column is-layout-flow wp-block-column-is-layout-flow\" style=\"flex-basis:66.66%\">\n<p>Der Gesch\u00e4ftsf\u00fchrer, Christof R\u00fcfenacht, erinnerte an die diversen und kontrastreichen Wetterereignisse im Jahr 2018. Trotz k\u00fchler und feuchter Witterung zu Beginn des Fr\u00fchjahres und eines sehr warmen und trockenen Sommers fiel die Ernte bei den Pflanzkartoffeln gut aus. Was das Saatgut von Getreide und anderer Kulturen wie Soja, Mais, Gr\u00e4ser und Klee betrifft, war das Resultat ebenfalls erfreulich, dies sowohl quantitativ wie qualitativ.<br>Die Verk\u00e4ufe von Saatgetreide der Ernte 2018 gingen im Vergleich zum Vorjahr um 4.4% zur\u00fcck. Hier dr\u00fcckte vor allem der R\u00fcckgang beim Futtergetreide auf das Resultat. Bei der Hybridgerste hat das schlechte Wetter w\u00e4hrend der Bl\u00fcte zu schwachen Ertr\u00e4gen gef\u00fchrt. Die Ernte erreichte lediglich 57% des erwarteten Ergebnisses. Die Verk\u00e4ufe von biologischem Saatgetreide sind nochmals gestiegen und erreichen nun praktisch 10%.<br>Die totale Menge an zertifiziertem Pflanzgut erreichte 27&#8217;660 t, was 35% mehr ist im Vergleich zu 2015 und 2016. Die Verk\u00e4ufe von einheimischen Pflanzgut sind somit steigend. Trotz der sehr guten Ernte werden Importe n\u00f6tig sein, um Pflanzkartoffeln f\u00fcr die Vermehrung zu erneuern, um die Nachfrage nach Industriesorten, f\u00fcr welche die einheimische Produktion ungen\u00fcgend ist, zu decken, sowie f\u00fcr exklusive Sorten. Es wird ein \u00dcberschuss von 2&#8217;200 t erwartet, obwohl 1&#8217;400 t exportiert werden. <\/p>\n\n\n\n<!-- downloads component -->\n\t<ul class=\"downloads\">\n\t\t\t\t\t<li>\n\t\t\t\t<figure>\n\t\t\t\t\t<img decoding=\"async\" src=\"https:\/\/www.swisssem.ch\/wp-content\/uploads\/2020\/04\/NL-1-19-Actualit\u00e9s-R2018-pdf.jpg\" alt=\"Aktualit\u00e4ten E2018 - Actualit\u00e9s R2018\">\n\t\t\t\t<\/figure>\n\t\t\t\t<h4>Aktualit\u00e4ten E2018 &#8211; Actualit\u00e9s R2018<\/h4>\n\t\t\t\t\t\t\t\t<div class=\"download-actions\">\n\t\t\t\t\t<a href=\"https:\/\/www.swisssem.ch\/wp-content\/uploads\/2020\/04\/NL-1-19-Actualit\u00e9s-R2018.pdf\" download class=\"download\">\n\t\t\t\t\t\t<svg xmlns=\"http:\/\/www.w3.org\/2000\/svg\" data-name=\"Ebene 1\" viewBox=\"0 0 23.06 21.64\">\n\t\t\t\t\t\t\t<g stroke=\"#000\" data-name=\"Ebene 1-2\">\n\t\t\t\t\t\t\t\t<path fill=\"none\" stroke-width=\"2\" d=\"M2.29 11.86v8.78h18.46v-8.78\"\/>\n\t\t\t\t\t\t\t\t<path stroke-width=\".25\" d=\"M12.38.13h-1.73v13.41L5.08 7.91l-1.2 1.14 7.65 7.68 7.63-7.68-1.21-1.14-5.57 5.63V.13z\"\/>\n\t\t\t\t\t\t\t<\/g>\n\t\t\t\t\t\t<\/svg>\n\t\t\t\t\t<\/a>\n\t\t\t\t\t<a href=\"https:\/\/www.swisssem.ch\/wp-content\/uploads\/2020\/04\/NL-1-19-Actualit\u00e9s-R2018.pdf\" target=\"_blank\" rel=\"nofollow\" class=\"expand\">\n\t\t\t\t\t\t<svg xmlns=\"http:\/\/www.w3.org\/2000\/svg\" data-name=\"Ebene 1\" viewBox=\"0 0 23 20\">\n\t\t\t\t\t\t\t<g fill=\"none\" stroke=\"#000\" stroke-width=\".89999998\" data-name=\"Ebene 1-2\">\n\t\t\t\t\t\t\t\t<path d=\"M9.48 13.48l-.55-.57-4.65 4.65.01-3.69-.77-.01-.02 5.03 5.04-.01-.01-.78-3.7.03 4.65-4.65zM13.54 13.48l.58-.57 4.65 4.65-.02-3.69.77-.01.02 5.03-5.05-.01.03-.78 3.68.03-4.66-4.65zM9.48 8.18l-.55.56-4.65-4.65.01 3.69-.77.02-.02-5.04 5.04.02-.01.77-3.7-.02 4.65 4.65zM13.54 8.18l.58.56 4.65-4.65-.02 3.69.77.02.02-5.04-5.05.02.03.77 3.68-.02-4.66 4.65z\"\/>\n\t\t\t\t\t\t\t<\/g>\n\t\t\t\t\t\t<\/svg>\n\t\t\t\t\t<\/a>\n\t\t\t\t<\/div>\n\t\t\t\t\n\t\t\t<\/li>\n\t\t\t<\/ul>\n\n<!-- end of downloads component -->\n\n<\/div>\n<\/div>\n\n\n\n<div class=\"wp-block-group alignfull is-layout-flow wp-block-group-is-layout-flow\"><div class=\"wp-block-group__inner-container\"><\/div><\/div>\n\n\n\n<div class=\"wp-block-columns is-layout-flex wp-container-core-columns-is-layout-9d6595d7 wp-block-columns-is-layout-flex\">\n<div class=\"wp-block-column is-layout-flow wp-block-column-is-layout-flow\" style=\"flex-basis:33.33%\">\n<figure class=\"wp-block-image size-large\"><img loading=\"lazy\" decoding=\"async\" width=\"1024\" height=\"678\" src=\"https:\/\/www.swisssem.ch\/wp-content\/uploads\/2020\/04\/VR-swisssem-1-1024x678.jpg\" alt=\"\" class=\"wp-image-5991\" srcset=\"https:\/\/www.swisssem.ch\/wp-content\/uploads\/2020\/04\/VR-swisssem-1-1024x678.jpg 1024w, https:\/\/www.swisssem.ch\/wp-content\/uploads\/2020\/04\/VR-swisssem-1-300x199.jpg 300w, https:\/\/www.swisssem.ch\/wp-content\/uploads\/2020\/04\/VR-swisssem-1-768x509.jpg 768w\" sizes=\"auto, (max-width: 1024px) 100vw, 1024px\" \/><\/figure>\n<\/div>\n\n\n\n<div class=\"wp-block-column is-layout-flow wp-block-column-is-layout-flow\" style=\"flex-basis:66.66%\">\n<h3 class=\"wp-block-heading\">Erneuerung des Vorstands<\/h3>\n\n\n\n<p>Anl\u00e4sslich der Delegiertenversammlung wurden 4 neue Mitglieder in den Vorstand von swisssem gew\u00e4hlt: Lukas de Rougemont (SEMAG), Heinz Niederh\u00e4user (Saatzucht D\u00fcdingen), Markus Wietlisbach (VOZ) und Fabrice Bersier (Broye). <a href=\"https:\/\/www.swisssem.ch\/de\/mitgliederbereich\/archiv_newsletter\/newsletter-februar-2019\/vorstellung-der-neuen-vorstandsmitgliedern\/\"><strong>Mehr lesen&#8230;<\/strong><\/a><br>Folgende Personen wurden f\u00fcr eine weitere Amtszeit gew\u00e4hlt: Jean-Luc Pidoux (ASS \u2013 Pr\u00e4sident), Fritz Herren (SGD), Athos Jaqui\u00e9ry (ASS), Ueli Morf (VOZ), Daniel Niklaus (SEMAG), Didier Peter (ASS) und Thomas Ritz (SEMAG).<\/p>\n\n\n\n<p><\/p>\n<\/div>\n<\/div>\n\n\n\n<div class=\"wp-block-columns is-layout-flex wp-container-core-columns-is-layout-9d6595d7 wp-block-columns-is-layout-flex\">\n<div class=\"wp-block-column is-layout-flow wp-block-column-is-layout-flow\" style=\"flex-basis:33.33%\">\n<figure class=\"wp-block-image size-large\"><img loading=\"lazy\" decoding=\"async\" width=\"808\" height=\"864\" src=\"https:\/\/www.swisssem.ch\/wp-content\/uploads\/2020\/04\/kalle_camp.jpg\" alt=\"\" class=\"wp-image-6025\" srcset=\"https:\/\/www.swisssem.ch\/wp-content\/uploads\/2020\/04\/kalle_camp.jpg 808w, https:\/\/www.swisssem.ch\/wp-content\/uploads\/2020\/04\/kalle_camp-281x300.jpg 281w, https:\/\/www.swisssem.ch\/wp-content\/uploads\/2020\/04\/kalle_camp-768x821.jpg 768w\" sizes=\"auto, (max-width: 808px) 100vw, 808px\" \/><figcaption>K. Camp<\/figcaption><\/figure>\n\n\n\n<p><\/p>\n<\/div>\n\n\n\n<div class=\"wp-block-column is-layout-flow wp-block-column-is-layout-flow\" style=\"flex-basis:66.66%\">\n<h3 class=\"wp-block-heading\">Informationen DSP AG<\/h3>\n\n\n\n<p>Kalle Camp, (Mitglied der GL), informierte \u00fcber die Aktivit\u00e4ten von DSP&nbsp;AG. Weitere Informationen zu DSP finden Sie unter&nbsp; <a rel=\"noreferrer noopener\" href=\"http:\/\/www.dsp-delley.ch\/\" target=\"_blank\"><strong>www.dsp-delley.ch<\/strong><\/a><br>Er k\u00fcndigte auch die Ernennung von <a rel=\"noreferrer noopener\" href=\"https:\/\/www.dsp-delley.ch\/wAssets\/docs\/wir-suchen\/News_18_3_D.pdf\" target=\"_blank\"><strong>Christian Ochsenbein<\/strong><\/a> an, der sein Amt am 1. April 2019&nbsp;als Nachfolger von Evelyne Thomet antreten wird.<\/p>\n\n\n\n<!-- downloads component -->\n\t<ul class=\"downloads\">\n\t\t\t\t\t<li>\n\t\t\t\t<figure>\n\t\t\t\t\t<img decoding=\"async\" src=\"https:\/\/www.swisssem.ch\/wp-content\/uploads\/2020\/04\/DV-swissem-2019-Info-DSP-1-pdf.jpg\" alt=\"DV swissem 2019 Info DSP\">\n\t\t\t\t<\/figure>\n\t\t\t\t<h4>Aktivit\u00e4ten der DSP AG<\/h4>\n\t\t\t\t\t\t\t\t<div class=\"download-actions\">\n\t\t\t\t\t<a href=\"https:\/\/www.swisssem.ch\/wp-content\/uploads\/2020\/04\/DV-swissem-2019-Info-DSP-1.pdf\" download class=\"download\">\n\t\t\t\t\t\t<svg xmlns=\"http:\/\/www.w3.org\/2000\/svg\" data-name=\"Ebene 1\" viewBox=\"0 0 23.06 21.64\">\n\t\t\t\t\t\t\t<g stroke=\"#000\" data-name=\"Ebene 1-2\">\n\t\t\t\t\t\t\t\t<path fill=\"none\" stroke-width=\"2\" d=\"M2.29 11.86v8.78h18.46v-8.78\"\/>\n\t\t\t\t\t\t\t\t<path stroke-width=\".25\" d=\"M12.38.13h-1.73v13.41L5.08 7.91l-1.2 1.14 7.65 7.68 7.63-7.68-1.21-1.14-5.57 5.63V.13z\"\/>\n\t\t\t\t\t\t\t<\/g>\n\t\t\t\t\t\t<\/svg>\n\t\t\t\t\t<\/a>\n\t\t\t\t\t<a href=\"https:\/\/www.swisssem.ch\/wp-content\/uploads\/2020\/04\/DV-swissem-2019-Info-DSP-1.pdf\" target=\"_blank\" rel=\"nofollow\" class=\"expand\">\n\t\t\t\t\t\t<svg xmlns=\"http:\/\/www.w3.org\/2000\/svg\" data-name=\"Ebene 1\" viewBox=\"0 0 23 20\">\n\t\t\t\t\t\t\t<g fill=\"none\" stroke=\"#000\" stroke-width=\".89999998\" data-name=\"Ebene 1-2\">\n\t\t\t\t\t\t\t\t<path d=\"M9.48 13.48l-.55-.57-4.65 4.65.01-3.69-.77-.01-.02 5.03 5.04-.01-.01-.78-3.7.03 4.65-4.65zM13.54 13.48l.58-.57 4.65 4.65-.02-3.69.77-.01.02 5.03-5.05-.01.03-.78 3.68.03-4.66-4.65zM9.48 8.18l-.55.56-4.65-4.65.01 3.69-.77.02-.02-5.04 5.04.02-.01.77-3.7-.02 4.65 4.65zM13.54 8.18l.58.56 4.65-4.65-.02 3.69.77.02.02-5.04-5.05.02.03.77 3.68-.02-4.66 4.65z\"\/>\n\t\t\t\t\t\t\t<\/g>\n\t\t\t\t\t\t<\/svg>\n\t\t\t\t\t<\/a>\n\t\t\t\t<\/div>\n\t\t\t\t\n\t\t\t<\/li>\n\t\t\t<\/ul>\n\n<!-- end of downloads component -->\n\n<\/div>\n<\/div>\n\n\n\n<div class=\"wp-block-columns is-layout-flex wp-container-core-columns-is-layout-9d6595d7 wp-block-columns-is-layout-flex\">\n<div class=\"wp-block-column is-layout-flow wp-block-column-is-layout-flow\" style=\"flex-basis:33.33%\">\n<figure class=\"wp-block-image size-large\"><img loading=\"lazy\" decoding=\"async\" width=\"681\" height=\"1024\" src=\"https:\/\/www.swisssem.ch\/wp-content\/uploads\/2020\/04\/AG19-Ehrenmitglieder-681x1024.jpg\" alt=\"\" class=\"wp-image-6019\" srcset=\"https:\/\/www.swisssem.ch\/wp-content\/uploads\/2020\/04\/AG19-Ehrenmitglieder-681x1024.jpg 681w, https:\/\/www.swisssem.ch\/wp-content\/uploads\/2020\/04\/AG19-Ehrenmitglieder-200x300.jpg 200w, https:\/\/www.swisssem.ch\/wp-content\/uploads\/2020\/04\/AG19-Ehrenmitglieder-768x1155.jpg 768w, https:\/\/www.swisssem.ch\/wp-content\/uploads\/2020\/04\/AG19-Ehrenmitglieder.jpg 1332w\" sizes=\"auto, (max-width: 681px) 100vw, 681px\" \/><figcaption>M. Winzeler &#8211; A. Schori<\/figcaption><\/figure>\n\n\n\n<div class=\"wp-block-columns is-layout-flex wp-container-core-columns-is-layout-9d6595d7 wp-block-columns-is-layout-flex\">\n<div class=\"wp-block-column is-layout-flow wp-block-column-is-layout-flow\" style=\"flex-basis:33.33%\"><\/div>\n\n\n\n<div class=\"wp-block-column is-layout-flow wp-block-column-is-layout-flow\" style=\"flex-basis:66.66%\"><\/div>\n<\/div>\n<\/div>\n\n\n\n<div class=\"wp-block-column is-layout-flow wp-block-column-is-layout-flow\" style=\"flex-basis:66.66%\">\n<h3 class=\"wp-block-heading\">Zwei neue Ehrenmitglieder ernannt<\/h3>\n\n\n\n<p>Die Delegierten freuten sich, <a href=\"https:\/\/www.swisssem.ch\/de\/mitgliederbereich\/archiv_newsletter\/newsletter-februar-2019\/ehrenmitglieder\/\"><strong>Arnold&nbsp;Schori und Michael&nbsp;Winzeler <\/strong><\/a>als&nbsp;Anerkennung f\u00fcr ihr Engagement f\u00fcr die einheimische Saatgutproduktion&nbsp;zu&nbsp;Ehrenmitgliedern&nbsp;ernennen zu d\u00fcrfen.<\/p>\n<\/div>\n<\/div>\n\n\n\n<div class=\"wp-block-columns is-layout-flex wp-container-core-columns-is-layout-9d6595d7 wp-block-columns-is-layout-flex\">\n<div class=\"wp-block-column is-layout-flow wp-block-column-is-layout-flow\" style=\"flex-basis:33.33%\">\n<figure class=\"wp-block-image size-large\"><img loading=\"lazy\" decoding=\"async\" width=\"807\" height=\"881\" src=\"https:\/\/www.swisssem.ch\/wp-content\/uploads\/2020\/04\/eva_reinhard.jpg\" alt=\"\" class=\"wp-image-6021\" srcset=\"https:\/\/www.swisssem.ch\/wp-content\/uploads\/2020\/04\/eva_reinhard.jpg 807w, https:\/\/www.swisssem.ch\/wp-content\/uploads\/2020\/04\/eva_reinhard-275x300.jpg 275w, https:\/\/www.swisssem.ch\/wp-content\/uploads\/2020\/04\/eva_reinhard-768x838.jpg 768w\" sizes=\"auto, (max-width: 807px) 100vw, 807px\" \/><figcaption>E. Reinhard<\/figcaption><\/figure>\n<\/div>\n\n\n\n<div class=\"wp-block-column is-layout-flow wp-block-column-is-layout-flow\" style=\"flex-basis:66.66%\">\n<h3 class=\"wp-block-heading\">Referat<\/h3>\n\n\n\n<p>Im Anschluss an die Versammlung hielt Eva Reinhard, Direktorin von&nbsp;Agroscope, ein Referat \u00fcber das Thema &#8222;Zukunft der Saatgutproduktion in der Schweiz&#8220;. <\/p>\n\n\n\n<!-- downloads component -->\n\t<ul class=\"downloads\">\n\t\t\t\t\t<li>\n\t\t\t\t<figure>\n\t\t\t\t\t<img decoding=\"async\" src=\"https:\/\/www.swisssem.ch\/wp-content\/uploads\/2020\/04\/Agroscope-Eva-Reinhard-pdf.jpg\" alt=\"Agroscope - Eva Reinhard\">\n\t\t\t\t<\/figure>\n\t\t\t\t<h4>Agroscope &#8211; Eva Reinhard<\/h4>\n\t\t\t\t\t\t\t\t<div class=\"download-actions\">\n\t\t\t\t\t<a href=\"https:\/\/www.swisssem.ch\/wp-content\/uploads\/2020\/04\/Agroscope-Eva-Reinhard.pdf\" download class=\"download\">\n\t\t\t\t\t\t<svg xmlns=\"http:\/\/www.w3.org\/2000\/svg\" data-name=\"Ebene 1\" viewBox=\"0 0 23.06 21.64\">\n\t\t\t\t\t\t\t<g stroke=\"#000\" data-name=\"Ebene 1-2\">\n\t\t\t\t\t\t\t\t<path fill=\"none\" stroke-width=\"2\" d=\"M2.29 11.86v8.78h18.46v-8.78\"\/>\n\t\t\t\t\t\t\t\t<path stroke-width=\".25\" d=\"M12.38.13h-1.73v13.41L5.08 7.91l-1.2 1.14 7.65 7.68 7.63-7.68-1.21-1.14-5.57 5.63V.13z\"\/>\n\t\t\t\t\t\t\t<\/g>\n\t\t\t\t\t\t<\/svg>\n\t\t\t\t\t<\/a>\n\t\t\t\t\t<a href=\"https:\/\/www.swisssem.ch\/wp-content\/uploads\/2020\/04\/Agroscope-Eva-Reinhard.pdf\" target=\"_blank\" rel=\"nofollow\" class=\"expand\">\n\t\t\t\t\t\t<svg xmlns=\"http:\/\/www.w3.org\/2000\/svg\" data-name=\"Ebene 1\" viewBox=\"0 0 23 20\">\n\t\t\t\t\t\t\t<g fill=\"none\" stroke=\"#000\" stroke-width=\".89999998\" data-name=\"Ebene 1-2\">\n\t\t\t\t\t\t\t\t<path d=\"M9.48 13.48l-.55-.57-4.65 4.65.01-3.69-.77-.01-.02 5.03 5.04-.01-.01-.78-3.7.03 4.65-4.65zM13.54 13.48l.58-.57 4.65 4.65-.02-3.69.77-.01.02 5.03-5.05-.01.03-.78 3.68.03-4.66-4.65zM9.48 8.18l-.55.56-4.65-4.65.01 3.69-.77.02-.02-5.04 5.04.02-.01.77-3.7-.02 4.65 4.65zM13.54 8.18l.58.56 4.65-4.65-.02 3.69.77.02.02-5.04-5.05.02.03.77 3.68-.02-4.66 4.65z\"\/>\n\t\t\t\t\t\t\t<\/g>\n\t\t\t\t\t\t<\/svg>\n\t\t\t\t\t<\/a>\n\t\t\t\t<\/div>\n\t\t\t\t\n\t\t\t<\/li>\n\t\t\t<\/ul>\n\n<!-- end of downloads component -->\n\n<\/div>\n<\/div>\n\n\n\n<p><\/p>\n","protected":false},"excerpt":{"rendered":"<p>Newsletter Februar 2019 Delegiertenversammlung Die ordentliche Delegiertenversammlung von swisssem hat am 31.&nbsp;Januar in Murten stattgefunden. Pr\u00e4sident Jean-Luc Pidoux behandelte die statutarischen Gesch\u00e4fte in Anwesenheit von 124&nbsp;Delegierten und G\u00e4sten.In seiner Er\u00f6ffnungsrede hat der Pr\u00e4sident, Jean-Luc Pidoux, den Beschluss des Bundesrates, den Standort Agroscope Changins beizubehalten, hervorgehoben. Das sei ein deutliches Zeichen daf\u00fcr, dass die \u00f6ffentliche Hand [&hellip;]<\/p>\n","protected":false},"author":6,"featured_media":0,"parent":1895,"menu_order":129,"comment_status":"closed","ping_status":"closed","template":"","meta":{"_acf_changed":false,"footnotes":""},"class_list":["post-5908","page","type-page","status-publish","hentry"],"acf":[],"yoast_head":"<!-- This site is optimized with the Yoast SEO plugin v27.1.1 - https:\/\/yoast.com\/product\/yoast-seo-wordpress\/ -->\n<title>Newsletter Februar 2019 - swisssem saatgut schweiz<\/title>\n<meta name=\"robots\" content=\"index, follow, max-snippet:-1, max-image-preview:large, max-video-preview:-1\" \/>\n<link rel=\"canonical\" href=\"https:\/\/www.swisssem.ch\/de\/mitgliederbereich\/archiv_newsletter\/newsletter-februar-2019\/\" \/>\n<meta property=\"og:locale\" content=\"de_DE\" \/>\n<meta property=\"og:type\" content=\"article\" \/>\n<meta property=\"og:title\" content=\"Newsletter Februar 2019 - swisssem saatgut schweiz\" \/>\n<meta property=\"og:description\" content=\"Newsletter Februar 2019 Delegiertenversammlung Die ordentliche Delegiertenversammlung von swisssem hat am 31.&nbsp;Januar in Murten stattgefunden. Pr\u00e4sident Jean-Luc Pidoux behandelte die statutarischen Gesch\u00e4fte in Anwesenheit von 124&nbsp;Delegierten und G\u00e4sten.In seiner Er\u00f6ffnungsrede hat der Pr\u00e4sident, Jean-Luc Pidoux, den Beschluss des Bundesrates, den Standort Agroscope Changins beizubehalten, hervorgehoben. Das sei ein deutliches Zeichen daf\u00fcr, dass die \u00f6ffentliche Hand [&hellip;]\" \/>\n<meta property=\"og:url\" content=\"https:\/\/www.swisssem.ch\/de\/mitgliederbereich\/archiv_newsletter\/newsletter-februar-2019\/\" \/>\n<meta property=\"og:site_name\" content=\"swisssem saatgut schweiz\" \/>\n<meta property=\"article:modified_time\" content=\"2020-04-29T09:53:43+00:00\" \/>\n<meta property=\"og:image\" content=\"https:\/\/www.swisssem.ch\/wp-content\/uploads\/2020\/04\/DSC_4930-1024x678.jpg\" \/>\n<meta name=\"twitter:card\" content=\"summary_large_image\" \/>\n<meta name=\"twitter:label1\" content=\"Gesch\u00e4tzte Lesezeit\" \/>\n\t<meta name=\"twitter:data1\" content=\"3\u00a0Minuten\" \/>\n<script type=\"application\/ld+json\" class=\"yoast-schema-graph\">{\"@context\":\"https:\/\/schema.org\",\"@graph\":[{\"@type\":\"WebPage\",\"@id\":\"https:\/\/www.swisssem.ch\/de\/mitgliederbereich\/archiv_newsletter\/newsletter-februar-2019\/\",\"url\":\"https:\/\/www.swisssem.ch\/de\/mitgliederbereich\/archiv_newsletter\/newsletter-februar-2019\/\",\"name\":\"Newsletter Februar 2019 - swisssem saatgut schweiz\",\"isPartOf\":{\"@id\":\"https:\/\/www.swisssem.ch\/de\/#website\"},\"primaryImageOfPage\":{\"@id\":\"https:\/\/www.swisssem.ch\/de\/mitgliederbereich\/archiv_newsletter\/newsletter-februar-2019\/#primaryimage\"},\"image\":{\"@id\":\"https:\/\/www.swisssem.ch\/de\/mitgliederbereich\/archiv_newsletter\/newsletter-februar-2019\/#primaryimage\"},\"thumbnailUrl\":\"https:\/\/www.swisssem.ch\/wp-content\/uploads\/2020\/04\/DSC_4930-1024x678.jpg\",\"datePublished\":\"2020-04-21T14:07:25+00:00\",\"dateModified\":\"2020-04-29T09:53:43+00:00\",\"breadcrumb\":{\"@id\":\"https:\/\/www.swisssem.ch\/de\/mitgliederbereich\/archiv_newsletter\/newsletter-februar-2019\/#breadcrumb\"},\"inLanguage\":\"de\",\"potentialAction\":[{\"@type\":\"ReadAction\",\"target\":[\"https:\/\/www.swisssem.ch\/de\/mitgliederbereich\/archiv_newsletter\/newsletter-februar-2019\/\"]}]},{\"@type\":\"ImageObject\",\"inLanguage\":\"de\",\"@id\":\"https:\/\/www.swisssem.ch\/de\/mitgliederbereich\/archiv_newsletter\/newsletter-februar-2019\/#primaryimage\",\"url\":\"https:\/\/www.swisssem.ch\/wp-content\/uploads\/2020\/04\/DSC_4930-1024x678.jpg\",\"contentUrl\":\"https:\/\/www.swisssem.ch\/wp-content\/uploads\/2020\/04\/DSC_4930-1024x678.jpg\"},{\"@type\":\"BreadcrumbList\",\"@id\":\"https:\/\/www.swisssem.ch\/de\/mitgliederbereich\/archiv_newsletter\/newsletter-februar-2019\/#breadcrumb\",\"itemListElement\":[{\"@type\":\"ListItem\",\"position\":1,\"name\":\"Home\",\"item\":\"https:\/\/www.swisssem.ch\/de\/\"},{\"@type\":\"ListItem\",\"position\":2,\"name\":\"Mitgliederbereich\",\"item\":\"https:\/\/www.swisssem.ch\/de\/mitgliederbereich\/\"},{\"@type\":\"ListItem\",\"position\":3,\"name\":\"Newsletters\",\"item\":\"https:\/\/www.swisssem.ch\/de\/mitgliederbereich\/archiv_newsletter\/\"},{\"@type\":\"ListItem\",\"position\":4,\"name\":\"Newsletter Februar 2019\"}]},{\"@type\":\"WebSite\",\"@id\":\"https:\/\/www.swisssem.ch\/de\/#website\",\"url\":\"https:\/\/www.swisssem.ch\/de\/\",\"name\":\"swisssem saatgut schweiz\",\"description\":\"\",\"publisher\":{\"@id\":\"https:\/\/www.swisssem.ch\/de\/#organization\"},\"potentialAction\":[{\"@type\":\"SearchAction\",\"target\":{\"@type\":\"EntryPoint\",\"urlTemplate\":\"https:\/\/www.swisssem.ch\/de\/?s={search_term_string}\"},\"query-input\":{\"@type\":\"PropertyValueSpecification\",\"valueRequired\":true,\"valueName\":\"search_term_string\"}}],\"inLanguage\":\"de\"},{\"@type\":\"Organization\",\"@id\":\"https:\/\/www.swisssem.ch\/de\/#organization\",\"name\":\"swisssem saatgut schweiz\",\"url\":\"https:\/\/www.swisssem.ch\/de\/\",\"logo\":{\"@type\":\"ImageObject\",\"inLanguage\":\"de\",\"@id\":\"https:\/\/www.swisssem.ch\/de\/#\/schema\/logo\/image\/\",\"url\":\"https:\/\/www.swisssem.ch\/wp-content\/uploads\/2020\/03\/Logo_swisssem_RGB-1.jpg\",\"contentUrl\":\"https:\/\/www.swisssem.ch\/wp-content\/uploads\/2020\/03\/Logo_swisssem_RGB-1.jpg\",\"width\":1684,\"height\":430,\"caption\":\"swisssem saatgut schweiz\"},\"image\":{\"@id\":\"https:\/\/www.swisssem.ch\/de\/#\/schema\/logo\/image\/\"}}]}<\/script>\n<!-- \/ Yoast SEO plugin. -->","yoast_head_json":{"title":"Newsletter Februar 2019 - swisssem saatgut schweiz","robots":{"index":"index","follow":"follow","max-snippet":"max-snippet:-1","max-image-preview":"max-image-preview:large","max-video-preview":"max-video-preview:-1"},"canonical":"https:\/\/www.swisssem.ch\/de\/mitgliederbereich\/archiv_newsletter\/newsletter-februar-2019\/","og_locale":"de_DE","og_type":"article","og_title":"Newsletter Februar 2019 - swisssem saatgut schweiz","og_description":"Newsletter Februar 2019 Delegiertenversammlung Die ordentliche Delegiertenversammlung von swisssem hat am 31.&nbsp;Januar in Murten stattgefunden. Pr\u00e4sident Jean-Luc Pidoux behandelte die statutarischen Gesch\u00e4fte in Anwesenheit von 124&nbsp;Delegierten und G\u00e4sten.In seiner Er\u00f6ffnungsrede hat der Pr\u00e4sident, Jean-Luc Pidoux, den Beschluss des Bundesrates, den Standort Agroscope Changins beizubehalten, hervorgehoben. Das sei ein deutliches Zeichen daf\u00fcr, dass die \u00f6ffentliche Hand [&hellip;]","og_url":"https:\/\/www.swisssem.ch\/de\/mitgliederbereich\/archiv_newsletter\/newsletter-februar-2019\/","og_site_name":"swisssem saatgut schweiz","article_modified_time":"2020-04-29T09:53:43+00:00","og_image":[{"url":"https:\/\/www.swisssem.ch\/wp-content\/uploads\/2020\/04\/DSC_4930-1024x678.jpg","type":"","width":"","height":""}],"twitter_card":"summary_large_image","twitter_misc":{"Gesch\u00e4tzte Lesezeit":"3\u00a0Minuten"},"schema":{"@context":"https:\/\/schema.org","@graph":[{"@type":"WebPage","@id":"https:\/\/www.swisssem.ch\/de\/mitgliederbereich\/archiv_newsletter\/newsletter-februar-2019\/","url":"https:\/\/www.swisssem.ch\/de\/mitgliederbereich\/archiv_newsletter\/newsletter-februar-2019\/","name":"Newsletter Februar 2019 - swisssem saatgut schweiz","isPartOf":{"@id":"https:\/\/www.swisssem.ch\/de\/#website"},"primaryImageOfPage":{"@id":"https:\/\/www.swisssem.ch\/de\/mitgliederbereich\/archiv_newsletter\/newsletter-februar-2019\/#primaryimage"},"image":{"@id":"https:\/\/www.swisssem.ch\/de\/mitgliederbereich\/archiv_newsletter\/newsletter-februar-2019\/#primaryimage"},"thumbnailUrl":"https:\/\/www.swisssem.ch\/wp-content\/uploads\/2020\/04\/DSC_4930-1024x678.jpg","datePublished":"2020-04-21T14:07:25+00:00","dateModified":"2020-04-29T09:53:43+00:00","breadcrumb":{"@id":"https:\/\/www.swisssem.ch\/de\/mitgliederbereich\/archiv_newsletter\/newsletter-februar-2019\/#breadcrumb"},"inLanguage":"de","potentialAction":[{"@type":"ReadAction","target":["https:\/\/www.swisssem.ch\/de\/mitgliederbereich\/archiv_newsletter\/newsletter-februar-2019\/"]}]},{"@type":"ImageObject","inLanguage":"de","@id":"https:\/\/www.swisssem.ch\/de\/mitgliederbereich\/archiv_newsletter\/newsletter-februar-2019\/#primaryimage","url":"https:\/\/www.swisssem.ch\/wp-content\/uploads\/2020\/04\/DSC_4930-1024x678.jpg","contentUrl":"https:\/\/www.swisssem.ch\/wp-content\/uploads\/2020\/04\/DSC_4930-1024x678.jpg"},{"@type":"BreadcrumbList","@id":"https:\/\/www.swisssem.ch\/de\/mitgliederbereich\/archiv_newsletter\/newsletter-februar-2019\/#breadcrumb","itemListElement":[{"@type":"ListItem","position":1,"name":"Home","item":"https:\/\/www.swisssem.ch\/de\/"},{"@type":"ListItem","position":2,"name":"Mitgliederbereich","item":"https:\/\/www.swisssem.ch\/de\/mitgliederbereich\/"},{"@type":"ListItem","position":3,"name":"Newsletters","item":"https:\/\/www.swisssem.ch\/de\/mitgliederbereich\/archiv_newsletter\/"},{"@type":"ListItem","position":4,"name":"Newsletter Februar 2019"}]},{"@type":"WebSite","@id":"https:\/\/www.swisssem.ch\/de\/#website","url":"https:\/\/www.swisssem.ch\/de\/","name":"swisssem saatgut schweiz","description":"","publisher":{"@id":"https:\/\/www.swisssem.ch\/de\/#organization"},"potentialAction":[{"@type":"SearchAction","target":{"@type":"EntryPoint","urlTemplate":"https:\/\/www.swisssem.ch\/de\/?s={search_term_string}"},"query-input":{"@type":"PropertyValueSpecification","valueRequired":true,"valueName":"search_term_string"}}],"inLanguage":"de"},{"@type":"Organization","@id":"https:\/\/www.swisssem.ch\/de\/#organization","name":"swisssem saatgut schweiz","url":"https:\/\/www.swisssem.ch\/de\/","logo":{"@type":"ImageObject","inLanguage":"de","@id":"https:\/\/www.swisssem.ch\/de\/#\/schema\/logo\/image\/","url":"https:\/\/www.swisssem.ch\/wp-content\/uploads\/2020\/03\/Logo_swisssem_RGB-1.jpg","contentUrl":"https:\/\/www.swisssem.ch\/wp-content\/uploads\/2020\/03\/Logo_swisssem_RGB-1.jpg","width":1684,"height":430,"caption":"swisssem saatgut schweiz"},"image":{"@id":"https:\/\/www.swisssem.ch\/de\/#\/schema\/logo\/image\/"}}]}},"_links":{"self":[{"href":"https:\/\/www.swisssem.ch\/de\/wp-json\/wp\/v2\/pages\/5908","targetHints":{"allow":["GET"]}}],"collection":[{"href":"https:\/\/www.swisssem.ch\/de\/wp-json\/wp\/v2\/pages"}],"about":[{"href":"https:\/\/www.swisssem.ch\/de\/wp-json\/wp\/v2\/types\/page"}],"author":[{"embeddable":true,"href":"https:\/\/www.swisssem.ch\/de\/wp-json\/wp\/v2\/users\/6"}],"replies":[{"embeddable":true,"href":"https:\/\/www.swisssem.ch\/de\/wp-json\/wp\/v2\/comments?post=5908"}],"version-history":[{"count":37,"href":"https:\/\/www.swisssem.ch\/de\/wp-json\/wp\/v2\/pages\/5908\/revisions"}],"predecessor-version":[{"id":6230,"href":"https:\/\/www.swisssem.ch\/de\/wp-json\/wp\/v2\/pages\/5908\/revisions\/6230"}],"up":[{"embeddable":true,"href":"https:\/\/www.swisssem.ch\/de\/wp-json\/wp\/v2\/pages\/1895"}],"wp:attachment":[{"href":"https:\/\/www.swisssem.ch\/de\/wp-json\/wp\/v2\/media?parent=5908"}],"curies":[{"name":"wp","href":"https:\/\/api.w.org\/{rel}","templated":true}]}}