{"id":4894,"date":"2020-03-23T11:02:25","date_gmt":"2020-03-23T10:02:25","guid":{"rendered":"https:\/\/www.swisssem.ch\/?page_id=4894"},"modified":"2020-03-23T11:08:41","modified_gmt":"2020-03-23T10:08:41","slug":"neue-logos","status":"publish","type":"page","link":"https:\/\/www.swisssem.ch\/de\/mitgliederbereich\/archiv_newsletter\/newsletter-februar-2020\/neue-logos\/","title":{"rendered":"Neue Logos"},"content":{"rendered":"\n<h1 class=\"wp-block-heading\">Neue Logos<\/h1>\n\n\n\n<p>Unser Verband hat sich l\u00e4ngst ein Image und Kommunikationsmittel angeeignet.&nbsp; Sie richten&nbsp;sich im Allgemeinen&nbsp;<strong>nicht<\/strong>&nbsp;an die breite \u00d6ffentlichkeit, sondern an Landwirte und Saatgutk\u00e4ufer. Das Konzept von&nbsp; Z-Saatgut Suisse begann 1999 mit den bekannten Bildern des Mannes mit dem Stroh, der Frau mit der Kartoffel und der Marke Semence Z Suisse. Das Logo unseres Verbandes mit der kleinen Welle von Samen wurde 2003 eingef\u00fchrt.<\/p>\n\n\n\n<p>Vorstand und Gesch\u00e4ftsf\u00fchrung swisssem entschieden vor geraumer Zeit unsere Kommunikationsstrategie neu zu gestalten.<\/p>\n\n\n\n<p>Das Logo des Verbands<img decoding=\"async\" class=\"wp-image-4862\" style=\"width: 150px;\" src=\"https:\/\/www.swisssem.ch\/wp-content\/uploads\/2020\/03\/Logo_swisssem_RGB.jpg\" alt=\"\"> steht nicht f\u00fcr die Werbeaktionen und F\u00f6rderung des Saatguts. Es wird haupts\u00e4chlich f\u00fcr die offizielle Vertretung des Verbandes verwendet. \u00a0<\/p>\n\n\n\n<p>Der Tr\u00e4ger der Werbekampagne ist bis 2019 \u00abSemence Z Suisse \u00bb oder \u00ab Z-Saatgut Suisse \u00bb. Diese Marke ist eine gesch\u00fctzte und hinterlegte Marke. \u00ab Z \u00bb f\u00fcr \u00ab zertifiziert \u00bb,&nbsp;<em>certifi\u00e9&nbsp;<\/em>auf Franz\u00f6sisch, macht im Deutschen Sinn, aber auf Franz\u00f6sisch entspricht das keiner analogen Bedeutung.&nbsp;Eine neue Form des Z-Saatgut Suisse Logos war sehr erw\u00fcnscht. Es sollte in beiden Sprachen Deutsch und Franz\u00f6sisch verst\u00e4ndlich sein und muss die Kommunikationsziele verk\u00f6rpern.&nbsp;Durch die Werbung soll das Zielpublikum die Verwendung von zertifiziertem Schweizerischen Saatgut als unerl\u00e4ssliche Selbstverst\u00e4ndlichkeit hinnehmen.<\/p>\n\n\n\n<p>Der Markenname Z Saatgut Suisse wird nun durch <img decoding=\"async\" class=\"wp-image-4836\" style=\"width: 150px;\" src=\"https:\/\/www.swisssem.ch\/wp-content\/uploads\/2020\/03\/Logo_saatgutschweiz-semencesuisse_RGB-4.png\" alt=\"\">ersetzt. Eine neue Serie von Werbeslogans wurde erstellt, und die Website mit der neuen Gestaltung wird bald aufgeschaltet.<\/p>\n","protected":false},"excerpt":{"rendered":"<p>Neue Logos Unser Verband hat sich l\u00e4ngst ein Image und Kommunikationsmittel angeeignet.&nbsp; Sie richten&nbsp;sich im Allgemeinen&nbsp;nicht&nbsp;an die breite \u00d6ffentlichkeit, sondern an Landwirte und Saatgutk\u00e4ufer. Das Konzept von&nbsp; Z-Saatgut Suisse begann 1999 mit den bekannten Bildern des Mannes mit dem Stroh, der Frau mit der Kartoffel und der Marke Semence Z Suisse. Das Logo unseres Verbandes [&hellip;]<\/p>\n","protected":false},"author":6,"featured_media":0,"parent":4789,"menu_order":142,"comment_status":"closed","ping_status":"closed","template":"","meta":{"_acf_changed":false,"footnotes":""},"class_list":["post-4894","page","type-page","status-publish","hentry"],"acf":[],"yoast_head":"<!-- This site is optimized with the Yoast SEO plugin v27.1.1 - https:\/\/yoast.com\/product\/yoast-seo-wordpress\/ -->\n<title>Neue Logos - swisssem saatgut schweiz<\/title>\n<meta name=\"robots\" content=\"index, follow, max-snippet:-1, max-image-preview:large, max-video-preview:-1\" \/>\n<link rel=\"canonical\" href=\"https:\/\/www.swisssem.ch\/de\/mitgliederbereich\/archiv_newsletter\/newsletter-februar-2020\/neue-logos\/\" \/>\n<meta property=\"og:locale\" content=\"de_DE\" \/>\n<meta property=\"og:type\" content=\"article\" \/>\n<meta property=\"og:title\" content=\"Neue Logos - swisssem saatgut schweiz\" \/>\n<meta property=\"og:description\" content=\"Neue Logos Unser Verband hat sich l\u00e4ngst ein Image und Kommunikationsmittel angeeignet.&nbsp; Sie richten&nbsp;sich im Allgemeinen&nbsp;nicht&nbsp;an die breite \u00d6ffentlichkeit, sondern an Landwirte und Saatgutk\u00e4ufer. Das Konzept von&nbsp; Z-Saatgut Suisse begann 1999 mit den bekannten Bildern des Mannes mit dem Stroh, der Frau mit der Kartoffel und der Marke Semence Z Suisse. Das Logo unseres Verbandes [&hellip;]\" \/>\n<meta property=\"og:url\" content=\"https:\/\/www.swisssem.ch\/de\/mitgliederbereich\/archiv_newsletter\/newsletter-februar-2020\/neue-logos\/\" \/>\n<meta property=\"og:site_name\" content=\"swisssem saatgut schweiz\" \/>\n<meta property=\"article:modified_time\" content=\"2020-03-23T10:08:41+00:00\" \/>\n<meta property=\"og:image\" content=\"https:\/\/www.swisssem.ch\/wp-content\/uploads\/2020\/03\/Logo_swisssem_RGB.jpg\" \/>\n<meta name=\"twitter:card\" content=\"summary_large_image\" \/>\n<meta name=\"twitter:label1\" content=\"Gesch\u00e4tzte Lesezeit\" \/>\n\t<meta name=\"twitter:data1\" content=\"1\u00a0Minute\" \/>\n<script type=\"application\/ld+json\" class=\"yoast-schema-graph\">{\"@context\":\"https:\/\/schema.org\",\"@graph\":[{\"@type\":\"WebPage\",\"@id\":\"https:\/\/www.swisssem.ch\/de\/mitgliederbereich\/archiv_newsletter\/newsletter-februar-2020\/neue-logos\/\",\"url\":\"https:\/\/www.swisssem.ch\/de\/mitgliederbereich\/archiv_newsletter\/newsletter-februar-2020\/neue-logos\/\",\"name\":\"Neue Logos - swisssem saatgut schweiz\",\"isPartOf\":{\"@id\":\"https:\/\/www.swisssem.ch\/de\/#website\"},\"primaryImageOfPage\":{\"@id\":\"https:\/\/www.swisssem.ch\/de\/mitgliederbereich\/archiv_newsletter\/newsletter-februar-2020\/neue-logos\/#primaryimage\"},\"image\":{\"@id\":\"https:\/\/www.swisssem.ch\/de\/mitgliederbereich\/archiv_newsletter\/newsletter-februar-2020\/neue-logos\/#primaryimage\"},\"thumbnailUrl\":\"https:\/\/www.swisssem.ch\/wp-content\/uploads\/2020\/03\/Logo_swisssem_RGB.jpg\",\"datePublished\":\"2020-03-23T10:02:25+00:00\",\"dateModified\":\"2020-03-23T10:08:41+00:00\",\"breadcrumb\":{\"@id\":\"https:\/\/www.swisssem.ch\/de\/mitgliederbereich\/archiv_newsletter\/newsletter-februar-2020\/neue-logos\/#breadcrumb\"},\"inLanguage\":\"de\",\"potentialAction\":[{\"@type\":\"ReadAction\",\"target\":[\"https:\/\/www.swisssem.ch\/de\/mitgliederbereich\/archiv_newsletter\/newsletter-februar-2020\/neue-logos\/\"]}]},{\"@type\":\"ImageObject\",\"inLanguage\":\"de\",\"@id\":\"https:\/\/www.swisssem.ch\/de\/mitgliederbereich\/archiv_newsletter\/newsletter-februar-2020\/neue-logos\/#primaryimage\",\"url\":\"https:\/\/www.swisssem.ch\/wp-content\/uploads\/2020\/03\/Logo_swisssem_RGB.jpg\",\"contentUrl\":\"https:\/\/www.swisssem.ch\/wp-content\/uploads\/2020\/03\/Logo_swisssem_RGB.jpg\"},{\"@type\":\"BreadcrumbList\",\"@id\":\"https:\/\/www.swisssem.ch\/de\/mitgliederbereich\/archiv_newsletter\/newsletter-februar-2020\/neue-logos\/#breadcrumb\",\"itemListElement\":[{\"@type\":\"ListItem\",\"position\":1,\"name\":\"Home\",\"item\":\"https:\/\/www.swisssem.ch\/de\/\"},{\"@type\":\"ListItem\",\"position\":2,\"name\":\"Mitgliederbereich\",\"item\":\"https:\/\/www.swisssem.ch\/de\/mitgliederbereich\/\"},{\"@type\":\"ListItem\",\"position\":3,\"name\":\"Newsletters\",\"item\":\"https:\/\/www.swisssem.ch\/de\/mitgliederbereich\/archiv_newsletter\/\"},{\"@type\":\"ListItem\",\"position\":4,\"name\":\"Newsletter Februar 2020\",\"item\":\"https:\/\/www.swisssem.ch\/de\/mitgliederbereich\/archiv_newsletter\/newsletter-februar-2020\/\"},{\"@type\":\"ListItem\",\"position\":5,\"name\":\"Neue Logos\"}]},{\"@type\":\"WebSite\",\"@id\":\"https:\/\/www.swisssem.ch\/de\/#website\",\"url\":\"https:\/\/www.swisssem.ch\/de\/\",\"name\":\"swisssem saatgut schweiz\",\"description\":\"\",\"publisher\":{\"@id\":\"https:\/\/www.swisssem.ch\/de\/#organization\"},\"potentialAction\":[{\"@type\":\"SearchAction\",\"target\":{\"@type\":\"EntryPoint\",\"urlTemplate\":\"https:\/\/www.swisssem.ch\/de\/?s={search_term_string}\"},\"query-input\":{\"@type\":\"PropertyValueSpecification\",\"valueRequired\":true,\"valueName\":\"search_term_string\"}}],\"inLanguage\":\"de\"},{\"@type\":\"Organization\",\"@id\":\"https:\/\/www.swisssem.ch\/de\/#organization\",\"name\":\"swisssem saatgut schweiz\",\"url\":\"https:\/\/www.swisssem.ch\/de\/\",\"logo\":{\"@type\":\"ImageObject\",\"inLanguage\":\"de\",\"@id\":\"https:\/\/www.swisssem.ch\/de\/#\/schema\/logo\/image\/\",\"url\":\"https:\/\/www.swisssem.ch\/wp-content\/uploads\/2020\/03\/Logo_swisssem_RGB-1.jpg\",\"contentUrl\":\"https:\/\/www.swisssem.ch\/wp-content\/uploads\/2020\/03\/Logo_swisssem_RGB-1.jpg\",\"width\":1684,\"height\":430,\"caption\":\"swisssem saatgut schweiz\"},\"image\":{\"@id\":\"https:\/\/www.swisssem.ch\/de\/#\/schema\/logo\/image\/\"}}]}<\/script>\n<!-- \/ Yoast SEO plugin. -->","yoast_head_json":{"title":"Neue Logos - swisssem saatgut schweiz","robots":{"index":"index","follow":"follow","max-snippet":"max-snippet:-1","max-image-preview":"max-image-preview:large","max-video-preview":"max-video-preview:-1"},"canonical":"https:\/\/www.swisssem.ch\/de\/mitgliederbereich\/archiv_newsletter\/newsletter-februar-2020\/neue-logos\/","og_locale":"de_DE","og_type":"article","og_title":"Neue Logos - swisssem saatgut schweiz","og_description":"Neue Logos Unser Verband hat sich l\u00e4ngst ein Image und Kommunikationsmittel angeeignet.&nbsp; Sie richten&nbsp;sich im Allgemeinen&nbsp;nicht&nbsp;an die breite \u00d6ffentlichkeit, sondern an Landwirte und Saatgutk\u00e4ufer. Das Konzept von&nbsp; Z-Saatgut Suisse begann 1999 mit den bekannten Bildern des Mannes mit dem Stroh, der Frau mit der Kartoffel und der Marke Semence Z Suisse. Das Logo unseres Verbandes [&hellip;]","og_url":"https:\/\/www.swisssem.ch\/de\/mitgliederbereich\/archiv_newsletter\/newsletter-februar-2020\/neue-logos\/","og_site_name":"swisssem saatgut schweiz","article_modified_time":"2020-03-23T10:08:41+00:00","og_image":[{"url":"https:\/\/www.swisssem.ch\/wp-content\/uploads\/2020\/03\/Logo_swisssem_RGB.jpg","type":"","width":"","height":""}],"twitter_card":"summary_large_image","twitter_misc":{"Gesch\u00e4tzte Lesezeit":"1\u00a0Minute"},"schema":{"@context":"https:\/\/schema.org","@graph":[{"@type":"WebPage","@id":"https:\/\/www.swisssem.ch\/de\/mitgliederbereich\/archiv_newsletter\/newsletter-februar-2020\/neue-logos\/","url":"https:\/\/www.swisssem.ch\/de\/mitgliederbereich\/archiv_newsletter\/newsletter-februar-2020\/neue-logos\/","name":"Neue Logos - swisssem saatgut schweiz","isPartOf":{"@id":"https:\/\/www.swisssem.ch\/de\/#website"},"primaryImageOfPage":{"@id":"https:\/\/www.swisssem.ch\/de\/mitgliederbereich\/archiv_newsletter\/newsletter-februar-2020\/neue-logos\/#primaryimage"},"image":{"@id":"https:\/\/www.swisssem.ch\/de\/mitgliederbereich\/archiv_newsletter\/newsletter-februar-2020\/neue-logos\/#primaryimage"},"thumbnailUrl":"https:\/\/www.swisssem.ch\/wp-content\/uploads\/2020\/03\/Logo_swisssem_RGB.jpg","datePublished":"2020-03-23T10:02:25+00:00","dateModified":"2020-03-23T10:08:41+00:00","breadcrumb":{"@id":"https:\/\/www.swisssem.ch\/de\/mitgliederbereich\/archiv_newsletter\/newsletter-februar-2020\/neue-logos\/#breadcrumb"},"inLanguage":"de","potentialAction":[{"@type":"ReadAction","target":["https:\/\/www.swisssem.ch\/de\/mitgliederbereich\/archiv_newsletter\/newsletter-februar-2020\/neue-logos\/"]}]},{"@type":"ImageObject","inLanguage":"de","@id":"https:\/\/www.swisssem.ch\/de\/mitgliederbereich\/archiv_newsletter\/newsletter-februar-2020\/neue-logos\/#primaryimage","url":"https:\/\/www.swisssem.ch\/wp-content\/uploads\/2020\/03\/Logo_swisssem_RGB.jpg","contentUrl":"https:\/\/www.swisssem.ch\/wp-content\/uploads\/2020\/03\/Logo_swisssem_RGB.jpg"},{"@type":"BreadcrumbList","@id":"https:\/\/www.swisssem.ch\/de\/mitgliederbereich\/archiv_newsletter\/newsletter-februar-2020\/neue-logos\/#breadcrumb","itemListElement":[{"@type":"ListItem","position":1,"name":"Home","item":"https:\/\/www.swisssem.ch\/de\/"},{"@type":"ListItem","position":2,"name":"Mitgliederbereich","item":"https:\/\/www.swisssem.ch\/de\/mitgliederbereich\/"},{"@type":"ListItem","position":3,"name":"Newsletters","item":"https:\/\/www.swisssem.ch\/de\/mitgliederbereich\/archiv_newsletter\/"},{"@type":"ListItem","position":4,"name":"Newsletter Februar 2020","item":"https:\/\/www.swisssem.ch\/de\/mitgliederbereich\/archiv_newsletter\/newsletter-februar-2020\/"},{"@type":"ListItem","position":5,"name":"Neue Logos"}]},{"@type":"WebSite","@id":"https:\/\/www.swisssem.ch\/de\/#website","url":"https:\/\/www.swisssem.ch\/de\/","name":"swisssem saatgut schweiz","description":"","publisher":{"@id":"https:\/\/www.swisssem.ch\/de\/#organization"},"potentialAction":[{"@type":"SearchAction","target":{"@type":"EntryPoint","urlTemplate":"https:\/\/www.swisssem.ch\/de\/?s={search_term_string}"},"query-input":{"@type":"PropertyValueSpecification","valueRequired":true,"valueName":"search_term_string"}}],"inLanguage":"de"},{"@type":"Organization","@id":"https:\/\/www.swisssem.ch\/de\/#organization","name":"swisssem saatgut schweiz","url":"https:\/\/www.swisssem.ch\/de\/","logo":{"@type":"ImageObject","inLanguage":"de","@id":"https:\/\/www.swisssem.ch\/de\/#\/schema\/logo\/image\/","url":"https:\/\/www.swisssem.ch\/wp-content\/uploads\/2020\/03\/Logo_swisssem_RGB-1.jpg","contentUrl":"https:\/\/www.swisssem.ch\/wp-content\/uploads\/2020\/03\/Logo_swisssem_RGB-1.jpg","width":1684,"height":430,"caption":"swisssem saatgut schweiz"},"image":{"@id":"https:\/\/www.swisssem.ch\/de\/#\/schema\/logo\/image\/"}}]}},"_links":{"self":[{"href":"https:\/\/www.swisssem.ch\/de\/wp-json\/wp\/v2\/pages\/4894","targetHints":{"allow":["GET"]}}],"collection":[{"href":"https:\/\/www.swisssem.ch\/de\/wp-json\/wp\/v2\/pages"}],"about":[{"href":"https:\/\/www.swisssem.ch\/de\/wp-json\/wp\/v2\/types\/page"}],"author":[{"embeddable":true,"href":"https:\/\/www.swisssem.ch\/de\/wp-json\/wp\/v2\/users\/6"}],"replies":[{"embeddable":true,"href":"https:\/\/www.swisssem.ch\/de\/wp-json\/wp\/v2\/comments?post=4894"}],"version-history":[{"count":2,"href":"https:\/\/www.swisssem.ch\/de\/wp-json\/wp\/v2\/pages\/4894\/revisions"}],"predecessor-version":[{"id":4897,"href":"https:\/\/www.swisssem.ch\/de\/wp-json\/wp\/v2\/pages\/4894\/revisions\/4897"}],"up":[{"embeddable":true,"href":"https:\/\/www.swisssem.ch\/de\/wp-json\/wp\/v2\/pages\/4789"}],"wp:attachment":[{"href":"https:\/\/www.swisssem.ch\/de\/wp-json\/wp\/v2\/media?parent=4894"}],"curies":[{"name":"wp","href":"https:\/\/api.w.org\/{rel}","templated":true}]}}