{"id":1637,"date":"2019-10-21T17:39:37","date_gmt":"2019-10-21T15:39:37","guid":{"rendered":"http:\/\/swisssem:8888\/?page_id=1637"},"modified":"2024-05-22T11:43:12","modified_gmt":"2024-05-22T09:43:12","slug":"ueber-uns","status":"publish","type":"page","link":"https:\/\/www.swisssem.ch\/de\/ueber-uns-2\/ueber-uns\/","title":{"rendered":"swisssem"},"content":{"rendered":"\n<p>swisssem ist die Kurzbezeichnung f\u00fcr &#8222;Schweizer Saatgutproduzentenverband&#8220;.<\/p>\n\n\n\n<figure class=\"wp-block-image size-large\"><img loading=\"lazy\" decoding=\"async\" width=\"1024\" height=\"678\" src=\"https:\/\/www.swisssem.ch\/wp-content\/uploads\/2023\/01\/DSC_1345-1024x678.jpg\" alt=\"\" class=\"wp-image-10567\" srcset=\"https:\/\/www.swisssem.ch\/wp-content\/uploads\/2023\/01\/DSC_1345-1024x678.jpg 1024w, https:\/\/www.swisssem.ch\/wp-content\/uploads\/2023\/01\/DSC_1345-300x199.jpg 300w, https:\/\/www.swisssem.ch\/wp-content\/uploads\/2023\/01\/DSC_1345-768x509.jpg 768w, https:\/\/www.swisssem.ch\/wp-content\/uploads\/2023\/01\/DSC_1345-1536x1017.jpg 1536w, https:\/\/www.swisssem.ch\/wp-content\/uploads\/2023\/01\/DSC_1345-2048x1356.jpg 2048w\" sizes=\"auto, (max-width: 1024px) 100vw, 1024px\" \/><figcaption class=\"wp-element-caption\">Vorstand seit 25 Januar 2023, von links nach rechts:<br>M. Wietlisbach, C. R\u00fcfenacht (Gesch\u00e4ftsf\u00fchrer), B. Jungo (Vize-Pr\u00e4sident), SP. Luzi, T. Ritz, M. Egger, <br>L. de Rougemont (Pr\u00e4sident), H. von Niederh\u00e4usern, D. Eggimann, F. Bersier, S. Baumgartner, MH. Chevalley<\/figcaption><\/figure>\n\n\n\n<h2 class=\"wp-block-heading\">Ziele und Aufgaben&nbsp;<\/h2>\n\n\n\n<ul class=\"wp-block-list\">\n<li>F\u00f6rderung einer marktgerechten inl\u00e4ndischen Saat- und Pflanzgutproduktion<\/li>\n\n\n\n<li>Vertretung der Interessen der Saatgutproduzenten gegen\u00fcber Beh\u00f6rden, Branchenorganisationen und der \u00d6ffentlichkeit&nbsp;<\/li>\n\n\n\n<li>Koordination der Saat- und Pflanzgutproduktion, zusammen mit den regionalen Vermehrungsorganisationen, dem Handel, sowie den Z\u00fcchtern&nbsp;<\/li>\n\n\n\n<li>Organisation und Umsetzung der Saatgutzertifizierung und Qualit\u00e4tssicherung in Zusammenarbeit mit Agroscope \/ BLW<\/li>\n\n\n\n<li>Absatzf\u00f6rderung von Schweizer Qualit\u00e4tssaatgut unter der Marke &nbsp;<a href=\"http:\/\/www.swisssem.ch\/de\/ueber-uns\/z-saatgut-suisse\/\">Z-Saatgut Suisse<\/a><\/li>\n<\/ul>\n\n\n\n<p>Mitglieder des Verbandes sind ca. 1300 Landwirte, welche qualitativ hochwertiges Saat- und Pflanzgut produzieren.&nbsp;<br><\/p>\n\n\n\n<h2 class=\"wp-block-heading\">Mitgliedschaft:<\/h2>\n\n\n\n<p>Aktive Mitglieder von swisssem k\u00f6nnen Saatgutproduzenten werden, welche sich verpflichten zertifiziertes Saat- und Pflanzgut nach den Gesetzen und Verordnung des Bundes und nach Vorschriften von swisssem zu produzieren. Dabei sind folgende Voraussetzungen zu erf\u00fcllen:&nbsp;<\/p>\n\n\n\n<ul class=\"wp-block-list\">\n<li>Zulassung durch den Eidgen\u00f6ssischen Dienst f\u00fcr Saat- und Pflanzgut als Vermehrer.<\/li>\n\n\n\n<li>Abschluss eines Produktionsvertrages mit einer durch den gleichen Dienst zugelassenen Vermehrungsorganisation (VO)&nbsp;<\/li>\n\n\n\n<li>Der Produzent verf\u00fcgt \u00fcber die notwendigen agronomischen Kenntnisse<\/li>\n<\/ul>\n\n\n\n<p>Das Mitglied bezahlt ein einmaliges Eintrittsgeld und entrichtet einen auf der Verkaufsmenge berechneten, j\u00e4hrlichen Beitrag. Dadurch erwirbt das Mitglied das Recht alle Dienstleistungen von swisssem in Anspruch zu nehmen. &nbsp;<\/p>\n\n\n\n<h2 class=\"wp-block-heading\">Organisation&nbsp;<\/h2>\n\n\n\n<p>swisssem hat die Rechtsform einer Genossenschaft. Die Saatgutproduzenten sind als Einzelmitglieder swisssem angeschlossen. Regional sind sie in Sektionen (Vermehrungsorganisationen) organisiert. Diese w\u00e4hlen ihre Delegierten in das oberste Organ, die Delegiertenversammlung.<\/p>\n\n\n\n<p><strong>Geleitet wird swisssem durch einen Vorstand mit total 11 Mitgliedern: &nbsp;<\/strong><\/p>\n\n\n\n<div class=\"wp-block-columns is-layout-flex wp-container-core-columns-is-layout-9d6595d7 wp-block-columns-is-layout-flex\">\n<div class=\"wp-block-column is-layout-flow wp-block-column-is-layout-flow\" style=\"flex-basis:20%\">\n<ul class=\"wp-block-list\">\n<li>Pr\u00e4sident<\/li>\n\n\n\n<li>Vize-Pr\u00e4sident<\/li>\n\n\n\n<li>Mitglieder<\/li>\n<\/ul>\n\n\n\n<p><\/p>\n<\/div>\n\n\n\n<div class=\"wp-block-column is-layout-flow wp-block-column-is-layout-flow\" style=\"flex-basis:80%\">\n<p>de Rougemont Lukas<br>Jungo Benno<br>Baumgartner Samuel<br>Bersier Fabrice<br>Chevalley Marc-Henri<br>Egger Markus<br>Eggimann Daniel<br>Luzi Simon Peter<br>Ritz Thomas <br>von Niederh\u00e4usern Heinz<br>Wietlisbach Markus<\/p>\n<\/div>\n<\/div>\n\n\n\n<h2 class=\"wp-block-heading\">KGS und Arbeitsgruppen<\/h2>\n\n\n\n<p>Wichtige Themen, wie die Koordination der Anbauplanung zwischen den verschiedenen Vermehrungsorganisationen, sowie die Marktentlastung bei Pflanzgut, werden in der &#8222;Koordinationsgruppe Saatgut Schweiz&#8220; (KGS) bearbeitet. Ihr geh\u00f6ren je ein Mitglied der vier grossen Vermehrungsorganisationen (ASS, SGD, SEMAG, OSP) an.&nbsp;<\/p>\n\n\n\n<p><strong>Zur Bearbeitung kulturspezifischer Fragen bestehen folgende Arbeitsgruppen:<\/strong><\/p>\n\n\n\n<p>&#8211; AG Saatgetreide<br> &#8211; AG Pflanzkartoffeln <br> &#8211; AG Feldsamen <br> &#8211; AG Biosaatgut <\/p>\n\n\n\n<p>In den Arbeitsgruppen sind Personen der Stufe Produktion bis Handel vertreten. Je nach Kultur und Fragestellung werden auch Z\u00fcchter und Mitarbeiter von Agroscope eingeladen.&nbsp;<\/p>\n\n\n\n<h2 class=\"wp-block-heading\">Gesch\u00e4ftsf\u00fchrung\/ Sekretariat<\/h2>\n\n\n\n<p>Der Vorstand, wird fachlich, organisatorisch und administrativ vom Gesch\u00e4ftsf\u00fchrer unterst\u00fctzt. Dieser leitet die Gesch\u00e4ftsstelle und sorgt f\u00fcr den Vollzug der Organbeschl\u00fcsse.<\/p>\n\n\n\n<p><strong>Gesch\u00e4ftsf\u00fchrer:<\/strong> R\u00fcfenacht Christof 026 677 90 31<br><strong> Sekretariat:<\/strong> Godel Mireille \u00a0026 677 90 33 <br> <strong>saatgut schweiz:<\/strong> Godel Mireille \u00a0026 677 90 33  <br><strong> Buchhaltung:<\/strong> Lehmann Alain (Mandatbasis) \u00a0026 677 90 22 <\/p>\n\n\n\n<h2 class=\"wp-block-heading\">saatgut schweiz<\/h2>\n\n\n\n<div class=\"wp-block-group\"><div class=\"wp-block-group__inner-container is-layout-flow wp-block-group-is-layout-flow\">\n<p><strong>saatgut schweiz<\/strong> ist ein eingetragenes Markenzeichen von swisssem. Damit wird Saat- und Pflanzgut ausgezeichnet, das durch die Mitglieder von swisssem in der Schweiz produziert und amtlich zertifiziert wurde. Es ist demzufolge eine Qualit\u00e4ts- und Herkunftsbezeichnung. Mit diesem Logo ausgezeichneten Saat- und Pflanzgut erf\u00fcllt h\u00f6chste Qualit\u00e4tsanforderungen. Mit der Bezeichnung Schweiz wird deutlich gemacht, dass das Saatgut in der Schweiz produziert wurde und keine langen Transportwege hinter sich hat. Importiertes, zertifiziertes Saatgut darf deshalb nicht mit <strong>saatgut schweiz<\/strong> bezeichnet werden.<\/p>\n<\/div><\/div>\n\n\n\n<div class=\"wp-block-columns is-layout-flex wp-container-core-columns-is-layout-9d6595d7 wp-block-columns-is-layout-flex\">\n<div class=\"wp-block-column is-layout-flow wp-block-column-is-layout-flow\"><div class=\"wp-block-image\">\n<figure class=\"alignleft size-medium\"><img decoding=\"async\" src=\"https:\/\/www.swisssem.ch\/wp-content\/uploads\/2020\/02\/Logo_saatgutschweiz-semencesuisse_RGB-300x64.jpg\" alt=\"\" class=\"wp-image-3379\"\/><\/figure>\n<\/div><\/div>\n\n\n\n<div class=\"wp-block-column is-layout-flow wp-block-column-is-layout-flow\"><\/div>\n<\/div>\n\n\n\n<p>Mehr Informationen finden Sie unter:&nbsp;<\/p>\n\n\n\n<p><strong><a href=\"https:\/\/www.swisssem.ch\/de\/ueber-uns-2\/schweizer-saatgut\/\">saatgut schweiz<\/a><\/strong><br>swisssem<br>Route de Portalban 40<br>1567 Delley<\/p>\n\n\n","protected":false},"excerpt":{"rendered":"<p>swisssem ist die Kurzbezeichnung f\u00fcr &#8222;Schweizer Saatgutproduzentenverband&#8220;. Ziele und Aufgaben&nbsp; Mitglieder des Verbandes sind ca. 1300 Landwirte, welche qualitativ hochwertiges Saat- und Pflanzgut produzieren.&nbsp; Mitgliedschaft: Aktive Mitglieder von swisssem k\u00f6nnen Saatgutproduzenten werden, welche sich verpflichten zertifiziertes Saat- und Pflanzgut nach den Gesetzen und Verordnung des Bundes und nach Vorschriften von swisssem zu produzieren. Dabei sind [&hellip;]<\/p>\n","protected":false},"author":6,"featured_media":0,"parent":2665,"menu_order":187,"comment_status":"closed","ping_status":"closed","template":"","meta":{"_acf_changed":false,"footnotes":""},"class_list":["post-1637","page","type-page","status-publish","hentry"],"acf":[],"yoast_head":"<!-- This site is optimized with the Yoast SEO plugin v27.1.1 - https:\/\/yoast.com\/product\/yoast-seo-wordpress\/ -->\n<title>swisssem - swisssem saatgut schweiz<\/title>\n<meta name=\"description\" content=\"swisssem ist die Kurzbezeichnung f\u00fcr &quot;Schweizer Saatgutproduzentenverband&quot;.\" \/>\n<meta name=\"robots\" content=\"index, follow, max-snippet:-1, max-image-preview:large, max-video-preview:-1\" \/>\n<link rel=\"canonical\" href=\"https:\/\/www.swisssem.ch\/de\/ueber-uns-2\/ueber-uns\/\" \/>\n<meta property=\"og:locale\" content=\"de_DE\" \/>\n<meta property=\"og:type\" content=\"article\" \/>\n<meta property=\"og:title\" content=\"swisssem - swisssem saatgut schweiz\" \/>\n<meta property=\"og:description\" content=\"swisssem ist die Kurzbezeichnung f\u00fcr &quot;Schweizer Saatgutproduzentenverband&quot;.\" \/>\n<meta property=\"og:url\" content=\"https:\/\/www.swisssem.ch\/de\/ueber-uns-2\/ueber-uns\/\" \/>\n<meta property=\"og:site_name\" content=\"swisssem saatgut schweiz\" \/>\n<meta property=\"article:modified_time\" content=\"2024-05-22T09:43:12+00:00\" \/>\n<meta property=\"og:image\" content=\"https:\/\/www.swisssem.ch\/wp-content\/uploads\/2023\/01\/DSC_1345-1024x678.jpg\" \/>\n<meta name=\"twitter:card\" content=\"summary_large_image\" \/>\n<meta name=\"twitter:label1\" content=\"Gesch\u00e4tzte Lesezeit\" \/>\n\t<meta name=\"twitter:data1\" content=\"4\u00a0Minuten\" \/>\n<script type=\"application\/ld+json\" class=\"yoast-schema-graph\">{\"@context\":\"https:\/\/schema.org\",\"@graph\":[{\"@type\":\"WebPage\",\"@id\":\"https:\/\/www.swisssem.ch\/de\/ueber-uns-2\/ueber-uns\/\",\"url\":\"https:\/\/www.swisssem.ch\/de\/ueber-uns-2\/ueber-uns\/\",\"name\":\"swisssem - swisssem saatgut schweiz\",\"isPartOf\":{\"@id\":\"https:\/\/www.swisssem.ch\/de\/#website\"},\"primaryImageOfPage\":{\"@id\":\"https:\/\/www.swisssem.ch\/de\/ueber-uns-2\/ueber-uns\/#primaryimage\"},\"image\":{\"@id\":\"https:\/\/www.swisssem.ch\/de\/ueber-uns-2\/ueber-uns\/#primaryimage\"},\"thumbnailUrl\":\"https:\/\/www.swisssem.ch\/wp-content\/uploads\/2023\/01\/DSC_1345-1024x678.jpg\",\"datePublished\":\"2019-10-21T15:39:37+00:00\",\"dateModified\":\"2024-05-22T09:43:12+00:00\",\"description\":\"swisssem ist die Kurzbezeichnung f\u00fcr \\\"Schweizer Saatgutproduzentenverband\\\".\",\"breadcrumb\":{\"@id\":\"https:\/\/www.swisssem.ch\/de\/ueber-uns-2\/ueber-uns\/#breadcrumb\"},\"inLanguage\":\"de\",\"potentialAction\":[{\"@type\":\"ReadAction\",\"target\":[\"https:\/\/www.swisssem.ch\/de\/ueber-uns-2\/ueber-uns\/\"]}]},{\"@type\":\"ImageObject\",\"inLanguage\":\"de\",\"@id\":\"https:\/\/www.swisssem.ch\/de\/ueber-uns-2\/ueber-uns\/#primaryimage\",\"url\":\"https:\/\/www.swisssem.ch\/wp-content\/uploads\/2023\/01\/DSC_1345-1024x678.jpg\",\"contentUrl\":\"https:\/\/www.swisssem.ch\/wp-content\/uploads\/2023\/01\/DSC_1345-1024x678.jpg\"},{\"@type\":\"BreadcrumbList\",\"@id\":\"https:\/\/www.swisssem.ch\/de\/ueber-uns-2\/ueber-uns\/#breadcrumb\",\"itemListElement\":[{\"@type\":\"ListItem\",\"position\":1,\"name\":\"Home\",\"item\":\"https:\/\/www.swisssem.ch\/de\/\"},{\"@type\":\"ListItem\",\"position\":2,\"name\":\"\u00dcber uns\",\"item\":\"https:\/\/www.swisssem.ch\/de\/ueber-uns-2\/\"},{\"@type\":\"ListItem\",\"position\":3,\"name\":\"swisssem\"}]},{\"@type\":\"WebSite\",\"@id\":\"https:\/\/www.swisssem.ch\/de\/#website\",\"url\":\"https:\/\/www.swisssem.ch\/de\/\",\"name\":\"swisssem saatgut schweiz\",\"description\":\"\",\"publisher\":{\"@id\":\"https:\/\/www.swisssem.ch\/de\/#organization\"},\"potentialAction\":[{\"@type\":\"SearchAction\",\"target\":{\"@type\":\"EntryPoint\",\"urlTemplate\":\"https:\/\/www.swisssem.ch\/de\/?s={search_term_string}\"},\"query-input\":{\"@type\":\"PropertyValueSpecification\",\"valueRequired\":true,\"valueName\":\"search_term_string\"}}],\"inLanguage\":\"de\"},{\"@type\":\"Organization\",\"@id\":\"https:\/\/www.swisssem.ch\/de\/#organization\",\"name\":\"swisssem saatgut schweiz\",\"url\":\"https:\/\/www.swisssem.ch\/de\/\",\"logo\":{\"@type\":\"ImageObject\",\"inLanguage\":\"de\",\"@id\":\"https:\/\/www.swisssem.ch\/de\/#\/schema\/logo\/image\/\",\"url\":\"https:\/\/www.swisssem.ch\/wp-content\/uploads\/2020\/03\/Logo_swisssem_RGB-1.jpg\",\"contentUrl\":\"https:\/\/www.swisssem.ch\/wp-content\/uploads\/2020\/03\/Logo_swisssem_RGB-1.jpg\",\"width\":1684,\"height\":430,\"caption\":\"swisssem saatgut schweiz\"},\"image\":{\"@id\":\"https:\/\/www.swisssem.ch\/de\/#\/schema\/logo\/image\/\"}}]}<\/script>\n<!-- \/ Yoast SEO plugin. -->","yoast_head_json":{"title":"swisssem - swisssem saatgut schweiz","description":"swisssem ist die Kurzbezeichnung f\u00fcr \"Schweizer Saatgutproduzentenverband\".","robots":{"index":"index","follow":"follow","max-snippet":"max-snippet:-1","max-image-preview":"max-image-preview:large","max-video-preview":"max-video-preview:-1"},"canonical":"https:\/\/www.swisssem.ch\/de\/ueber-uns-2\/ueber-uns\/","og_locale":"de_DE","og_type":"article","og_title":"swisssem - swisssem saatgut schweiz","og_description":"swisssem ist die Kurzbezeichnung f\u00fcr \"Schweizer Saatgutproduzentenverband\".","og_url":"https:\/\/www.swisssem.ch\/de\/ueber-uns-2\/ueber-uns\/","og_site_name":"swisssem saatgut schweiz","article_modified_time":"2024-05-22T09:43:12+00:00","og_image":[{"url":"https:\/\/www.swisssem.ch\/wp-content\/uploads\/2023\/01\/DSC_1345-1024x678.jpg","type":"","width":"","height":""}],"twitter_card":"summary_large_image","twitter_misc":{"Gesch\u00e4tzte Lesezeit":"4\u00a0Minuten"},"schema":{"@context":"https:\/\/schema.org","@graph":[{"@type":"WebPage","@id":"https:\/\/www.swisssem.ch\/de\/ueber-uns-2\/ueber-uns\/","url":"https:\/\/www.swisssem.ch\/de\/ueber-uns-2\/ueber-uns\/","name":"swisssem - swisssem saatgut schweiz","isPartOf":{"@id":"https:\/\/www.swisssem.ch\/de\/#website"},"primaryImageOfPage":{"@id":"https:\/\/www.swisssem.ch\/de\/ueber-uns-2\/ueber-uns\/#primaryimage"},"image":{"@id":"https:\/\/www.swisssem.ch\/de\/ueber-uns-2\/ueber-uns\/#primaryimage"},"thumbnailUrl":"https:\/\/www.swisssem.ch\/wp-content\/uploads\/2023\/01\/DSC_1345-1024x678.jpg","datePublished":"2019-10-21T15:39:37+00:00","dateModified":"2024-05-22T09:43:12+00:00","description":"swisssem ist die Kurzbezeichnung f\u00fcr \"Schweizer Saatgutproduzentenverband\".","breadcrumb":{"@id":"https:\/\/www.swisssem.ch\/de\/ueber-uns-2\/ueber-uns\/#breadcrumb"},"inLanguage":"de","potentialAction":[{"@type":"ReadAction","target":["https:\/\/www.swisssem.ch\/de\/ueber-uns-2\/ueber-uns\/"]}]},{"@type":"ImageObject","inLanguage":"de","@id":"https:\/\/www.swisssem.ch\/de\/ueber-uns-2\/ueber-uns\/#primaryimage","url":"https:\/\/www.swisssem.ch\/wp-content\/uploads\/2023\/01\/DSC_1345-1024x678.jpg","contentUrl":"https:\/\/www.swisssem.ch\/wp-content\/uploads\/2023\/01\/DSC_1345-1024x678.jpg"},{"@type":"BreadcrumbList","@id":"https:\/\/www.swisssem.ch\/de\/ueber-uns-2\/ueber-uns\/#breadcrumb","itemListElement":[{"@type":"ListItem","position":1,"name":"Home","item":"https:\/\/www.swisssem.ch\/de\/"},{"@type":"ListItem","position":2,"name":"\u00dcber uns","item":"https:\/\/www.swisssem.ch\/de\/ueber-uns-2\/"},{"@type":"ListItem","position":3,"name":"swisssem"}]},{"@type":"WebSite","@id":"https:\/\/www.swisssem.ch\/de\/#website","url":"https:\/\/www.swisssem.ch\/de\/","name":"swisssem saatgut schweiz","description":"","publisher":{"@id":"https:\/\/www.swisssem.ch\/de\/#organization"},"potentialAction":[{"@type":"SearchAction","target":{"@type":"EntryPoint","urlTemplate":"https:\/\/www.swisssem.ch\/de\/?s={search_term_string}"},"query-input":{"@type":"PropertyValueSpecification","valueRequired":true,"valueName":"search_term_string"}}],"inLanguage":"de"},{"@type":"Organization","@id":"https:\/\/www.swisssem.ch\/de\/#organization","name":"swisssem saatgut schweiz","url":"https:\/\/www.swisssem.ch\/de\/","logo":{"@type":"ImageObject","inLanguage":"de","@id":"https:\/\/www.swisssem.ch\/de\/#\/schema\/logo\/image\/","url":"https:\/\/www.swisssem.ch\/wp-content\/uploads\/2020\/03\/Logo_swisssem_RGB-1.jpg","contentUrl":"https:\/\/www.swisssem.ch\/wp-content\/uploads\/2020\/03\/Logo_swisssem_RGB-1.jpg","width":1684,"height":430,"caption":"swisssem saatgut schweiz"},"image":{"@id":"https:\/\/www.swisssem.ch\/de\/#\/schema\/logo\/image\/"}}]}},"_links":{"self":[{"href":"https:\/\/www.swisssem.ch\/de\/wp-json\/wp\/v2\/pages\/1637","targetHints":{"allow":["GET"]}}],"collection":[{"href":"https:\/\/www.swisssem.ch\/de\/wp-json\/wp\/v2\/pages"}],"about":[{"href":"https:\/\/www.swisssem.ch\/de\/wp-json\/wp\/v2\/types\/page"}],"author":[{"embeddable":true,"href":"https:\/\/www.swisssem.ch\/de\/wp-json\/wp\/v2\/users\/6"}],"replies":[{"embeddable":true,"href":"https:\/\/www.swisssem.ch\/de\/wp-json\/wp\/v2\/comments?post=1637"}],"version-history":[{"count":65,"href":"https:\/\/www.swisssem.ch\/de\/wp-json\/wp\/v2\/pages\/1637\/revisions"}],"predecessor-version":[{"id":11433,"href":"https:\/\/www.swisssem.ch\/de\/wp-json\/wp\/v2\/pages\/1637\/revisions\/11433"}],"up":[{"embeddable":true,"href":"https:\/\/www.swisssem.ch\/de\/wp-json\/wp\/v2\/pages\/2665"}],"wp:attachment":[{"href":"https:\/\/www.swisssem.ch\/de\/wp-json\/wp\/v2\/media?parent=1637"}],"curies":[{"name":"wp","href":"https:\/\/api.w.org\/{rel}","templated":true}]}}